{"id":32957,"date":"2024-02-16T02:56:39","date_gmt":"2024-02-16T01:56:39","guid":{"rendered":"https:\/\/www.plenussupermercados.es\/\/politica-de-privacidade\/"},"modified":"2024-03-22T10:35:04","modified_gmt":"2024-03-22T09:35:04","slug":"politica-de-privacidade","status":"publish","type":"page","link":"https:\/\/www.plenussupermercados.es\/gl\/politica-de-privacidade\/","title":{"rendered":"Pol\u00edtica de privacidade"},"content":{"rendered":"\t\t<div data-elementor-type=\"wp-page\" data-elementor-id=\"32957\" class=\"elementor elementor-32957 elementor-31862\" data-elementor-post-type=\"page\">\n\t\t\t\t\t\t<section class=\"elementor-section elementor-top-section elementor-element elementor-element-f34c3e6 elementor-section-boxed elementor-section-height-default elementor-section-height-default\" data-id=\"f34c3e6\" data-element_type=\"section\" data-e-type=\"section\">\n\t\t\t\t\t\t<div class=\"elementor-container elementor-column-gap-default\">\n\t\t\t\t\t<div class=\"elementor-column elementor-col-100 elementor-top-column elementor-element elementor-element-42bb60d\" data-id=\"42bb60d\" data-element_type=\"column\" data-e-type=\"column\">\n\t\t\t<div class=\"elementor-widget-wrap elementor-element-populated\">\n\t\t\t\t\t\t<div class=\"elementor-element elementor-element-e2a6a7c elementor-widget elementor-widget-heading\" data-id=\"e2a6a7c\" data-element_type=\"widget\" data-e-type=\"widget\" data-widget_type=\"heading.default\">\n\t\t\t\t<div class=\"elementor-widget-container\">\n\t\t\t\t\t<h2 class=\"elementor-heading-title elementor-size-default\">Pol\u00edtica de privacidade<\/h2>\t\t\t\t<\/div>\n\t\t\t\t<\/div>\n\t\t\t\t<div class=\"elementor-element elementor-element-2e64dbb elementor-widget elementor-widget-text-editor\" data-id=\"2e64dbb\" data-element_type=\"widget\" data-e-type=\"widget\" data-widget_type=\"text-editor.default\">\n\t\t\t\t<div class=\"elementor-widget-container\">\n\t\t\t\t\t\t\t\t\t<p><strong>A t\u00faa privacidade \u00e9 importante para n\u00f3s<\/strong>. Recomend\u00e1mosche que dediques uns minutos para ler, comprender e, no seu caso, aceptar a nosa Pol\u00edtica de Privacidade.<\/p>\n<div id=\"gtx-trans\" style=\"position: absolute; left: -34px; top: -16px;\">\n<div class=\"gtx-trans-icon\"><\/div>\n<\/div>\n\t\t\t\t\t\t\t\t<\/div>\n\t\t\t\t<\/div>\n\t\t\t\t\t<\/div>\n\t\t<\/div>\n\t\t\t\t\t<\/div>\n\t\t<\/section>\n\t\t\t\t<section class=\"elementor-section elementor-top-section elementor-element elementor-element-5149b2a elementor-section-boxed elementor-section-height-default elementor-section-height-default\" data-id=\"5149b2a\" data-element_type=\"section\" data-e-type=\"section\">\n\t\t\t\t\t\t<div class=\"elementor-container elementor-column-gap-default\">\n\t\t\t\t\t<div class=\"elementor-column elementor-col-100 elementor-top-column elementor-element elementor-element-28b59e0\" data-id=\"28b59e0\" data-element_type=\"column\" data-e-type=\"column\">\n\t\t\t<div class=\"elementor-widget-wrap elementor-element-populated\">\n\t\t\t\t\t\t<div class=\"elementor-element elementor-element-23fc46c elementor-widget elementor-widget-heading\" data-id=\"23fc46c\" data-element_type=\"widget\" data-e-type=\"widget\" data-widget_type=\"heading.default\">\n\t\t\t\t<div class=\"elementor-widget-container\">\n\t\t\t\t\t<h3 class=\"elementor-heading-title elementor-size-default\">Quen \u00e9 o responsable do tratamento dos teus datos?<\/h3>\t\t\t\t<\/div>\n\t\t\t\t<\/div>\n\t\t\t\t<div class=\"elementor-element elementor-element-7679194 elementor-widget elementor-widget-text-editor\" data-id=\"7679194\" data-element_type=\"widget\" data-e-type=\"widget\" data-widget_type=\"text-editor.default\">\n\t\t\t\t<div class=\"elementor-widget-container\">\n\t\t\t\t\t\t\t\t\t<p>IGNACIO DE LAS CUEVAS S.A.<br \/>\nCiudad del Transporte, Parcela E1-F1, Pol\u00edgono San Cibrao das Vi\u00f1as. 32901 San Cibrao das Vi\u00f1as, Ourense<\/p>\n<p><a href=\"mailto:protecciondatos@grupocuevas.com\">protecciondatos@grupocuevas.com<\/a><br \/>\nTfno: 988211013<\/p>\n\t\t\t\t\t\t\t\t<\/div>\n\t\t\t\t<\/div>\n\t\t\t\t\t<\/div>\n\t\t<\/div>\n\t\t\t\t\t<\/div>\n\t\t<\/section>\n\t\t\t\t<section class=\"elementor-section elementor-top-section elementor-element elementor-element-a1852d5 elementor-section-boxed elementor-section-height-default elementor-section-height-default\" data-id=\"a1852d5\" data-element_type=\"section\" data-e-type=\"section\">\n\t\t\t\t\t\t<div class=\"elementor-container elementor-column-gap-default\">\n\t\t\t\t\t<div class=\"elementor-column elementor-col-100 elementor-top-column elementor-element elementor-element-aa2465f\" data-id=\"aa2465f\" data-element_type=\"column\" data-e-type=\"column\">\n\t\t\t<div class=\"elementor-widget-wrap elementor-element-populated\">\n\t\t\t\t\t\t<div class=\"elementor-element elementor-element-4422769 elementor-widget elementor-widget-heading\" data-id=\"4422769\" data-element_type=\"widget\" data-e-type=\"widget\" data-widget_type=\"heading.default\">\n\t\t\t\t<div class=\"elementor-widget-container\">\n\t\t\t\t\t<h3 class=\"elementor-heading-title elementor-size-default\">Que datos teus tratamos, con que finalidade e durante canto tempo conserv\u00e1molos?<\/h3>\t\t\t\t<\/div>\n\t\t\t\t<\/div>\n\t\t\t\t<div class=\"elementor-element elementor-element-c133265 elementor-widget elementor-widget-text-editor\" data-id=\"c133265\" data-element_type=\"widget\" data-e-type=\"widget\" data-widget_type=\"text-editor.default\">\n\t\t\t\t<div class=\"elementor-widget-container\">\n\t\t\t\t\t\t\t\t\t<p>2.1. Tratamos os datos que ti nos facilitaches \u2013 xa sexa a trav\u00e9s de formularios en papel, a trav\u00e9s das nosas webs ou apps ou a trav\u00e9s do correo electr\u00f3nico- ao realizar unha ou varias das seguintes acci\u00f3ns:<br \/>\na) Cando cumprimentas formularios para participar en sorteos, concursos ou outras promoci\u00f3ns que organizamos: nome e apelidos, DNI, data de nacemento, x\u00e9nero, tel\u00e9fono fixo, tel\u00e9fono m\u00f3bil, direcci\u00f3n de correo electr\u00f3nico, localidade e provincia de residencia.<\/p>\n<p>Finalidade: poder xestionar a t\u00faa participaci\u00f3n no sorteo, concurso ou outras promoci\u00f3ns, e segundo quede especificado nas correspondentes Bases Legais.<\/p>\n<p>Conservaci\u00f3n: gardaremos os teus datos mentres non solicites expresamente a s\u00faa supresi\u00f3n.<\/p>\n<p>Neste caso, suprimiranse coas medidas de seguridade adecuadas.<\/p>\n<p>b)Cando nos d\u00e1s o teu consentimento para a gravaci\u00f3n de imaxes\/sons con ocasi\u00f3n de sorteos, concursos, ou outras promoci\u00f3ns, as\u00ed como cando participas en visitas \u00e1s nosas instalaci\u00f3ns: nome e apelidos, DNI, imaxe (fotograf\u00eda e\/o v\u00eddeo), audio, data nacemento, tel\u00e9fono fixo, tel\u00e9fono m\u00f3bil, direcci\u00f3n de correo electr\u00f3nico e firma.<\/p>\n<p>Finalidade:<\/p>\n<p>A publicaci\u00f3n das imaxes\/audios na Intranet privada da empresa<br \/>\nA publicaci\u00f3n das imaxes\/audios en redes sociais do Grupo Cuevas e marcas asociadas<br \/>\nA publicaci\u00f3n das imaxes\/audios nunha posible revista, blog ou outro material\/soporte corporativo<br \/>\nA comunicaci\u00f3n das imaxes\/audios a medios de comunicaci\u00f3n<br \/>\nConservaci\u00f3n: gardaremos os teus datos mentres non solicites expresamente a s\u00faa supresi\u00f3n.<\/p>\n<p>Neste caso, suprimiranse coas medidas de seguridade adecuadas.<\/p>\n<p>c) Cando solicitas a tarxeta do Programa de fidelizaci\u00f3n de Grupo Cuevas: nome e apelidos, DNI, data nacemento, x\u00e9nero, nacionalidade, nivel de estudos, tel\u00e9fono fixo, tel\u00e9fono m\u00f3bil, direcci\u00f3n postal, direcci\u00f3n de correo electr\u00f3nico, n\u00famero de membros da unidade familiar, n\u00famero de fillos\/as, h\u00e1bitos de lectura, presenza de animais de compa\u00f1\u00eda no fogar e firma.<\/p>\n<p>Se ademais es beneficiario da Campa\u00f1a Beb\u00e9, gardaremos tam\u00e9n os seguintes datos: copia do libro de familia ou certificado rexistral do nacemento e data de nacemento do recentemente nado.<\/p>\n<p>Finalidade: recibir informaci\u00f3n sobre promoci\u00f3ns e lanzamentos e poder beneficiarche de vantaxes especiais como cliente fidelizado. Neste sentido, poderanse elaborar perf\u00eds para ofrecerche produtos que poidan interesarche e non outros.<\/p>\n<p>Conservaci\u00f3n: os datos proporcionados conservaranse mentres non nos solicites a t\u00faa baixa como cliente beneficiario da Tarxeta do Programa de Fidelizaci\u00f3n de Grupo Cuevas.<\/p>\n<p>d) Cando solicitas o servizo a domicilio ao comprar nos nosos puntos de venda: nome e apelidos, tel\u00e9fono fixo, tel\u00e9fono m\u00f3bil e direcci\u00f3n postal.<\/p>\n<p>Finalidade: poder prestarche o servizo solicitado.<\/p>\n<p>Conservaci\u00f3n: gardaremos os teus datos mentres non solicites expresamente a s\u00faa supresi\u00f3n.<\/p>\n<p>Neste caso, suprimiranse coas medidas de seguridade adecuadas.<\/p>\n<p>e) Cando solicitas recibir a nosa Newsletter, notificaci\u00f3ns \u201cPush\u201d, notificaci\u00f3ns \u201cMail\u201d, notificaci\u00f3ns \u201csms\u201d ou calquera outra notificaci\u00f3n sobre os nosos produtos, servizos e actividades: nome e apelidos, data nacemento, tel\u00e9fono m\u00f3bil, direcci\u00f3n de correo electr\u00f3nico, localidade, provincia de residencia e firma.<\/p>\n<p>Finalidade: poder informarche sobre noticias, produtos e servizos das nosas marcas, inclu\u00eddas as das empresas pertencentes ao Grupo Cuevas, as\u00ed como recibir alertas sobre oportunidades e promoci\u00f3ns non comprendidos no noso Programa de Fidelizaci\u00f3n.<\/p>\n<p>Conservaci\u00f3n: gardaremos os teus datos mentres non solicites a t\u00faa baixa como destinatario das comunicaci\u00f3ns antes relacionadas.<\/p>\n<p>f) Cando che pedimos a t\u00faa opini\u00f3n sobre Ignacio das Covas S.A. en xeral ou sobre alg\u00fan produto ou servizo en particular: data de nacemento, direcci\u00f3n de correo electr\u00f3nico, localidade e provincia de residencia, as\u00ed como as valoraci\u00f3ns correspondentes.<\/p>\n<p>Finalidade: co\u00f1ecer a opini\u00f3n dos nosos clientes para mellorar a s\u00faa experiencia coa nosa empresa.<\/p>\n<p>Por iso, nalg\u00fans momentos poderemos pedirche que nos respondas a unha sinxela enquisa para co\u00f1ecer cal \u00e9 a t\u00faa percepci\u00f3n sobre n\u00f3s.<\/p>\n<p>Ten en conta que nos interesa co\u00f1ecer a opini\u00f3n dos nosos usuarios de forma estat\u00edstica. Por iso, cando recibamos a t\u00faa opini\u00f3n procederemos a pseudonimizarla, \u00e9 dicir, as t\u00faas respostas unicamente atoparanse asociadas a un c\u00f3digo. Posteriormente, entregaremos a informaci\u00f3n pseudonimizada \u00e1 entidade que nos axuda a realizar estes estudos para que poida analizala xunto \u00e1s opini\u00f3ns doutros clientes e poida elaborar un estudo estat\u00edstico sobre a imaxe e percepci\u00f3n que tedes sobre Ignacio das Covas S.A.<\/p>\n<p>Por suposto, non ter\u00e1s que darnos a t\u00faa opini\u00f3n se non queres.<\/p>\n<p>Conservaci\u00f3n: o tempo necesario para emitir o informe final de resultados.<\/p>\n<p>g)Cando nos facilitas o teu Curr\u00edculo cos datos que ti decides inclu\u00edr.<\/p>\n<p>Finalidade: Poder formar parte da nosa base de datos \u201cCandidatos\u201d, valorar a t\u00faa adecuaci\u00f3n a un posto de traballo ou tarefa, as\u00ed como notificarche oportunidades de emprego nalgunha das empresas do Grupo Cuevas e participar en procesos de selecci\u00f3n.<\/p>\n<p>Conservaci\u00f3n: gardaremos os teus datos mentres non solicites expresamente a s\u00faa supresi\u00f3n.<\/p>\n<p>En todo caso, de non acceder a ning\u00fan proceso de selecci\u00f3n nun prazo de 18 meses desde a data en que recibimos o teu curr\u00edculo, os teus datos ser\u00e1n igualmente suprimidos.<\/p>\n<p>2.2. Datos non proporcionados directamente por ti e que son resultado da aplicaci\u00f3n de algoritmos (datos inferidos).<br \/>\nSon os datos resultantes da aplicaci\u00f3n de algoritmos para analizar unha variedade de datos, tales como rexistros de compras co fin de perfilar \u00e1s persoas, co\u00f1ecer o interese dos nosos clientes por determinados produtos, os momentos de compra, gustos, hist\u00f3rico de compras, promoci\u00f3ns consumidas etc.<\/p>\n<p>Non se analizan, en ning\u00fan caso, medios de comunicaci\u00f3n social dos nosos clientes. Todos os datos inferidos utilizados son datos referentes \u00e1 s\u00faa actividade e interactuaci\u00f3n con Ignacio das Covas S.A.<\/p>\n<div id=\"gtx-trans\" style=\"position: absolute; left: 353px; top: 1811px;\">\n<div class=\"gtx-trans-icon\"><\/div>\n<\/div>\n\t\t\t\t\t\t\t\t<\/div>\n\t\t\t\t<\/div>\n\t\t\t\t\t<\/div>\n\t\t<\/div>\n\t\t\t\t\t<\/div>\n\t\t<\/section>\n\t\t\t\t<section class=\"elementor-section elementor-top-section elementor-element elementor-element-d6c5a0f elementor-section-boxed elementor-section-height-default elementor-section-height-default\" data-id=\"d6c5a0f\" data-element_type=\"section\" data-e-type=\"section\">\n\t\t\t\t\t\t<div class=\"elementor-container elementor-column-gap-default\">\n\t\t\t\t\t<div class=\"elementor-column elementor-col-100 elementor-top-column elementor-element elementor-element-7782df1\" data-id=\"7782df1\" data-element_type=\"column\" data-e-type=\"column\">\n\t\t\t<div class=\"elementor-widget-wrap elementor-element-populated\">\n\t\t\t\t\t\t<div class=\"elementor-element elementor-element-91c4586 elementor-widget elementor-widget-heading\" data-id=\"91c4586\" data-element_type=\"widget\" data-e-type=\"widget\" data-widget_type=\"heading.default\">\n\t\t\t\t<div class=\"elementor-widget-container\">\n\t\t\t\t\t<h3 class=\"elementor-heading-title elementor-size-default\">Cal \u00e9 a base legal que lexitima a Ignacio das Cuevas, S.A. para tratar os teus datos?<\/h3>\t\t\t\t<\/div>\n\t\t\t\t<\/div>\n\t\t\t\t<div class=\"elementor-element elementor-element-3bd0d3b elementor-widget elementor-widget-text-editor\" data-id=\"3bd0d3b\" data-element_type=\"widget\" data-e-type=\"widget\" data-widget_type=\"text-editor.default\">\n\t\t\t\t<div class=\"elementor-widget-container\">\n\t\t\t\t\t\t\t\t\t<div class=\"textboxes\">\n<div class=\"col_b\">\n<div class=\"textbox\">\n<div id=\"contenedor\" class=\"textarea unknown\">1. Cando participas en sorteos, concursos ou outras promoci\u00f3ns lexit\u00edmanos o que cumprimentases a solicitude de participaci\u00f3n. De non poder tratar estes datos, non poder\u00edas participar nestas acci\u00f3ns.<\/div>\n<div class=\"textarea unknown\">2. Cando participas nalgunha gravaci\u00f3n de imaxes\/sons con ocasi\u00f3n de sorteos, concursos, ou outras promoci\u00f3ns ou cando participas en visitas \u00e1s nosas instalaci\u00f3ns, lexit\u00edmanos o que nos deras o teu consentimento expreso e inequ\u00edvoco.<\/div>\n<div class=\"textarea unknown\">3. Cando es beneficiario da tarxeta do Programa de fidelizaci\u00f3n de Grupo Cuevas lexit\u00edmanos a relaci\u00f3n comercial que queda establecida entre as d\u00faas partes cando firmas a solicitude da devandita tarxeta e o teu consentimento expreso e inequ\u00edvoco para comunicar os teus datos a terceiros. De non poder tratar e comunicar estes datos, non poder\u00edas ser beneficiario das vantaxes da devandita tarxeta.<\/div>\n<div class=\"textarea unknown\">4. Cando solicitas o servizo a domicilio ao comprar nos nosos puntos de venda lexit\u00edmanos a relaci\u00f3n comercial que queda establecida entre as d\u00faas partes ao realizar a compra e solicitar o servizo. Doutro xeito, non poderiamos prestarche o servizo a domicilio.<\/div>\n<div class=\"textarea unknown\">5. Cando solicitas recibir a nosa Newsletter, notificaci\u00f3ns \u201cPush\u201d, notificaci\u00f3ns \u201cMail\u201d, notificaci\u00f3ns \u201csms\u201d ou calquera outra notificaci\u00f3n sobre os nosos produtos, servizos e actividades lexit\u00edmanos o teu consentimento para recibir este tipo de notificaci\u00f3ns.<\/div>\n<div class=\"textarea unknown\">6. Cando nos d\u00e1s a t\u00faa opini\u00f3n sobre Ignacio das Covas S.A. en xeral ou sobre alg\u00fan produto ou servizo en particular, lexit\u00edmanos o mero feito de que decidises realizar a enquisa pois ten car\u00e1cter voluntario. En todo caso, lembr\u00e1mosche que as t\u00faas respostas unicamente atoparanse asociadas a un c\u00f3digo.<\/div>\n<div class=\"textarea unknown\">7. Cando nos facilitas o teu Curr\u00edculo cos datos que ti decides inclu\u00edr, lexit\u00edmanos o feito de que voluntariamente expresas, coa s\u00faa entrega, que desexas participar en procesos de selecci\u00f3n.<\/div>\n<\/div>\n<\/div>\n<\/div>\n\t\t\t\t\t\t\t\t<\/div>\n\t\t\t\t<\/div>\n\t\t\t\t\t<\/div>\n\t\t<\/div>\n\t\t\t\t\t<\/div>\n\t\t<\/section>\n\t\t\t\t<section class=\"elementor-section elementor-top-section elementor-element elementor-element-8424a88 elementor-section-boxed elementor-section-height-default elementor-section-height-default\" data-id=\"8424a88\" data-element_type=\"section\" data-e-type=\"section\">\n\t\t\t\t\t\t<div class=\"elementor-container elementor-column-gap-default\">\n\t\t\t\t\t<div class=\"elementor-column elementor-col-100 elementor-top-column elementor-element elementor-element-e6621aa\" data-id=\"e6621aa\" data-element_type=\"column\" data-e-type=\"column\">\n\t\t\t<div class=\"elementor-widget-wrap elementor-element-populated\">\n\t\t\t\t\t\t<div class=\"elementor-element elementor-element-22b8e28 elementor-widget elementor-widget-heading\" data-id=\"22b8e28\" data-element_type=\"widget\" data-e-type=\"widget\" data-widget_type=\"heading.default\">\n\t\t\t\t<div class=\"elementor-widget-container\">\n\t\t\t\t\t<h3 class=\"elementor-heading-title elementor-size-default\"> Quen \u00e9 o destinatario dos teus datos?<\/h3>\t\t\t\t<\/div>\n\t\t\t\t<\/div>\n\t\t\t\t<div class=\"elementor-element elementor-element-4ed3b11 elementor-widget elementor-widget-text-editor\" data-id=\"4ed3b11\" data-element_type=\"widget\" data-e-type=\"widget\" data-widget_type=\"text-editor.default\">\n\t\t\t\t<div class=\"elementor-widget-container\">\n\t\t\t\t\t\t\t\t\t<div class=\"textboxes\">\n<div class=\"col_b\">\n<div class=\"textbox\">\n<div id=\"contenedor\" class=\"textarea unknown\">Os datos que nos proporcionaches por algunha das v\u00edas que che explicamos anteriormente non se comunicar\u00e1n a terceiros excepto nos seguintes casos:<\/div>\n<div><\/div>\n<ul>\n<li class=\"textarea unknown\">Cando participas na gravaci\u00f3n de imaxes\/sons con ocasi\u00f3n de sorteos, concursos, ou outras promoci\u00f3ns, as\u00ed como en visitas \u00e1s nosas instalaci\u00f3ns e d\u00e9chesnos o consentimento expreso para comunicar os teus datos a medios de comunicaci\u00f3n.<\/li>\n<li class=\"textarea unknown\">Cando es beneficiario da tarxeta do Programa de fidelizaci\u00f3n de Grupo Cuevas e d\u00e9chesnos o consentimento expreso para comunicar os teus datos a terceiros para que realicen acci\u00f3ns relacionadas con promoci\u00f3ns e lanzamentos e poder as\u00ed beneficiarche de vantaxes especiais como cliente fidelizado. No caso de que sexas beneficiario da Campa\u00f1a Beb\u00e9, os datos facilitados a maiores (copia do libro de familia e data de nacemento do recentemente nado) non ser\u00e1n comunicados a terceiros.<\/li>\n<li class=\"textarea unknown\">Cando es destinatario da nosa Newsletter, notificaci\u00f3ns \u201cPush\u201d, notificaci\u00f3ns \u201cMail\u201d, notificaci\u00f3ns \u201csms\u201d ou calquera outra notificaci\u00f3n sobre os nosos produtos, servizos e actividades e d\u00e9chesnos o consentimento para comunicar os teus datos a terceiros para que xestionen o seu env\u00edo. En ning\u00fan outro caso, comunicaranse os teus datos a terceiros, salvo precepto legal que nos obrigue a iso.<\/li>\n<\/ul>\n<div><\/div>\n<div class=\"textarea unknown\">Esta Pol\u00edtica modificarase a medida que fose necesario comunicar datos teus a terceiros en casos distintos aos anteriores e a condici\u00f3n de que contemos previamente co teu consentimento expreso.<\/div>\n<\/div>\n<\/div>\n<\/div>\n\t\t\t\t\t\t\t\t<\/div>\n\t\t\t\t<\/div>\n\t\t\t\t\t<\/div>\n\t\t<\/div>\n\t\t\t\t\t<\/div>\n\t\t<\/section>\n\t\t\t\t<section class=\"elementor-section elementor-top-section elementor-element elementor-element-bdf5177 elementor-section-boxed elementor-section-height-default elementor-section-height-default\" data-id=\"bdf5177\" data-element_type=\"section\" data-e-type=\"section\">\n\t\t\t\t\t\t<div class=\"elementor-container elementor-column-gap-default\">\n\t\t\t\t\t<div class=\"elementor-column elementor-col-100 elementor-top-column elementor-element elementor-element-06fde4c\" data-id=\"06fde4c\" data-element_type=\"column\" data-e-type=\"column\">\n\t\t\t<div class=\"elementor-widget-wrap elementor-element-populated\">\n\t\t\t\t\t\t<div class=\"elementor-element elementor-element-7dbab38 elementor-widget elementor-widget-heading\" data-id=\"7dbab38\" data-element_type=\"widget\" data-e-type=\"widget\" data-widget_type=\"heading.default\">\n\t\t\t\t<div class=\"elementor-widget-container\">\n\t\t\t\t\t<h3 class=\"elementor-heading-title elementor-size-default\">Cales son os teus dereitos cando nos facilitas os teus datos?<\/h3>\t\t\t\t<\/div>\n\t\t\t\t<\/div>\n\t\t\t\t<div class=\"elementor-element elementor-element-48d73c6 elementor-widget elementor-widget-text-editor\" data-id=\"48d73c6\" data-element_type=\"widget\" data-e-type=\"widget\" data-widget_type=\"text-editor.default\">\n\t\t\t\t<div class=\"elementor-widget-container\">\n\t\t\t\t\t\t\t\t\t<div class=\"textboxes\">\n<div class=\"col_b\">\n<div class=\"textbox\">\n<div id=\"contenedor\" class=\"textarea unknown\">Ao relacionarche connosco, disp\u00f3s dunha serie de dereitos para que poidas decidir e controlar en todo momento como utilizamos os teus datos persoais. Podes exercitar estes dereitos en calquera momento e de forma gratu\u00edta. Poder\u00e1s dirixirche a n\u00f3s por calquera das seguintes v\u00edas:<\/div>\n<\/div>\n<ul>\n<li>IGNACIO DE LAS CUEVAS S.A.Rua dous Tecel\u00e1ns, 5. 32001 Ourense<\/li>\n<li>protecciondatos@grupocuevas.com<\/li>\n<\/ul>\n<div>Para que podamos atender a t\u00faa solicitude, necesitamos asegurarnos de que realmente es ti, polo que deber\u00e1s facilitarnos copia do teu documento de identidade; tam\u00e9n necesitaremos que nos indiques o dereito que desexas exercitar. Se a t\u00faa solicitude non re\u00fane os requisitos anteriores, pedir\u00e9mosche que a emendes. En particular, disp\u00f3s dos seguintes dereitos:<\/div>\n<ul>\n<li>Dereito a solicitar o acceso aos teus datos persoais<\/li>\n<li>Dereito a solicitar a s\u00faa rectificaci\u00f3n<\/li>\n<li>Dereito a solicitar a s\u00faa supresi\u00f3n<\/li>\n<li>Dereito a solicitar a limitaci\u00f3n do teu tratamento<\/li>\n<li>Dereito a opo\u00f1erse ao tratamento<\/li>\n<li>Dereito \u00e1 portabilidad dos datos<\/li>\n<\/ul>\n<\/div>\n<\/div>\n\t\t\t\t\t\t\t\t<\/div>\n\t\t\t\t<\/div>\n\t\t\t\t\t<\/div>\n\t\t<\/div>\n\t\t\t\t\t<\/div>\n\t\t<\/section>\n\t\t\t\t<section class=\"elementor-section elementor-top-section elementor-element elementor-element-e6d67ea elementor-section-boxed elementor-section-height-default elementor-section-height-default\" data-id=\"e6d67ea\" data-element_type=\"section\" data-e-type=\"section\">\n\t\t\t\t\t\t<div class=\"elementor-container elementor-column-gap-default\">\n\t\t\t\t\t<div class=\"elementor-column elementor-col-100 elementor-top-column elementor-element elementor-element-82c6e3b\" data-id=\"82c6e3b\" data-element_type=\"column\" data-e-type=\"column\">\n\t\t\t<div class=\"elementor-widget-wrap elementor-element-populated\">\n\t\t\t\t\t\t<div class=\"elementor-element elementor-element-1c260cf elementor-widget elementor-widget-heading\" data-id=\"1c260cf\" data-element_type=\"widget\" data-e-type=\"widget\" data-widget_type=\"heading.default\">\n\t\t\t\t<div class=\"elementor-widget-container\">\n\t\t\t\t\t<h3 class=\"elementor-heading-title elementor-size-default\">Actualizaci\u00f3ns da nosa Pol\u00edtica de Privacidade<\/h3>\t\t\t\t<\/div>\n\t\t\t\t<\/div>\n\t\t\t\t<div class=\"elementor-element elementor-element-289e416 elementor-widget elementor-widget-text-editor\" data-id=\"289e416\" data-element_type=\"widget\" data-e-type=\"widget\" data-widget_type=\"text-editor.default\">\n\t\t\t\t<div class=\"elementor-widget-container\">\n\t\t\t\t\t\t\t\t\t<div class=\"textboxes\">\n<div class=\"col_b\">\n<div class=\"textbox\">\n<div id=\"contenedor\" class=\"textarea unknown\">\u00c9 posible que realicemos actualizaci\u00f3ns da nosa Pol\u00edtica de Privacidade cando sexa necesario. A \u00faltima versi\u00f3n estar\u00e1 sempre dispo\u00f1ible no noso sitio web.<\/div>\n<\/div>\n<\/div>\n<\/div>\n\t\t\t\t\t\t\t\t<\/div>\n\t\t\t\t<\/div>\n\t\t\t\t\t<\/div>\n\t\t<\/div>\n\t\t\t\t\t<\/div>\n\t\t<\/section>\n\t\t\t\t<\/div>\n\t\t","protected":false},"excerpt":{"rendered":"<p>Pol\u00edtica de privacidade A t\u00faa privacidade \u00e9 importante para n\u00f3s. Recomend\u00e1mosche que dediques uns minutos para ler, comprender e, no seu caso, aceptar a nosa Pol\u00edtica de Privacidade. Quen \u00e9 o responsable do tratamento dos teus datos? IGNACIO DE LAS CUEVAS S.A. Ciudad del Transporte, Parcela E1-F1, Pol\u00edgono San Cibrao das Vi\u00f1as. 32901 San Cibrao&hellip;<\/p>\n","protected":false},"author":2,"featured_media":0,"parent":0,"menu_order":0,"comment_status":"closed","ping_status":"closed","template":"","meta":{"_acf_changed":false,"wprm-recipe-roundup-name":"","wprm-recipe-roundup-description":"","footnotes":""},"class_list":["post-32957","page","type-page","status-publish","hentry"],"acf":[],"yoast_head":"<!-- This site is optimized with the Yoast SEO plugin v27.5 - https:\/\/yoast.com\/product\/yoast-seo-wordpress\/ -->\n<title>Pol\u00edtica de privacidade - Supermercados Plenus<\/title>\n<meta name=\"robots\" content=\"index, follow, max-snippet:-1, max-image-preview:large, max-video-preview:-1\" \/>\n<link rel=\"canonical\" href=\"https:\/\/www.plenussupermercados.es\/gl\/politica-de-privacidade\/\" \/>\n<meta property=\"og:locale\" content=\"gl_ES\" \/>\n<meta property=\"og:type\" content=\"article\" \/>\n<meta property=\"og:title\" content=\"Pol\u00edtica de privacidade - Supermercados Plenus\" \/>\n<meta property=\"og:description\" content=\"Pol\u00edtica de privacidade A t\u00faa privacidade \u00e9 importante para n\u00f3s. Recomend\u00e1mosche que dediques uns minutos para ler, comprender e, no seu caso, aceptar a nosa Pol\u00edtica de Privacidade. Quen \u00e9 o responsable do tratamento dos teus datos? IGNACIO DE LAS CUEVAS S.A. Ciudad del Transporte, Parcela E1-F1, Pol\u00edgono San Cibrao das Vi\u00f1as. 32901 San Cibrao&hellip;\" \/>\n<meta property=\"og:url\" content=\"https:\/\/www.plenussupermercados.es\/gl\/politica-de-privacidade\/\" \/>\n<meta property=\"og:site_name\" content=\"Supermercados Plenus\" \/>\n<meta property=\"article:modified_time\" content=\"2024-03-22T09:35:04+00:00\" \/>\n<meta name=\"twitter:card\" content=\"summary_large_image\" \/>\n<meta name=\"twitter:label1\" content=\"Tempo de lectura\" \/>\n\t<meta name=\"twitter:data1\" content=\"12 minutos\" \/>\n<script type=\"application\/ld+json\" class=\"yoast-schema-graph\">{\"@context\":\"https:\\\/\\\/schema.org\",\"@graph\":[{\"@type\":\"WebPage\",\"@id\":\"https:\\\/\\\/www.plenussupermercados.es\\\/gl\\\/politica-de-privacidade\\\/\",\"url\":\"https:\\\/\\\/www.plenussupermercados.es\\\/gl\\\/politica-de-privacidade\\\/\",\"name\":\"Pol\u00edtica de privacidade - Supermercados Plenus\",\"isPartOf\":{\"@id\":\"https:\\\/\\\/www.plenussupermercados.es\\\/gl\\\/#website\"},\"datePublished\":\"2024-02-16T01:56:39+00:00\",\"dateModified\":\"2024-03-22T09:35:04+00:00\",\"breadcrumb\":{\"@id\":\"https:\\\/\\\/www.plenussupermercados.es\\\/gl\\\/politica-de-privacidade\\\/#breadcrumb\"},\"inLanguage\":\"gl-ES\",\"potentialAction\":[{\"@type\":\"ReadAction\",\"target\":[\"https:\\\/\\\/www.plenussupermercados.es\\\/gl\\\/politica-de-privacidade\\\/\"]}]},{\"@type\":\"BreadcrumbList\",\"@id\":\"https:\\\/\\\/www.plenussupermercados.es\\\/gl\\\/politica-de-privacidade\\\/#breadcrumb\",\"itemListElement\":[{\"@type\":\"ListItem\",\"position\":1,\"name\":\"Portada\",\"item\":\"https:\\\/\\\/www.plenussupermercados.es\\\/gl\\\/\"},{\"@type\":\"ListItem\",\"position\":2,\"name\":\"Pol\u00edtica de privacidade\"}]},{\"@type\":\"WebSite\",\"@id\":\"https:\\\/\\\/www.plenussupermercados.es\\\/gl\\\/#website\",\"url\":\"https:\\\/\\\/www.plenussupermercados.es\\\/gl\\\/\",\"name\":\"Supermercados Plenus\",\"description\":\"\",\"publisher\":{\"@id\":\"https:\\\/\\\/www.plenussupermercados.es\\\/gl\\\/#organization\"},\"potentialAction\":[{\"@type\":\"SearchAction\",\"target\":{\"@type\":\"EntryPoint\",\"urlTemplate\":\"https:\\\/\\\/www.plenussupermercados.es\\\/gl\\\/?s={search_term_string}\"},\"query-input\":{\"@type\":\"PropertyValueSpecification\",\"valueRequired\":true,\"valueName\":\"search_term_string\"}}],\"inLanguage\":\"gl-ES\"},{\"@type\":\"Organization\",\"@id\":\"https:\\\/\\\/www.plenussupermercados.es\\\/gl\\\/#organization\",\"name\":\"Supermercados Plenus\",\"url\":\"https:\\\/\\\/www.plenussupermercados.es\\\/gl\\\/\",\"logo\":{\"@type\":\"ImageObject\",\"inLanguage\":\"gl-ES\",\"@id\":\"https:\\\/\\\/www.plenussupermercados.es\\\/gl\\\/#\\\/schema\\\/logo\\\/image\\\/\",\"url\":\"https:\\\/\\\/www.plenussupermercados.es\\\/wp-content\\\/uploads\\\/2024\\\/01\\\/logo-plenus-supermercados.png\",\"contentUrl\":\"https:\\\/\\\/www.plenussupermercados.es\\\/wp-content\\\/uploads\\\/2024\\\/01\\\/logo-plenus-supermercados.png\",\"width\":232,\"height\":57,\"caption\":\"Supermercados Plenus\"},\"image\":{\"@id\":\"https:\\\/\\\/www.plenussupermercados.es\\\/gl\\\/#\\\/schema\\\/logo\\\/image\\\/\"}}]}<\/script>\n<!-- \/ Yoast SEO plugin. -->","yoast_head_json":{"title":"Pol\u00edtica de privacidade - Supermercados Plenus","robots":{"index":"index","follow":"follow","max-snippet":"max-snippet:-1","max-image-preview":"max-image-preview:large","max-video-preview":"max-video-preview:-1"},"canonical":"https:\/\/www.plenussupermercados.es\/gl\/politica-de-privacidade\/","og_locale":"gl_ES","og_type":"article","og_title":"Pol\u00edtica de privacidade - Supermercados Plenus","og_description":"Pol\u00edtica de privacidade A t\u00faa privacidade \u00e9 importante para n\u00f3s. Recomend\u00e1mosche que dediques uns minutos para ler, comprender e, no seu caso, aceptar a nosa Pol\u00edtica de Privacidade. Quen \u00e9 o responsable do tratamento dos teus datos? IGNACIO DE LAS CUEVAS S.A. Ciudad del Transporte, Parcela E1-F1, Pol\u00edgono San Cibrao das Vi\u00f1as. 32901 San Cibrao&hellip;","og_url":"https:\/\/www.plenussupermercados.es\/gl\/politica-de-privacidade\/","og_site_name":"Supermercados Plenus","article_modified_time":"2024-03-22T09:35:04+00:00","twitter_card":"summary_large_image","twitter_misc":{"Tempo de lectura":"12 minutos"},"schema":{"@context":"https:\/\/schema.org","@graph":[{"@type":"WebPage","@id":"https:\/\/www.plenussupermercados.es\/gl\/politica-de-privacidade\/","url":"https:\/\/www.plenussupermercados.es\/gl\/politica-de-privacidade\/","name":"Pol\u00edtica de privacidade - Supermercados Plenus","isPartOf":{"@id":"https:\/\/www.plenussupermercados.es\/gl\/#website"},"datePublished":"2024-02-16T01:56:39+00:00","dateModified":"2024-03-22T09:35:04+00:00","breadcrumb":{"@id":"https:\/\/www.plenussupermercados.es\/gl\/politica-de-privacidade\/#breadcrumb"},"inLanguage":"gl-ES","potentialAction":[{"@type":"ReadAction","target":["https:\/\/www.plenussupermercados.es\/gl\/politica-de-privacidade\/"]}]},{"@type":"BreadcrumbList","@id":"https:\/\/www.plenussupermercados.es\/gl\/politica-de-privacidade\/#breadcrumb","itemListElement":[{"@type":"ListItem","position":1,"name":"Portada","item":"https:\/\/www.plenussupermercados.es\/gl\/"},{"@type":"ListItem","position":2,"name":"Pol\u00edtica de privacidade"}]},{"@type":"WebSite","@id":"https:\/\/www.plenussupermercados.es\/gl\/#website","url":"https:\/\/www.plenussupermercados.es\/gl\/","name":"Supermercados Plenus","description":"","publisher":{"@id":"https:\/\/www.plenussupermercados.es\/gl\/#organization"},"potentialAction":[{"@type":"SearchAction","target":{"@type":"EntryPoint","urlTemplate":"https:\/\/www.plenussupermercados.es\/gl\/?s={search_term_string}"},"query-input":{"@type":"PropertyValueSpecification","valueRequired":true,"valueName":"search_term_string"}}],"inLanguage":"gl-ES"},{"@type":"Organization","@id":"https:\/\/www.plenussupermercados.es\/gl\/#organization","name":"Supermercados Plenus","url":"https:\/\/www.plenussupermercados.es\/gl\/","logo":{"@type":"ImageObject","inLanguage":"gl-ES","@id":"https:\/\/www.plenussupermercados.es\/gl\/#\/schema\/logo\/image\/","url":"https:\/\/www.plenussupermercados.es\/wp-content\/uploads\/2024\/01\/logo-plenus-supermercados.png","contentUrl":"https:\/\/www.plenussupermercados.es\/wp-content\/uploads\/2024\/01\/logo-plenus-supermercados.png","width":232,"height":57,"caption":"Supermercados Plenus"},"image":{"@id":"https:\/\/www.plenussupermercados.es\/gl\/#\/schema\/logo\/image\/"}}]}},"_links":{"self":[{"href":"https:\/\/www.plenussupermercados.es\/gl\/wp-json\/wp\/v2\/pages\/32957","targetHints":{"allow":["GET"]}}],"collection":[{"href":"https:\/\/www.plenussupermercados.es\/gl\/wp-json\/wp\/v2\/pages"}],"about":[{"href":"https:\/\/www.plenussupermercados.es\/gl\/wp-json\/wp\/v2\/types\/page"}],"author":[{"embeddable":true,"href":"https:\/\/www.plenussupermercados.es\/gl\/wp-json\/wp\/v2\/users\/2"}],"replies":[{"embeddable":true,"href":"https:\/\/www.plenussupermercados.es\/gl\/wp-json\/wp\/v2\/comments?post=32957"}],"version-history":[{"count":11,"href":"https:\/\/www.plenussupermercados.es\/gl\/wp-json\/wp\/v2\/pages\/32957\/revisions"}],"predecessor-version":[{"id":35188,"href":"https:\/\/www.plenussupermercados.es\/gl\/wp-json\/wp\/v2\/pages\/32957\/revisions\/35188"}],"wp:attachment":[{"href":"https:\/\/www.plenussupermercados.es\/gl\/wp-json\/wp\/v2\/media?parent=32957"}],"curies":[{"name":"wp","href":"https:\/\/api.w.org\/{rel}","templated":true}]}}