{"id":22772,"date":"2024-01-02T16:37:18","date_gmt":"2024-01-02T15:37:18","guid":{"rendered":"https:\/\/www.plenussupermercados.es\/\/?post_type=wprm_recipe&#038;p=22772"},"modified":"2024-03-18T11:26:55","modified_gmt":"2024-03-18T10:26:55","slug":"coello-a-sidra","status":"publish","type":"wprm_recipe","link":"https:\/\/www.plenussupermercados.es\/gl\/recetas\/coello-a-sidra\/","title":{"rendered":"Coello \u00e1 sidra"},"content":{"rendered":"","protected":false},"author":1,"featured_media":34715,"template":"","wprm_course":[52],"wprm_cuisine":[],"wprm_keyword":[],"wprm_ingredient":[50,48,352,370,45,63,371,51,100],"wprm_ingredient_unit":[],"wprm_glossary_term":[],"wprm_equipment":[],"wprm_nutrition_ingredient":[],"class_list":["post-22772","wprm_recipe","type-wprm_recipe","status-publish","has-post-thumbnail","hentry","description-off"],"acf":[],"yoast_head":"<!-- This site is optimized with the Yoast SEO plugin v27.5 - https:\/\/yoast.com\/product\/yoast-seo-wordpress\/ -->\n<title>Coello \u00e1 sidra - Supermercados Plenus<\/title>\n<meta name=\"robots\" content=\"index, follow, max-snippet:-1, max-image-preview:large, max-video-preview:-1\" \/>\n<link rel=\"canonical\" href=\"https:\/\/www.plenussupermercados.es\/gl\/recetas\/coello-a-sidra\/\" \/>\n<meta property=\"og:locale\" content=\"gl_ES\" \/>\n<meta property=\"og:type\" content=\"article\" \/>\n<meta property=\"og:title\" content=\"Coello \u00e1 sidra - Supermercados Plenus\" \/>\n<meta property=\"og:url\" content=\"https:\/\/www.plenussupermercados.es\/gl\/recetas\/coello-a-sidra\/\" \/>\n<meta property=\"og:site_name\" content=\"Supermercados Plenus\" \/>\n<meta property=\"article:modified_time\" content=\"2024-03-18T10:26:55+00:00\" \/>\n<meta property=\"og:image\" content=\"https:\/\/www.plenussupermercados.es\/wp-content\/uploads\/2024\/03\/COELLO-A-SIDRA.jpg\" \/>\n\t<meta property=\"og:image:width\" content=\"914\" \/>\n\t<meta property=\"og:image:height\" content=\"699\" \/>\n\t<meta property=\"og:image:type\" content=\"image\/jpeg\" \/>\n<meta name=\"twitter:card\" content=\"summary_large_image\" \/>\n<script type=\"application\/ld+json\" class=\"yoast-schema-graph\">{\"@context\":\"https:\\\/\\\/schema.org\",\"@graph\":[{\"@type\":\"WebPage\",\"@id\":\"https:\\\/\\\/www.plenussupermercados.es\\\/gl\\\/recetas\\\/coello-a-sidra\\\/\",\"url\":\"https:\\\/\\\/www.plenussupermercados.es\\\/gl\\\/recetas\\\/coello-a-sidra\\\/\",\"name\":\"Coello \u00e1 sidra - Supermercados Plenus\",\"isPartOf\":{\"@id\":\"https:\\\/\\\/www.plenussupermercados.es\\\/gl\\\/#website\"},\"primaryImageOfPage\":{\"@id\":\"https:\\\/\\\/www.plenussupermercados.es\\\/gl\\\/recetas\\\/coello-a-sidra\\\/#primaryimage\"},\"image\":{\"@id\":\"https:\\\/\\\/www.plenussupermercados.es\\\/gl\\\/recetas\\\/coello-a-sidra\\\/#primaryimage\"},\"thumbnailUrl\":\"https:\\\/\\\/www.plenussupermercados.es\\\/wp-content\\\/uploads\\\/2024\\\/03\\\/COELLO-A-SIDRA.jpg\",\"datePublished\":\"2024-01-02T15:37:18+00:00\",\"dateModified\":\"2024-03-18T10:26:55+00:00\",\"breadcrumb\":{\"@id\":\"https:\\\/\\\/www.plenussupermercados.es\\\/gl\\\/recetas\\\/coello-a-sidra\\\/#breadcrumb\"},\"inLanguage\":\"gl-ES\",\"potentialAction\":[{\"@type\":\"ReadAction\",\"target\":[\"https:\\\/\\\/www.plenussupermercados.es\\\/gl\\\/recetas\\\/coello-a-sidra\\\/\"]}]},{\"@type\":\"ImageObject\",\"inLanguage\":\"gl-ES\",\"@id\":\"https:\\\/\\\/www.plenussupermercados.es\\\/gl\\\/recetas\\\/coello-a-sidra\\\/#primaryimage\",\"url\":\"https:\\\/\\\/www.plenussupermercados.es\\\/wp-content\\\/uploads\\\/2024\\\/03\\\/COELLO-A-SIDRA.jpg\",\"contentUrl\":\"https:\\\/\\\/www.plenussupermercados.es\\\/wp-content\\\/uploads\\\/2024\\\/03\\\/COELLO-A-SIDRA.jpg\",\"width\":914,\"height\":699},{\"@type\":\"BreadcrumbList\",\"@id\":\"https:\\\/\\\/www.plenussupermercados.es\\\/gl\\\/recetas\\\/coello-a-sidra\\\/#breadcrumb\",\"itemListElement\":[{\"@type\":\"ListItem\",\"position\":1,\"name\":\"Portada\",\"item\":\"https:\\\/\\\/www.plenussupermercados.es\\\/gl\\\/\"},{\"@type\":\"ListItem\",\"position\":2,\"name\":\"Recipes\",\"item\":\"https:\\\/\\\/www.plenussupermercados.es\\\/gl\\\/recetas\\\/\"},{\"@type\":\"ListItem\",\"position\":3,\"name\":\"Coello \u00e1 sidra\"}]},{\"@type\":\"WebSite\",\"@id\":\"https:\\\/\\\/www.plenussupermercados.es\\\/gl\\\/#website\",\"url\":\"https:\\\/\\\/www.plenussupermercados.es\\\/gl\\\/\",\"name\":\"Supermercados Plenus\",\"description\":\"\",\"publisher\":{\"@id\":\"https:\\\/\\\/www.plenussupermercados.es\\\/gl\\\/#organization\"},\"potentialAction\":[{\"@type\":\"SearchAction\",\"target\":{\"@type\":\"EntryPoint\",\"urlTemplate\":\"https:\\\/\\\/www.plenussupermercados.es\\\/gl\\\/?s={search_term_string}\"},\"query-input\":{\"@type\":\"PropertyValueSpecification\",\"valueRequired\":true,\"valueName\":\"search_term_string\"}}],\"inLanguage\":\"gl-ES\"},{\"@type\":\"Organization\",\"@id\":\"https:\\\/\\\/www.plenussupermercados.es\\\/gl\\\/#organization\",\"name\":\"Supermercados Plenus\",\"url\":\"https:\\\/\\\/www.plenussupermercados.es\\\/gl\\\/\",\"logo\":{\"@type\":\"ImageObject\",\"inLanguage\":\"gl-ES\",\"@id\":\"https:\\\/\\\/www.plenussupermercados.es\\\/gl\\\/#\\\/schema\\\/logo\\\/image\\\/\",\"url\":\"https:\\\/\\\/www.plenussupermercados.es\\\/wp-content\\\/uploads\\\/2024\\\/01\\\/logo-plenus-supermercados.png\",\"contentUrl\":\"https:\\\/\\\/www.plenussupermercados.es\\\/wp-content\\\/uploads\\\/2024\\\/01\\\/logo-plenus-supermercados.png\",\"width\":232,\"height\":57,\"caption\":\"Supermercados Plenus\"},\"image\":{\"@id\":\"https:\\\/\\\/www.plenussupermercados.es\\\/gl\\\/#\\\/schema\\\/logo\\\/image\\\/\"}}]}<\/script>\n<!-- \/ Yoast SEO plugin. -->","yoast_head_json":{"title":"Coello \u00e1 sidra - Supermercados Plenus","robots":{"index":"index","follow":"follow","max-snippet":"max-snippet:-1","max-image-preview":"max-image-preview:large","max-video-preview":"max-video-preview:-1"},"canonical":"https:\/\/www.plenussupermercados.es\/gl\/recetas\/coello-a-sidra\/","og_locale":"gl_ES","og_type":"article","og_title":"Coello \u00e1 sidra - Supermercados Plenus","og_url":"https:\/\/www.plenussupermercados.es\/gl\/recetas\/coello-a-sidra\/","og_site_name":"Supermercados Plenus","article_modified_time":"2024-03-18T10:26:55+00:00","og_image":[{"width":914,"height":699,"url":"https:\/\/www.plenussupermercados.es\/wp-content\/uploads\/2024\/03\/COELLO-A-SIDRA.jpg","type":"image\/jpeg"}],"twitter_card":"summary_large_image","schema":{"@context":"https:\/\/schema.org","@graph":[{"@type":"WebPage","@id":"https:\/\/www.plenussupermercados.es\/gl\/recetas\/coello-a-sidra\/","url":"https:\/\/www.plenussupermercados.es\/gl\/recetas\/coello-a-sidra\/","name":"Coello \u00e1 sidra - Supermercados Plenus","isPartOf":{"@id":"https:\/\/www.plenussupermercados.es\/gl\/#website"},"primaryImageOfPage":{"@id":"https:\/\/www.plenussupermercados.es\/gl\/recetas\/coello-a-sidra\/#primaryimage"},"image":{"@id":"https:\/\/www.plenussupermercados.es\/gl\/recetas\/coello-a-sidra\/#primaryimage"},"thumbnailUrl":"https:\/\/www.plenussupermercados.es\/wp-content\/uploads\/2024\/03\/COELLO-A-SIDRA.jpg","datePublished":"2024-01-02T15:37:18+00:00","dateModified":"2024-03-18T10:26:55+00:00","breadcrumb":{"@id":"https:\/\/www.plenussupermercados.es\/gl\/recetas\/coello-a-sidra\/#breadcrumb"},"inLanguage":"gl-ES","potentialAction":[{"@type":"ReadAction","target":["https:\/\/www.plenussupermercados.es\/gl\/recetas\/coello-a-sidra\/"]}]},{"@type":"ImageObject","inLanguage":"gl-ES","@id":"https:\/\/www.plenussupermercados.es\/gl\/recetas\/coello-a-sidra\/#primaryimage","url":"https:\/\/www.plenussupermercados.es\/wp-content\/uploads\/2024\/03\/COELLO-A-SIDRA.jpg","contentUrl":"https:\/\/www.plenussupermercados.es\/wp-content\/uploads\/2024\/03\/COELLO-A-SIDRA.jpg","width":914,"height":699},{"@type":"BreadcrumbList","@id":"https:\/\/www.plenussupermercados.es\/gl\/recetas\/coello-a-sidra\/#breadcrumb","itemListElement":[{"@type":"ListItem","position":1,"name":"Portada","item":"https:\/\/www.plenussupermercados.es\/gl\/"},{"@type":"ListItem","position":2,"name":"Recipes","item":"https:\/\/www.plenussupermercados.es\/gl\/recetas\/"},{"@type":"ListItem","position":3,"name":"Coello \u00e1 sidra"}]},{"@type":"WebSite","@id":"https:\/\/www.plenussupermercados.es\/gl\/#website","url":"https:\/\/www.plenussupermercados.es\/gl\/","name":"Supermercados Plenus","description":"","publisher":{"@id":"https:\/\/www.plenussupermercados.es\/gl\/#organization"},"potentialAction":[{"@type":"SearchAction","target":{"@type":"EntryPoint","urlTemplate":"https:\/\/www.plenussupermercados.es\/gl\/?s={search_term_string}"},"query-input":{"@type":"PropertyValueSpecification","valueRequired":true,"valueName":"search_term_string"}}],"inLanguage":"gl-ES"},{"@type":"Organization","@id":"https:\/\/www.plenussupermercados.es\/gl\/#organization","name":"Supermercados Plenus","url":"https:\/\/www.plenussupermercados.es\/gl\/","logo":{"@type":"ImageObject","inLanguage":"gl-ES","@id":"https:\/\/www.plenussupermercados.es\/gl\/#\/schema\/logo\/image\/","url":"https:\/\/www.plenussupermercados.es\/wp-content\/uploads\/2024\/01\/logo-plenus-supermercados.png","contentUrl":"https:\/\/www.plenussupermercados.es\/wp-content\/uploads\/2024\/01\/logo-plenus-supermercados.png","width":232,"height":57,"caption":"Supermercados Plenus"},"image":{"@id":"https:\/\/www.plenussupermercados.es\/gl\/#\/schema\/logo\/image\/"}}]}},"recipe":{"id":22772,"slug":"coello-a-sidra","post_status":"publish","post_password":"","post_author":"1","language":"gl","type":"food","image_id":34715,"image_url":"https:\/\/www.plenussupermercados.es\/wp-content\/uploads\/2024\/03\/COELLO-A-SIDRA.jpg","pin_image_id":34715,"pin_image_url":"https:\/\/www.plenussupermercados.es\/wp-content\/uploads\/2024\/03\/COELLO-A-SIDRA.jpg","pin_image_repin_id":"","name":"Coello \u00e1 sidra","summary":"","author_display":"default","author_name":"","author_link":"","cost":"","servings":"0","servings_unit":"","servings_advanced_enabled":"","servings_advanced":{"shape":"round","unit":"inch","diameter":0,"width":0,"length":0,"height":0},"prep_time":"0","prep_time_zero":"","cook_time":"0","cook_time_zero":"","total_time":"0","custom_time":"0","custom_time_zero":"","custom_time_label":"","tags":{"course":[{"term_id":52,"name":"Segundo prato","slug":"segundo-prato","term_group":0,"term_taxonomy_id":52,"taxonomy":"wprm_course","description":"","parent":0,"count":396,"filter":"raw"}],"cuisine":[],"keyword":[]},"equipment":[],"ingredients":[{"ingredients":[{"uid":0,"amount":"150 g","unit":"","name":"coello","notes":"","id":370},{"uid":1,"amount":"40 g","unit":"","name":"ch\u00edcharos","notes":"","id":352},{"uid":2,"amount":"20 g","unit":"","name":"cebola","notes":"","id":48},{"uid":3,"amount":"80 mL","unit":"","name":"sidra","notes":"","id":100},{"uid":4,"amount":"1 (100g)","unit":"","name":"pataca","notes":"","id":45},{"uid":5,"amount":"1 cullerada (15mL)","unit":"","name":"aceite oliva","notes":"","id":50},{"uid":6,"amount":"","unit":"","name":"sal ao gusto","notes":"","id":51},{"uid":7,"amount":"","unit":"","name":"perexil picado","notes":"","id":371},{"uid":8,"amount":"","unit":"","name":"pementa","notes":"","id":63}],"name":"","uid":-1}],"instructions":[{"instructions":[{"uid":0,"name":"","text":"Talar o coello e sazonar. Pasar por fari\u00f1a e fritir ata dourar. \u00c1 parte, nunha pota, rustrir en aceite a cebola picada. Deixar pasar. Engadir o coello e mollar coa sidra. Completar con auga ata cubrir e deixar cocer ata que estea tenro. Cortar as patacas en dados grandes e fritir o exterior. A continuaci\u00f3n deixalas cocer co coello. Os ch\u00edcharos eng\u00e1dense \u00f3 final xa cocidos.","image":0,"ingredients":[]}],"name":"","uid":-1}],"ingredients_flat":[{"uid":0,"amount":"150 g","unit":"","name":"coello","notes":"","id":370,"type":"ingredient"},{"uid":1,"amount":"40 g","unit":"","name":"ch\u00edcharos","notes":"","id":352,"type":"ingredient"},{"uid":2,"amount":"20 g","unit":"","name":"cebola","notes":"","id":48,"type":"ingredient"},{"uid":3,"amount":"80 mL","unit":"","name":"sidra","notes":"","id":100,"type":"ingredient"},{"uid":4,"amount":"1 (100g)","unit":"","name":"pataca","notes":"","id":45,"type":"ingredient"},{"uid":5,"amount":"1 cullerada (15mL)","unit":"","name":"aceite oliva","notes":"","id":50,"type":"ingredient"},{"uid":6,"amount":"","unit":"","name":"sal ao gusto","notes":"","id":51,"type":"ingredient"},{"uid":7,"amount":"","unit":"","name":"perexil picado","notes":"","id":371,"type":"ingredient"},{"uid":8,"amount":"","unit":"","name":"pementa","notes":"","id":63,"type":"ingredient"}],"instructions_flat":[{"uid":0,"name":"","text":"Talar o coello e sazonar. Pasar por fari\u00f1a e fritir ata dourar. \u00c1 parte, nunha pota, rustrir en aceite a cebola picada. Deixar pasar. Engadir o coello e mollar coa sidra. Completar con auga ata cubrir e deixar cocer ata que estea tenro. Cortar as patacas en dados grandes e fritir o exterior. A continuaci\u00f3n deixalas cocer co coello. Os ch\u00edcharos eng\u00e1dense \u00f3 final xa cocidos.","image":0,"ingredients":[],"type":"instruction","image_url":""}],"video_id":0,"video_embed":"","video_thumb_url":"https:\/\/www.plenussupermercados.es\/wp-content\/uploads\/2024\/03\/COELLO-A-SIDRA-150x150.jpg","notes":"<p>Vantaxes:<br \/>Pola s\u00faa composici\u00f3n est\u00e1 recomendado en caso de seguir dietas baixas en graxa e colesterol, en caso de trastornos cardiovasculares. \u00d3 ser unha carne branca, o seu contido en \u00e1cido \u00farico \u00e9 menor en comparaci\u00f3n coas carnes vermellas, o que a converte nunha carne apta para persoas con hiperuricemia ou gota. \u00c9 magra e branda, polo que resulta f\u00e1cil de mastigar. Cont\u00e9n prote\u00ednas de boa calidade en cantidades similares \u00f3 resto de carnes. En canto \u00f3s minerais, destaca sobre o resto de carnes polo seu elevado contido en potasio, f\u00f3sforo e calcio. Ademais, o aporte de sodio \u00e9 moderado, polo tanto o seu consumo \u00e9 adecuado en casos de hipertensi\u00f3n. A carne de coello presenta vitaminas do grupo B, especialmente B3 (niacina) e B12 (cobalamina).<\/p>\n<p>Inconvenientes:<\/p>\n","nutrition":[],"custom_fields":{"source":"QFH","hardness":"Media","idrecipe":"43","nutritional":"Kcal: 483,3#Prote\u00ednas: 33,1%#Hidratos de carbono: 22,9%#L\u00edpidos: 44%#","language":"GL"},"ingredient_links_type":"global","unit_system":"default"},"_links":{"self":[{"href":"https:\/\/www.plenussupermercados.es\/gl\/wp-json\/wp\/v2\/wprm_recipe\/22772","targetHints":{"allow":["GET"]}}],"collection":[{"href":"https:\/\/www.plenussupermercados.es\/gl\/wp-json\/wp\/v2\/wprm_recipe"}],"about":[{"href":"https:\/\/www.plenussupermercados.es\/gl\/wp-json\/wp\/v2\/types\/wprm_recipe"}],"author":[{"embeddable":true,"href":"https:\/\/www.plenussupermercados.es\/gl\/wp-json\/wp\/v2\/users\/1"}],"version-history":[{"count":2,"href":"https:\/\/www.plenussupermercados.es\/gl\/wp-json\/wp\/v2\/wprm_recipe\/22772\/revisions"}],"predecessor-version":[{"id":34718,"href":"https:\/\/www.plenussupermercados.es\/gl\/wp-json\/wp\/v2\/wprm_recipe\/22772\/revisions\/34718"}],"wp:featuredmedia":[{"embeddable":true,"href":"https:\/\/www.plenussupermercados.es\/gl\/wp-json\/wp\/v2\/media\/34715"}],"wp:attachment":[{"href":"https:\/\/www.plenussupermercados.es\/gl\/wp-json\/wp\/v2\/media?parent=22772"}],"wp:term":[{"taxonomy":"wprm_course","embeddable":true,"href":"https:\/\/www.plenussupermercados.es\/gl\/wp-json\/wp\/v2\/wprm_course?post=22772"},{"taxonomy":"wprm_cuisine","embeddable":true,"href":"https:\/\/www.plenussupermercados.es\/gl\/wp-json\/wp\/v2\/wprm_cuisine?post=22772"},{"taxonomy":"wprm_keyword","embeddable":true,"href":"https:\/\/www.plenussupermercados.es\/gl\/wp-json\/wp\/v2\/wprm_keyword?post=22772"},{"taxonomy":"wprm_ingredient","embeddable":true,"href":"https:\/\/www.plenussupermercados.es\/gl\/wp-json\/wp\/v2\/wprm_ingredient?post=22772"},{"taxonomy":"wprm_ingredient_unit","embeddable":true,"href":"https:\/\/www.plenussupermercados.es\/gl\/wp-json\/wp\/v2\/wprm_ingredient_unit?post=22772"},{"taxonomy":"wprm_glossary_term","embeddable":true,"href":"https:\/\/www.plenussupermercados.es\/gl\/wp-json\/wp\/v2\/wprm_glossary_term?post=22772"},{"taxonomy":"wprm_equipment","embeddable":true,"href":"https:\/\/www.plenussupermercados.es\/gl\/wp-json\/wp\/v2\/wprm_equipment?post=22772"},{"taxonomy":"wprm_nutrition_ingredient","embeddable":true,"href":"https:\/\/www.plenussupermercados.es\/gl\/wp-json\/wp\/v2\/wprm_nutrition_ingredient?post=22772"}],"curies":[{"name":"wp","href":"https:\/\/api.w.org\/{rel}","templated":true}]}}