{"id":22802,"date":"2024-01-02T16:37:24","date_gmt":"2024-01-02T15:37:24","guid":{"rendered":"https:\/\/www.plenussupermercados.es\/\/?post_type=wprm_recipe&#038;p=22802"},"modified":"2024-03-18T11:51:13","modified_gmt":"2024-03-18T10:51:13","slug":"coliflor-ao-graten","status":"publish","type":"wprm_recipe","link":"https:\/\/www.plenussupermercados.es\/gl\/recetas\/coliflor-ao-graten\/","title":{"rendered":"Coliflor ao grat\u00e9n"},"content":{"rendered":"","protected":false},"author":1,"featured_media":34765,"template":"","wprm_course":[57],"wprm_cuisine":[],"wprm_keyword":[],"wprm_ingredient":[50,114,60,376,378,45,379,377,51,359],"wprm_ingredient_unit":[],"wprm_glossary_term":[],"wprm_equipment":[],"wprm_nutrition_ingredient":[],"class_list":["post-22802","wprm_recipe","type-wprm_recipe","status-publish","has-post-thumbnail","hentry","description-off"],"acf":[],"yoast_head":"<!-- This site is optimized with the Yoast SEO plugin v27.5 - https:\/\/yoast.com\/product\/yoast-seo-wordpress\/ -->\n<title>Coliflor ao grat\u00e9n - Supermercados Plenus<\/title>\n<meta name=\"robots\" content=\"index, follow, max-snippet:-1, max-image-preview:large, max-video-preview:-1\" \/>\n<link rel=\"canonical\" href=\"https:\/\/www.plenussupermercados.es\/gl\/recetas\/coliflor-ao-graten\/\" \/>\n<meta property=\"og:locale\" content=\"gl_ES\" \/>\n<meta property=\"og:type\" content=\"article\" \/>\n<meta property=\"og:title\" content=\"Coliflor ao grat\u00e9n - Supermercados Plenus\" \/>\n<meta property=\"og:url\" content=\"https:\/\/www.plenussupermercados.es\/gl\/recetas\/coliflor-ao-graten\/\" \/>\n<meta property=\"og:site_name\" content=\"Supermercados Plenus\" \/>\n<meta property=\"article:modified_time\" content=\"2024-03-18T10:51:13+00:00\" \/>\n<meta property=\"og:image\" content=\"https:\/\/www.plenussupermercados.es\/wp-content\/uploads\/2024\/03\/COLIFLOR-GRATINADA.jpg\" \/>\n\t<meta property=\"og:image:width\" content=\"2461\" \/>\n\t<meta property=\"og:image:height\" content=\"1797\" \/>\n\t<meta property=\"og:image:type\" content=\"image\/jpeg\" \/>\n<meta name=\"twitter:card\" content=\"summary_large_image\" \/>\n<script type=\"application\/ld+json\" class=\"yoast-schema-graph\">{\"@context\":\"https:\\\/\\\/schema.org\",\"@graph\":[{\"@type\":\"WebPage\",\"@id\":\"https:\\\/\\\/www.plenussupermercados.es\\\/gl\\\/recetas\\\/coliflor-ao-graten\\\/\",\"url\":\"https:\\\/\\\/www.plenussupermercados.es\\\/gl\\\/recetas\\\/coliflor-ao-graten\\\/\",\"name\":\"Coliflor ao grat\u00e9n - Supermercados Plenus\",\"isPartOf\":{\"@id\":\"https:\\\/\\\/www.plenussupermercados.es\\\/gl\\\/#website\"},\"primaryImageOfPage\":{\"@id\":\"https:\\\/\\\/www.plenussupermercados.es\\\/gl\\\/recetas\\\/coliflor-ao-graten\\\/#primaryimage\"},\"image\":{\"@id\":\"https:\\\/\\\/www.plenussupermercados.es\\\/gl\\\/recetas\\\/coliflor-ao-graten\\\/#primaryimage\"},\"thumbnailUrl\":\"https:\\\/\\\/www.plenussupermercados.es\\\/wp-content\\\/uploads\\\/2024\\\/03\\\/COLIFLOR-GRATINADA.jpg\",\"datePublished\":\"2024-01-02T15:37:24+00:00\",\"dateModified\":\"2024-03-18T10:51:13+00:00\",\"breadcrumb\":{\"@id\":\"https:\\\/\\\/www.plenussupermercados.es\\\/gl\\\/recetas\\\/coliflor-ao-graten\\\/#breadcrumb\"},\"inLanguage\":\"gl-ES\",\"potentialAction\":[{\"@type\":\"ReadAction\",\"target\":[\"https:\\\/\\\/www.plenussupermercados.es\\\/gl\\\/recetas\\\/coliflor-ao-graten\\\/\"]}]},{\"@type\":\"ImageObject\",\"inLanguage\":\"gl-ES\",\"@id\":\"https:\\\/\\\/www.plenussupermercados.es\\\/gl\\\/recetas\\\/coliflor-ao-graten\\\/#primaryimage\",\"url\":\"https:\\\/\\\/www.plenussupermercados.es\\\/wp-content\\\/uploads\\\/2024\\\/03\\\/COLIFLOR-GRATINADA.jpg\",\"contentUrl\":\"https:\\\/\\\/www.plenussupermercados.es\\\/wp-content\\\/uploads\\\/2024\\\/03\\\/COLIFLOR-GRATINADA.jpg\",\"width\":2461,\"height\":1797},{\"@type\":\"BreadcrumbList\",\"@id\":\"https:\\\/\\\/www.plenussupermercados.es\\\/gl\\\/recetas\\\/coliflor-ao-graten\\\/#breadcrumb\",\"itemListElement\":[{\"@type\":\"ListItem\",\"position\":1,\"name\":\"Portada\",\"item\":\"https:\\\/\\\/www.plenussupermercados.es\\\/gl\\\/\"},{\"@type\":\"ListItem\",\"position\":2,\"name\":\"Recipes\",\"item\":\"https:\\\/\\\/www.plenussupermercados.es\\\/gl\\\/recetas\\\/\"},{\"@type\":\"ListItem\",\"position\":3,\"name\":\"Coliflor ao grat\u00e9n\"}]},{\"@type\":\"WebSite\",\"@id\":\"https:\\\/\\\/www.plenussupermercados.es\\\/gl\\\/#website\",\"url\":\"https:\\\/\\\/www.plenussupermercados.es\\\/gl\\\/\",\"name\":\"Supermercados Plenus\",\"description\":\"\",\"publisher\":{\"@id\":\"https:\\\/\\\/www.plenussupermercados.es\\\/gl\\\/#organization\"},\"potentialAction\":[{\"@type\":\"SearchAction\",\"target\":{\"@type\":\"EntryPoint\",\"urlTemplate\":\"https:\\\/\\\/www.plenussupermercados.es\\\/gl\\\/?s={search_term_string}\"},\"query-input\":{\"@type\":\"PropertyValueSpecification\",\"valueRequired\":true,\"valueName\":\"search_term_string\"}}],\"inLanguage\":\"gl-ES\"},{\"@type\":\"Organization\",\"@id\":\"https:\\\/\\\/www.plenussupermercados.es\\\/gl\\\/#organization\",\"name\":\"Supermercados Plenus\",\"url\":\"https:\\\/\\\/www.plenussupermercados.es\\\/gl\\\/\",\"logo\":{\"@type\":\"ImageObject\",\"inLanguage\":\"gl-ES\",\"@id\":\"https:\\\/\\\/www.plenussupermercados.es\\\/gl\\\/#\\\/schema\\\/logo\\\/image\\\/\",\"url\":\"https:\\\/\\\/www.plenussupermercados.es\\\/wp-content\\\/uploads\\\/2024\\\/01\\\/logo-plenus-supermercados.png\",\"contentUrl\":\"https:\\\/\\\/www.plenussupermercados.es\\\/wp-content\\\/uploads\\\/2024\\\/01\\\/logo-plenus-supermercados.png\",\"width\":232,\"height\":57,\"caption\":\"Supermercados Plenus\"},\"image\":{\"@id\":\"https:\\\/\\\/www.plenussupermercados.es\\\/gl\\\/#\\\/schema\\\/logo\\\/image\\\/\"}}]}<\/script>\n<!-- \/ Yoast SEO plugin. -->","yoast_head_json":{"title":"Coliflor ao grat\u00e9n - Supermercados Plenus","robots":{"index":"index","follow":"follow","max-snippet":"max-snippet:-1","max-image-preview":"max-image-preview:large","max-video-preview":"max-video-preview:-1"},"canonical":"https:\/\/www.plenussupermercados.es\/gl\/recetas\/coliflor-ao-graten\/","og_locale":"gl_ES","og_type":"article","og_title":"Coliflor ao grat\u00e9n - Supermercados Plenus","og_url":"https:\/\/www.plenussupermercados.es\/gl\/recetas\/coliflor-ao-graten\/","og_site_name":"Supermercados Plenus","article_modified_time":"2024-03-18T10:51:13+00:00","og_image":[{"width":2461,"height":1797,"url":"https:\/\/www.plenussupermercados.es\/wp-content\/uploads\/2024\/03\/COLIFLOR-GRATINADA.jpg","type":"image\/jpeg"}],"twitter_card":"summary_large_image","schema":{"@context":"https:\/\/schema.org","@graph":[{"@type":"WebPage","@id":"https:\/\/www.plenussupermercados.es\/gl\/recetas\/coliflor-ao-graten\/","url":"https:\/\/www.plenussupermercados.es\/gl\/recetas\/coliflor-ao-graten\/","name":"Coliflor ao grat\u00e9n - Supermercados Plenus","isPartOf":{"@id":"https:\/\/www.plenussupermercados.es\/gl\/#website"},"primaryImageOfPage":{"@id":"https:\/\/www.plenussupermercados.es\/gl\/recetas\/coliflor-ao-graten\/#primaryimage"},"image":{"@id":"https:\/\/www.plenussupermercados.es\/gl\/recetas\/coliflor-ao-graten\/#primaryimage"},"thumbnailUrl":"https:\/\/www.plenussupermercados.es\/wp-content\/uploads\/2024\/03\/COLIFLOR-GRATINADA.jpg","datePublished":"2024-01-02T15:37:24+00:00","dateModified":"2024-03-18T10:51:13+00:00","breadcrumb":{"@id":"https:\/\/www.plenussupermercados.es\/gl\/recetas\/coliflor-ao-graten\/#breadcrumb"},"inLanguage":"gl-ES","potentialAction":[{"@type":"ReadAction","target":["https:\/\/www.plenussupermercados.es\/gl\/recetas\/coliflor-ao-graten\/"]}]},{"@type":"ImageObject","inLanguage":"gl-ES","@id":"https:\/\/www.plenussupermercados.es\/gl\/recetas\/coliflor-ao-graten\/#primaryimage","url":"https:\/\/www.plenussupermercados.es\/wp-content\/uploads\/2024\/03\/COLIFLOR-GRATINADA.jpg","contentUrl":"https:\/\/www.plenussupermercados.es\/wp-content\/uploads\/2024\/03\/COLIFLOR-GRATINADA.jpg","width":2461,"height":1797},{"@type":"BreadcrumbList","@id":"https:\/\/www.plenussupermercados.es\/gl\/recetas\/coliflor-ao-graten\/#breadcrumb","itemListElement":[{"@type":"ListItem","position":1,"name":"Portada","item":"https:\/\/www.plenussupermercados.es\/gl\/"},{"@type":"ListItem","position":2,"name":"Recipes","item":"https:\/\/www.plenussupermercados.es\/gl\/recetas\/"},{"@type":"ListItem","position":3,"name":"Coliflor ao grat\u00e9n"}]},{"@type":"WebSite","@id":"https:\/\/www.plenussupermercados.es\/gl\/#website","url":"https:\/\/www.plenussupermercados.es\/gl\/","name":"Supermercados Plenus","description":"","publisher":{"@id":"https:\/\/www.plenussupermercados.es\/gl\/#organization"},"potentialAction":[{"@type":"SearchAction","target":{"@type":"EntryPoint","urlTemplate":"https:\/\/www.plenussupermercados.es\/gl\/?s={search_term_string}"},"query-input":{"@type":"PropertyValueSpecification","valueRequired":true,"valueName":"search_term_string"}}],"inLanguage":"gl-ES"},{"@type":"Organization","@id":"https:\/\/www.plenussupermercados.es\/gl\/#organization","name":"Supermercados Plenus","url":"https:\/\/www.plenussupermercados.es\/gl\/","logo":{"@type":"ImageObject","inLanguage":"gl-ES","@id":"https:\/\/www.plenussupermercados.es\/gl\/#\/schema\/logo\/image\/","url":"https:\/\/www.plenussupermercados.es\/wp-content\/uploads\/2024\/01\/logo-plenus-supermercados.png","contentUrl":"https:\/\/www.plenussupermercados.es\/wp-content\/uploads\/2024\/01\/logo-plenus-supermercados.png","width":232,"height":57,"caption":"Supermercados Plenus"},"image":{"@id":"https:\/\/www.plenussupermercados.es\/gl\/#\/schema\/logo\/image\/"}}]}},"recipe":{"id":22802,"slug":"coliflor-ao-graten","post_status":"publish","post_password":"","post_author":"1","language":"gl","type":"food","image_id":34765,"image_url":"https:\/\/www.plenussupermercados.es\/wp-content\/uploads\/2024\/03\/COLIFLOR-GRATINADA.jpg","pin_image_id":34765,"pin_image_url":"https:\/\/www.plenussupermercados.es\/wp-content\/uploads\/2024\/03\/COLIFLOR-GRATINADA.jpg","pin_image_repin_id":"","name":"Coliflor ao grat\u00e9n","summary":"","author_display":"default","author_name":"","author_link":"","cost":"","servings":"0","servings_unit":"","servings_advanced_enabled":"","servings_advanced":{"shape":"round","unit":"inch","diameter":0,"width":0,"length":0,"height":0},"prep_time":"0","prep_time_zero":"","cook_time":"0","cook_time_zero":"","total_time":"0","custom_time":"0","custom_time_zero":"","custom_time_label":"","tags":{"course":[{"term_id":57,"name":"Primeiro prato","slug":"primeiro-prato","term_group":0,"term_taxonomy_id":57,"taxonomy":"wprm_course","description":"","parent":0,"count":381,"filter":"raw"}],"cuisine":[],"keyword":[]},"equipment":[],"ingredients":[{"ingredients":[{"uid":0,"amount":"150 g","unit":"","name":"coliflor","notes":"","id":114},{"uid":1,"amount":"1\/2 grande (80 g)","unit":"","name":"pataca","notes":"","id":45},{"uid":2,"amount":"8 g","unit":"","name":"fari\u00f1a","notes":"","id":60},{"uid":3,"amount":"1\/2 vaso (100mL)","unit":"","name":"leite desnatado","notes":"","id":376},{"uid":4,"amount":"5 g","unit":"","name":"queixo parmesano","notes":"","id":377},{"uid":5,"amount":"20 g","unit":"","name":"xam\u00f3n cocido","notes":"","id":359},{"uid":6,"amount":"1 cullerada (8mL)","unit":"","name":"aceite oliva","notes":"","id":50},{"uid":7,"amount":"","unit":"","name":"sal ao gusto","notes":"","id":51},{"uid":8,"amount":"","unit":"","name":"noz moscada","notes":"","id":378},{"uid":9,"amount":"","unit":"","name":"pementa branca","notes":"","id":379}],"name":"","uid":-1}],"instructions":[{"instructions":[{"uid":0,"name":"","text":"Limpar e escoller follas de coliflor do mesmo tama\u00f1o. Cocer nunha cacerola as patacas e a coliflor. Escorrer e reservar. Noutra pota preparar a bechamel co aceite, a fari\u00f1a e o leite quente. Unha vez preparada a bechamel, engadir o xam\u00f3n en tiras. Cubrir con queixo as patacas e coliflor e gratinar uns minutos no forno a 180\u00baC.","image":0,"ingredients":[]}],"name":"","uid":-1}],"ingredients_flat":[{"uid":0,"amount":"150 g","unit":"","name":"coliflor","notes":"","id":114,"type":"ingredient"},{"uid":1,"amount":"1\/2 grande (80 g)","unit":"","name":"pataca","notes":"","id":45,"type":"ingredient"},{"uid":2,"amount":"8 g","unit":"","name":"fari\u00f1a","notes":"","id":60,"type":"ingredient"},{"uid":3,"amount":"1\/2 vaso (100mL)","unit":"","name":"leite desnatado","notes":"","id":376,"type":"ingredient"},{"uid":4,"amount":"5 g","unit":"","name":"queixo parmesano","notes":"","id":377,"type":"ingredient"},{"uid":5,"amount":"20 g","unit":"","name":"xam\u00f3n cocido","notes":"","id":359,"type":"ingredient"},{"uid":6,"amount":"1 cullerada (8mL)","unit":"","name":"aceite oliva","notes":"","id":50,"type":"ingredient"},{"uid":7,"amount":"","unit":"","name":"sal ao gusto","notes":"","id":51,"type":"ingredient"},{"uid":8,"amount":"","unit":"","name":"noz moscada","notes":"","id":378,"type":"ingredient"},{"uid":9,"amount":"","unit":"","name":"pementa branca","notes":"","id":379,"type":"ingredient"}],"instructions_flat":[{"uid":0,"name":"","text":"Limpar e escoller follas de coliflor do mesmo tama\u00f1o. Cocer nunha cacerola as patacas e a coliflor. Escorrer e reservar. Noutra pota preparar a bechamel co aceite, a fari\u00f1a e o leite quente. Unha vez preparada a bechamel, engadir o xam\u00f3n en tiras. Cubrir con queixo as patacas e coliflor e gratinar uns minutos no forno a 180\u00baC.","image":0,"ingredients":[],"type":"instruction","image_url":""}],"video_id":0,"video_embed":"","video_thumb_url":"https:\/\/www.plenussupermercados.es\/wp-content\/uploads\/2024\/03\/COLIFLOR-GRATINADA-150x150.jpg","notes":"<p>Vantaxes:<br \/>Aporta moi pouco valor cal\u00f3rico, o cal \u00e9 adecuado en dietas de adelgazamento. A coliflor \u00e9 unha boa fonte de fibra e vitaminas, entre as que destacan os grupos B ou C. Estas particularidades conv\u00e9rtena nun bo alimento para inclu\u00edlo na dieta de mulleres embarazadas xa que favorece o crecemento e desenvolvemento do feto. Tam\u00e9n aporta boas cantidades de minerais como potasio, magnesio ou f\u00f3sforo. As s\u00faas propiedades diur\u00e9ticas eliminan o exceso de l\u00edquidos polo que proporcionan beneficios para a hipertensi\u00f3n e reduci\u00f3n do \u00e1cido \u00farico. As altas porcentaxes de elementos fitoqu\u00edmicos (glucosinolatos, isotiocianatos, indoles e fibra) favorecen a prevenci\u00f3n de enfermidades dexenerativas como o cancro. <\/p>\n","nutrition":[],"custom_fields":{"source":"QFH","hardness":"Baixa","idrecipe":"63","nutritional":"Kcal: 297,8#Prote\u00ednas: 17,7%#Hidratos de carbono: 39,4%#L\u00edpidos: 42,9%","language":"GL"},"ingredient_links_type":"global","unit_system":"default"},"_links":{"self":[{"href":"https:\/\/www.plenussupermercados.es\/gl\/wp-json\/wp\/v2\/wprm_recipe\/22802","targetHints":{"allow":["GET"]}}],"collection":[{"href":"https:\/\/www.plenussupermercados.es\/gl\/wp-json\/wp\/v2\/wprm_recipe"}],"about":[{"href":"https:\/\/www.plenussupermercados.es\/gl\/wp-json\/wp\/v2\/types\/wprm_recipe"}],"author":[{"embeddable":true,"href":"https:\/\/www.plenussupermercados.es\/gl\/wp-json\/wp\/v2\/users\/1"}],"version-history":[{"count":2,"href":"https:\/\/www.plenussupermercados.es\/gl\/wp-json\/wp\/v2\/wprm_recipe\/22802\/revisions"}],"predecessor-version":[{"id":34768,"href":"https:\/\/www.plenussupermercados.es\/gl\/wp-json\/wp\/v2\/wprm_recipe\/22802\/revisions\/34768"}],"wp:featuredmedia":[{"embeddable":true,"href":"https:\/\/www.plenussupermercados.es\/gl\/wp-json\/wp\/v2\/media\/34765"}],"wp:attachment":[{"href":"https:\/\/www.plenussupermercados.es\/gl\/wp-json\/wp\/v2\/media?parent=22802"}],"wp:term":[{"taxonomy":"wprm_course","embeddable":true,"href":"https:\/\/www.plenussupermercados.es\/gl\/wp-json\/wp\/v2\/wprm_course?post=22802"},{"taxonomy":"wprm_cuisine","embeddable":true,"href":"https:\/\/www.plenussupermercados.es\/gl\/wp-json\/wp\/v2\/wprm_cuisine?post=22802"},{"taxonomy":"wprm_keyword","embeddable":true,"href":"https:\/\/www.plenussupermercados.es\/gl\/wp-json\/wp\/v2\/wprm_keyword?post=22802"},{"taxonomy":"wprm_ingredient","embeddable":true,"href":"https:\/\/www.plenussupermercados.es\/gl\/wp-json\/wp\/v2\/wprm_ingredient?post=22802"},{"taxonomy":"wprm_ingredient_unit","embeddable":true,"href":"https:\/\/www.plenussupermercados.es\/gl\/wp-json\/wp\/v2\/wprm_ingredient_unit?post=22802"},{"taxonomy":"wprm_glossary_term","embeddable":true,"href":"https:\/\/www.plenussupermercados.es\/gl\/wp-json\/wp\/v2\/wprm_glossary_term?post=22802"},{"taxonomy":"wprm_equipment","embeddable":true,"href":"https:\/\/www.plenussupermercados.es\/gl\/wp-json\/wp\/v2\/wprm_equipment?post=22802"},{"taxonomy":"wprm_nutrition_ingredient","embeddable":true,"href":"https:\/\/www.plenussupermercados.es\/gl\/wp-json\/wp\/v2\/wprm_nutrition_ingredient?post=22802"}],"curies":[{"name":"wp","href":"https:\/\/api.w.org\/{rel}","templated":true}]}}