{"id":22910,"date":"2024-01-02T16:52:15","date_gmt":"2024-01-02T15:52:15","guid":{"rendered":"https:\/\/www.plenussupermercados.es\/\/?post_type=wprm_recipe&#038;p=22910"},"modified":"2024-05-21T10:27:50","modified_gmt":"2024-05-21T08:27:50","slug":"ensalada-de-pasta","status":"publish","type":"wprm_recipe","link":"https:\/\/www.plenussupermercados.es\/gl\/recetas\/ensalada-de-pasta\/","title":{"rendered":"Ensalada de pasta"},"content":{"rendered":"","protected":false},"author":1,"featured_media":37448,"template":"","wprm_course":[57],"wprm_cuisine":[],"wprm_keyword":[],"wprm_ingredient":[352,532,397,554,695,353,51,359],"wprm_ingredient_unit":[],"wprm_glossary_term":[],"wprm_equipment":[],"wprm_nutrition_ingredient":[],"class_list":["post-22910","wprm_recipe","type-wprm_recipe","status-publish","has-post-thumbnail","hentry","description-off"],"acf":[],"yoast_head":"<!-- This site is optimized with the Yoast SEO plugin v27.5 - https:\/\/yoast.com\/product\/yoast-seo-wordpress\/ -->\n<title>Ensalada de pasta - Supermercados Plenus<\/title>\n<meta name=\"robots\" content=\"index, follow, max-snippet:-1, max-image-preview:large, max-video-preview:-1\" \/>\n<link rel=\"canonical\" href=\"https:\/\/www.plenussupermercados.es\/gl\/recetas\/ensalada-de-pasta\/\" \/>\n<meta property=\"og:locale\" content=\"gl_ES\" \/>\n<meta property=\"og:type\" content=\"article\" \/>\n<meta property=\"og:title\" content=\"Ensalada de pasta - Supermercados Plenus\" \/>\n<meta property=\"og:url\" content=\"https:\/\/www.plenussupermercados.es\/gl\/recetas\/ensalada-de-pasta\/\" \/>\n<meta property=\"og:site_name\" content=\"Supermercados Plenus\" \/>\n<meta property=\"article:modified_time\" content=\"2024-05-21T08:27:50+00:00\" \/>\n<meta property=\"og:image\" content=\"https:\/\/www.plenussupermercados.es\/wp-content\/uploads\/2024\/05\/Ensalada-de-pasta.jpg\" \/>\n\t<meta property=\"og:image:width\" content=\"841\" \/>\n\t<meta property=\"og:image:height\" content=\"561\" \/>\n\t<meta property=\"og:image:type\" content=\"image\/jpeg\" \/>\n<meta name=\"twitter:card\" content=\"summary_large_image\" \/>\n<script type=\"application\/ld+json\" class=\"yoast-schema-graph\">{\"@context\":\"https:\\\/\\\/schema.org\",\"@graph\":[{\"@type\":\"WebPage\",\"@id\":\"https:\\\/\\\/www.plenussupermercados.es\\\/gl\\\/recetas\\\/ensalada-de-pasta\\\/\",\"url\":\"https:\\\/\\\/www.plenussupermercados.es\\\/gl\\\/recetas\\\/ensalada-de-pasta\\\/\",\"name\":\"Ensalada de pasta - Supermercados Plenus\",\"isPartOf\":{\"@id\":\"https:\\\/\\\/www.plenussupermercados.es\\\/gl\\\/#website\"},\"primaryImageOfPage\":{\"@id\":\"https:\\\/\\\/www.plenussupermercados.es\\\/gl\\\/recetas\\\/ensalada-de-pasta\\\/#primaryimage\"},\"image\":{\"@id\":\"https:\\\/\\\/www.plenussupermercados.es\\\/gl\\\/recetas\\\/ensalada-de-pasta\\\/#primaryimage\"},\"thumbnailUrl\":\"https:\\\/\\\/www.plenussupermercados.es\\\/wp-content\\\/uploads\\\/2024\\\/05\\\/Ensalada-de-pasta.jpg\",\"datePublished\":\"2024-01-02T15:52:15+00:00\",\"dateModified\":\"2024-05-21T08:27:50+00:00\",\"breadcrumb\":{\"@id\":\"https:\\\/\\\/www.plenussupermercados.es\\\/gl\\\/recetas\\\/ensalada-de-pasta\\\/#breadcrumb\"},\"inLanguage\":\"gl-ES\",\"potentialAction\":[{\"@type\":\"ReadAction\",\"target\":[\"https:\\\/\\\/www.plenussupermercados.es\\\/gl\\\/recetas\\\/ensalada-de-pasta\\\/\"]}]},{\"@type\":\"ImageObject\",\"inLanguage\":\"gl-ES\",\"@id\":\"https:\\\/\\\/www.plenussupermercados.es\\\/gl\\\/recetas\\\/ensalada-de-pasta\\\/#primaryimage\",\"url\":\"https:\\\/\\\/www.plenussupermercados.es\\\/wp-content\\\/uploads\\\/2024\\\/05\\\/Ensalada-de-pasta.jpg\",\"contentUrl\":\"https:\\\/\\\/www.plenussupermercados.es\\\/wp-content\\\/uploads\\\/2024\\\/05\\\/Ensalada-de-pasta.jpg\",\"width\":841,\"height\":561},{\"@type\":\"BreadcrumbList\",\"@id\":\"https:\\\/\\\/www.plenussupermercados.es\\\/gl\\\/recetas\\\/ensalada-de-pasta\\\/#breadcrumb\",\"itemListElement\":[{\"@type\":\"ListItem\",\"position\":1,\"name\":\"Portada\",\"item\":\"https:\\\/\\\/www.plenussupermercados.es\\\/gl\\\/\"},{\"@type\":\"ListItem\",\"position\":2,\"name\":\"Recipes\",\"item\":\"https:\\\/\\\/www.plenussupermercados.es\\\/gl\\\/recetas\\\/\"},{\"@type\":\"ListItem\",\"position\":3,\"name\":\"Ensalada de pasta\"}]},{\"@type\":\"WebSite\",\"@id\":\"https:\\\/\\\/www.plenussupermercados.es\\\/gl\\\/#website\",\"url\":\"https:\\\/\\\/www.plenussupermercados.es\\\/gl\\\/\",\"name\":\"Supermercados Plenus\",\"description\":\"\",\"publisher\":{\"@id\":\"https:\\\/\\\/www.plenussupermercados.es\\\/gl\\\/#organization\"},\"potentialAction\":[{\"@type\":\"SearchAction\",\"target\":{\"@type\":\"EntryPoint\",\"urlTemplate\":\"https:\\\/\\\/www.plenussupermercados.es\\\/gl\\\/?s={search_term_string}\"},\"query-input\":{\"@type\":\"PropertyValueSpecification\",\"valueRequired\":true,\"valueName\":\"search_term_string\"}}],\"inLanguage\":\"gl-ES\"},{\"@type\":\"Organization\",\"@id\":\"https:\\\/\\\/www.plenussupermercados.es\\\/gl\\\/#organization\",\"name\":\"Supermercados Plenus\",\"url\":\"https:\\\/\\\/www.plenussupermercados.es\\\/gl\\\/\",\"logo\":{\"@type\":\"ImageObject\",\"inLanguage\":\"gl-ES\",\"@id\":\"https:\\\/\\\/www.plenussupermercados.es\\\/gl\\\/#\\\/schema\\\/logo\\\/image\\\/\",\"url\":\"https:\\\/\\\/www.plenussupermercados.es\\\/wp-content\\\/uploads\\\/2024\\\/01\\\/logo-plenus-supermercados.png\",\"contentUrl\":\"https:\\\/\\\/www.plenussupermercados.es\\\/wp-content\\\/uploads\\\/2024\\\/01\\\/logo-plenus-supermercados.png\",\"width\":232,\"height\":57,\"caption\":\"Supermercados Plenus\"},\"image\":{\"@id\":\"https:\\\/\\\/www.plenussupermercados.es\\\/gl\\\/#\\\/schema\\\/logo\\\/image\\\/\"}}]}<\/script>\n<!-- \/ Yoast SEO plugin. -->","yoast_head_json":{"title":"Ensalada de pasta - Supermercados Plenus","robots":{"index":"index","follow":"follow","max-snippet":"max-snippet:-1","max-image-preview":"max-image-preview:large","max-video-preview":"max-video-preview:-1"},"canonical":"https:\/\/www.plenussupermercados.es\/gl\/recetas\/ensalada-de-pasta\/","og_locale":"gl_ES","og_type":"article","og_title":"Ensalada de pasta - Supermercados Plenus","og_url":"https:\/\/www.plenussupermercados.es\/gl\/recetas\/ensalada-de-pasta\/","og_site_name":"Supermercados Plenus","article_modified_time":"2024-05-21T08:27:50+00:00","og_image":[{"width":841,"height":561,"url":"https:\/\/www.plenussupermercados.es\/wp-content\/uploads\/2024\/05\/Ensalada-de-pasta.jpg","type":"image\/jpeg"}],"twitter_card":"summary_large_image","schema":{"@context":"https:\/\/schema.org","@graph":[{"@type":"WebPage","@id":"https:\/\/www.plenussupermercados.es\/gl\/recetas\/ensalada-de-pasta\/","url":"https:\/\/www.plenussupermercados.es\/gl\/recetas\/ensalada-de-pasta\/","name":"Ensalada de pasta - Supermercados Plenus","isPartOf":{"@id":"https:\/\/www.plenussupermercados.es\/gl\/#website"},"primaryImageOfPage":{"@id":"https:\/\/www.plenussupermercados.es\/gl\/recetas\/ensalada-de-pasta\/#primaryimage"},"image":{"@id":"https:\/\/www.plenussupermercados.es\/gl\/recetas\/ensalada-de-pasta\/#primaryimage"},"thumbnailUrl":"https:\/\/www.plenussupermercados.es\/wp-content\/uploads\/2024\/05\/Ensalada-de-pasta.jpg","datePublished":"2024-01-02T15:52:15+00:00","dateModified":"2024-05-21T08:27:50+00:00","breadcrumb":{"@id":"https:\/\/www.plenussupermercados.es\/gl\/recetas\/ensalada-de-pasta\/#breadcrumb"},"inLanguage":"gl-ES","potentialAction":[{"@type":"ReadAction","target":["https:\/\/www.plenussupermercados.es\/gl\/recetas\/ensalada-de-pasta\/"]}]},{"@type":"ImageObject","inLanguage":"gl-ES","@id":"https:\/\/www.plenussupermercados.es\/gl\/recetas\/ensalada-de-pasta\/#primaryimage","url":"https:\/\/www.plenussupermercados.es\/wp-content\/uploads\/2024\/05\/Ensalada-de-pasta.jpg","contentUrl":"https:\/\/www.plenussupermercados.es\/wp-content\/uploads\/2024\/05\/Ensalada-de-pasta.jpg","width":841,"height":561},{"@type":"BreadcrumbList","@id":"https:\/\/www.plenussupermercados.es\/gl\/recetas\/ensalada-de-pasta\/#breadcrumb","itemListElement":[{"@type":"ListItem","position":1,"name":"Portada","item":"https:\/\/www.plenussupermercados.es\/gl\/"},{"@type":"ListItem","position":2,"name":"Recipes","item":"https:\/\/www.plenussupermercados.es\/gl\/recetas\/"},{"@type":"ListItem","position":3,"name":"Ensalada de pasta"}]},{"@type":"WebSite","@id":"https:\/\/www.plenussupermercados.es\/gl\/#website","url":"https:\/\/www.plenussupermercados.es\/gl\/","name":"Supermercados Plenus","description":"","publisher":{"@id":"https:\/\/www.plenussupermercados.es\/gl\/#organization"},"potentialAction":[{"@type":"SearchAction","target":{"@type":"EntryPoint","urlTemplate":"https:\/\/www.plenussupermercados.es\/gl\/?s={search_term_string}"},"query-input":{"@type":"PropertyValueSpecification","valueRequired":true,"valueName":"search_term_string"}}],"inLanguage":"gl-ES"},{"@type":"Organization","@id":"https:\/\/www.plenussupermercados.es\/gl\/#organization","name":"Supermercados Plenus","url":"https:\/\/www.plenussupermercados.es\/gl\/","logo":{"@type":"ImageObject","inLanguage":"gl-ES","@id":"https:\/\/www.plenussupermercados.es\/gl\/#\/schema\/logo\/image\/","url":"https:\/\/www.plenussupermercados.es\/wp-content\/uploads\/2024\/01\/logo-plenus-supermercados.png","contentUrl":"https:\/\/www.plenussupermercados.es\/wp-content\/uploads\/2024\/01\/logo-plenus-supermercados.png","width":232,"height":57,"caption":"Supermercados Plenus"},"image":{"@id":"https:\/\/www.plenussupermercados.es\/gl\/#\/schema\/logo\/image\/"}}]}},"recipe":{"id":22910,"slug":"ensalada-de-pasta","post_status":"publish","post_password":"","post_author":"1","language":"gl","type":"food","image_id":37448,"image_url":"https:\/\/www.plenussupermercados.es\/wp-content\/uploads\/2024\/05\/Ensalada-de-pasta.jpg","pin_image_id":37448,"pin_image_url":"https:\/\/www.plenussupermercados.es\/wp-content\/uploads\/2024\/05\/Ensalada-de-pasta.jpg","pin_image_repin_id":"","name":"Ensalada de pasta","summary":"","author_display":"default","author_name":"","author_link":"","cost":"","servings":"0","servings_unit":"","servings_advanced_enabled":"","servings_advanced":{"shape":"round","unit":"inch","diameter":0,"width":0,"length":0,"height":0},"prep_time":"0","prep_time_zero":"","cook_time":"0","cook_time_zero":"","total_time":"0","custom_time":"0","custom_time_zero":"","custom_time_label":"","tags":{"course":[{"term_id":57,"name":"Primeiro prato","slug":"primeiro-prato","term_group":0,"term_taxonomy_id":57,"taxonomy":"wprm_course","description":"","parent":0,"count":381,"filter":"raw"}],"cuisine":[],"keyword":[]},"equipment":[],"ingredients":[{"ingredients":[{"uid":0,"amount":"75 g","unit":"","name":"pasta (farfalle tricolore)","notes":"","id":554},{"uid":1,"amount":"30 g","unit":"","name":"pauci\u00f1os de cangrexo","notes":"","id":695},{"uid":2,"amount":"20 g","unit":"","name":"maionesa","notes":"","id":397},{"uid":3,"amount":"20 g","unit":"","name":"xam\u00f3n cocido","notes":"","id":359},{"uid":4,"amount":"20 g","unit":"","name":"ch\u00edcharos","notes":"","id":352},{"uid":5,"amount":"10 g","unit":"","name":"ketchup","notes":"","id":532},{"uid":6,"amount":"","unit":"","name":"perexil","notes":"","id":353},{"uid":7,"amount":"","unit":"","name":"sal ao gusto","notes":"","id":51}],"name":"","uid":-1}],"instructions":[{"instructions":[{"uid":0,"name":"","text":"Cocer a pasta en auga fervendo con sal o tempo que indique o fabricante. Escorrer e refrescar. \u00c1 parte, preparar unha salsa rosa con maionesa e ketchup. Mesturar a pasta coa salsa e engadir uns ch\u00edcharos cocidos \u00e1 parte e uns pauci\u00f1os de cangrexo cortados en dados.","image":0,"ingredients":[]}],"name":"","uid":-1}],"ingredients_flat":[{"uid":0,"amount":"75 g","unit":"","name":"pasta (farfalle tricolore)","notes":"","id":554,"type":"ingredient"},{"uid":1,"amount":"30 g","unit":"","name":"pauci\u00f1os de cangrexo","notes":"","id":695,"type":"ingredient"},{"uid":2,"amount":"20 g","unit":"","name":"maionesa","notes":"","id":397,"type":"ingredient"},{"uid":3,"amount":"20 g","unit":"","name":"xam\u00f3n cocido","notes":"","id":359,"type":"ingredient"},{"uid":4,"amount":"20 g","unit":"","name":"ch\u00edcharos","notes":"","id":352,"type":"ingredient"},{"uid":5,"amount":"10 g","unit":"","name":"ketchup","notes":"","id":532,"type":"ingredient"},{"uid":6,"amount":"","unit":"","name":"perexil","notes":"","id":353,"type":"ingredient"},{"uid":7,"amount":"","unit":"","name":"sal ao gusto","notes":"","id":51,"type":"ingredient"}],"instructions_flat":[{"uid":0,"name":"","text":"Cocer a pasta en auga fervendo con sal o tempo que indique o fabricante. Escorrer e refrescar. \u00c1 parte, preparar unha salsa rosa con maionesa e ketchup. Mesturar a pasta coa salsa e engadir uns ch\u00edcharos cocidos \u00e1 parte e uns pauci\u00f1os de cangrexo cortados en dados.","image":0,"ingredients":[],"type":"instruction","image_url":""}],"video_id":0,"video_embed":"","video_thumb_url":"https:\/\/www.plenussupermercados.es\/wp-content\/uploads\/2024\/05\/Ensalada-de-pasta-150x150.jpg","notes":"<p>Vantaxes:<br \/>As principais caracter\u00edsticas da pasta son o seu gran aporte en hidratos de carbono de absorci\u00f3n lenta (amid\u00f3n) e en prote\u00ednas (glute), e o seu baixo contido en graxas. E ten a vantaxe de que \u00e9 moi f\u00e1cil de coci\u00f1ar. Ademais hai que engadir as propiedades dos pauci\u00f1os de cangrexo (surimi) que son un concentrado de prote\u00ednas insolubles e pos\u00faen baixa cantidade de l\u00edpidos.<\/p>\n<p>Inconvenientes:<br \/>Debe controlarse o consumo de maionesa, debido \u00f3 seu alto contido en graxas. <\/p>\n","nutrition":[],"custom_fields":{"source":"QFH","hardness":"Moi baixa","idrecipe":"130","nutritional":"Kcal: 333,9#Prote\u00ednas: 13,3%#Hidratos de carbono: 28,0%#L\u00edpidos: 58,7%","language":"GL"},"ingredient_links_type":"global","unit_system":"default"},"_links":{"self":[{"href":"https:\/\/www.plenussupermercados.es\/gl\/wp-json\/wp\/v2\/wprm_recipe\/22910","targetHints":{"allow":["GET"]}}],"collection":[{"href":"https:\/\/www.plenussupermercados.es\/gl\/wp-json\/wp\/v2\/wprm_recipe"}],"about":[{"href":"https:\/\/www.plenussupermercados.es\/gl\/wp-json\/wp\/v2\/types\/wprm_recipe"}],"author":[{"embeddable":true,"href":"https:\/\/www.plenussupermercados.es\/gl\/wp-json\/wp\/v2\/users\/1"}],"version-history":[{"count":2,"href":"https:\/\/www.plenussupermercados.es\/gl\/wp-json\/wp\/v2\/wprm_recipe\/22910\/revisions"}],"predecessor-version":[{"id":37451,"href":"https:\/\/www.plenussupermercados.es\/gl\/wp-json\/wp\/v2\/wprm_recipe\/22910\/revisions\/37451"}],"wp:featuredmedia":[{"embeddable":true,"href":"https:\/\/www.plenussupermercados.es\/gl\/wp-json\/wp\/v2\/media\/37448"}],"wp:attachment":[{"href":"https:\/\/www.plenussupermercados.es\/gl\/wp-json\/wp\/v2\/media?parent=22910"}],"wp:term":[{"taxonomy":"wprm_course","embeddable":true,"href":"https:\/\/www.plenussupermercados.es\/gl\/wp-json\/wp\/v2\/wprm_course?post=22910"},{"taxonomy":"wprm_cuisine","embeddable":true,"href":"https:\/\/www.plenussupermercados.es\/gl\/wp-json\/wp\/v2\/wprm_cuisine?post=22910"},{"taxonomy":"wprm_keyword","embeddable":true,"href":"https:\/\/www.plenussupermercados.es\/gl\/wp-json\/wp\/v2\/wprm_keyword?post=22910"},{"taxonomy":"wprm_ingredient","embeddable":true,"href":"https:\/\/www.plenussupermercados.es\/gl\/wp-json\/wp\/v2\/wprm_ingredient?post=22910"},{"taxonomy":"wprm_ingredient_unit","embeddable":true,"href":"https:\/\/www.plenussupermercados.es\/gl\/wp-json\/wp\/v2\/wprm_ingredient_unit?post=22910"},{"taxonomy":"wprm_glossary_term","embeddable":true,"href":"https:\/\/www.plenussupermercados.es\/gl\/wp-json\/wp\/v2\/wprm_glossary_term?post=22910"},{"taxonomy":"wprm_equipment","embeddable":true,"href":"https:\/\/www.plenussupermercados.es\/gl\/wp-json\/wp\/v2\/wprm_equipment?post=22910"},{"taxonomy":"wprm_nutrition_ingredient","embeddable":true,"href":"https:\/\/www.plenussupermercados.es\/gl\/wp-json\/wp\/v2\/wprm_nutrition_ingredient?post=22910"}],"curies":[{"name":"wp","href":"https:\/\/api.w.org\/{rel}","templated":true}]}}