{"id":23114,"date":"2024-01-02T17:02:04","date_gmt":"2024-01-02T16:02:04","guid":{"rendered":"https:\/\/www.plenussupermercados.es\/\/?post_type=wprm_recipe&#038;p=23114"},"modified":"2025-01-28T16:51:25","modified_gmt":"2025-01-28T15:51:25","slug":"torrada-de-brandada-de-bacallau","status":"publish","type":"wprm_recipe","link":"https:\/\/www.plenussupermercados.es\/gl\/recetas\/torrada-de-brandada-de-bacallau\/","title":{"rendered":"Torrada de brandada de bacallau"},"content":{"rendered":"","protected":false},"author":1,"featured_media":40924,"template":"","wprm_course":[57],"wprm_cuisine":[],"wprm_keyword":[],"wprm_ingredient":[50,829,170,45,353,412,51],"wprm_ingredient_unit":[],"wprm_glossary_term":[],"wprm_equipment":[],"wprm_nutrition_ingredient":[],"class_list":["post-23114","wprm_recipe","type-wprm_recipe","status-publish","has-post-thumbnail","hentry","description-off"],"acf":[],"yoast_head":"<!-- This site is optimized with the Yoast SEO plugin v27.5 - https:\/\/yoast.com\/product\/yoast-seo-wordpress\/ -->\n<title>Torrada de brandada de bacallau - Supermercados Plenus<\/title>\n<meta name=\"robots\" content=\"index, follow, max-snippet:-1, max-image-preview:large, max-video-preview:-1\" \/>\n<link rel=\"canonical\" href=\"https:\/\/www.plenussupermercados.es\/gl\/recetas\/torrada-de-brandada-de-bacallau\/\" \/>\n<meta property=\"og:locale\" content=\"gl_ES\" \/>\n<meta property=\"og:type\" content=\"article\" \/>\n<meta property=\"og:title\" content=\"Torrada de brandada de bacallau - Supermercados Plenus\" \/>\n<meta property=\"og:url\" content=\"https:\/\/www.plenussupermercados.es\/gl\/recetas\/torrada-de-brandada-de-bacallau\/\" \/>\n<meta property=\"og:site_name\" content=\"Supermercados Plenus\" \/>\n<meta property=\"article:modified_time\" content=\"2025-01-28T15:51:25+00:00\" \/>\n<meta property=\"og:image\" content=\"https:\/\/www.plenussupermercados.es\/wp-content\/uploads\/2025\/01\/TORRADA-BRANDADA-BACALLAU.jpg\" \/>\n\t<meta property=\"og:image:width\" content=\"1000\" \/>\n\t<meta property=\"og:image:height\" content=\"667\" \/>\n\t<meta property=\"og:image:type\" content=\"image\/jpeg\" \/>\n<meta name=\"twitter:card\" content=\"summary_large_image\" \/>\n<script type=\"application\/ld+json\" class=\"yoast-schema-graph\">{\"@context\":\"https:\\\/\\\/schema.org\",\"@graph\":[{\"@type\":\"WebPage\",\"@id\":\"https:\\\/\\\/www.plenussupermercados.es\\\/gl\\\/recetas\\\/torrada-de-brandada-de-bacallau\\\/\",\"url\":\"https:\\\/\\\/www.plenussupermercados.es\\\/gl\\\/recetas\\\/torrada-de-brandada-de-bacallau\\\/\",\"name\":\"Torrada de brandada de bacallau - Supermercados Plenus\",\"isPartOf\":{\"@id\":\"https:\\\/\\\/www.plenussupermercados.es\\\/gl\\\/#website\"},\"primaryImageOfPage\":{\"@id\":\"https:\\\/\\\/www.plenussupermercados.es\\\/gl\\\/recetas\\\/torrada-de-brandada-de-bacallau\\\/#primaryimage\"},\"image\":{\"@id\":\"https:\\\/\\\/www.plenussupermercados.es\\\/gl\\\/recetas\\\/torrada-de-brandada-de-bacallau\\\/#primaryimage\"},\"thumbnailUrl\":\"https:\\\/\\\/www.plenussupermercados.es\\\/wp-content\\\/uploads\\\/2025\\\/01\\\/TORRADA-BRANDADA-BACALLAU.jpg\",\"datePublished\":\"2024-01-02T16:02:04+00:00\",\"dateModified\":\"2025-01-28T15:51:25+00:00\",\"breadcrumb\":{\"@id\":\"https:\\\/\\\/www.plenussupermercados.es\\\/gl\\\/recetas\\\/torrada-de-brandada-de-bacallau\\\/#breadcrumb\"},\"inLanguage\":\"gl-ES\",\"potentialAction\":[{\"@type\":\"ReadAction\",\"target\":[\"https:\\\/\\\/www.plenussupermercados.es\\\/gl\\\/recetas\\\/torrada-de-brandada-de-bacallau\\\/\"]}]},{\"@type\":\"ImageObject\",\"inLanguage\":\"gl-ES\",\"@id\":\"https:\\\/\\\/www.plenussupermercados.es\\\/gl\\\/recetas\\\/torrada-de-brandada-de-bacallau\\\/#primaryimage\",\"url\":\"https:\\\/\\\/www.plenussupermercados.es\\\/wp-content\\\/uploads\\\/2025\\\/01\\\/TORRADA-BRANDADA-BACALLAU.jpg\",\"contentUrl\":\"https:\\\/\\\/www.plenussupermercados.es\\\/wp-content\\\/uploads\\\/2025\\\/01\\\/TORRADA-BRANDADA-BACALLAU.jpg\",\"width\":1000,\"height\":667},{\"@type\":\"BreadcrumbList\",\"@id\":\"https:\\\/\\\/www.plenussupermercados.es\\\/gl\\\/recetas\\\/torrada-de-brandada-de-bacallau\\\/#breadcrumb\",\"itemListElement\":[{\"@type\":\"ListItem\",\"position\":1,\"name\":\"Portada\",\"item\":\"https:\\\/\\\/www.plenussupermercados.es\\\/gl\\\/\"},{\"@type\":\"ListItem\",\"position\":2,\"name\":\"Recipes\",\"item\":\"https:\\\/\\\/www.plenussupermercados.es\\\/gl\\\/recetas\\\/\"},{\"@type\":\"ListItem\",\"position\":3,\"name\":\"Torrada de brandada de bacallau\"}]},{\"@type\":\"WebSite\",\"@id\":\"https:\\\/\\\/www.plenussupermercados.es\\\/gl\\\/#website\",\"url\":\"https:\\\/\\\/www.plenussupermercados.es\\\/gl\\\/\",\"name\":\"Supermercados Plenus\",\"description\":\"\",\"publisher\":{\"@id\":\"https:\\\/\\\/www.plenussupermercados.es\\\/gl\\\/#organization\"},\"potentialAction\":[{\"@type\":\"SearchAction\",\"target\":{\"@type\":\"EntryPoint\",\"urlTemplate\":\"https:\\\/\\\/www.plenussupermercados.es\\\/gl\\\/?s={search_term_string}\"},\"query-input\":{\"@type\":\"PropertyValueSpecification\",\"valueRequired\":true,\"valueName\":\"search_term_string\"}}],\"inLanguage\":\"gl-ES\"},{\"@type\":\"Organization\",\"@id\":\"https:\\\/\\\/www.plenussupermercados.es\\\/gl\\\/#organization\",\"name\":\"Supermercados Plenus\",\"url\":\"https:\\\/\\\/www.plenussupermercados.es\\\/gl\\\/\",\"logo\":{\"@type\":\"ImageObject\",\"inLanguage\":\"gl-ES\",\"@id\":\"https:\\\/\\\/www.plenussupermercados.es\\\/gl\\\/#\\\/schema\\\/logo\\\/image\\\/\",\"url\":\"https:\\\/\\\/www.plenussupermercados.es\\\/wp-content\\\/uploads\\\/2024\\\/01\\\/logo-plenus-supermercados.png\",\"contentUrl\":\"https:\\\/\\\/www.plenussupermercados.es\\\/wp-content\\\/uploads\\\/2024\\\/01\\\/logo-plenus-supermercados.png\",\"width\":232,\"height\":57,\"caption\":\"Supermercados Plenus\"},\"image\":{\"@id\":\"https:\\\/\\\/www.plenussupermercados.es\\\/gl\\\/#\\\/schema\\\/logo\\\/image\\\/\"}}]}<\/script>\n<!-- \/ Yoast SEO plugin. -->","yoast_head_json":{"title":"Torrada de brandada de bacallau - Supermercados Plenus","robots":{"index":"index","follow":"follow","max-snippet":"max-snippet:-1","max-image-preview":"max-image-preview:large","max-video-preview":"max-video-preview:-1"},"canonical":"https:\/\/www.plenussupermercados.es\/gl\/recetas\/torrada-de-brandada-de-bacallau\/","og_locale":"gl_ES","og_type":"article","og_title":"Torrada de brandada de bacallau - Supermercados Plenus","og_url":"https:\/\/www.plenussupermercados.es\/gl\/recetas\/torrada-de-brandada-de-bacallau\/","og_site_name":"Supermercados Plenus","article_modified_time":"2025-01-28T15:51:25+00:00","og_image":[{"width":1000,"height":667,"url":"https:\/\/www.plenussupermercados.es\/wp-content\/uploads\/2025\/01\/TORRADA-BRANDADA-BACALLAU.jpg","type":"image\/jpeg"}],"twitter_card":"summary_large_image","schema":{"@context":"https:\/\/schema.org","@graph":[{"@type":"WebPage","@id":"https:\/\/www.plenussupermercados.es\/gl\/recetas\/torrada-de-brandada-de-bacallau\/","url":"https:\/\/www.plenussupermercados.es\/gl\/recetas\/torrada-de-brandada-de-bacallau\/","name":"Torrada de brandada de bacallau - Supermercados Plenus","isPartOf":{"@id":"https:\/\/www.plenussupermercados.es\/gl\/#website"},"primaryImageOfPage":{"@id":"https:\/\/www.plenussupermercados.es\/gl\/recetas\/torrada-de-brandada-de-bacallau\/#primaryimage"},"image":{"@id":"https:\/\/www.plenussupermercados.es\/gl\/recetas\/torrada-de-brandada-de-bacallau\/#primaryimage"},"thumbnailUrl":"https:\/\/www.plenussupermercados.es\/wp-content\/uploads\/2025\/01\/TORRADA-BRANDADA-BACALLAU.jpg","datePublished":"2024-01-02T16:02:04+00:00","dateModified":"2025-01-28T15:51:25+00:00","breadcrumb":{"@id":"https:\/\/www.plenussupermercados.es\/gl\/recetas\/torrada-de-brandada-de-bacallau\/#breadcrumb"},"inLanguage":"gl-ES","potentialAction":[{"@type":"ReadAction","target":["https:\/\/www.plenussupermercados.es\/gl\/recetas\/torrada-de-brandada-de-bacallau\/"]}]},{"@type":"ImageObject","inLanguage":"gl-ES","@id":"https:\/\/www.plenussupermercados.es\/gl\/recetas\/torrada-de-brandada-de-bacallau\/#primaryimage","url":"https:\/\/www.plenussupermercados.es\/wp-content\/uploads\/2025\/01\/TORRADA-BRANDADA-BACALLAU.jpg","contentUrl":"https:\/\/www.plenussupermercados.es\/wp-content\/uploads\/2025\/01\/TORRADA-BRANDADA-BACALLAU.jpg","width":1000,"height":667},{"@type":"BreadcrumbList","@id":"https:\/\/www.plenussupermercados.es\/gl\/recetas\/torrada-de-brandada-de-bacallau\/#breadcrumb","itemListElement":[{"@type":"ListItem","position":1,"name":"Portada","item":"https:\/\/www.plenussupermercados.es\/gl\/"},{"@type":"ListItem","position":2,"name":"Recipes","item":"https:\/\/www.plenussupermercados.es\/gl\/recetas\/"},{"@type":"ListItem","position":3,"name":"Torrada de brandada de bacallau"}]},{"@type":"WebSite","@id":"https:\/\/www.plenussupermercados.es\/gl\/#website","url":"https:\/\/www.plenussupermercados.es\/gl\/","name":"Supermercados Plenus","description":"","publisher":{"@id":"https:\/\/www.plenussupermercados.es\/gl\/#organization"},"potentialAction":[{"@type":"SearchAction","target":{"@type":"EntryPoint","urlTemplate":"https:\/\/www.plenussupermercados.es\/gl\/?s={search_term_string}"},"query-input":{"@type":"PropertyValueSpecification","valueRequired":true,"valueName":"search_term_string"}}],"inLanguage":"gl-ES"},{"@type":"Organization","@id":"https:\/\/www.plenussupermercados.es\/gl\/#organization","name":"Supermercados Plenus","url":"https:\/\/www.plenussupermercados.es\/gl\/","logo":{"@type":"ImageObject","inLanguage":"gl-ES","@id":"https:\/\/www.plenussupermercados.es\/gl\/#\/schema\/logo\/image\/","url":"https:\/\/www.plenussupermercados.es\/wp-content\/uploads\/2024\/01\/logo-plenus-supermercados.png","contentUrl":"https:\/\/www.plenussupermercados.es\/wp-content\/uploads\/2024\/01\/logo-plenus-supermercados.png","width":232,"height":57,"caption":"Supermercados Plenus"},"image":{"@id":"https:\/\/www.plenussupermercados.es\/gl\/#\/schema\/logo\/image\/"}}]}},"recipe":{"id":23114,"slug":"torrada-de-brandada-de-bacallau","post_status":"publish","post_password":"","post_author":"1","language":"gl","type":"food","image_id":40924,"image_url":"https:\/\/www.plenussupermercados.es\/wp-content\/uploads\/2025\/01\/TORRADA-BRANDADA-BACALLAU.jpg","pin_image_id":40924,"pin_image_url":"https:\/\/www.plenussupermercados.es\/wp-content\/uploads\/2025\/01\/TORRADA-BRANDADA-BACALLAU.jpg","pin_image_repin_id":"","name":"Torrada de brandada de bacallau","summary":"","author_display":"default","author_name":"","author_link":"","cost":"","servings":"0","servings_unit":"","servings_advanced_enabled":"","servings_advanced":{"shape":"round","unit":"inch","diameter":0,"width":0,"length":0,"height":0},"prep_time":"0","prep_time_zero":"","cook_time":"0","cook_time_zero":"","total_time":"0","custom_time":"0","custom_time_zero":"","custom_time_label":"","tags":{"course":[{"term_id":57,"name":"Primeiro prato","slug":"primeiro-prato","term_group":0,"term_taxonomy_id":57,"taxonomy":"wprm_course","description":"","parent":0,"count":381,"filter":"raw"}],"cuisine":[],"keyword":[]},"equipment":[],"ingredients":[{"ingredients":[{"uid":0,"amount":"75 g","unit":"","name":"bacallau en migas","notes":"","id":829},{"uid":1,"amount":"1 (100g)","unit":"","name":"pataca","notes":"","id":45},{"uid":2,"amount":"25 g","unit":"","name":"porro","notes":"","id":412},{"uid":3,"amount":"20 g","unit":"","name":"pan de molde","notes":"","id":170},{"uid":4,"amount":"1 cullerada (5mL)","unit":"","name":"aceite oliva","notes":"","id":50},{"uid":5,"amount":"","unit":"","name":"perexil","notes":"","id":353},{"uid":6,"amount":"","unit":"","name":"sal ao gusto","notes":"","id":51}],"name":"","uid":-1}],"instructions":[{"instructions":[{"uid":0,"name":"","text":"Desalgar as migas de bacallau polo menos 24h. Cocer as patacas en anacos coma se fosen para pur\u00e9. No aceite de oliva refogar o branco do porro sen que tome cor, engadir o bacallau e as patacas cocidas. Triturar en turmix. Torrar a rebanda de pan e estender a brandada. Decorar con perexil ou ceboli\u00f1o picado.","image":0,"ingredients":[]}],"name":"","uid":-1}],"ingredients_flat":[{"uid":0,"amount":"75 g","unit":"","name":"bacallau en migas","notes":"","id":829,"type":"ingredient"},{"uid":1,"amount":"1 (100g)","unit":"","name":"pataca","notes":"","id":45,"type":"ingredient"},{"uid":2,"amount":"25 g","unit":"","name":"porro","notes":"","id":412,"type":"ingredient"},{"uid":3,"amount":"20 g","unit":"","name":"pan de molde","notes":"","id":170,"type":"ingredient"},{"uid":4,"amount":"1 cullerada (5mL)","unit":"","name":"aceite oliva","notes":"","id":50,"type":"ingredient"},{"uid":5,"amount":"","unit":"","name":"perexil","notes":"","id":353,"type":"ingredient"},{"uid":6,"amount":"","unit":"","name":"sal ao gusto","notes":"","id":51,"type":"ingredient"}],"instructions_flat":[{"uid":0,"name":"","text":"Desalgar as migas de bacallau polo menos 24h. Cocer as patacas en anacos coma se fosen para pur\u00e9. No aceite de oliva refogar o branco do porro sen que tome cor, engadir o bacallau e as patacas cocidas. Triturar en turmix. Torrar a rebanda de pan e estender a brandada. Decorar con perexil ou ceboli\u00f1o picado.","image":0,"ingredients":[],"type":"instruction","image_url":""}],"video_id":0,"video_embed":"","video_thumb_url":"https:\/\/www.plenussupermercados.es\/wp-content\/uploads\/2025\/01\/TORRADA-BRANDADA-BACALLAU-150x150.jpg","notes":"<p>Vantaxes:<br \/>O bacallau \u00e9 un peixe branco, polo que pos\u00fae un baixo contido graxo. \u00c9 rico en prote\u00ednas de alto valor biol\u00f3xico e ademais pos\u00fae gran variedade de vitaminas e minerais. O bacallau salgado cont\u00e9n importantes cantidades de sodio, pero cando se pon a remollo esta cantidade dimin\u00fae considerablemente, polo tanto, as persoas que padezan hipertensi\u00f3n ou con problemas de retenci\u00f3n de l\u00edquidos poden consumilo perfectamente, sempre que o proceso de desalgado sexa adecuado.<\/p>\n","nutrition":[],"custom_fields":{"source":"QFH","hardness":"Media","idrecipe":"233","nutritional":"Kcal: 267,2#Prote\u00ednas: 35,2%#Hidratos de carbono: 45,8%#L\u00edpidos: 19%","language":"GL"},"ingredient_links_type":"global","unit_system":"default"},"_links":{"self":[{"href":"https:\/\/www.plenussupermercados.es\/gl\/wp-json\/wp\/v2\/wprm_recipe\/23114","targetHints":{"allow":["GET"]}}],"collection":[{"href":"https:\/\/www.plenussupermercados.es\/gl\/wp-json\/wp\/v2\/wprm_recipe"}],"about":[{"href":"https:\/\/www.plenussupermercados.es\/gl\/wp-json\/wp\/v2\/types\/wprm_recipe"}],"author":[{"embeddable":true,"href":"https:\/\/www.plenussupermercados.es\/gl\/wp-json\/wp\/v2\/users\/1"}],"version-history":[{"count":2,"href":"https:\/\/www.plenussupermercados.es\/gl\/wp-json\/wp\/v2\/wprm_recipe\/23114\/revisions"}],"predecessor-version":[{"id":40927,"href":"https:\/\/www.plenussupermercados.es\/gl\/wp-json\/wp\/v2\/wprm_recipe\/23114\/revisions\/40927"}],"wp:featuredmedia":[{"embeddable":true,"href":"https:\/\/www.plenussupermercados.es\/gl\/wp-json\/wp\/v2\/media\/40924"}],"wp:attachment":[{"href":"https:\/\/www.plenussupermercados.es\/gl\/wp-json\/wp\/v2\/media?parent=23114"}],"wp:term":[{"taxonomy":"wprm_course","embeddable":true,"href":"https:\/\/www.plenussupermercados.es\/gl\/wp-json\/wp\/v2\/wprm_course?post=23114"},{"taxonomy":"wprm_cuisine","embeddable":true,"href":"https:\/\/www.plenussupermercados.es\/gl\/wp-json\/wp\/v2\/wprm_cuisine?post=23114"},{"taxonomy":"wprm_keyword","embeddable":true,"href":"https:\/\/www.plenussupermercados.es\/gl\/wp-json\/wp\/v2\/wprm_keyword?post=23114"},{"taxonomy":"wprm_ingredient","embeddable":true,"href":"https:\/\/www.plenussupermercados.es\/gl\/wp-json\/wp\/v2\/wprm_ingredient?post=23114"},{"taxonomy":"wprm_ingredient_unit","embeddable":true,"href":"https:\/\/www.plenussupermercados.es\/gl\/wp-json\/wp\/v2\/wprm_ingredient_unit?post=23114"},{"taxonomy":"wprm_glossary_term","embeddable":true,"href":"https:\/\/www.plenussupermercados.es\/gl\/wp-json\/wp\/v2\/wprm_glossary_term?post=23114"},{"taxonomy":"wprm_equipment","embeddable":true,"href":"https:\/\/www.plenussupermercados.es\/gl\/wp-json\/wp\/v2\/wprm_equipment?post=23114"},{"taxonomy":"wprm_nutrition_ingredient","embeddable":true,"href":"https:\/\/www.plenussupermercados.es\/gl\/wp-json\/wp\/v2\/wprm_nutrition_ingredient?post=23114"}],"curies":[{"name":"wp","href":"https:\/\/api.w.org\/{rel}","templated":true}]}}