{"id":24917,"date":"2024-01-02T16:42:04","date_gmt":"2024-01-02T15:42:04","guid":{"rendered":"https:\/\/www.plenussupermercados.es\/\/?post_type=wprm_recipe&#038;p=24917"},"modified":"2024-03-12T10:58:49","modified_gmt":"2024-03-12T09:58:49","slug":"cabrito-asado","status":"publish","type":"wprm_recipe","link":"https:\/\/www.plenussupermercados.es\/gl\/recetas\/cabrito-asado\/","title":{"rendered":"Cabrito asado"},"content":{"rendered":"","protected":false},"author":1,"featured_media":33988,"template":"","wprm_course":[52],"wprm_cuisine":[],"wprm_keyword":[],"wprm_ingredient":[253,49,267,308,48,268,45,353,254,373],"wprm_ingredient_unit":[32],"wprm_glossary_term":[],"wprm_equipment":[],"wprm_nutrition_ingredient":[],"class_list":["post-24917","wprm_recipe","type-wprm_recipe","status-publish","has-post-thumbnail","hentry","description-off"],"acf":[],"yoast_head":"<!-- This site is optimized with the Yoast SEO plugin v27.5 - https:\/\/yoast.com\/product\/yoast-seo-wordpress\/ -->\n<title>Cabrito asado - Supermercados Plenus<\/title>\n<meta name=\"robots\" content=\"index, follow, max-snippet:-1, max-image-preview:large, max-video-preview:-1\" \/>\n<link rel=\"canonical\" href=\"https:\/\/www.plenussupermercados.es\/gl\/recetas\/cabrito-asado\/\" \/>\n<meta property=\"og:locale\" content=\"gl_ES\" \/>\n<meta property=\"og:type\" content=\"article\" \/>\n<meta property=\"og:title\" content=\"Cabrito asado - Supermercados Plenus\" \/>\n<meta property=\"og:url\" content=\"https:\/\/www.plenussupermercados.es\/gl\/recetas\/cabrito-asado\/\" \/>\n<meta property=\"og:site_name\" content=\"Supermercados Plenus\" \/>\n<meta property=\"article:modified_time\" content=\"2024-03-12T09:58:49+00:00\" \/>\n<meta property=\"og:image\" content=\"https:\/\/www.plenussupermercados.es\/wp-content\/uploads\/2024\/03\/cabrito-asado-scaled.jpg\" \/>\n\t<meta property=\"og:image:width\" content=\"2560\" \/>\n\t<meta property=\"og:image:height\" content=\"1702\" \/>\n\t<meta property=\"og:image:type\" content=\"image\/jpeg\" \/>\n<meta name=\"twitter:card\" content=\"summary_large_image\" \/>\n<script type=\"application\/ld+json\" class=\"yoast-schema-graph\">{\"@context\":\"https:\\\/\\\/schema.org\",\"@graph\":[{\"@type\":\"WebPage\",\"@id\":\"https:\\\/\\\/www.plenussupermercados.es\\\/gl\\\/recetas\\\/cabrito-asado\\\/\",\"url\":\"https:\\\/\\\/www.plenussupermercados.es\\\/gl\\\/recetas\\\/cabrito-asado\\\/\",\"name\":\"Cabrito asado - Supermercados Plenus\",\"isPartOf\":{\"@id\":\"https:\\\/\\\/www.plenussupermercados.es\\\/gl\\\/#website\"},\"primaryImageOfPage\":{\"@id\":\"https:\\\/\\\/www.plenussupermercados.es\\\/gl\\\/recetas\\\/cabrito-asado\\\/#primaryimage\"},\"image\":{\"@id\":\"https:\\\/\\\/www.plenussupermercados.es\\\/gl\\\/recetas\\\/cabrito-asado\\\/#primaryimage\"},\"thumbnailUrl\":\"https:\\\/\\\/www.plenussupermercados.es\\\/wp-content\\\/uploads\\\/2024\\\/03\\\/cabrito-asado-scaled.jpg\",\"datePublished\":\"2024-01-02T15:42:04+00:00\",\"dateModified\":\"2024-03-12T09:58:49+00:00\",\"breadcrumb\":{\"@id\":\"https:\\\/\\\/www.plenussupermercados.es\\\/gl\\\/recetas\\\/cabrito-asado\\\/#breadcrumb\"},\"inLanguage\":\"gl-ES\",\"potentialAction\":[{\"@type\":\"ReadAction\",\"target\":[\"https:\\\/\\\/www.plenussupermercados.es\\\/gl\\\/recetas\\\/cabrito-asado\\\/\"]}]},{\"@type\":\"ImageObject\",\"inLanguage\":\"gl-ES\",\"@id\":\"https:\\\/\\\/www.plenussupermercados.es\\\/gl\\\/recetas\\\/cabrito-asado\\\/#primaryimage\",\"url\":\"https:\\\/\\\/www.plenussupermercados.es\\\/wp-content\\\/uploads\\\/2024\\\/03\\\/cabrito-asado-scaled.jpg\",\"contentUrl\":\"https:\\\/\\\/www.plenussupermercados.es\\\/wp-content\\\/uploads\\\/2024\\\/03\\\/cabrito-asado-scaled.jpg\",\"width\":2560,\"height\":1702},{\"@type\":\"BreadcrumbList\",\"@id\":\"https:\\\/\\\/www.plenussupermercados.es\\\/gl\\\/recetas\\\/cabrito-asado\\\/#breadcrumb\",\"itemListElement\":[{\"@type\":\"ListItem\",\"position\":1,\"name\":\"Portada\",\"item\":\"https:\\\/\\\/www.plenussupermercados.es\\\/gl\\\/\"},{\"@type\":\"ListItem\",\"position\":2,\"name\":\"Recipes\",\"item\":\"https:\\\/\\\/www.plenussupermercados.es\\\/gl\\\/recetas\\\/\"},{\"@type\":\"ListItem\",\"position\":3,\"name\":\"Cabrito asado\"}]},{\"@type\":\"WebSite\",\"@id\":\"https:\\\/\\\/www.plenussupermercados.es\\\/gl\\\/#website\",\"url\":\"https:\\\/\\\/www.plenussupermercados.es\\\/gl\\\/\",\"name\":\"Supermercados Plenus\",\"description\":\"\",\"publisher\":{\"@id\":\"https:\\\/\\\/www.plenussupermercados.es\\\/gl\\\/#organization\"},\"potentialAction\":[{\"@type\":\"SearchAction\",\"target\":{\"@type\":\"EntryPoint\",\"urlTemplate\":\"https:\\\/\\\/www.plenussupermercados.es\\\/gl\\\/?s={search_term_string}\"},\"query-input\":{\"@type\":\"PropertyValueSpecification\",\"valueRequired\":true,\"valueName\":\"search_term_string\"}}],\"inLanguage\":\"gl-ES\"},{\"@type\":\"Organization\",\"@id\":\"https:\\\/\\\/www.plenussupermercados.es\\\/gl\\\/#organization\",\"name\":\"Supermercados Plenus\",\"url\":\"https:\\\/\\\/www.plenussupermercados.es\\\/gl\\\/\",\"logo\":{\"@type\":\"ImageObject\",\"inLanguage\":\"gl-ES\",\"@id\":\"https:\\\/\\\/www.plenussupermercados.es\\\/gl\\\/#\\\/schema\\\/logo\\\/image\\\/\",\"url\":\"https:\\\/\\\/www.plenussupermercados.es\\\/wp-content\\\/uploads\\\/2024\\\/01\\\/logo-plenus-supermercados.png\",\"contentUrl\":\"https:\\\/\\\/www.plenussupermercados.es\\\/wp-content\\\/uploads\\\/2024\\\/01\\\/logo-plenus-supermercados.png\",\"width\":232,\"height\":57,\"caption\":\"Supermercados Plenus\"},\"image\":{\"@id\":\"https:\\\/\\\/www.plenussupermercados.es\\\/gl\\\/#\\\/schema\\\/logo\\\/image\\\/\"}}]}<\/script>\n<!-- \/ Yoast SEO plugin. -->","yoast_head_json":{"title":"Cabrito asado - Supermercados Plenus","robots":{"index":"index","follow":"follow","max-snippet":"max-snippet:-1","max-image-preview":"max-image-preview:large","max-video-preview":"max-video-preview:-1"},"canonical":"https:\/\/www.plenussupermercados.es\/gl\/recetas\/cabrito-asado\/","og_locale":"gl_ES","og_type":"article","og_title":"Cabrito asado - Supermercados Plenus","og_url":"https:\/\/www.plenussupermercados.es\/gl\/recetas\/cabrito-asado\/","og_site_name":"Supermercados Plenus","article_modified_time":"2024-03-12T09:58:49+00:00","og_image":[{"width":2560,"height":1702,"url":"https:\/\/www.plenussupermercados.es\/wp-content\/uploads\/2024\/03\/cabrito-asado-scaled.jpg","type":"image\/jpeg"}],"twitter_card":"summary_large_image","schema":{"@context":"https:\/\/schema.org","@graph":[{"@type":"WebPage","@id":"https:\/\/www.plenussupermercados.es\/gl\/recetas\/cabrito-asado\/","url":"https:\/\/www.plenussupermercados.es\/gl\/recetas\/cabrito-asado\/","name":"Cabrito asado - Supermercados Plenus","isPartOf":{"@id":"https:\/\/www.plenussupermercados.es\/gl\/#website"},"primaryImageOfPage":{"@id":"https:\/\/www.plenussupermercados.es\/gl\/recetas\/cabrito-asado\/#primaryimage"},"image":{"@id":"https:\/\/www.plenussupermercados.es\/gl\/recetas\/cabrito-asado\/#primaryimage"},"thumbnailUrl":"https:\/\/www.plenussupermercados.es\/wp-content\/uploads\/2024\/03\/cabrito-asado-scaled.jpg","datePublished":"2024-01-02T15:42:04+00:00","dateModified":"2024-03-12T09:58:49+00:00","breadcrumb":{"@id":"https:\/\/www.plenussupermercados.es\/gl\/recetas\/cabrito-asado\/#breadcrumb"},"inLanguage":"gl-ES","potentialAction":[{"@type":"ReadAction","target":["https:\/\/www.plenussupermercados.es\/gl\/recetas\/cabrito-asado\/"]}]},{"@type":"ImageObject","inLanguage":"gl-ES","@id":"https:\/\/www.plenussupermercados.es\/gl\/recetas\/cabrito-asado\/#primaryimage","url":"https:\/\/www.plenussupermercados.es\/wp-content\/uploads\/2024\/03\/cabrito-asado-scaled.jpg","contentUrl":"https:\/\/www.plenussupermercados.es\/wp-content\/uploads\/2024\/03\/cabrito-asado-scaled.jpg","width":2560,"height":1702},{"@type":"BreadcrumbList","@id":"https:\/\/www.plenussupermercados.es\/gl\/recetas\/cabrito-asado\/#breadcrumb","itemListElement":[{"@type":"ListItem","position":1,"name":"Portada","item":"https:\/\/www.plenussupermercados.es\/gl\/"},{"@type":"ListItem","position":2,"name":"Recipes","item":"https:\/\/www.plenussupermercados.es\/gl\/recetas\/"},{"@type":"ListItem","position":3,"name":"Cabrito asado"}]},{"@type":"WebSite","@id":"https:\/\/www.plenussupermercados.es\/gl\/#website","url":"https:\/\/www.plenussupermercados.es\/gl\/","name":"Supermercados Plenus","description":"","publisher":{"@id":"https:\/\/www.plenussupermercados.es\/gl\/#organization"},"potentialAction":[{"@type":"SearchAction","target":{"@type":"EntryPoint","urlTemplate":"https:\/\/www.plenussupermercados.es\/gl\/?s={search_term_string}"},"query-input":{"@type":"PropertyValueSpecification","valueRequired":true,"valueName":"search_term_string"}}],"inLanguage":"gl-ES"},{"@type":"Organization","@id":"https:\/\/www.plenussupermercados.es\/gl\/#organization","name":"Supermercados Plenus","url":"https:\/\/www.plenussupermercados.es\/gl\/","logo":{"@type":"ImageObject","inLanguage":"gl-ES","@id":"https:\/\/www.plenussupermercados.es\/gl\/#\/schema\/logo\/image\/","url":"https:\/\/www.plenussupermercados.es\/wp-content\/uploads\/2024\/01\/logo-plenus-supermercados.png","contentUrl":"https:\/\/www.plenussupermercados.es\/wp-content\/uploads\/2024\/01\/logo-plenus-supermercados.png","width":232,"height":57,"caption":"Supermercados Plenus"},"image":{"@id":"https:\/\/www.plenussupermercados.es\/gl\/#\/schema\/logo\/image\/"}}]}},"recipe":{"id":24917,"slug":"cabrito-asado","post_status":"publish","post_password":"","post_author":"1","language":"gl","type":"food","image_id":33988,"image_url":"https:\/\/www.plenussupermercados.es\/wp-content\/uploads\/2024\/03\/cabrito-asado-scaled.jpg","pin_image_id":33988,"pin_image_url":"https:\/\/www.plenussupermercados.es\/wp-content\/uploads\/2024\/03\/cabrito-asado-scaled.jpg","pin_image_repin_id":"","name":"Cabrito asado","summary":"","author_display":"default","author_name":"","author_link":"","cost":"","servings":"1","servings_unit":"persona","servings_advanced_enabled":"","servings_advanced":{"shape":"round","unit":"inch","diameter":0,"width":0,"length":0,"height":0},"prep_time":"0","prep_time_zero":"","cook_time":"0","cook_time_zero":"","total_time":"0","custom_time":"0","custom_time_zero":"","custom_time_label":"","tags":{"course":[{"term_id":52,"name":"Segundo prato","slug":"segundo-prato","term_group":0,"term_taxonomy_id":52,"taxonomy":"wprm_course","description":"","parent":0,"count":396,"filter":"raw"}],"cuisine":[],"keyword":[]},"equipment":[],"ingredients":[{"ingredients":[{"uid":0,"amount":"10","unit":"g","name":"Aceite de oliva","notes":"","unit_id":32,"id":253},{"uid":1,"amount":"5","unit":"g","name":"Allo","notes":"","unit_id":32,"id":49},{"uid":2,"amount":"1","unit":"g","name":"Azafr\u00e1n","notes":"","unit_id":32,"id":267},{"uid":3,"amount":"160","unit":"g","name":"Cabrito","notes":"","unit_id":32,"id":308},{"uid":4,"amount":"40","unit":"g","name":"Cebola","notes":"","unit_id":32,"id":48},{"uid":5,"amount":"40","unit":"g","name":"Lim\u00f3n","notes":"","unit_id":32,"id":268},{"uid":6,"amount":"120","unit":"g","name":"Pataca","notes":"","unit_id":32,"id":45},{"uid":7,"amount":"1","unit":"g","name":"Perexil","notes":"","unit_id":32,"id":353},{"uid":8,"amount":"0.5","unit":"g","name":"Sal","notes":"","unit_id":32,"id":254},{"uid":9,"amount":"60","unit":"g","name":"Vi\u00f1o branco","notes":"","unit_id":32,"id":373}],"name":"","uid":-1}],"instructions":[{"instructions":[{"uid":0,"name":"","text":"Prep\u00e1rase un adobo nun morteiro co zume de lim\u00f3n, o perexil, o azafr\u00e1n, o vi\u00f1o branco, o allo e un chisco de sal. Est\u00e9ndese ben unt\u00e1ndoo sobre o cabrito e d\u00e9ixase macerar un d\u00eda enteiro na neveira. Ao d\u00eda seguinte, d\u00f3uranse as cebolas partidas ao medio e eng\u00e1dese o cabrito torado nunha tixola cun chorro de aceite. P\u00e1sase o cabrito, o aceite sen as cebolas e o adobo a unha cazola de barro e eng\u00e1dense as patacas novas e m\u00e9tese no forno quente. Coc\u00ed\u00f1ase a lume medio.","image":0,"ingredients":[]}],"name":"","uid":-1}],"ingredients_flat":[{"uid":0,"amount":"10","unit":"g","name":"Aceite de oliva","notes":"","unit_id":32,"id":253,"type":"ingredient"},{"uid":1,"amount":"5","unit":"g","name":"Allo","notes":"","unit_id":32,"id":49,"type":"ingredient"},{"uid":2,"amount":"1","unit":"g","name":"Azafr\u00e1n","notes":"","unit_id":32,"id":267,"type":"ingredient"},{"uid":3,"amount":"160","unit":"g","name":"Cabrito","notes":"","unit_id":32,"id":308,"type":"ingredient"},{"uid":4,"amount":"40","unit":"g","name":"Cebola","notes":"","unit_id":32,"id":48,"type":"ingredient"},{"uid":5,"amount":"40","unit":"g","name":"Lim\u00f3n","notes":"","unit_id":32,"id":268,"type":"ingredient"},{"uid":6,"amount":"120","unit":"g","name":"Pataca","notes":"","unit_id":32,"id":45,"type":"ingredient"},{"uid":7,"amount":"1","unit":"g","name":"Perexil","notes":"","unit_id":32,"id":353,"type":"ingredient"},{"uid":8,"amount":"0.5","unit":"g","name":"Sal","notes":"","unit_id":32,"id":254,"type":"ingredient"},{"uid":9,"amount":"60","unit":"g","name":"Vi\u00f1o branco","notes":"","unit_id":32,"id":373,"type":"ingredient"}],"instructions_flat":[{"uid":0,"name":"","text":"Prep\u00e1rase un adobo nun morteiro co zume de lim\u00f3n, o perexil, o azafr\u00e1n, o vi\u00f1o branco, o allo e un chisco de sal. Est\u00e9ndese ben unt\u00e1ndoo sobre o cabrito e d\u00e9ixase macerar un d\u00eda enteiro na neveira. Ao d\u00eda seguinte, d\u00f3uranse as cebolas partidas ao medio e eng\u00e1dese o cabrito torado nunha tixola cun chorro de aceite. P\u00e1sase o cabrito, o aceite sen as cebolas e o adobo a unha cazola de barro e eng\u00e1dense as patacas novas e m\u00e9tese no forno quente. Coc\u00ed\u00f1ase a lume medio.","image":0,"ingredients":[],"type":"instruction","image_url":""}],"video_id":0,"video_embed":"","video_thumb_url":"https:\/\/www.plenussupermercados.es\/wp-content\/uploads\/2024\/03\/cabrito-asado-150x150.jpg","notes":"<p>Este prato xa se consum\u00eda antigamente e hoxe en d\u00eda. En moitos casos cons\u00f3mese en celebraci\u00f3ns moi sinaladas en Galicia. Nas casas campesi\u00f1as era tan apreciado que se vend\u00eda vivo en lugar de consumilo. A mellor \u00e9poca do ano para o consumo de cabrito consid\u00e9rase que \u00e9 a principios da primavera, xa que a carne nese momento \u00e9 m\u00e1is saborosa. A carne de cabrito consid\u00e9rase magra xa que o seu contido en graxa \u00e9 baixo, e a s\u00faa contribuci\u00f3n de calor\u00edas non difire moito da carne de porco ou de vac\u00fan. Destaca a s\u00faa cantidade de ferro que interv\u00e9n na formaci\u00f3n dos gl\u00f3bulos vermellos e o transporte de os\u00edxeno en sangue, como as\u00ed tam\u00e9n na actividade encim\u00e1tica do organismo. Tam\u00e9n cont\u00e9n f\u00f3sforo que axuda en casos de osteoporose, mantemento da funci\u00f3n celular, axeitado transporte de nutrientes celulares. Axuda, polo tanto, o rendemento f\u00edsico e intelectual. Destaca tam\u00e9n o potasio que participa no mecanismo de contracci\u00f3n e relaxaci\u00f3n dos m\u00fasculos. <\/p>\n","nutrition":[],"custom_fields":{"source":"DAG","hardness":"","idrecipe":"2873","nutritional":"","language":"GL"},"ingredient_links_type":"global","unit_system":"default"},"_links":{"self":[{"href":"https:\/\/www.plenussupermercados.es\/gl\/wp-json\/wp\/v2\/wprm_recipe\/24917","targetHints":{"allow":["GET"]}}],"collection":[{"href":"https:\/\/www.plenussupermercados.es\/gl\/wp-json\/wp\/v2\/wprm_recipe"}],"about":[{"href":"https:\/\/www.plenussupermercados.es\/gl\/wp-json\/wp\/v2\/types\/wprm_recipe"}],"author":[{"embeddable":true,"href":"https:\/\/www.plenussupermercados.es\/gl\/wp-json\/wp\/v2\/users\/1"}],"version-history":[{"count":2,"href":"https:\/\/www.plenussupermercados.es\/gl\/wp-json\/wp\/v2\/wprm_recipe\/24917\/revisions"}],"predecessor-version":[{"id":33991,"href":"https:\/\/www.plenussupermercados.es\/gl\/wp-json\/wp\/v2\/wprm_recipe\/24917\/revisions\/33991"}],"wp:featuredmedia":[{"embeddable":true,"href":"https:\/\/www.plenussupermercados.es\/gl\/wp-json\/wp\/v2\/media\/33988"}],"wp:attachment":[{"href":"https:\/\/www.plenussupermercados.es\/gl\/wp-json\/wp\/v2\/media?parent=24917"}],"wp:term":[{"taxonomy":"wprm_course","embeddable":true,"href":"https:\/\/www.plenussupermercados.es\/gl\/wp-json\/wp\/v2\/wprm_course?post=24917"},{"taxonomy":"wprm_cuisine","embeddable":true,"href":"https:\/\/www.plenussupermercados.es\/gl\/wp-json\/wp\/v2\/wprm_cuisine?post=24917"},{"taxonomy":"wprm_keyword","embeddable":true,"href":"https:\/\/www.plenussupermercados.es\/gl\/wp-json\/wp\/v2\/wprm_keyword?post=24917"},{"taxonomy":"wprm_ingredient","embeddable":true,"href":"https:\/\/www.plenussupermercados.es\/gl\/wp-json\/wp\/v2\/wprm_ingredient?post=24917"},{"taxonomy":"wprm_ingredient_unit","embeddable":true,"href":"https:\/\/www.plenussupermercados.es\/gl\/wp-json\/wp\/v2\/wprm_ingredient_unit?post=24917"},{"taxonomy":"wprm_glossary_term","embeddable":true,"href":"https:\/\/www.plenussupermercados.es\/gl\/wp-json\/wp\/v2\/wprm_glossary_term?post=24917"},{"taxonomy":"wprm_equipment","embeddable":true,"href":"https:\/\/www.plenussupermercados.es\/gl\/wp-json\/wp\/v2\/wprm_equipment?post=24917"},{"taxonomy":"wprm_nutrition_ingredient","embeddable":true,"href":"https:\/\/www.plenussupermercados.es\/gl\/wp-json\/wp\/v2\/wprm_nutrition_ingredient?post=24917"}],"curies":[{"name":"wp","href":"https:\/\/api.w.org\/{rel}","templated":true}]}}