{"id":25077,"date":"2024-01-02T16:43:16","date_gmt":"2024-01-02T15:43:16","guid":{"rendered":"https:\/\/www.plenussupermercados.es\/\/?post_type=wprm_recipe&#038;p=25077"},"modified":"2024-03-25T11:11:54","modified_gmt":"2024-03-25T10:11:54","slug":"coello-asado","status":"publish","type":"wprm_recipe","link":"https:\/\/www.plenussupermercados.es\/gl\/recetas\/coello-asado\/","title":{"rendered":"Coello asado"},"content":{"rendered":"","protected":false},"author":1,"featured_media":35488,"template":"","wprm_course":[52],"wprm_cuisine":[],"wprm_keyword":[],"wprm_ingredient":[49,48,370,506,354,384,45,469,353,254,373],"wprm_ingredient_unit":[32],"wprm_glossary_term":[],"wprm_equipment":[],"wprm_nutrition_ingredient":[],"class_list":["post-25077","wprm_recipe","type-wprm_recipe","status-publish","has-post-thumbnail","hentry","description-off"],"acf":[],"yoast_head":"<!-- This site is optimized with the Yoast SEO plugin v27.5 - https:\/\/yoast.com\/product\/yoast-seo-wordpress\/ -->\n<title>Coello asado - Supermercados Plenus<\/title>\n<meta name=\"robots\" content=\"index, follow, max-snippet:-1, max-image-preview:large, max-video-preview:-1\" \/>\n<link rel=\"canonical\" href=\"https:\/\/www.plenussupermercados.es\/gl\/recetas\/coello-asado\/\" \/>\n<meta property=\"og:locale\" content=\"gl_ES\" \/>\n<meta property=\"og:type\" content=\"article\" \/>\n<meta property=\"og:title\" content=\"Coello asado - Supermercados Plenus\" \/>\n<meta property=\"og:url\" content=\"https:\/\/www.plenussupermercados.es\/gl\/recetas\/coello-asado\/\" \/>\n<meta property=\"og:site_name\" content=\"Supermercados Plenus\" \/>\n<meta property=\"article:modified_time\" content=\"2024-03-25T10:11:54+00:00\" \/>\n<meta property=\"og:image\" content=\"https:\/\/www.plenussupermercados.es\/wp-content\/uploads\/2024\/03\/conejo-asado.jpg\" \/>\n\t<meta property=\"og:image:width\" content=\"1100\" \/>\n\t<meta property=\"og:image:height\" content=\"733\" \/>\n\t<meta property=\"og:image:type\" content=\"image\/jpeg\" \/>\n<meta name=\"twitter:card\" content=\"summary_large_image\" \/>\n<script type=\"application\/ld+json\" class=\"yoast-schema-graph\">{\"@context\":\"https:\\\/\\\/schema.org\",\"@graph\":[{\"@type\":\"WebPage\",\"@id\":\"https:\\\/\\\/www.plenussupermercados.es\\\/gl\\\/recetas\\\/coello-asado\\\/\",\"url\":\"https:\\\/\\\/www.plenussupermercados.es\\\/gl\\\/recetas\\\/coello-asado\\\/\",\"name\":\"Coello asado - Supermercados Plenus\",\"isPartOf\":{\"@id\":\"https:\\\/\\\/www.plenussupermercados.es\\\/gl\\\/#website\"},\"primaryImageOfPage\":{\"@id\":\"https:\\\/\\\/www.plenussupermercados.es\\\/gl\\\/recetas\\\/coello-asado\\\/#primaryimage\"},\"image\":{\"@id\":\"https:\\\/\\\/www.plenussupermercados.es\\\/gl\\\/recetas\\\/coello-asado\\\/#primaryimage\"},\"thumbnailUrl\":\"https:\\\/\\\/www.plenussupermercados.es\\\/wp-content\\\/uploads\\\/2024\\\/03\\\/conejo-asado.jpg\",\"datePublished\":\"2024-01-02T15:43:16+00:00\",\"dateModified\":\"2024-03-25T10:11:54+00:00\",\"breadcrumb\":{\"@id\":\"https:\\\/\\\/www.plenussupermercados.es\\\/gl\\\/recetas\\\/coello-asado\\\/#breadcrumb\"},\"inLanguage\":\"gl-ES\",\"potentialAction\":[{\"@type\":\"ReadAction\",\"target\":[\"https:\\\/\\\/www.plenussupermercados.es\\\/gl\\\/recetas\\\/coello-asado\\\/\"]}]},{\"@type\":\"ImageObject\",\"inLanguage\":\"gl-ES\",\"@id\":\"https:\\\/\\\/www.plenussupermercados.es\\\/gl\\\/recetas\\\/coello-asado\\\/#primaryimage\",\"url\":\"https:\\\/\\\/www.plenussupermercados.es\\\/wp-content\\\/uploads\\\/2024\\\/03\\\/conejo-asado.jpg\",\"contentUrl\":\"https:\\\/\\\/www.plenussupermercados.es\\\/wp-content\\\/uploads\\\/2024\\\/03\\\/conejo-asado.jpg\",\"width\":1100,\"height\":733},{\"@type\":\"BreadcrumbList\",\"@id\":\"https:\\\/\\\/www.plenussupermercados.es\\\/gl\\\/recetas\\\/coello-asado\\\/#breadcrumb\",\"itemListElement\":[{\"@type\":\"ListItem\",\"position\":1,\"name\":\"Portada\",\"item\":\"https:\\\/\\\/www.plenussupermercados.es\\\/gl\\\/\"},{\"@type\":\"ListItem\",\"position\":2,\"name\":\"Recipes\",\"item\":\"https:\\\/\\\/www.plenussupermercados.es\\\/gl\\\/recetas\\\/\"},{\"@type\":\"ListItem\",\"position\":3,\"name\":\"Coello asado\"}]},{\"@type\":\"WebSite\",\"@id\":\"https:\\\/\\\/www.plenussupermercados.es\\\/gl\\\/#website\",\"url\":\"https:\\\/\\\/www.plenussupermercados.es\\\/gl\\\/\",\"name\":\"Supermercados Plenus\",\"description\":\"\",\"publisher\":{\"@id\":\"https:\\\/\\\/www.plenussupermercados.es\\\/gl\\\/#organization\"},\"potentialAction\":[{\"@type\":\"SearchAction\",\"target\":{\"@type\":\"EntryPoint\",\"urlTemplate\":\"https:\\\/\\\/www.plenussupermercados.es\\\/gl\\\/?s={search_term_string}\"},\"query-input\":{\"@type\":\"PropertyValueSpecification\",\"valueRequired\":true,\"valueName\":\"search_term_string\"}}],\"inLanguage\":\"gl-ES\"},{\"@type\":\"Organization\",\"@id\":\"https:\\\/\\\/www.plenussupermercados.es\\\/gl\\\/#organization\",\"name\":\"Supermercados Plenus\",\"url\":\"https:\\\/\\\/www.plenussupermercados.es\\\/gl\\\/\",\"logo\":{\"@type\":\"ImageObject\",\"inLanguage\":\"gl-ES\",\"@id\":\"https:\\\/\\\/www.plenussupermercados.es\\\/gl\\\/#\\\/schema\\\/logo\\\/image\\\/\",\"url\":\"https:\\\/\\\/www.plenussupermercados.es\\\/wp-content\\\/uploads\\\/2024\\\/01\\\/logo-plenus-supermercados.png\",\"contentUrl\":\"https:\\\/\\\/www.plenussupermercados.es\\\/wp-content\\\/uploads\\\/2024\\\/01\\\/logo-plenus-supermercados.png\",\"width\":232,\"height\":57,\"caption\":\"Supermercados Plenus\"},\"image\":{\"@id\":\"https:\\\/\\\/www.plenussupermercados.es\\\/gl\\\/#\\\/schema\\\/logo\\\/image\\\/\"}}]}<\/script>\n<!-- \/ Yoast SEO plugin. -->","yoast_head_json":{"title":"Coello asado - Supermercados Plenus","robots":{"index":"index","follow":"follow","max-snippet":"max-snippet:-1","max-image-preview":"max-image-preview:large","max-video-preview":"max-video-preview:-1"},"canonical":"https:\/\/www.plenussupermercados.es\/gl\/recetas\/coello-asado\/","og_locale":"gl_ES","og_type":"article","og_title":"Coello asado - Supermercados Plenus","og_url":"https:\/\/www.plenussupermercados.es\/gl\/recetas\/coello-asado\/","og_site_name":"Supermercados Plenus","article_modified_time":"2024-03-25T10:11:54+00:00","og_image":[{"width":1100,"height":733,"url":"https:\/\/www.plenussupermercados.es\/wp-content\/uploads\/2024\/03\/conejo-asado.jpg","type":"image\/jpeg"}],"twitter_card":"summary_large_image","schema":{"@context":"https:\/\/schema.org","@graph":[{"@type":"WebPage","@id":"https:\/\/www.plenussupermercados.es\/gl\/recetas\/coello-asado\/","url":"https:\/\/www.plenussupermercados.es\/gl\/recetas\/coello-asado\/","name":"Coello asado - Supermercados Plenus","isPartOf":{"@id":"https:\/\/www.plenussupermercados.es\/gl\/#website"},"primaryImageOfPage":{"@id":"https:\/\/www.plenussupermercados.es\/gl\/recetas\/coello-asado\/#primaryimage"},"image":{"@id":"https:\/\/www.plenussupermercados.es\/gl\/recetas\/coello-asado\/#primaryimage"},"thumbnailUrl":"https:\/\/www.plenussupermercados.es\/wp-content\/uploads\/2024\/03\/conejo-asado.jpg","datePublished":"2024-01-02T15:43:16+00:00","dateModified":"2024-03-25T10:11:54+00:00","breadcrumb":{"@id":"https:\/\/www.plenussupermercados.es\/gl\/recetas\/coello-asado\/#breadcrumb"},"inLanguage":"gl-ES","potentialAction":[{"@type":"ReadAction","target":["https:\/\/www.plenussupermercados.es\/gl\/recetas\/coello-asado\/"]}]},{"@type":"ImageObject","inLanguage":"gl-ES","@id":"https:\/\/www.plenussupermercados.es\/gl\/recetas\/coello-asado\/#primaryimage","url":"https:\/\/www.plenussupermercados.es\/wp-content\/uploads\/2024\/03\/conejo-asado.jpg","contentUrl":"https:\/\/www.plenussupermercados.es\/wp-content\/uploads\/2024\/03\/conejo-asado.jpg","width":1100,"height":733},{"@type":"BreadcrumbList","@id":"https:\/\/www.plenussupermercados.es\/gl\/recetas\/coello-asado\/#breadcrumb","itemListElement":[{"@type":"ListItem","position":1,"name":"Portada","item":"https:\/\/www.plenussupermercados.es\/gl\/"},{"@type":"ListItem","position":2,"name":"Recipes","item":"https:\/\/www.plenussupermercados.es\/gl\/recetas\/"},{"@type":"ListItem","position":3,"name":"Coello asado"}]},{"@type":"WebSite","@id":"https:\/\/www.plenussupermercados.es\/gl\/#website","url":"https:\/\/www.plenussupermercados.es\/gl\/","name":"Supermercados Plenus","description":"","publisher":{"@id":"https:\/\/www.plenussupermercados.es\/gl\/#organization"},"potentialAction":[{"@type":"SearchAction","target":{"@type":"EntryPoint","urlTemplate":"https:\/\/www.plenussupermercados.es\/gl\/?s={search_term_string}"},"query-input":{"@type":"PropertyValueSpecification","valueRequired":true,"valueName":"search_term_string"}}],"inLanguage":"gl-ES"},{"@type":"Organization","@id":"https:\/\/www.plenussupermercados.es\/gl\/#organization","name":"Supermercados Plenus","url":"https:\/\/www.plenussupermercados.es\/gl\/","logo":{"@type":"ImageObject","inLanguage":"gl-ES","@id":"https:\/\/www.plenussupermercados.es\/gl\/#\/schema\/logo\/image\/","url":"https:\/\/www.plenussupermercados.es\/wp-content\/uploads\/2024\/01\/logo-plenus-supermercados.png","contentUrl":"https:\/\/www.plenussupermercados.es\/wp-content\/uploads\/2024\/01\/logo-plenus-supermercados.png","width":232,"height":57,"caption":"Supermercados Plenus"},"image":{"@id":"https:\/\/www.plenussupermercados.es\/gl\/#\/schema\/logo\/image\/"}}]}},"recipe":{"id":25077,"slug":"coello-asado","post_status":"publish","post_password":"","post_author":"1","language":"gl","type":"food","image_id":35488,"image_url":"https:\/\/www.plenussupermercados.es\/wp-content\/uploads\/2024\/03\/conejo-asado.jpg","pin_image_id":35488,"pin_image_url":"https:\/\/www.plenussupermercados.es\/wp-content\/uploads\/2024\/03\/conejo-asado.jpg","pin_image_repin_id":"","name":"Coello asado","summary":"","author_display":"default","author_name":"","author_link":"","cost":"","servings":"1","servings_unit":"persona","servings_advanced_enabled":"","servings_advanced":{"shape":"round","unit":"inch","diameter":0,"width":0,"length":0,"height":0},"prep_time":"0","prep_time_zero":"","cook_time":"0","cook_time_zero":"","total_time":"0","custom_time":"0","custom_time_zero":"","custom_time_label":"","tags":{"course":[{"term_id":52,"name":"Segundo prato","slug":"segundo-prato","term_group":0,"term_taxonomy_id":52,"taxonomy":"wprm_course","description":"","parent":0,"count":396,"filter":"raw"}],"cuisine":[],"keyword":[]},"equipment":[],"ingredients":[{"ingredients":[{"uid":0,"amount":"2","unit":"g","name":"Allo","notes":"","unit_id":32,"id":49},{"uid":1,"amount":"120","unit":"g","name":"Cebola","notes":"","unit_id":32,"id":48},{"uid":2,"amount":"0.5","unit":"g","name":"Cravo","notes":"","unit_id":32,"id":506},{"uid":3,"amount":"160","unit":"g","name":"Coello","notes":"","unit_id":32,"id":370},{"uid":4,"amount":"0.5","unit":"g","name":"Loureiro","notes":"","unit_id":32,"id":354},{"uid":5,"amount":"10","unit":"g","name":"Manteiga","notes":"","unit_id":32,"id":384},{"uid":6,"amount":"100","unit":"g","name":"Pataca","notes":"","unit_id":32,"id":45},{"uid":7,"amount":"1","unit":"g","name":"Perexil","notes":"","unit_id":32,"id":353},{"uid":8,"amount":"0.5","unit":"g","name":"Pementa negra","notes":"","unit_id":32,"id":469},{"uid":9,"amount":"0.5","unit":"g","name":"Sal","notes":"","unit_id":32,"id":254},{"uid":10,"amount":"40","unit":"g","name":"Vi\u00f1o branco","notes":"","unit_id":32,"id":373}],"name":"","uid":-1}],"instructions":[{"instructions":[{"uid":0,"name":"","text":"Picamos ben a cebola, o allo, o perexil e adobamos o coello, xa cortado. Engadimos ao adobo vinagre e aceite. O coello deber\u00e1 estar catro d\u00edas no adobo e, despois, ao terceiro d\u00eda, engad\u00edmoslle o sal. Nunha tixola con aceite a lume forte botamos o coello, unha folla de loureiro, un chorro de aceite e unha boa cantidade de vi\u00f1o branco. Despois, introducimos no forno nun recipiente cunha base de cebola picada e aceite. Asamos durante 1 h a temperatura media.","image":0,"ingredients":[]}],"name":"","uid":-1}],"ingredients_flat":[{"uid":0,"amount":"2","unit":"g","name":"Allo","notes":"","unit_id":32,"id":49,"type":"ingredient"},{"uid":1,"amount":"120","unit":"g","name":"Cebola","notes":"","unit_id":32,"id":48,"type":"ingredient"},{"uid":2,"amount":"0.5","unit":"g","name":"Cravo","notes":"","unit_id":32,"id":506,"type":"ingredient"},{"uid":3,"amount":"160","unit":"g","name":"Coello","notes":"","unit_id":32,"id":370,"type":"ingredient"},{"uid":4,"amount":"0.5","unit":"g","name":"Loureiro","notes":"","unit_id":32,"id":354,"type":"ingredient"},{"uid":5,"amount":"10","unit":"g","name":"Manteiga","notes":"","unit_id":32,"id":384,"type":"ingredient"},{"uid":6,"amount":"100","unit":"g","name":"Pataca","notes":"","unit_id":32,"id":45,"type":"ingredient"},{"uid":7,"amount":"1","unit":"g","name":"Perexil","notes":"","unit_id":32,"id":353,"type":"ingredient"},{"uid":8,"amount":"0.5","unit":"g","name":"Pementa negra","notes":"","unit_id":32,"id":469,"type":"ingredient"},{"uid":9,"amount":"0.5","unit":"g","name":"Sal","notes":"","unit_id":32,"id":254,"type":"ingredient"},{"uid":10,"amount":"40","unit":"g","name":"Vi\u00f1o branco","notes":"","unit_id":32,"id":373,"type":"ingredient"}],"instructions_flat":[{"uid":0,"name":"","text":"Picamos ben a cebola, o allo, o perexil e adobamos o coello, xa cortado. Engadimos ao adobo vinagre e aceite. O coello deber\u00e1 estar catro d\u00edas no adobo e, despois, ao terceiro d\u00eda, engad\u00edmoslle o sal. Nunha tixola con aceite a lume forte botamos o coello, unha folla de loureiro, un chorro de aceite e unha boa cantidade de vi\u00f1o branco. Despois, introducimos no forno nun recipiente cunha base de cebola picada e aceite. Asamos durante 1 h a temperatura media.","image":0,"ingredients":[],"type":"instruction","image_url":""}],"video_id":0,"video_embed":"","video_thumb_url":"https:\/\/www.plenussupermercados.es\/wp-content\/uploads\/2024\/03\/conejo-asado-150x150.jpg","notes":"<p>A carne de coello \u00e9 un alimento con baixo contido en graxa, ao redor dun 5%, e mesmo algunhas pezas, como a perna e o lombo, poden ter entre un 2%  e un 3%. \u00c9 ideal para as dietas hipocal\u00f3ricas que est\u00e1n dirixidas \u00e1 perda ou mantemento de peso e, ademais, \u00e9 un alimento cunha alta densidade nutricional xa que ten prote\u00ednas de alto valor biol\u00f3xico, cunha boa relaci\u00f3n enerx\u00eda\/prote\u00edna. A carne de coello, baixa en graxa, ten un perfil de \u00e1cidos graxos maioritariamente insaturados, cun contido de colesterol baixo. <\/p>\n","nutrition":[],"custom_fields":{"source":"DAG","hardness":"","idrecipe":"2920","nutritional":"","language":"GL"},"ingredient_links_type":"global","unit_system":"default"},"_links":{"self":[{"href":"https:\/\/www.plenussupermercados.es\/gl\/wp-json\/wp\/v2\/wprm_recipe\/25077","targetHints":{"allow":["GET"]}}],"collection":[{"href":"https:\/\/www.plenussupermercados.es\/gl\/wp-json\/wp\/v2\/wprm_recipe"}],"about":[{"href":"https:\/\/www.plenussupermercados.es\/gl\/wp-json\/wp\/v2\/types\/wprm_recipe"}],"author":[{"embeddable":true,"href":"https:\/\/www.plenussupermercados.es\/gl\/wp-json\/wp\/v2\/users\/1"}],"version-history":[{"count":2,"href":"https:\/\/www.plenussupermercados.es\/gl\/wp-json\/wp\/v2\/wprm_recipe\/25077\/revisions"}],"predecessor-version":[{"id":35491,"href":"https:\/\/www.plenussupermercados.es\/gl\/wp-json\/wp\/v2\/wprm_recipe\/25077\/revisions\/35491"}],"wp:featuredmedia":[{"embeddable":true,"href":"https:\/\/www.plenussupermercados.es\/gl\/wp-json\/wp\/v2\/media\/35488"}],"wp:attachment":[{"href":"https:\/\/www.plenussupermercados.es\/gl\/wp-json\/wp\/v2\/media?parent=25077"}],"wp:term":[{"taxonomy":"wprm_course","embeddable":true,"href":"https:\/\/www.plenussupermercados.es\/gl\/wp-json\/wp\/v2\/wprm_course?post=25077"},{"taxonomy":"wprm_cuisine","embeddable":true,"href":"https:\/\/www.plenussupermercados.es\/gl\/wp-json\/wp\/v2\/wprm_cuisine?post=25077"},{"taxonomy":"wprm_keyword","embeddable":true,"href":"https:\/\/www.plenussupermercados.es\/gl\/wp-json\/wp\/v2\/wprm_keyword?post=25077"},{"taxonomy":"wprm_ingredient","embeddable":true,"href":"https:\/\/www.plenussupermercados.es\/gl\/wp-json\/wp\/v2\/wprm_ingredient?post=25077"},{"taxonomy":"wprm_ingredient_unit","embeddable":true,"href":"https:\/\/www.plenussupermercados.es\/gl\/wp-json\/wp\/v2\/wprm_ingredient_unit?post=25077"},{"taxonomy":"wprm_glossary_term","embeddable":true,"href":"https:\/\/www.plenussupermercados.es\/gl\/wp-json\/wp\/v2\/wprm_glossary_term?post=25077"},{"taxonomy":"wprm_equipment","embeddable":true,"href":"https:\/\/www.plenussupermercados.es\/gl\/wp-json\/wp\/v2\/wprm_equipment?post=25077"},{"taxonomy":"wprm_nutrition_ingredient","embeddable":true,"href":"https:\/\/www.plenussupermercados.es\/gl\/wp-json\/wp\/v2\/wprm_nutrition_ingredient?post=25077"}],"curies":[{"name":"wp","href":"https:\/\/api.w.org\/{rel}","templated":true}]}}