{"id":25089,"date":"2024-01-02T16:43:22","date_gmt":"2024-01-02T15:43:22","guid":{"rendered":"https:\/\/www.plenussupermercados.es\/\/?post_type=wprm_recipe&#038;p=25089"},"modified":"2024-03-25T11:09:18","modified_gmt":"2024-03-25T10:09:18","slug":"coello-estufado","status":"publish","type":"wprm_recipe","link":"https:\/\/www.plenussupermercados.es\/gl\/recetas\/coello-estufado\/","title":{"rendered":"Coello estufado"},"content":{"rendered":"","protected":false},"author":1,"featured_media":35478,"template":"","wprm_course":[52],"wprm_cuisine":[],"wprm_keyword":[],"wprm_ingredient":[253,49,369,467,370,354,45,47,59,254,68,373],"wprm_ingredient_unit":[32],"wprm_glossary_term":[],"wprm_equipment":[],"wprm_nutrition_ingredient":[],"class_list":["post-25089","wprm_recipe","type-wprm_recipe","status-publish","has-post-thumbnail","hentry","description-off"],"acf":[],"yoast_head":"<!-- This site is optimized with the Yoast SEO plugin v27.5 - https:\/\/yoast.com\/product\/yoast-seo-wordpress\/ -->\n<title>Coello estufado - Supermercados Plenus<\/title>\n<meta name=\"robots\" content=\"index, follow, max-snippet:-1, max-image-preview:large, max-video-preview:-1\" \/>\n<link rel=\"canonical\" href=\"https:\/\/www.plenussupermercados.es\/gl\/recetas\/coello-estufado\/\" \/>\n<meta property=\"og:locale\" content=\"gl_ES\" \/>\n<meta property=\"og:type\" content=\"article\" \/>\n<meta property=\"og:title\" content=\"Coello estufado - Supermercados Plenus\" \/>\n<meta property=\"og:url\" content=\"https:\/\/www.plenussupermercados.es\/gl\/recetas\/coello-estufado\/\" \/>\n<meta property=\"og:site_name\" content=\"Supermercados Plenus\" \/>\n<meta property=\"article:modified_time\" content=\"2024-03-25T10:09:18+00:00\" \/>\n<meta property=\"og:image\" content=\"https:\/\/www.plenussupermercados.es\/wp-content\/uploads\/2024\/03\/conejo-estofado.jpg\" \/>\n\t<meta property=\"og:image:width\" content=\"841\" \/>\n\t<meta property=\"og:image:height\" content=\"561\" \/>\n\t<meta property=\"og:image:type\" content=\"image\/jpeg\" \/>\n<meta name=\"twitter:card\" content=\"summary_large_image\" \/>\n<script type=\"application\/ld+json\" class=\"yoast-schema-graph\">{\"@context\":\"https:\\\/\\\/schema.org\",\"@graph\":[{\"@type\":\"WebPage\",\"@id\":\"https:\\\/\\\/www.plenussupermercados.es\\\/gl\\\/recetas\\\/coello-estufado\\\/\",\"url\":\"https:\\\/\\\/www.plenussupermercados.es\\\/gl\\\/recetas\\\/coello-estufado\\\/\",\"name\":\"Coello estufado - Supermercados Plenus\",\"isPartOf\":{\"@id\":\"https:\\\/\\\/www.plenussupermercados.es\\\/gl\\\/#website\"},\"primaryImageOfPage\":{\"@id\":\"https:\\\/\\\/www.plenussupermercados.es\\\/gl\\\/recetas\\\/coello-estufado\\\/#primaryimage\"},\"image\":{\"@id\":\"https:\\\/\\\/www.plenussupermercados.es\\\/gl\\\/recetas\\\/coello-estufado\\\/#primaryimage\"},\"thumbnailUrl\":\"https:\\\/\\\/www.plenussupermercados.es\\\/wp-content\\\/uploads\\\/2024\\\/03\\\/conejo-estofado.jpg\",\"datePublished\":\"2024-01-02T15:43:22+00:00\",\"dateModified\":\"2024-03-25T10:09:18+00:00\",\"breadcrumb\":{\"@id\":\"https:\\\/\\\/www.plenussupermercados.es\\\/gl\\\/recetas\\\/coello-estufado\\\/#breadcrumb\"},\"inLanguage\":\"gl-ES\",\"potentialAction\":[{\"@type\":\"ReadAction\",\"target\":[\"https:\\\/\\\/www.plenussupermercados.es\\\/gl\\\/recetas\\\/coello-estufado\\\/\"]}]},{\"@type\":\"ImageObject\",\"inLanguage\":\"gl-ES\",\"@id\":\"https:\\\/\\\/www.plenussupermercados.es\\\/gl\\\/recetas\\\/coello-estufado\\\/#primaryimage\",\"url\":\"https:\\\/\\\/www.plenussupermercados.es\\\/wp-content\\\/uploads\\\/2024\\\/03\\\/conejo-estofado.jpg\",\"contentUrl\":\"https:\\\/\\\/www.plenussupermercados.es\\\/wp-content\\\/uploads\\\/2024\\\/03\\\/conejo-estofado.jpg\",\"width\":841,\"height\":561},{\"@type\":\"BreadcrumbList\",\"@id\":\"https:\\\/\\\/www.plenussupermercados.es\\\/gl\\\/recetas\\\/coello-estufado\\\/#breadcrumb\",\"itemListElement\":[{\"@type\":\"ListItem\",\"position\":1,\"name\":\"Portada\",\"item\":\"https:\\\/\\\/www.plenussupermercados.es\\\/gl\\\/\"},{\"@type\":\"ListItem\",\"position\":2,\"name\":\"Recipes\",\"item\":\"https:\\\/\\\/www.plenussupermercados.es\\\/gl\\\/recetas\\\/\"},{\"@type\":\"ListItem\",\"position\":3,\"name\":\"Coello estufado\"}]},{\"@type\":\"WebSite\",\"@id\":\"https:\\\/\\\/www.plenussupermercados.es\\\/gl\\\/#website\",\"url\":\"https:\\\/\\\/www.plenussupermercados.es\\\/gl\\\/\",\"name\":\"Supermercados Plenus\",\"description\":\"\",\"publisher\":{\"@id\":\"https:\\\/\\\/www.plenussupermercados.es\\\/gl\\\/#organization\"},\"potentialAction\":[{\"@type\":\"SearchAction\",\"target\":{\"@type\":\"EntryPoint\",\"urlTemplate\":\"https:\\\/\\\/www.plenussupermercados.es\\\/gl\\\/?s={search_term_string}\"},\"query-input\":{\"@type\":\"PropertyValueSpecification\",\"valueRequired\":true,\"valueName\":\"search_term_string\"}}],\"inLanguage\":\"gl-ES\"},{\"@type\":\"Organization\",\"@id\":\"https:\\\/\\\/www.plenussupermercados.es\\\/gl\\\/#organization\",\"name\":\"Supermercados Plenus\",\"url\":\"https:\\\/\\\/www.plenussupermercados.es\\\/gl\\\/\",\"logo\":{\"@type\":\"ImageObject\",\"inLanguage\":\"gl-ES\",\"@id\":\"https:\\\/\\\/www.plenussupermercados.es\\\/gl\\\/#\\\/schema\\\/logo\\\/image\\\/\",\"url\":\"https:\\\/\\\/www.plenussupermercados.es\\\/wp-content\\\/uploads\\\/2024\\\/01\\\/logo-plenus-supermercados.png\",\"contentUrl\":\"https:\\\/\\\/www.plenussupermercados.es\\\/wp-content\\\/uploads\\\/2024\\\/01\\\/logo-plenus-supermercados.png\",\"width\":232,\"height\":57,\"caption\":\"Supermercados Plenus\"},\"image\":{\"@id\":\"https:\\\/\\\/www.plenussupermercados.es\\\/gl\\\/#\\\/schema\\\/logo\\\/image\\\/\"}}]}<\/script>\n<!-- \/ Yoast SEO plugin. -->","yoast_head_json":{"title":"Coello estufado - Supermercados Plenus","robots":{"index":"index","follow":"follow","max-snippet":"max-snippet:-1","max-image-preview":"max-image-preview:large","max-video-preview":"max-video-preview:-1"},"canonical":"https:\/\/www.plenussupermercados.es\/gl\/recetas\/coello-estufado\/","og_locale":"gl_ES","og_type":"article","og_title":"Coello estufado - Supermercados Plenus","og_url":"https:\/\/www.plenussupermercados.es\/gl\/recetas\/coello-estufado\/","og_site_name":"Supermercados Plenus","article_modified_time":"2024-03-25T10:09:18+00:00","og_image":[{"width":841,"height":561,"url":"https:\/\/www.plenussupermercados.es\/wp-content\/uploads\/2024\/03\/conejo-estofado.jpg","type":"image\/jpeg"}],"twitter_card":"summary_large_image","schema":{"@context":"https:\/\/schema.org","@graph":[{"@type":"WebPage","@id":"https:\/\/www.plenussupermercados.es\/gl\/recetas\/coello-estufado\/","url":"https:\/\/www.plenussupermercados.es\/gl\/recetas\/coello-estufado\/","name":"Coello estufado - Supermercados Plenus","isPartOf":{"@id":"https:\/\/www.plenussupermercados.es\/gl\/#website"},"primaryImageOfPage":{"@id":"https:\/\/www.plenussupermercados.es\/gl\/recetas\/coello-estufado\/#primaryimage"},"image":{"@id":"https:\/\/www.plenussupermercados.es\/gl\/recetas\/coello-estufado\/#primaryimage"},"thumbnailUrl":"https:\/\/www.plenussupermercados.es\/wp-content\/uploads\/2024\/03\/conejo-estofado.jpg","datePublished":"2024-01-02T15:43:22+00:00","dateModified":"2024-03-25T10:09:18+00:00","breadcrumb":{"@id":"https:\/\/www.plenussupermercados.es\/gl\/recetas\/coello-estufado\/#breadcrumb"},"inLanguage":"gl-ES","potentialAction":[{"@type":"ReadAction","target":["https:\/\/www.plenussupermercados.es\/gl\/recetas\/coello-estufado\/"]}]},{"@type":"ImageObject","inLanguage":"gl-ES","@id":"https:\/\/www.plenussupermercados.es\/gl\/recetas\/coello-estufado\/#primaryimage","url":"https:\/\/www.plenussupermercados.es\/wp-content\/uploads\/2024\/03\/conejo-estofado.jpg","contentUrl":"https:\/\/www.plenussupermercados.es\/wp-content\/uploads\/2024\/03\/conejo-estofado.jpg","width":841,"height":561},{"@type":"BreadcrumbList","@id":"https:\/\/www.plenussupermercados.es\/gl\/recetas\/coello-estufado\/#breadcrumb","itemListElement":[{"@type":"ListItem","position":1,"name":"Portada","item":"https:\/\/www.plenussupermercados.es\/gl\/"},{"@type":"ListItem","position":2,"name":"Recipes","item":"https:\/\/www.plenussupermercados.es\/gl\/recetas\/"},{"@type":"ListItem","position":3,"name":"Coello estufado"}]},{"@type":"WebSite","@id":"https:\/\/www.plenussupermercados.es\/gl\/#website","url":"https:\/\/www.plenussupermercados.es\/gl\/","name":"Supermercados Plenus","description":"","publisher":{"@id":"https:\/\/www.plenussupermercados.es\/gl\/#organization"},"potentialAction":[{"@type":"SearchAction","target":{"@type":"EntryPoint","urlTemplate":"https:\/\/www.plenussupermercados.es\/gl\/?s={search_term_string}"},"query-input":{"@type":"PropertyValueSpecification","valueRequired":true,"valueName":"search_term_string"}}],"inLanguage":"gl-ES"},{"@type":"Organization","@id":"https:\/\/www.plenussupermercados.es\/gl\/#organization","name":"Supermercados Plenus","url":"https:\/\/www.plenussupermercados.es\/gl\/","logo":{"@type":"ImageObject","inLanguage":"gl-ES","@id":"https:\/\/www.plenussupermercados.es\/gl\/#\/schema\/logo\/image\/","url":"https:\/\/www.plenussupermercados.es\/wp-content\/uploads\/2024\/01\/logo-plenus-supermercados.png","contentUrl":"https:\/\/www.plenussupermercados.es\/wp-content\/uploads\/2024\/01\/logo-plenus-supermercados.png","width":232,"height":57,"caption":"Supermercados Plenus"},"image":{"@id":"https:\/\/www.plenussupermercados.es\/gl\/#\/schema\/logo\/image\/"}}]}},"recipe":{"id":25089,"slug":"coello-estufado","post_status":"publish","post_password":"","post_author":"1","language":"gl","type":"food","image_id":35478,"image_url":"https:\/\/www.plenussupermercados.es\/wp-content\/uploads\/2024\/03\/conejo-estofado.jpg","pin_image_id":35478,"pin_image_url":"https:\/\/www.plenussupermercados.es\/wp-content\/uploads\/2024\/03\/conejo-estofado.jpg","pin_image_repin_id":"","name":"Coello estufado","summary":"","author_display":"default","author_name":"","author_link":"","cost":"","servings":"1","servings_unit":"persona","servings_advanced_enabled":"","servings_advanced":{"shape":"round","unit":"inch","diameter":0,"width":0,"length":0,"height":0},"prep_time":"0","prep_time_zero":"","cook_time":"0","cook_time_zero":"","total_time":"0","custom_time":"0","custom_time_zero":"","custom_time_label":"","tags":{"course":[{"term_id":52,"name":"Segundo prato","slug":"segundo-prato","term_group":0,"term_taxonomy_id":52,"taxonomy":"wprm_course","description":"","parent":0,"count":396,"filter":"raw"}],"cuisine":[],"keyword":[]},"equipment":[],"ingredients":[{"ingredients":[{"uid":0,"amount":"10","unit":"g","name":"Aceite de oliva","notes":"","unit_id":32,"id":253},{"uid":1,"amount":"5","unit":"g","name":"Allo","notes":"","unit_id":32,"id":49},{"uid":2,"amount":"200","unit":"g","name":"Coello","notes":"","unit_id":32,"id":370},{"uid":3,"amount":"30","unit":"g","name":"Ch\u00edcharo","notes":"","unit_id":32,"id":467},{"uid":4,"amount":"1","unit":"g","name":"Loureiro","notes":"","unit_id":32,"id":354},{"uid":5,"amount":"150","unit":"g","name":"Pataca","notes":"","unit_id":32,"id":45},{"uid":6,"amount":"40","unit":"g","name":"Pemento vermello","notes":"","unit_id":32,"id":59},{"uid":7,"amount":"40","unit":"g","name":"Pemento verde","notes":"","unit_id":32,"id":47},{"uid":8,"amount":"0.5","unit":"g","name":"Sal","notes":"","unit_id":32,"id":254},{"uid":9,"amount":"50","unit":"g","name":"Tomate","notes":"","unit_id":32,"id":68},{"uid":10,"amount":"20","unit":"g","name":"Vi\u00f1o branco","notes":"","unit_id":32,"id":373},{"uid":11,"amount":"30","unit":"g","name":"Cenoria","notes":"","unit_id":32,"id":369}],"name":"","uid":-1}],"instructions":[{"instructions":[{"uid":0,"name":"","text":"Prep\u00e1rase un adobo no morteiro con perexil, allo, sal e pementa e \u00fantase moi ben con el o coello. Col\u00f3case nunha bandexa de forno na que se fai unha cama de cebola, manteiga, cravo e loureiro. D\u00e1selle unhas voltas nesta salsa e m\u00e9tese ao forno a lume medio ata que estea dourado. \u00c1brese, un momento, o forno e b\u00e1\u00f1ase o coello con vi\u00f1o branco en abundancia e aprov\u00e9itase para colocar as patacas cortadas en dados para que se coci\u00f1en na salsa e no vi\u00f1o. Rem\u00e1tase a cocci\u00f3n a lume lento para conseguir unha carne tenra, substanciosa e saborosa.","image":0,"ingredients":[]}],"name":"","uid":-1}],"ingredients_flat":[{"uid":0,"amount":"10","unit":"g","name":"Aceite de oliva","notes":"","unit_id":32,"id":253,"type":"ingredient"},{"uid":1,"amount":"5","unit":"g","name":"Allo","notes":"","unit_id":32,"id":49,"type":"ingredient"},{"uid":2,"amount":"200","unit":"g","name":"Coello","notes":"","unit_id":32,"id":370,"type":"ingredient"},{"uid":3,"amount":"30","unit":"g","name":"Ch\u00edcharo","notes":"","unit_id":32,"id":467,"type":"ingredient"},{"uid":4,"amount":"1","unit":"g","name":"Loureiro","notes":"","unit_id":32,"id":354,"type":"ingredient"},{"uid":5,"amount":"150","unit":"g","name":"Pataca","notes":"","unit_id":32,"id":45,"type":"ingredient"},{"uid":6,"amount":"40","unit":"g","name":"Pemento vermello","notes":"","unit_id":32,"id":59,"type":"ingredient"},{"uid":7,"amount":"40","unit":"g","name":"Pemento verde","notes":"","unit_id":32,"id":47,"type":"ingredient"},{"uid":8,"amount":"0.5","unit":"g","name":"Sal","notes":"","unit_id":32,"id":254,"type":"ingredient"},{"uid":9,"amount":"50","unit":"g","name":"Tomate","notes":"","unit_id":32,"id":68,"type":"ingredient"},{"uid":10,"amount":"20","unit":"g","name":"Vi\u00f1o branco","notes":"","unit_id":32,"id":373,"type":"ingredient"},{"uid":11,"amount":"30","unit":"g","name":"Cenoria","notes":"","unit_id":32,"id":369,"type":"ingredient"}],"instructions_flat":[{"uid":0,"name":"","text":"Prep\u00e1rase un adobo no morteiro con perexil, allo, sal e pementa e \u00fantase moi ben con el o coello. Col\u00f3case nunha bandexa de forno na que se fai unha cama de cebola, manteiga, cravo e loureiro. D\u00e1selle unhas voltas nesta salsa e m\u00e9tese ao forno a lume medio ata que estea dourado. \u00c1brese, un momento, o forno e b\u00e1\u00f1ase o coello con vi\u00f1o branco en abundancia e aprov\u00e9itase para colocar as patacas cortadas en dados para que se coci\u00f1en na salsa e no vi\u00f1o. Rem\u00e1tase a cocci\u00f3n a lume lento para conseguir unha carne tenra, substanciosa e saborosa.","image":0,"ingredients":[],"type":"instruction","image_url":""}],"video_id":0,"video_embed":"","video_thumb_url":"https:\/\/www.plenussupermercados.es\/wp-content\/uploads\/2024\/03\/conejo-estofado-150x150.jpg","notes":"<p>O coello presenta unha carne magra, \u00e9 dicir, con menor proporci\u00f3n de graxa e cun baixo contido en calor\u00edas. \u00c9 unha importante fonte de minerais, tales como o f\u00f3sforo, e vitaminas do grupo B, como a vitamina B3, beneficiosa para o crecemento e o desenvolvemento, ao mesmo tempo que destaca o seu baixo contido en sodio permitindo que se poida coci\u00f1ar sen engadir sal. Tr\u00e1tase dunha carne de f\u00e1cil dixesti\u00f3n. Este prato no que o coello se coci\u00f1a estufado \u00e9 unha das formas m\u00e1is estendidas de coci\u00f1ar o coello. <\/p>\n","nutrition":[],"custom_fields":{"source":"DAG","hardness":"","idrecipe":"2923","nutritional":"","language":"GL"},"ingredient_links_type":"global","unit_system":"default"},"_links":{"self":[{"href":"https:\/\/www.plenussupermercados.es\/gl\/wp-json\/wp\/v2\/wprm_recipe\/25089","targetHints":{"allow":["GET"]}}],"collection":[{"href":"https:\/\/www.plenussupermercados.es\/gl\/wp-json\/wp\/v2\/wprm_recipe"}],"about":[{"href":"https:\/\/www.plenussupermercados.es\/gl\/wp-json\/wp\/v2\/types\/wprm_recipe"}],"author":[{"embeddable":true,"href":"https:\/\/www.plenussupermercados.es\/gl\/wp-json\/wp\/v2\/users\/1"}],"version-history":[{"count":2,"href":"https:\/\/www.plenussupermercados.es\/gl\/wp-json\/wp\/v2\/wprm_recipe\/25089\/revisions"}],"predecessor-version":[{"id":35481,"href":"https:\/\/www.plenussupermercados.es\/gl\/wp-json\/wp\/v2\/wprm_recipe\/25089\/revisions\/35481"}],"wp:featuredmedia":[{"embeddable":true,"href":"https:\/\/www.plenussupermercados.es\/gl\/wp-json\/wp\/v2\/media\/35478"}],"wp:attachment":[{"href":"https:\/\/www.plenussupermercados.es\/gl\/wp-json\/wp\/v2\/media?parent=25089"}],"wp:term":[{"taxonomy":"wprm_course","embeddable":true,"href":"https:\/\/www.plenussupermercados.es\/gl\/wp-json\/wp\/v2\/wprm_course?post=25089"},{"taxonomy":"wprm_cuisine","embeddable":true,"href":"https:\/\/www.plenussupermercados.es\/gl\/wp-json\/wp\/v2\/wprm_cuisine?post=25089"},{"taxonomy":"wprm_keyword","embeddable":true,"href":"https:\/\/www.plenussupermercados.es\/gl\/wp-json\/wp\/v2\/wprm_keyword?post=25089"},{"taxonomy":"wprm_ingredient","embeddable":true,"href":"https:\/\/www.plenussupermercados.es\/gl\/wp-json\/wp\/v2\/wprm_ingredient?post=25089"},{"taxonomy":"wprm_ingredient_unit","embeddable":true,"href":"https:\/\/www.plenussupermercados.es\/gl\/wp-json\/wp\/v2\/wprm_ingredient_unit?post=25089"},{"taxonomy":"wprm_glossary_term","embeddable":true,"href":"https:\/\/www.plenussupermercados.es\/gl\/wp-json\/wp\/v2\/wprm_glossary_term?post=25089"},{"taxonomy":"wprm_equipment","embeddable":true,"href":"https:\/\/www.plenussupermercados.es\/gl\/wp-json\/wp\/v2\/wprm_equipment?post=25089"},{"taxonomy":"wprm_nutrition_ingredient","embeddable":true,"href":"https:\/\/www.plenussupermercados.es\/gl\/wp-json\/wp\/v2\/wprm_nutrition_ingredient?post=25089"}],"curies":[{"name":"wp","href":"https:\/\/api.w.org\/{rel}","templated":true}]}}