{"id":26447,"date":"2024-01-02T16:55:35","date_gmt":"2024-01-02T15:55:35","guid":{"rendered":"https:\/\/www.plenussupermercados.es\/\/?post_type=wprm_recipe&#038;p=26447"},"modified":"2024-01-02T16:55:35","modified_gmt":"2024-01-02T15:55:35","slug":"filete-de-perca-ao-vapor-con-verduras","status":"publish","type":"wprm_recipe","link":"https:\/\/www.plenussupermercados.es\/gl\/recetas\/filete-de-perca-ao-vapor-con-verduras\/","title":{"rendered":"Filete de perca ao vapor con verduras"},"content":{"rendered":"","protected":false},"author":1,"featured_media":26448,"template":"","wprm_course":[52],"wprm_cuisine":[],"wprm_keyword":[],"wprm_ingredient":[50,49,82,368,48,369,747,379,44,412,439,249],"wprm_ingredient_unit":[],"wprm_glossary_term":[],"wprm_equipment":[],"wprm_nutrition_ingredient":[],"class_list":["post-26447","wprm_recipe","type-wprm_recipe","status-publish","has-post-thumbnail","hentry","description-off"],"acf":[],"yoast_head":"<!-- This site is optimized with the Yoast SEO plugin v27.5 - https:\/\/yoast.com\/product\/yoast-seo-wordpress\/ -->\n<title>Filete de perca ao vapor con verduras - Supermercados Plenus<\/title>\n<meta name=\"robots\" content=\"index, follow, max-snippet:-1, max-image-preview:large, max-video-preview:-1\" \/>\n<link rel=\"canonical\" href=\"https:\/\/www.plenussupermercados.es\/gl\/recetas\/filete-de-perca-ao-vapor-con-verduras\/\" \/>\n<meta property=\"og:locale\" content=\"gl_ES\" \/>\n<meta property=\"og:type\" content=\"article\" \/>\n<meta property=\"og:title\" content=\"Filete de perca ao vapor con verduras - Supermercados Plenus\" \/>\n<meta property=\"og:url\" content=\"https:\/\/www.plenussupermercados.es\/gl\/recetas\/filete-de-perca-ao-vapor-con-verduras\/\" \/>\n<meta property=\"og:site_name\" content=\"Supermercados Plenus\" \/>\n<meta property=\"og:image\" content=\"https:\/\/www.plenussupermercados.es\/wp-content\/uploads\/2024\/01\/filete-de-perca-al-vapor-con-verduras-564-1.jpg\" \/>\n\t<meta property=\"og:image:width\" content=\"1100\" \/>\n\t<meta property=\"og:image:height\" content=\"733\" \/>\n\t<meta property=\"og:image:type\" content=\"image\/jpeg\" \/>\n<meta name=\"twitter:card\" content=\"summary_large_image\" \/>\n<script type=\"application\/ld+json\" class=\"yoast-schema-graph\">{\"@context\":\"https:\\\/\\\/schema.org\",\"@graph\":[{\"@type\":\"WebPage\",\"@id\":\"https:\\\/\\\/www.plenussupermercados.es\\\/gl\\\/recetas\\\/filete-de-perca-ao-vapor-con-verduras\\\/\",\"url\":\"https:\\\/\\\/www.plenussupermercados.es\\\/gl\\\/recetas\\\/filete-de-perca-ao-vapor-con-verduras\\\/\",\"name\":\"Filete de perca ao vapor con verduras - Supermercados Plenus\",\"isPartOf\":{\"@id\":\"https:\\\/\\\/www.plenussupermercados.es\\\/gl\\\/#website\"},\"primaryImageOfPage\":{\"@id\":\"https:\\\/\\\/www.plenussupermercados.es\\\/gl\\\/recetas\\\/filete-de-perca-ao-vapor-con-verduras\\\/#primaryimage\"},\"image\":{\"@id\":\"https:\\\/\\\/www.plenussupermercados.es\\\/gl\\\/recetas\\\/filete-de-perca-ao-vapor-con-verduras\\\/#primaryimage\"},\"thumbnailUrl\":\"https:\\\/\\\/www.plenussupermercados.es\\\/wp-content\\\/uploads\\\/2024\\\/01\\\/filete-de-perca-al-vapor-con-verduras-564-1.jpg\",\"datePublished\":\"2024-01-02T15:55:35+00:00\",\"breadcrumb\":{\"@id\":\"https:\\\/\\\/www.plenussupermercados.es\\\/gl\\\/recetas\\\/filete-de-perca-ao-vapor-con-verduras\\\/#breadcrumb\"},\"inLanguage\":\"gl-ES\",\"potentialAction\":[{\"@type\":\"ReadAction\",\"target\":[\"https:\\\/\\\/www.plenussupermercados.es\\\/gl\\\/recetas\\\/filete-de-perca-ao-vapor-con-verduras\\\/\"]}]},{\"@type\":\"ImageObject\",\"inLanguage\":\"gl-ES\",\"@id\":\"https:\\\/\\\/www.plenussupermercados.es\\\/gl\\\/recetas\\\/filete-de-perca-ao-vapor-con-verduras\\\/#primaryimage\",\"url\":\"https:\\\/\\\/www.plenussupermercados.es\\\/wp-content\\\/uploads\\\/2024\\\/01\\\/filete-de-perca-al-vapor-con-verduras-564-1.jpg\",\"contentUrl\":\"https:\\\/\\\/www.plenussupermercados.es\\\/wp-content\\\/uploads\\\/2024\\\/01\\\/filete-de-perca-al-vapor-con-verduras-564-1.jpg\",\"width\":1100,\"height\":733},{\"@type\":\"BreadcrumbList\",\"@id\":\"https:\\\/\\\/www.plenussupermercados.es\\\/gl\\\/recetas\\\/filete-de-perca-ao-vapor-con-verduras\\\/#breadcrumb\",\"itemListElement\":[{\"@type\":\"ListItem\",\"position\":1,\"name\":\"Portada\",\"item\":\"https:\\\/\\\/www.plenussupermercados.es\\\/gl\\\/\"},{\"@type\":\"ListItem\",\"position\":2,\"name\":\"Recipes\",\"item\":\"https:\\\/\\\/www.plenussupermercados.es\\\/gl\\\/recetas\\\/\"},{\"@type\":\"ListItem\",\"position\":3,\"name\":\"Filete de perca ao vapor con verduras\"}]},{\"@type\":\"WebSite\",\"@id\":\"https:\\\/\\\/www.plenussupermercados.es\\\/gl\\\/#website\",\"url\":\"https:\\\/\\\/www.plenussupermercados.es\\\/gl\\\/\",\"name\":\"Supermercados Plenus\",\"description\":\"\",\"publisher\":{\"@id\":\"https:\\\/\\\/www.plenussupermercados.es\\\/gl\\\/#organization\"},\"potentialAction\":[{\"@type\":\"SearchAction\",\"target\":{\"@type\":\"EntryPoint\",\"urlTemplate\":\"https:\\\/\\\/www.plenussupermercados.es\\\/gl\\\/?s={search_term_string}\"},\"query-input\":{\"@type\":\"PropertyValueSpecification\",\"valueRequired\":true,\"valueName\":\"search_term_string\"}}],\"inLanguage\":\"gl-ES\"},{\"@type\":\"Organization\",\"@id\":\"https:\\\/\\\/www.plenussupermercados.es\\\/gl\\\/#organization\",\"name\":\"Supermercados Plenus\",\"url\":\"https:\\\/\\\/www.plenussupermercados.es\\\/gl\\\/\",\"logo\":{\"@type\":\"ImageObject\",\"inLanguage\":\"gl-ES\",\"@id\":\"https:\\\/\\\/www.plenussupermercados.es\\\/gl\\\/#\\\/schema\\\/logo\\\/image\\\/\",\"url\":\"https:\\\/\\\/www.plenussupermercados.es\\\/wp-content\\\/uploads\\\/2024\\\/01\\\/logo-plenus-supermercados.png\",\"contentUrl\":\"https:\\\/\\\/www.plenussupermercados.es\\\/wp-content\\\/uploads\\\/2024\\\/01\\\/logo-plenus-supermercados.png\",\"width\":232,\"height\":57,\"caption\":\"Supermercados Plenus\"},\"image\":{\"@id\":\"https:\\\/\\\/www.plenussupermercados.es\\\/gl\\\/#\\\/schema\\\/logo\\\/image\\\/\"}}]}<\/script>\n<!-- \/ Yoast SEO plugin. -->","yoast_head_json":{"title":"Filete de perca ao vapor con verduras - Supermercados Plenus","robots":{"index":"index","follow":"follow","max-snippet":"max-snippet:-1","max-image-preview":"max-image-preview:large","max-video-preview":"max-video-preview:-1"},"canonical":"https:\/\/www.plenussupermercados.es\/gl\/recetas\/filete-de-perca-ao-vapor-con-verduras\/","og_locale":"gl_ES","og_type":"article","og_title":"Filete de perca ao vapor con verduras - Supermercados Plenus","og_url":"https:\/\/www.plenussupermercados.es\/gl\/recetas\/filete-de-perca-ao-vapor-con-verduras\/","og_site_name":"Supermercados Plenus","og_image":[{"width":1100,"height":733,"url":"https:\/\/www.plenussupermercados.es\/wp-content\/uploads\/2024\/01\/filete-de-perca-al-vapor-con-verduras-564-1.jpg","type":"image\/jpeg"}],"twitter_card":"summary_large_image","schema":{"@context":"https:\/\/schema.org","@graph":[{"@type":"WebPage","@id":"https:\/\/www.plenussupermercados.es\/gl\/recetas\/filete-de-perca-ao-vapor-con-verduras\/","url":"https:\/\/www.plenussupermercados.es\/gl\/recetas\/filete-de-perca-ao-vapor-con-verduras\/","name":"Filete de perca ao vapor con verduras - Supermercados Plenus","isPartOf":{"@id":"https:\/\/www.plenussupermercados.es\/gl\/#website"},"primaryImageOfPage":{"@id":"https:\/\/www.plenussupermercados.es\/gl\/recetas\/filete-de-perca-ao-vapor-con-verduras\/#primaryimage"},"image":{"@id":"https:\/\/www.plenussupermercados.es\/gl\/recetas\/filete-de-perca-ao-vapor-con-verduras\/#primaryimage"},"thumbnailUrl":"https:\/\/www.plenussupermercados.es\/wp-content\/uploads\/2024\/01\/filete-de-perca-al-vapor-con-verduras-564-1.jpg","datePublished":"2024-01-02T15:55:35+00:00","breadcrumb":{"@id":"https:\/\/www.plenussupermercados.es\/gl\/recetas\/filete-de-perca-ao-vapor-con-verduras\/#breadcrumb"},"inLanguage":"gl-ES","potentialAction":[{"@type":"ReadAction","target":["https:\/\/www.plenussupermercados.es\/gl\/recetas\/filete-de-perca-ao-vapor-con-verduras\/"]}]},{"@type":"ImageObject","inLanguage":"gl-ES","@id":"https:\/\/www.plenussupermercados.es\/gl\/recetas\/filete-de-perca-ao-vapor-con-verduras\/#primaryimage","url":"https:\/\/www.plenussupermercados.es\/wp-content\/uploads\/2024\/01\/filete-de-perca-al-vapor-con-verduras-564-1.jpg","contentUrl":"https:\/\/www.plenussupermercados.es\/wp-content\/uploads\/2024\/01\/filete-de-perca-al-vapor-con-verduras-564-1.jpg","width":1100,"height":733},{"@type":"BreadcrumbList","@id":"https:\/\/www.plenussupermercados.es\/gl\/recetas\/filete-de-perca-ao-vapor-con-verduras\/#breadcrumb","itemListElement":[{"@type":"ListItem","position":1,"name":"Portada","item":"https:\/\/www.plenussupermercados.es\/gl\/"},{"@type":"ListItem","position":2,"name":"Recipes","item":"https:\/\/www.plenussupermercados.es\/gl\/recetas\/"},{"@type":"ListItem","position":3,"name":"Filete de perca ao vapor con verduras"}]},{"@type":"WebSite","@id":"https:\/\/www.plenussupermercados.es\/gl\/#website","url":"https:\/\/www.plenussupermercados.es\/gl\/","name":"Supermercados Plenus","description":"","publisher":{"@id":"https:\/\/www.plenussupermercados.es\/gl\/#organization"},"potentialAction":[{"@type":"SearchAction","target":{"@type":"EntryPoint","urlTemplate":"https:\/\/www.plenussupermercados.es\/gl\/?s={search_term_string}"},"query-input":{"@type":"PropertyValueSpecification","valueRequired":true,"valueName":"search_term_string"}}],"inLanguage":"gl-ES"},{"@type":"Organization","@id":"https:\/\/www.plenussupermercados.es\/gl\/#organization","name":"Supermercados Plenus","url":"https:\/\/www.plenussupermercados.es\/gl\/","logo":{"@type":"ImageObject","inLanguage":"gl-ES","@id":"https:\/\/www.plenussupermercados.es\/gl\/#\/schema\/logo\/image\/","url":"https:\/\/www.plenussupermercados.es\/wp-content\/uploads\/2024\/01\/logo-plenus-supermercados.png","contentUrl":"https:\/\/www.plenussupermercados.es\/wp-content\/uploads\/2024\/01\/logo-plenus-supermercados.png","width":232,"height":57,"caption":"Supermercados Plenus"},"image":{"@id":"https:\/\/www.plenussupermercados.es\/gl\/#\/schema\/logo\/image\/"}}]}},"recipe":{"id":26447,"slug":"filete-de-perca-ao-vapor-con-verduras","post_status":"publish","post_password":"","post_author":"1","language":"gl","type":"food","image_id":26448,"image_url":"https:\/\/www.plenussupermercados.es\/wp-content\/uploads\/2024\/01\/filete-de-perca-al-vapor-con-verduras-564-1.jpg","pin_image_id":26448,"pin_image_url":"https:\/\/www.plenussupermercados.es\/wp-content\/uploads\/2024\/01\/filete-de-perca-al-vapor-con-verduras-564-1.jpg","pin_image_repin_id":"","name":"Filete de perca ao vapor con verduras","summary":"","author_display":"default","author_name":"","author_link":"","cost":"","servings":"0","servings_unit":"","servings_advanced_enabled":"","servings_advanced":{"shape":"round","unit":"inch","diameter":0,"width":0,"length":0,"height":0},"prep_time":"0","prep_time_zero":"","cook_time":"0","cook_time_zero":"","total_time":"0","custom_time":"0","custom_time_zero":"","custom_time_label":"","tags":{"course":[{"term_id":52,"name":"Segundo prato","slug":"segundo-prato","term_group":0,"term_taxonomy_id":52,"taxonomy":"wprm_course","description":"","parent":0,"count":396,"filter":"raw"}],"cuisine":[],"keyword":[]},"equipment":[],"ingredients":[{"ingredients":[{"uid":0,"amount":"150 g","unit":"","name":"perca","notes":"","id":44},{"uid":1,"amount":"50 g","unit":"","name":"arroz","notes":"","id":82},{"uid":2,"amount":"50 g","unit":"","name":"cabaci\u00f1o","notes":"","id":368},{"uid":3,"amount":"40 g","unit":"","name":"cebola","notes":"","id":48},{"uid":4,"amount":"30 g","unit":"","name":"cenoria","notes":"","id":369},{"uid":5,"amount":"30 g","unit":"","name":"porro","notes":"","id":412},{"uid":6,"amount":"5 g","unit":"","name":"mel","notes":"","id":747},{"uid":7,"amount":"5 mL","unit":"","name":"vinagre m\u00f3dena","notes":"","id":249},{"uid":8,"amount":"5 mL","unit":"","name":"salsa soia","notes":"","id":439},{"uid":9,"amount":"1 dente (5g)","unit":"","name":"allo","notes":"","id":49},{"uid":10,"amount":"1 cullerada sopeira (10mL)","unit":"","name":"aceite oliva","notes":"","id":50},{"uid":11,"amount":"","unit":"","name":"pementa branca","notes":"","id":379}],"name":"","uid":-1}],"instructions":[{"instructions":[{"uid":0,"name":"","text":"Picar a cebola e o perexil. Mesturar vinagre, pementa e mel. Engadir a salsa de soia e aceite de oliva, sen deixar de bater. Cando a salsa estea emulsionada, engadir a cebola e o perexil picados e reservar. Colocar unha pota ao lume con auga (do mesmo tama\u00f1o do cesto de cocci\u00f3n ao vapor) e agregar perexil, allo e cebola picada. Cando o auga empece a ferver, colocar os filetes de perca sobre a base do cesto. Cubrir o peixe co porro, a cenoria e o cabaci\u00f1o cortados en bast\u00f3ns. En canto o auga rompa a ferver, colocar o cesto na pota e tapala; baixar o lume a temperatura media e deixar cocer uns 6-8 minutos, aproximadamente, ata que o peixe cambie de cor. Retirar e servir con arroz en branco e a salsa separadamente.","image":0,"ingredients":[]}],"name":"","uid":-1}],"ingredients_flat":[{"uid":0,"amount":"150 g","unit":"","name":"perca","notes":"","id":44,"type":"ingredient"},{"uid":1,"amount":"50 g","unit":"","name":"arroz","notes":"","id":82,"type":"ingredient"},{"uid":2,"amount":"50 g","unit":"","name":"cabaci\u00f1o","notes":"","id":368,"type":"ingredient"},{"uid":3,"amount":"40 g","unit":"","name":"cebola","notes":"","id":48,"type":"ingredient"},{"uid":4,"amount":"30 g","unit":"","name":"cenoria","notes":"","id":369,"type":"ingredient"},{"uid":5,"amount":"30 g","unit":"","name":"porro","notes":"","id":412,"type":"ingredient"},{"uid":6,"amount":"5 g","unit":"","name":"mel","notes":"","id":747,"type":"ingredient"},{"uid":7,"amount":"5 mL","unit":"","name":"vinagre m\u00f3dena","notes":"","id":249,"type":"ingredient"},{"uid":8,"amount":"5 mL","unit":"","name":"salsa soia","notes":"","id":439,"type":"ingredient"},{"uid":9,"amount":"1 dente (5g)","unit":"","name":"allo","notes":"","id":49,"type":"ingredient"},{"uid":10,"amount":"1 cullerada sopeira (10mL)","unit":"","name":"aceite oliva","notes":"","id":50,"type":"ingredient"},{"uid":11,"amount":"","unit":"","name":"pementa branca","notes":"","id":379,"type":"ingredient"}],"instructions_flat":[{"uid":0,"name":"","text":"Picar a cebola e o perexil. Mesturar vinagre, pementa e mel. Engadir a salsa de soia e aceite de oliva, sen deixar de bater. Cando a salsa estea emulsionada, engadir a cebola e o perexil picados e reservar. Colocar unha pota ao lume con auga (do mesmo tama\u00f1o do cesto de cocci\u00f3n ao vapor) e agregar perexil, allo e cebola picada. Cando o auga empece a ferver, colocar os filetes de perca sobre a base do cesto. Cubrir o peixe co porro, a cenoria e o cabaci\u00f1o cortados en bast\u00f3ns. En canto o auga rompa a ferver, colocar o cesto na pota e tapala; baixar o lume a temperatura media e deixar cocer uns 6-8 minutos, aproximadamente, ata que o peixe cambie de cor. Retirar e servir con arroz en branco e a salsa separadamente.","image":0,"ingredients":[],"type":"instruction","image_url":""}],"video_id":0,"video_embed":"","video_thumb_url":"https:\/\/www.plenussupermercados.es\/wp-content\/uploads\/2024\/01\/filete-de-perca-al-vapor-con-verduras-564-1-150x150.jpg","notes":"<p>Vantaxes:<br \/>A perca \u00e9 un peixe branco, cun baixo contido lip\u00eddico; non presenta unha porcentaxe elevada de prote\u00ednas, pero as que cont\u00e9n son dun alto valor biol\u00f3xico. Ademais, cont\u00e9n vitaminas do grupo B e A, e minerais como potasio, f\u00f3sforo, magnesio e ferro. <\/p>\n","nutrition":[],"custom_fields":{"source":"QFH","hardness":"Media","idrecipe":"564","nutritional":"Kcal: 320,2#Prote\u00ednas: 27,1%#Hidratos de carbono: 37,0%#L\u00edpidos: 35,8%","language":"GL"},"ingredient_links_type":"global","unit_system":"default"},"_links":{"self":[{"href":"https:\/\/www.plenussupermercados.es\/gl\/wp-json\/wp\/v2\/wprm_recipe\/26447","targetHints":{"allow":["GET"]}}],"collection":[{"href":"https:\/\/www.plenussupermercados.es\/gl\/wp-json\/wp\/v2\/wprm_recipe"}],"about":[{"href":"https:\/\/www.plenussupermercados.es\/gl\/wp-json\/wp\/v2\/types\/wprm_recipe"}],"author":[{"embeddable":true,"href":"https:\/\/www.plenussupermercados.es\/gl\/wp-json\/wp\/v2\/users\/1"}],"version-history":[{"count":1,"href":"https:\/\/www.plenussupermercados.es\/gl\/wp-json\/wp\/v2\/wprm_recipe\/26447\/revisions"}],"predecessor-version":[{"id":26450,"href":"https:\/\/www.plenussupermercados.es\/gl\/wp-json\/wp\/v2\/wprm_recipe\/26447\/revisions\/26450"}],"wp:featuredmedia":[{"embeddable":true,"href":"https:\/\/www.plenussupermercados.es\/gl\/wp-json\/wp\/v2\/media\/26448"}],"wp:attachment":[{"href":"https:\/\/www.plenussupermercados.es\/gl\/wp-json\/wp\/v2\/media?parent=26447"}],"wp:term":[{"taxonomy":"wprm_course","embeddable":true,"href":"https:\/\/www.plenussupermercados.es\/gl\/wp-json\/wp\/v2\/wprm_course?post=26447"},{"taxonomy":"wprm_cuisine","embeddable":true,"href":"https:\/\/www.plenussupermercados.es\/gl\/wp-json\/wp\/v2\/wprm_cuisine?post=26447"},{"taxonomy":"wprm_keyword","embeddable":true,"href":"https:\/\/www.plenussupermercados.es\/gl\/wp-json\/wp\/v2\/wprm_keyword?post=26447"},{"taxonomy":"wprm_ingredient","embeddable":true,"href":"https:\/\/www.plenussupermercados.es\/gl\/wp-json\/wp\/v2\/wprm_ingredient?post=26447"},{"taxonomy":"wprm_ingredient_unit","embeddable":true,"href":"https:\/\/www.plenussupermercados.es\/gl\/wp-json\/wp\/v2\/wprm_ingredient_unit?post=26447"},{"taxonomy":"wprm_glossary_term","embeddable":true,"href":"https:\/\/www.plenussupermercados.es\/gl\/wp-json\/wp\/v2\/wprm_glossary_term?post=26447"},{"taxonomy":"wprm_equipment","embeddable":true,"href":"https:\/\/www.plenussupermercados.es\/gl\/wp-json\/wp\/v2\/wprm_equipment?post=26447"},{"taxonomy":"wprm_nutrition_ingredient","embeddable":true,"href":"https:\/\/www.plenussupermercados.es\/gl\/wp-json\/wp\/v2\/wprm_nutrition_ingredient?post=26447"}],"curies":[{"name":"wp","href":"https:\/\/api.w.org\/{rel}","templated":true}]}}