{"id":26511,"date":"2024-01-02T16:55:59","date_gmt":"2024-01-02T15:55:59","guid":{"rendered":"https:\/\/www.plenussupermercados.es\/\/?post_type=wprm_recipe&#038;p=26511"},"modified":"2024-03-25T10:35:42","modified_gmt":"2024-03-25T09:35:42","slug":"fabas-a-bilbaina","status":"publish","type":"wprm_recipe","link":"https:\/\/www.plenussupermercados.es\/gl\/recetas\/fabas-a-bilbaina\/","title":{"rendered":"Fabas \u00e1 bilba\u00edna"},"content":{"rendered":"","protected":false},"author":1,"featured_media":35362,"template":"","wprm_course":[57],"wprm_cuisine":[],"wprm_keyword":[],"wprm_ingredient":[50,49,48,704,354,379,59,353,254,444],"wprm_ingredient_unit":[],"wprm_glossary_term":[],"wprm_equipment":[],"wprm_nutrition_ingredient":[],"class_list":["post-26511","wprm_recipe","type-wprm_recipe","status-publish","has-post-thumbnail","hentry","description-off"],"acf":[],"yoast_head":"<!-- This site is optimized with the Yoast SEO plugin v27.5 - https:\/\/yoast.com\/product\/yoast-seo-wordpress\/ -->\n<title>Fabas \u00e1 bilba\u00edna - Supermercados Plenus<\/title>\n<meta name=\"robots\" content=\"index, follow, max-snippet:-1, max-image-preview:large, max-video-preview:-1\" \/>\n<link rel=\"canonical\" href=\"https:\/\/www.plenussupermercados.es\/gl\/recetas\/fabas-a-bilbaina\/\" \/>\n<meta property=\"og:locale\" content=\"gl_ES\" \/>\n<meta property=\"og:type\" content=\"article\" \/>\n<meta property=\"og:title\" content=\"Fabas \u00e1 bilba\u00edna - Supermercados Plenus\" \/>\n<meta property=\"og:url\" content=\"https:\/\/www.plenussupermercados.es\/gl\/recetas\/fabas-a-bilbaina\/\" \/>\n<meta property=\"og:site_name\" content=\"Supermercados Plenus\" \/>\n<meta property=\"article:modified_time\" content=\"2024-03-25T09:35:42+00:00\" \/>\n<meta property=\"og:image\" content=\"https:\/\/www.plenussupermercados.es\/wp-content\/uploads\/2024\/03\/FABAS-A-BILBAINA.jpg\" \/>\n\t<meta property=\"og:image:width\" content=\"1100\" \/>\n\t<meta property=\"og:image:height\" content=\"733\" \/>\n\t<meta property=\"og:image:type\" content=\"image\/jpeg\" \/>\n<meta name=\"twitter:card\" content=\"summary_large_image\" \/>\n<script type=\"application\/ld+json\" class=\"yoast-schema-graph\">{\"@context\":\"https:\\\/\\\/schema.org\",\"@graph\":[{\"@type\":\"WebPage\",\"@id\":\"https:\\\/\\\/www.plenussupermercados.es\\\/gl\\\/recetas\\\/fabas-a-bilbaina\\\/\",\"url\":\"https:\\\/\\\/www.plenussupermercados.es\\\/gl\\\/recetas\\\/fabas-a-bilbaina\\\/\",\"name\":\"Fabas \u00e1 bilba\u00edna - Supermercados Plenus\",\"isPartOf\":{\"@id\":\"https:\\\/\\\/www.plenussupermercados.es\\\/gl\\\/#website\"},\"primaryImageOfPage\":{\"@id\":\"https:\\\/\\\/www.plenussupermercados.es\\\/gl\\\/recetas\\\/fabas-a-bilbaina\\\/#primaryimage\"},\"image\":{\"@id\":\"https:\\\/\\\/www.plenussupermercados.es\\\/gl\\\/recetas\\\/fabas-a-bilbaina\\\/#primaryimage\"},\"thumbnailUrl\":\"https:\\\/\\\/www.plenussupermercados.es\\\/wp-content\\\/uploads\\\/2024\\\/03\\\/FABAS-A-BILBAINA.jpg\",\"datePublished\":\"2024-01-02T15:55:59+00:00\",\"dateModified\":\"2024-03-25T09:35:42+00:00\",\"breadcrumb\":{\"@id\":\"https:\\\/\\\/www.plenussupermercados.es\\\/gl\\\/recetas\\\/fabas-a-bilbaina\\\/#breadcrumb\"},\"inLanguage\":\"gl-ES\",\"potentialAction\":[{\"@type\":\"ReadAction\",\"target\":[\"https:\\\/\\\/www.plenussupermercados.es\\\/gl\\\/recetas\\\/fabas-a-bilbaina\\\/\"]}]},{\"@type\":\"ImageObject\",\"inLanguage\":\"gl-ES\",\"@id\":\"https:\\\/\\\/www.plenussupermercados.es\\\/gl\\\/recetas\\\/fabas-a-bilbaina\\\/#primaryimage\",\"url\":\"https:\\\/\\\/www.plenussupermercados.es\\\/wp-content\\\/uploads\\\/2024\\\/03\\\/FABAS-A-BILBAINA.jpg\",\"contentUrl\":\"https:\\\/\\\/www.plenussupermercados.es\\\/wp-content\\\/uploads\\\/2024\\\/03\\\/FABAS-A-BILBAINA.jpg\",\"width\":1100,\"height\":733},{\"@type\":\"BreadcrumbList\",\"@id\":\"https:\\\/\\\/www.plenussupermercados.es\\\/gl\\\/recetas\\\/fabas-a-bilbaina\\\/#breadcrumb\",\"itemListElement\":[{\"@type\":\"ListItem\",\"position\":1,\"name\":\"Portada\",\"item\":\"https:\\\/\\\/www.plenussupermercados.es\\\/gl\\\/\"},{\"@type\":\"ListItem\",\"position\":2,\"name\":\"Recipes\",\"item\":\"https:\\\/\\\/www.plenussupermercados.es\\\/gl\\\/recetas\\\/\"},{\"@type\":\"ListItem\",\"position\":3,\"name\":\"Fabas \u00e1 bilba\u00edna\"}]},{\"@type\":\"WebSite\",\"@id\":\"https:\\\/\\\/www.plenussupermercados.es\\\/gl\\\/#website\",\"url\":\"https:\\\/\\\/www.plenussupermercados.es\\\/gl\\\/\",\"name\":\"Supermercados Plenus\",\"description\":\"\",\"publisher\":{\"@id\":\"https:\\\/\\\/www.plenussupermercados.es\\\/gl\\\/#organization\"},\"potentialAction\":[{\"@type\":\"SearchAction\",\"target\":{\"@type\":\"EntryPoint\",\"urlTemplate\":\"https:\\\/\\\/www.plenussupermercados.es\\\/gl\\\/?s={search_term_string}\"},\"query-input\":{\"@type\":\"PropertyValueSpecification\",\"valueRequired\":true,\"valueName\":\"search_term_string\"}}],\"inLanguage\":\"gl-ES\"},{\"@type\":\"Organization\",\"@id\":\"https:\\\/\\\/www.plenussupermercados.es\\\/gl\\\/#organization\",\"name\":\"Supermercados Plenus\",\"url\":\"https:\\\/\\\/www.plenussupermercados.es\\\/gl\\\/\",\"logo\":{\"@type\":\"ImageObject\",\"inLanguage\":\"gl-ES\",\"@id\":\"https:\\\/\\\/www.plenussupermercados.es\\\/gl\\\/#\\\/schema\\\/logo\\\/image\\\/\",\"url\":\"https:\\\/\\\/www.plenussupermercados.es\\\/wp-content\\\/uploads\\\/2024\\\/01\\\/logo-plenus-supermercados.png\",\"contentUrl\":\"https:\\\/\\\/www.plenussupermercados.es\\\/wp-content\\\/uploads\\\/2024\\\/01\\\/logo-plenus-supermercados.png\",\"width\":232,\"height\":57,\"caption\":\"Supermercados Plenus\"},\"image\":{\"@id\":\"https:\\\/\\\/www.plenussupermercados.es\\\/gl\\\/#\\\/schema\\\/logo\\\/image\\\/\"}}]}<\/script>\n<!-- \/ Yoast SEO plugin. -->","yoast_head_json":{"title":"Fabas \u00e1 bilba\u00edna - Supermercados Plenus","robots":{"index":"index","follow":"follow","max-snippet":"max-snippet:-1","max-image-preview":"max-image-preview:large","max-video-preview":"max-video-preview:-1"},"canonical":"https:\/\/www.plenussupermercados.es\/gl\/recetas\/fabas-a-bilbaina\/","og_locale":"gl_ES","og_type":"article","og_title":"Fabas \u00e1 bilba\u00edna - Supermercados Plenus","og_url":"https:\/\/www.plenussupermercados.es\/gl\/recetas\/fabas-a-bilbaina\/","og_site_name":"Supermercados Plenus","article_modified_time":"2024-03-25T09:35:42+00:00","og_image":[{"width":1100,"height":733,"url":"https:\/\/www.plenussupermercados.es\/wp-content\/uploads\/2024\/03\/FABAS-A-BILBAINA.jpg","type":"image\/jpeg"}],"twitter_card":"summary_large_image","schema":{"@context":"https:\/\/schema.org","@graph":[{"@type":"WebPage","@id":"https:\/\/www.plenussupermercados.es\/gl\/recetas\/fabas-a-bilbaina\/","url":"https:\/\/www.plenussupermercados.es\/gl\/recetas\/fabas-a-bilbaina\/","name":"Fabas \u00e1 bilba\u00edna - Supermercados Plenus","isPartOf":{"@id":"https:\/\/www.plenussupermercados.es\/gl\/#website"},"primaryImageOfPage":{"@id":"https:\/\/www.plenussupermercados.es\/gl\/recetas\/fabas-a-bilbaina\/#primaryimage"},"image":{"@id":"https:\/\/www.plenussupermercados.es\/gl\/recetas\/fabas-a-bilbaina\/#primaryimage"},"thumbnailUrl":"https:\/\/www.plenussupermercados.es\/wp-content\/uploads\/2024\/03\/FABAS-A-BILBAINA.jpg","datePublished":"2024-01-02T15:55:59+00:00","dateModified":"2024-03-25T09:35:42+00:00","breadcrumb":{"@id":"https:\/\/www.plenussupermercados.es\/gl\/recetas\/fabas-a-bilbaina\/#breadcrumb"},"inLanguage":"gl-ES","potentialAction":[{"@type":"ReadAction","target":["https:\/\/www.plenussupermercados.es\/gl\/recetas\/fabas-a-bilbaina\/"]}]},{"@type":"ImageObject","inLanguage":"gl-ES","@id":"https:\/\/www.plenussupermercados.es\/gl\/recetas\/fabas-a-bilbaina\/#primaryimage","url":"https:\/\/www.plenussupermercados.es\/wp-content\/uploads\/2024\/03\/FABAS-A-BILBAINA.jpg","contentUrl":"https:\/\/www.plenussupermercados.es\/wp-content\/uploads\/2024\/03\/FABAS-A-BILBAINA.jpg","width":1100,"height":733},{"@type":"BreadcrumbList","@id":"https:\/\/www.plenussupermercados.es\/gl\/recetas\/fabas-a-bilbaina\/#breadcrumb","itemListElement":[{"@type":"ListItem","position":1,"name":"Portada","item":"https:\/\/www.plenussupermercados.es\/gl\/"},{"@type":"ListItem","position":2,"name":"Recipes","item":"https:\/\/www.plenussupermercados.es\/gl\/recetas\/"},{"@type":"ListItem","position":3,"name":"Fabas \u00e1 bilba\u00edna"}]},{"@type":"WebSite","@id":"https:\/\/www.plenussupermercados.es\/gl\/#website","url":"https:\/\/www.plenussupermercados.es\/gl\/","name":"Supermercados Plenus","description":"","publisher":{"@id":"https:\/\/www.plenussupermercados.es\/gl\/#organization"},"potentialAction":[{"@type":"SearchAction","target":{"@type":"EntryPoint","urlTemplate":"https:\/\/www.plenussupermercados.es\/gl\/?s={search_term_string}"},"query-input":{"@type":"PropertyValueSpecification","valueRequired":true,"valueName":"search_term_string"}}],"inLanguage":"gl-ES"},{"@type":"Organization","@id":"https:\/\/www.plenussupermercados.es\/gl\/#organization","name":"Supermercados Plenus","url":"https:\/\/www.plenussupermercados.es\/gl\/","logo":{"@type":"ImageObject","inLanguage":"gl-ES","@id":"https:\/\/www.plenussupermercados.es\/gl\/#\/schema\/logo\/image\/","url":"https:\/\/www.plenussupermercados.es\/wp-content\/uploads\/2024\/01\/logo-plenus-supermercados.png","contentUrl":"https:\/\/www.plenussupermercados.es\/wp-content\/uploads\/2024\/01\/logo-plenus-supermercados.png","width":232,"height":57,"caption":"Supermercados Plenus"},"image":{"@id":"https:\/\/www.plenussupermercados.es\/gl\/#\/schema\/logo\/image\/"}}]}},"recipe":{"id":26511,"slug":"fabas-a-bilbaina","post_status":"publish","post_password":"","post_author":"1","language":"gl","type":"food","image_id":35362,"image_url":"https:\/\/www.plenussupermercados.es\/wp-content\/uploads\/2024\/03\/FABAS-A-BILBAINA.jpg","pin_image_id":35362,"pin_image_url":"https:\/\/www.plenussupermercados.es\/wp-content\/uploads\/2024\/03\/FABAS-A-BILBAINA.jpg","pin_image_repin_id":"","name":"Fabas \u00e1 bilba\u00edna","summary":"","author_display":"default","author_name":"","author_link":"","cost":"","servings":"0","servings_unit":"","servings_advanced_enabled":"","servings_advanced":{"shape":"round","unit":"inch","diameter":0,"width":0,"length":0,"height":0},"prep_time":"0","prep_time_zero":"","cook_time":"0","cook_time_zero":"","total_time":"0","custom_time":"0","custom_time_zero":"","custom_time_label":"","tags":{"course":[{"term_id":57,"name":"Primeiro prato","slug":"primeiro-prato","term_group":0,"term_taxonomy_id":57,"taxonomy":"wprm_course","description":"","parent":0,"count":381,"filter":"raw"}],"cuisine":[],"keyword":[]},"equipment":[],"ingredients":[{"ingredients":[{"uid":0,"amount":"60 g","unit":"","name":"fabas","notes":"","id":704},{"uid":1,"amount":"20 g","unit":"","name":"xam\u00f3n en tacos","notes":"","id":444},{"uid":2,"amount":"20 g","unit":"","name":"pemento vermello","notes":"","id":59},{"uid":3,"amount":"20 g","unit":"","name":"cebola","notes":"","id":48},{"uid":4,"amount":"1 g","unit":"","name":"loureiro","notes":"","id":354},{"uid":5,"amount":"1 g","unit":"","name":"perexil","notes":"","id":353},{"uid":6,"amount":"1 g","unit":"","name":"pementa branca","notes":"","id":379},{"uid":7,"amount":"1 g","unit":"","name":"sal","notes":"","id":254},{"uid":8,"amount":"5 g","unit":"","name":"allo","notes":"","id":49},{"uid":9,"amount":"10 g","unit":"","name":"aceite oliva","notes":"","id":50}],"name":"","uid":-1}],"instructions":[{"instructions":[{"uid":0,"name":"","text":"Deixar as fabas a remollo en auga fr\u00eda, durante a noite anterior. Po\u00f1er as fabas nunha pota con auga fr\u00eda, loureiro e sal. Cando rompa o fervor, engadir m\u00e1is auga fr\u00eda e cocer a modo. Mentras, picar fini\u00f1o o allo e a cebola, o pemento en cadrados e o xam\u00f3n en taqui\u00f1os. Nunha tixola calentar o aceite e refogar o allo, a cebola e o pemento, engadir o xam\u00f3n e deixar que se faga 5 minutos. Cando est\u00e9n casi tenras, engadir o sofrito, sazonae e darlle un fervor final.","image":0,"ingredients":[]}],"name":"","uid":-1}],"ingredients_flat":[{"uid":0,"amount":"60 g","unit":"","name":"fabas","notes":"","id":704,"type":"ingredient"},{"uid":1,"amount":"20 g","unit":"","name":"xam\u00f3n en tacos","notes":"","id":444,"type":"ingredient"},{"uid":2,"amount":"20 g","unit":"","name":"pemento vermello","notes":"","id":59,"type":"ingredient"},{"uid":3,"amount":"20 g","unit":"","name":"cebola","notes":"","id":48,"type":"ingredient"},{"uid":4,"amount":"1 g","unit":"","name":"loureiro","notes":"","id":354,"type":"ingredient"},{"uid":5,"amount":"1 g","unit":"","name":"perexil","notes":"","id":353,"type":"ingredient"},{"uid":6,"amount":"1 g","unit":"","name":"pementa branca","notes":"","id":379,"type":"ingredient"},{"uid":7,"amount":"1 g","unit":"","name":"sal","notes":"","id":254,"type":"ingredient"},{"uid":8,"amount":"5 g","unit":"","name":"allo","notes":"","id":49,"type":"ingredient"},{"uid":9,"amount":"10 g","unit":"","name":"aceite oliva","notes":"","id":50,"type":"ingredient"}],"instructions_flat":[{"uid":0,"name":"","text":"Deixar as fabas a remollo en auga fr\u00eda, durante a noite anterior. Po\u00f1er as fabas nunha pota con auga fr\u00eda, loureiro e sal. Cando rompa o fervor, engadir m\u00e1is auga fr\u00eda e cocer a modo. Mentras, picar fini\u00f1o o allo e a cebola, o pemento en cadrados e o xam\u00f3n en taqui\u00f1os. Nunha tixola calentar o aceite e refogar o allo, a cebola e o pemento, engadir o xam\u00f3n e deixar que se faga 5 minutos. Cando est\u00e9n casi tenras, engadir o sofrito, sazonae e darlle un fervor final.","image":0,"ingredients":[],"type":"instruction","image_url":""}],"video_id":0,"video_embed":"","video_thumb_url":"https:\/\/www.plenussupermercados.es\/wp-content\/uploads\/2024\/03\/FABAS-A-BILBAINA-150x150.jpg","notes":"<p>Vantaxes:<br \/>As fabas son alimentos ricos en fibra, folatos, potasio e ferro, pero os seus compo\u00f1entes principais son os hidratos de carbono. Aportan unha cantidade importante de prote\u00edna vexetal, de peor calidade c\u00e1 de orixe animal, xa que non presentan todos os amino\u00e1cidos esenciais. Axudan a previr o estrinximento, diminu\u00edr o colesterol en sangue e manter os niveis de glucosa en sangue grazas \u00f3 seu elevado contido en fibra soluble. <\/p>\n","nutrition":[],"custom_fields":{"source":"QFH","hardness":"Media","idrecipe":"617","nutritional":"Kcal : 263,4#Prote\u00ednas: 15,68%#Hidratos de carbono:28,84%#L\u00edpidos:10,19%","language":"GL"},"ingredient_links_type":"global","unit_system":"default"},"_links":{"self":[{"href":"https:\/\/www.plenussupermercados.es\/gl\/wp-json\/wp\/v2\/wprm_recipe\/26511","targetHints":{"allow":["GET"]}}],"collection":[{"href":"https:\/\/www.plenussupermercados.es\/gl\/wp-json\/wp\/v2\/wprm_recipe"}],"about":[{"href":"https:\/\/www.plenussupermercados.es\/gl\/wp-json\/wp\/v2\/types\/wprm_recipe"}],"author":[{"embeddable":true,"href":"https:\/\/www.plenussupermercados.es\/gl\/wp-json\/wp\/v2\/users\/1"}],"version-history":[{"count":2,"href":"https:\/\/www.plenussupermercados.es\/gl\/wp-json\/wp\/v2\/wprm_recipe\/26511\/revisions"}],"predecessor-version":[{"id":35365,"href":"https:\/\/www.plenussupermercados.es\/gl\/wp-json\/wp\/v2\/wprm_recipe\/26511\/revisions\/35365"}],"wp:featuredmedia":[{"embeddable":true,"href":"https:\/\/www.plenussupermercados.es\/gl\/wp-json\/wp\/v2\/media\/35362"}],"wp:attachment":[{"href":"https:\/\/www.plenussupermercados.es\/gl\/wp-json\/wp\/v2\/media?parent=26511"}],"wp:term":[{"taxonomy":"wprm_course","embeddable":true,"href":"https:\/\/www.plenussupermercados.es\/gl\/wp-json\/wp\/v2\/wprm_course?post=26511"},{"taxonomy":"wprm_cuisine","embeddable":true,"href":"https:\/\/www.plenussupermercados.es\/gl\/wp-json\/wp\/v2\/wprm_cuisine?post=26511"},{"taxonomy":"wprm_keyword","embeddable":true,"href":"https:\/\/www.plenussupermercados.es\/gl\/wp-json\/wp\/v2\/wprm_keyword?post=26511"},{"taxonomy":"wprm_ingredient","embeddable":true,"href":"https:\/\/www.plenussupermercados.es\/gl\/wp-json\/wp\/v2\/wprm_ingredient?post=26511"},{"taxonomy":"wprm_ingredient_unit","embeddable":true,"href":"https:\/\/www.plenussupermercados.es\/gl\/wp-json\/wp\/v2\/wprm_ingredient_unit?post=26511"},{"taxonomy":"wprm_glossary_term","embeddable":true,"href":"https:\/\/www.plenussupermercados.es\/gl\/wp-json\/wp\/v2\/wprm_glossary_term?post=26511"},{"taxonomy":"wprm_equipment","embeddable":true,"href":"https:\/\/www.plenussupermercados.es\/gl\/wp-json\/wp\/v2\/wprm_equipment?post=26511"},{"taxonomy":"wprm_nutrition_ingredient","embeddable":true,"href":"https:\/\/www.plenussupermercados.es\/gl\/wp-json\/wp\/v2\/wprm_nutrition_ingredient?post=26511"}],"curies":[{"name":"wp","href":"https:\/\/api.w.org\/{rel}","templated":true}]}}