{"id":26535,"date":"2024-01-02T16:56:10","date_gmt":"2024-01-02T15:56:10","guid":{"rendered":"https:\/\/www.plenussupermercados.es\/\/?post_type=wprm_recipe&#038;p=26535"},"modified":"2024-03-14T13:30:21","modified_gmt":"2024-03-14T12:30:21","slug":"crema-fria-de-necoras","status":"publish","type":"wprm_recipe","link":"https:\/\/www.plenussupermercados.es\/gl\/recetas\/crema-fria-de-necoras\/","title":{"rendered":"Crema fr\u00eda de n\u00e9coras"},"content":{"rendered":"","protected":false},"author":1,"featured_media":34515,"template":"","wprm_course":[57],"wprm_cuisine":[],"wprm_keyword":[],"wprm_ingredient":[253,49,82,267,381,384,647,45,469,412,68,373],"wprm_ingredient_unit":[32],"wprm_glossary_term":[],"wprm_equipment":[],"wprm_nutrition_ingredient":[],"class_list":["post-26535","wprm_recipe","type-wprm_recipe","status-publish","has-post-thumbnail","hentry","description-off"],"acf":[],"yoast_head":"<!-- This site is optimized with the Yoast SEO plugin v27.5 - https:\/\/yoast.com\/product\/yoast-seo-wordpress\/ -->\n<title>Crema fr\u00eda de n\u00e9coras - Supermercados Plenus<\/title>\n<meta name=\"robots\" content=\"index, follow, max-snippet:-1, max-image-preview:large, max-video-preview:-1\" \/>\n<link rel=\"canonical\" href=\"https:\/\/www.plenussupermercados.es\/gl\/recetas\/crema-fria-de-necoras\/\" \/>\n<meta property=\"og:locale\" content=\"gl_ES\" \/>\n<meta property=\"og:type\" content=\"article\" \/>\n<meta property=\"og:title\" content=\"Crema fr\u00eda de n\u00e9coras - Supermercados Plenus\" \/>\n<meta property=\"og:url\" content=\"https:\/\/www.plenussupermercados.es\/gl\/recetas\/crema-fria-de-necoras\/\" \/>\n<meta property=\"og:site_name\" content=\"Supermercados Plenus\" \/>\n<meta property=\"article:modified_time\" content=\"2024-03-14T12:30:21+00:00\" \/>\n<meta property=\"og:image\" content=\"https:\/\/www.plenussupermercados.es\/wp-content\/uploads\/2024\/03\/crema-fria-de-necoras-1024x681.jpg\" \/>\n\t<meta property=\"og:image:width\" content=\"1024\" \/>\n\t<meta property=\"og:image:height\" content=\"681\" \/>\n\t<meta property=\"og:image:type\" content=\"image\/jpeg\" \/>\n<meta name=\"twitter:card\" content=\"summary_large_image\" \/>\n<script type=\"application\/ld+json\" class=\"yoast-schema-graph\">{\"@context\":\"https:\\\/\\\/schema.org\",\"@graph\":[{\"@type\":\"WebPage\",\"@id\":\"https:\\\/\\\/www.plenussupermercados.es\\\/gl\\\/recetas\\\/crema-fria-de-necoras\\\/\",\"url\":\"https:\\\/\\\/www.plenussupermercados.es\\\/gl\\\/recetas\\\/crema-fria-de-necoras\\\/\",\"name\":\"Crema fr\u00eda de n\u00e9coras - Supermercados Plenus\",\"isPartOf\":{\"@id\":\"https:\\\/\\\/www.plenussupermercados.es\\\/gl\\\/#website\"},\"primaryImageOfPage\":{\"@id\":\"https:\\\/\\\/www.plenussupermercados.es\\\/gl\\\/recetas\\\/crema-fria-de-necoras\\\/#primaryimage\"},\"image\":{\"@id\":\"https:\\\/\\\/www.plenussupermercados.es\\\/gl\\\/recetas\\\/crema-fria-de-necoras\\\/#primaryimage\"},\"thumbnailUrl\":\"https:\\\/\\\/www.plenussupermercados.es\\\/wp-content\\\/uploads\\\/2024\\\/03\\\/crema-fria-de-necoras.jpg\",\"datePublished\":\"2024-01-02T15:56:10+00:00\",\"dateModified\":\"2024-03-14T12:30:21+00:00\",\"breadcrumb\":{\"@id\":\"https:\\\/\\\/www.plenussupermercados.es\\\/gl\\\/recetas\\\/crema-fria-de-necoras\\\/#breadcrumb\"},\"inLanguage\":\"gl-ES\",\"potentialAction\":[{\"@type\":\"ReadAction\",\"target\":[\"https:\\\/\\\/www.plenussupermercados.es\\\/gl\\\/recetas\\\/crema-fria-de-necoras\\\/\"]}]},{\"@type\":\"ImageObject\",\"inLanguage\":\"gl-ES\",\"@id\":\"https:\\\/\\\/www.plenussupermercados.es\\\/gl\\\/recetas\\\/crema-fria-de-necoras\\\/#primaryimage\",\"url\":\"https:\\\/\\\/www.plenussupermercados.es\\\/wp-content\\\/uploads\\\/2024\\\/03\\\/crema-fria-de-necoras.jpg\",\"contentUrl\":\"https:\\\/\\\/www.plenussupermercados.es\\\/wp-content\\\/uploads\\\/2024\\\/03\\\/crema-fria-de-necoras.jpg\",\"width\":2004,\"height\":1333},{\"@type\":\"BreadcrumbList\",\"@id\":\"https:\\\/\\\/www.plenussupermercados.es\\\/gl\\\/recetas\\\/crema-fria-de-necoras\\\/#breadcrumb\",\"itemListElement\":[{\"@type\":\"ListItem\",\"position\":1,\"name\":\"Portada\",\"item\":\"https:\\\/\\\/www.plenussupermercados.es\\\/gl\\\/\"},{\"@type\":\"ListItem\",\"position\":2,\"name\":\"Recipes\",\"item\":\"https:\\\/\\\/www.plenussupermercados.es\\\/gl\\\/recetas\\\/\"},{\"@type\":\"ListItem\",\"position\":3,\"name\":\"Crema fr\u00eda de n\u00e9coras\"}]},{\"@type\":\"WebSite\",\"@id\":\"https:\\\/\\\/www.plenussupermercados.es\\\/gl\\\/#website\",\"url\":\"https:\\\/\\\/www.plenussupermercados.es\\\/gl\\\/\",\"name\":\"Supermercados Plenus\",\"description\":\"\",\"publisher\":{\"@id\":\"https:\\\/\\\/www.plenussupermercados.es\\\/gl\\\/#organization\"},\"potentialAction\":[{\"@type\":\"SearchAction\",\"target\":{\"@type\":\"EntryPoint\",\"urlTemplate\":\"https:\\\/\\\/www.plenussupermercados.es\\\/gl\\\/?s={search_term_string}\"},\"query-input\":{\"@type\":\"PropertyValueSpecification\",\"valueRequired\":true,\"valueName\":\"search_term_string\"}}],\"inLanguage\":\"gl-ES\"},{\"@type\":\"Organization\",\"@id\":\"https:\\\/\\\/www.plenussupermercados.es\\\/gl\\\/#organization\",\"name\":\"Supermercados Plenus\",\"url\":\"https:\\\/\\\/www.plenussupermercados.es\\\/gl\\\/\",\"logo\":{\"@type\":\"ImageObject\",\"inLanguage\":\"gl-ES\",\"@id\":\"https:\\\/\\\/www.plenussupermercados.es\\\/gl\\\/#\\\/schema\\\/logo\\\/image\\\/\",\"url\":\"https:\\\/\\\/www.plenussupermercados.es\\\/wp-content\\\/uploads\\\/2024\\\/01\\\/logo-plenus-supermercados.png\",\"contentUrl\":\"https:\\\/\\\/www.plenussupermercados.es\\\/wp-content\\\/uploads\\\/2024\\\/01\\\/logo-plenus-supermercados.png\",\"width\":232,\"height\":57,\"caption\":\"Supermercados Plenus\"},\"image\":{\"@id\":\"https:\\\/\\\/www.plenussupermercados.es\\\/gl\\\/#\\\/schema\\\/logo\\\/image\\\/\"}}]}<\/script>\n<!-- \/ Yoast SEO plugin. -->","yoast_head_json":{"title":"Crema fr\u00eda de n\u00e9coras - Supermercados Plenus","robots":{"index":"index","follow":"follow","max-snippet":"max-snippet:-1","max-image-preview":"max-image-preview:large","max-video-preview":"max-video-preview:-1"},"canonical":"https:\/\/www.plenussupermercados.es\/gl\/recetas\/crema-fria-de-necoras\/","og_locale":"gl_ES","og_type":"article","og_title":"Crema fr\u00eda de n\u00e9coras - Supermercados Plenus","og_url":"https:\/\/www.plenussupermercados.es\/gl\/recetas\/crema-fria-de-necoras\/","og_site_name":"Supermercados Plenus","article_modified_time":"2024-03-14T12:30:21+00:00","og_image":[{"width":1024,"height":681,"url":"https:\/\/www.plenussupermercados.es\/wp-content\/uploads\/2024\/03\/crema-fria-de-necoras-1024x681.jpg","type":"image\/jpeg"}],"twitter_card":"summary_large_image","schema":{"@context":"https:\/\/schema.org","@graph":[{"@type":"WebPage","@id":"https:\/\/www.plenussupermercados.es\/gl\/recetas\/crema-fria-de-necoras\/","url":"https:\/\/www.plenussupermercados.es\/gl\/recetas\/crema-fria-de-necoras\/","name":"Crema fr\u00eda de n\u00e9coras - Supermercados Plenus","isPartOf":{"@id":"https:\/\/www.plenussupermercados.es\/gl\/#website"},"primaryImageOfPage":{"@id":"https:\/\/www.plenussupermercados.es\/gl\/recetas\/crema-fria-de-necoras\/#primaryimage"},"image":{"@id":"https:\/\/www.plenussupermercados.es\/gl\/recetas\/crema-fria-de-necoras\/#primaryimage"},"thumbnailUrl":"https:\/\/www.plenussupermercados.es\/wp-content\/uploads\/2024\/03\/crema-fria-de-necoras.jpg","datePublished":"2024-01-02T15:56:10+00:00","dateModified":"2024-03-14T12:30:21+00:00","breadcrumb":{"@id":"https:\/\/www.plenussupermercados.es\/gl\/recetas\/crema-fria-de-necoras\/#breadcrumb"},"inLanguage":"gl-ES","potentialAction":[{"@type":"ReadAction","target":["https:\/\/www.plenussupermercados.es\/gl\/recetas\/crema-fria-de-necoras\/"]}]},{"@type":"ImageObject","inLanguage":"gl-ES","@id":"https:\/\/www.plenussupermercados.es\/gl\/recetas\/crema-fria-de-necoras\/#primaryimage","url":"https:\/\/www.plenussupermercados.es\/wp-content\/uploads\/2024\/03\/crema-fria-de-necoras.jpg","contentUrl":"https:\/\/www.plenussupermercados.es\/wp-content\/uploads\/2024\/03\/crema-fria-de-necoras.jpg","width":2004,"height":1333},{"@type":"BreadcrumbList","@id":"https:\/\/www.plenussupermercados.es\/gl\/recetas\/crema-fria-de-necoras\/#breadcrumb","itemListElement":[{"@type":"ListItem","position":1,"name":"Portada","item":"https:\/\/www.plenussupermercados.es\/gl\/"},{"@type":"ListItem","position":2,"name":"Recipes","item":"https:\/\/www.plenussupermercados.es\/gl\/recetas\/"},{"@type":"ListItem","position":3,"name":"Crema fr\u00eda de n\u00e9coras"}]},{"@type":"WebSite","@id":"https:\/\/www.plenussupermercados.es\/gl\/#website","url":"https:\/\/www.plenussupermercados.es\/gl\/","name":"Supermercados Plenus","description":"","publisher":{"@id":"https:\/\/www.plenussupermercados.es\/gl\/#organization"},"potentialAction":[{"@type":"SearchAction","target":{"@type":"EntryPoint","urlTemplate":"https:\/\/www.plenussupermercados.es\/gl\/?s={search_term_string}"},"query-input":{"@type":"PropertyValueSpecification","valueRequired":true,"valueName":"search_term_string"}}],"inLanguage":"gl-ES"},{"@type":"Organization","@id":"https:\/\/www.plenussupermercados.es\/gl\/#organization","name":"Supermercados Plenus","url":"https:\/\/www.plenussupermercados.es\/gl\/","logo":{"@type":"ImageObject","inLanguage":"gl-ES","@id":"https:\/\/www.plenussupermercados.es\/gl\/#\/schema\/logo\/image\/","url":"https:\/\/www.plenussupermercados.es\/wp-content\/uploads\/2024\/01\/logo-plenus-supermercados.png","contentUrl":"https:\/\/www.plenussupermercados.es\/wp-content\/uploads\/2024\/01\/logo-plenus-supermercados.png","width":232,"height":57,"caption":"Supermercados Plenus"},"image":{"@id":"https:\/\/www.plenussupermercados.es\/gl\/#\/schema\/logo\/image\/"}}]}},"recipe":{"id":26535,"slug":"crema-fria-de-necoras","post_status":"publish","post_password":"","post_author":"1","language":"gl","type":"food","image_id":34515,"image_url":"https:\/\/www.plenussupermercados.es\/wp-content\/uploads\/2024\/03\/crema-fria-de-necoras.jpg","pin_image_id":34515,"pin_image_url":"https:\/\/www.plenussupermercados.es\/wp-content\/uploads\/2024\/03\/crema-fria-de-necoras.jpg","pin_image_repin_id":"","name":"Crema fr\u00eda de n\u00e9coras","summary":"","author_display":"default","author_name":"","author_link":"","cost":"","servings":"1","servings_unit":"persona","servings_advanced_enabled":"","servings_advanced":{"shape":"round","unit":"inch","diameter":0,"width":0,"length":0,"height":0},"prep_time":"0","prep_time_zero":"","cook_time":"0","cook_time_zero":"","total_time":"0","custom_time":"0","custom_time_zero":"","custom_time_label":"","tags":{"course":[{"term_id":57,"name":"Primeiro prato","slug":"primeiro-prato","term_group":0,"term_taxonomy_id":57,"taxonomy":"wprm_course","description":"","parent":0,"count":381,"filter":"raw"}],"cuisine":[],"keyword":[]},"equipment":[],"ingredients":[{"ingredients":[{"uid":0,"amount":"2","unit":"g","name":"Aceite de oliva","notes":"","unit_id":32,"id":253},{"uid":1,"amount":"5","unit":"g","name":"Allo","notes":"","unit_id":32,"id":49},{"uid":2,"amount":"30","unit":"g","name":"Arroz","notes":"","unit_id":32,"id":82},{"uid":3,"amount":"0.20000000298023224","unit":"g","name":"Azafr\u00e1n","notes":"","unit_id":32,"id":267},{"uid":4,"amount":"5","unit":"g","name":"Caldo de peixe","notes":"","unit_id":32,"id":381},{"uid":5,"amount":"3","unit":"g","name":"Manteiga","notes":"","unit_id":32,"id":384},{"uid":6,"amount":"30","unit":"g","name":"N\u00e9cora","notes":"","unit_id":32,"id":647},{"uid":7,"amount":"50","unit":"g","name":"Pataca","notes":"","unit_id":32,"id":45},{"uid":8,"amount":"0.20000000298023224","unit":"g","name":"Pementa negra","notes":"","unit_id":32,"id":469},{"uid":9,"amount":"30","unit":"g","name":"Porro","notes":"","unit_id":32,"id":412},{"uid":10,"amount":"30","unit":"g","name":"Tomate","notes":"","unit_id":32,"id":68},{"uid":11,"amount":"15","unit":"g","name":"Vi\u00f1o branco","notes":"","unit_id":32,"id":373}],"name":"","uid":-1}],"instructions":[{"instructions":[{"uid":0,"name":"","text":"Cocer as n\u00e9coras no caldo de peixe. Escorrer, separar a carne de corpos e patas e reservala. Ferver o caldo coas cascas e cos restos das n\u00e9coras, xunto coa pataca torada, os porros, previamente salteados con manteiga, o tomate, o aceite de oliva, o allo picado, o azafr\u00e1n, o vi\u00f1o branco, a manteiga, a pementa mo\u00edda e o arroz. Deixar que coza, durante 20 min, a lume vivo. Pasar pola trituradora. Po\u00f1er a lume medio e incorporar a crema de leite; deixar uns minutos m\u00e1is ata obter unha consistencia cremosa. Rectificar de sal. Deixar que se arrefr\u00ede, bater de novo e gardar no frigor\u00edfico. Ao servir, mesturar coa carne de n\u00e9cora esmigallada. ","image":0,"ingredients":[]}],"name":"","uid":-1}],"ingredients_flat":[{"uid":0,"amount":"2","unit":"g","name":"Aceite de oliva","notes":"","unit_id":32,"id":253,"type":"ingredient"},{"uid":1,"amount":"5","unit":"g","name":"Allo","notes":"","unit_id":32,"id":49,"type":"ingredient"},{"uid":2,"amount":"30","unit":"g","name":"Arroz","notes":"","unit_id":32,"id":82,"type":"ingredient"},{"uid":3,"amount":"0.20000000298023224","unit":"g","name":"Azafr\u00e1n","notes":"","unit_id":32,"id":267,"type":"ingredient"},{"uid":4,"amount":"5","unit":"g","name":"Caldo de peixe","notes":"","unit_id":32,"id":381,"type":"ingredient"},{"uid":5,"amount":"3","unit":"g","name":"Manteiga","notes":"","unit_id":32,"id":384,"type":"ingredient"},{"uid":6,"amount":"30","unit":"g","name":"N\u00e9cora","notes":"","unit_id":32,"id":647,"type":"ingredient"},{"uid":7,"amount":"50","unit":"g","name":"Pataca","notes":"","unit_id":32,"id":45,"type":"ingredient"},{"uid":8,"amount":"0.20000000298023224","unit":"g","name":"Pementa negra","notes":"","unit_id":32,"id":469,"type":"ingredient"},{"uid":9,"amount":"30","unit":"g","name":"Porro","notes":"","unit_id":32,"id":412,"type":"ingredient"},{"uid":10,"amount":"30","unit":"g","name":"Tomate","notes":"","unit_id":32,"id":68,"type":"ingredient"},{"uid":11,"amount":"15","unit":"g","name":"Vi\u00f1o branco","notes":"","unit_id":32,"id":373,"type":"ingredient"}],"instructions_flat":[{"uid":0,"name":"","text":"Cocer as n\u00e9coras no caldo de peixe. Escorrer, separar a carne de corpos e patas e reservala. Ferver o caldo coas cascas e cos restos das n\u00e9coras, xunto coa pataca torada, os porros, previamente salteados con manteiga, o tomate, o aceite de oliva, o allo picado, o azafr\u00e1n, o vi\u00f1o branco, a manteiga, a pementa mo\u00edda e o arroz. Deixar que coza, durante 20 min, a lume vivo. Pasar pola trituradora. Po\u00f1er a lume medio e incorporar a crema de leite; deixar uns minutos m\u00e1is ata obter unha consistencia cremosa. Rectificar de sal. Deixar que se arrefr\u00ede, bater de novo e gardar no frigor\u00edfico. Ao servir, mesturar coa carne de n\u00e9cora esmigallada. ","image":0,"ingredients":[],"type":"instruction","image_url":""}],"video_id":0,"video_embed":"","video_thumb_url":"https:\/\/www.plenussupermercados.es\/wp-content\/uploads\/2024\/03\/crema-fria-de-necoras-150x150.jpg","notes":"<p>As n\u00e9coras te\u00f1en un contido baixo de graxas. A s\u00faa contribuci\u00f3n proteica \u00e9 elevada, e ao igual que acontece con outros mariscos e o de purinas tam\u00e9n. As persoas con problemas de gota deben evitar o seu consumo. O tomate \u00e9 un grande antioxidante polo seu contido en vitamina C e tam\u00e9n \u00e9 rico en cobre e potasio o que beneficia a persoas hipertensas. O porro, ao igual que o tomate, tam\u00e9n cont\u00e9n potasio que \u00e9 id\u00f3neo para persoas con problemas reum\u00e1ticos, gota e enfermidades de ril. Ao ser unha fonte de fibra act\u00faa como un laxante natural. Presenta unha boa cantidade de vitamina C. As patacas conte\u00f1en enerx\u00eda polo seu contido en hidratos de carbono. Tam\u00e9n conte\u00f1en vitamina C e fibra. <\/p>\n","nutrition":[],"custom_fields":{"source":"DAG","hardness":"","idrecipe":"2932","nutritional":"","language":"GL"},"ingredient_links_type":"global","unit_system":"default"},"_links":{"self":[{"href":"https:\/\/www.plenussupermercados.es\/gl\/wp-json\/wp\/v2\/wprm_recipe\/26535","targetHints":{"allow":["GET"]}}],"collection":[{"href":"https:\/\/www.plenussupermercados.es\/gl\/wp-json\/wp\/v2\/wprm_recipe"}],"about":[{"href":"https:\/\/www.plenussupermercados.es\/gl\/wp-json\/wp\/v2\/types\/wprm_recipe"}],"author":[{"embeddable":true,"href":"https:\/\/www.plenussupermercados.es\/gl\/wp-json\/wp\/v2\/users\/1"}],"version-history":[{"count":2,"href":"https:\/\/www.plenussupermercados.es\/gl\/wp-json\/wp\/v2\/wprm_recipe\/26535\/revisions"}],"predecessor-version":[{"id":34518,"href":"https:\/\/www.plenussupermercados.es\/gl\/wp-json\/wp\/v2\/wprm_recipe\/26535\/revisions\/34518"}],"wp:featuredmedia":[{"embeddable":true,"href":"https:\/\/www.plenussupermercados.es\/gl\/wp-json\/wp\/v2\/media\/34515"}],"wp:attachment":[{"href":"https:\/\/www.plenussupermercados.es\/gl\/wp-json\/wp\/v2\/media?parent=26535"}],"wp:term":[{"taxonomy":"wprm_course","embeddable":true,"href":"https:\/\/www.plenussupermercados.es\/gl\/wp-json\/wp\/v2\/wprm_course?post=26535"},{"taxonomy":"wprm_cuisine","embeddable":true,"href":"https:\/\/www.plenussupermercados.es\/gl\/wp-json\/wp\/v2\/wprm_cuisine?post=26535"},{"taxonomy":"wprm_keyword","embeddable":true,"href":"https:\/\/www.plenussupermercados.es\/gl\/wp-json\/wp\/v2\/wprm_keyword?post=26535"},{"taxonomy":"wprm_ingredient","embeddable":true,"href":"https:\/\/www.plenussupermercados.es\/gl\/wp-json\/wp\/v2\/wprm_ingredient?post=26535"},{"taxonomy":"wprm_ingredient_unit","embeddable":true,"href":"https:\/\/www.plenussupermercados.es\/gl\/wp-json\/wp\/v2\/wprm_ingredient_unit?post=26535"},{"taxonomy":"wprm_glossary_term","embeddable":true,"href":"https:\/\/www.plenussupermercados.es\/gl\/wp-json\/wp\/v2\/wprm_glossary_term?post=26535"},{"taxonomy":"wprm_equipment","embeddable":true,"href":"https:\/\/www.plenussupermercados.es\/gl\/wp-json\/wp\/v2\/wprm_equipment?post=26535"},{"taxonomy":"wprm_nutrition_ingredient","embeddable":true,"href":"https:\/\/www.plenussupermercados.es\/gl\/wp-json\/wp\/v2\/wprm_nutrition_ingredient?post=26535"}],"curies":[{"name":"wp","href":"https:\/\/api.w.org\/{rel}","templated":true}]}}