{"id":26627,"date":"2024-01-02T16:56:53","date_gmt":"2024-01-02T15:56:53","guid":{"rendered":"https:\/\/www.plenussupermercados.es\/\/?post_type=wprm_recipe&#038;p=26627"},"modified":"2024-05-27T11:59:13","modified_gmt":"2024-05-27T09:59:13","slug":"ensalada-de-patacas-e-mexillons","status":"publish","type":"wprm_recipe","link":"https:\/\/www.plenussupermercados.es\/gl\/recetas\/ensalada-de-patacas-e-mexillons\/","title":{"rendered":"Ensalada de patacas e mexill\u00f3ns"},"content":{"rendered":"","protected":false},"author":1,"featured_media":37557,"template":"","wprm_course":[57],"wprm_cuisine":[],"wprm_keyword":[],"wprm_ingredient":[253,48,754,354,492,385,45,353,254,61],"wprm_ingredient_unit":[32],"wprm_glossary_term":[],"wprm_equipment":[],"wprm_nutrition_ingredient":[],"class_list":["post-26627","wprm_recipe","type-wprm_recipe","status-publish","has-post-thumbnail","hentry","description-off"],"acf":[],"yoast_head":"<!-- This site is optimized with the Yoast SEO plugin v27.5 - https:\/\/yoast.com\/product\/yoast-seo-wordpress\/ -->\n<title>Ensalada de patacas e mexill\u00f3ns - Supermercados Plenus<\/title>\n<meta name=\"robots\" content=\"index, follow, max-snippet:-1, max-image-preview:large, max-video-preview:-1\" \/>\n<link rel=\"canonical\" href=\"https:\/\/www.plenussupermercados.es\/gl\/recetas\/ensalada-de-patacas-e-mexillons\/\" \/>\n<meta property=\"og:locale\" content=\"gl_ES\" \/>\n<meta property=\"og:type\" content=\"article\" \/>\n<meta property=\"og:title\" content=\"Ensalada de patacas e mexill\u00f3ns - Supermercados Plenus\" \/>\n<meta property=\"og:url\" content=\"https:\/\/www.plenussupermercados.es\/gl\/recetas\/ensalada-de-patacas-e-mexillons\/\" \/>\n<meta property=\"og:site_name\" content=\"Supermercados Plenus\" \/>\n<meta property=\"article:modified_time\" content=\"2024-05-27T09:59:13+00:00\" \/>\n<meta property=\"og:image\" content=\"https:\/\/www.plenussupermercados.es\/wp-content\/uploads\/2024\/05\/ensalada-de-patatas-y-mejillones-scaled.jpg\" \/>\n\t<meta property=\"og:image:width\" content=\"2560\" \/>\n\t<meta property=\"og:image:height\" content=\"1702\" \/>\n\t<meta property=\"og:image:type\" content=\"image\/jpeg\" \/>\n<meta name=\"twitter:card\" content=\"summary_large_image\" \/>\n<script type=\"application\/ld+json\" class=\"yoast-schema-graph\">{\"@context\":\"https:\\\/\\\/schema.org\",\"@graph\":[{\"@type\":\"WebPage\",\"@id\":\"https:\\\/\\\/www.plenussupermercados.es\\\/gl\\\/recetas\\\/ensalada-de-patacas-e-mexillons\\\/\",\"url\":\"https:\\\/\\\/www.plenussupermercados.es\\\/gl\\\/recetas\\\/ensalada-de-patacas-e-mexillons\\\/\",\"name\":\"Ensalada de patacas e mexill\u00f3ns - Supermercados Plenus\",\"isPartOf\":{\"@id\":\"https:\\\/\\\/www.plenussupermercados.es\\\/gl\\\/#website\"},\"primaryImageOfPage\":{\"@id\":\"https:\\\/\\\/www.plenussupermercados.es\\\/gl\\\/recetas\\\/ensalada-de-patacas-e-mexillons\\\/#primaryimage\"},\"image\":{\"@id\":\"https:\\\/\\\/www.plenussupermercados.es\\\/gl\\\/recetas\\\/ensalada-de-patacas-e-mexillons\\\/#primaryimage\"},\"thumbnailUrl\":\"https:\\\/\\\/www.plenussupermercados.es\\\/wp-content\\\/uploads\\\/2024\\\/05\\\/ensalada-de-patatas-y-mejillones-scaled.jpg\",\"datePublished\":\"2024-01-02T15:56:53+00:00\",\"dateModified\":\"2024-05-27T09:59:13+00:00\",\"breadcrumb\":{\"@id\":\"https:\\\/\\\/www.plenussupermercados.es\\\/gl\\\/recetas\\\/ensalada-de-patacas-e-mexillons\\\/#breadcrumb\"},\"inLanguage\":\"gl-ES\",\"potentialAction\":[{\"@type\":\"ReadAction\",\"target\":[\"https:\\\/\\\/www.plenussupermercados.es\\\/gl\\\/recetas\\\/ensalada-de-patacas-e-mexillons\\\/\"]}]},{\"@type\":\"ImageObject\",\"inLanguage\":\"gl-ES\",\"@id\":\"https:\\\/\\\/www.plenussupermercados.es\\\/gl\\\/recetas\\\/ensalada-de-patacas-e-mexillons\\\/#primaryimage\",\"url\":\"https:\\\/\\\/www.plenussupermercados.es\\\/wp-content\\\/uploads\\\/2024\\\/05\\\/ensalada-de-patatas-y-mejillones-scaled.jpg\",\"contentUrl\":\"https:\\\/\\\/www.plenussupermercados.es\\\/wp-content\\\/uploads\\\/2024\\\/05\\\/ensalada-de-patatas-y-mejillones-scaled.jpg\",\"width\":2560,\"height\":1702},{\"@type\":\"BreadcrumbList\",\"@id\":\"https:\\\/\\\/www.plenussupermercados.es\\\/gl\\\/recetas\\\/ensalada-de-patacas-e-mexillons\\\/#breadcrumb\",\"itemListElement\":[{\"@type\":\"ListItem\",\"position\":1,\"name\":\"Portada\",\"item\":\"https:\\\/\\\/www.plenussupermercados.es\\\/gl\\\/\"},{\"@type\":\"ListItem\",\"position\":2,\"name\":\"Recipes\",\"item\":\"https:\\\/\\\/www.plenussupermercados.es\\\/gl\\\/recetas\\\/\"},{\"@type\":\"ListItem\",\"position\":3,\"name\":\"Ensalada de patacas e mexill\u00f3ns\"}]},{\"@type\":\"WebSite\",\"@id\":\"https:\\\/\\\/www.plenussupermercados.es\\\/gl\\\/#website\",\"url\":\"https:\\\/\\\/www.plenussupermercados.es\\\/gl\\\/\",\"name\":\"Supermercados Plenus\",\"description\":\"\",\"publisher\":{\"@id\":\"https:\\\/\\\/www.plenussupermercados.es\\\/gl\\\/#organization\"},\"potentialAction\":[{\"@type\":\"SearchAction\",\"target\":{\"@type\":\"EntryPoint\",\"urlTemplate\":\"https:\\\/\\\/www.plenussupermercados.es\\\/gl\\\/?s={search_term_string}\"},\"query-input\":{\"@type\":\"PropertyValueSpecification\",\"valueRequired\":true,\"valueName\":\"search_term_string\"}}],\"inLanguage\":\"gl-ES\"},{\"@type\":\"Organization\",\"@id\":\"https:\\\/\\\/www.plenussupermercados.es\\\/gl\\\/#organization\",\"name\":\"Supermercados Plenus\",\"url\":\"https:\\\/\\\/www.plenussupermercados.es\\\/gl\\\/\",\"logo\":{\"@type\":\"ImageObject\",\"inLanguage\":\"gl-ES\",\"@id\":\"https:\\\/\\\/www.plenussupermercados.es\\\/gl\\\/#\\\/schema\\\/logo\\\/image\\\/\",\"url\":\"https:\\\/\\\/www.plenussupermercados.es\\\/wp-content\\\/uploads\\\/2024\\\/01\\\/logo-plenus-supermercados.png\",\"contentUrl\":\"https:\\\/\\\/www.plenussupermercados.es\\\/wp-content\\\/uploads\\\/2024\\\/01\\\/logo-plenus-supermercados.png\",\"width\":232,\"height\":57,\"caption\":\"Supermercados Plenus\"},\"image\":{\"@id\":\"https:\\\/\\\/www.plenussupermercados.es\\\/gl\\\/#\\\/schema\\\/logo\\\/image\\\/\"}}]}<\/script>\n<!-- \/ Yoast SEO plugin. -->","yoast_head_json":{"title":"Ensalada de patacas e mexill\u00f3ns - Supermercados Plenus","robots":{"index":"index","follow":"follow","max-snippet":"max-snippet:-1","max-image-preview":"max-image-preview:large","max-video-preview":"max-video-preview:-1"},"canonical":"https:\/\/www.plenussupermercados.es\/gl\/recetas\/ensalada-de-patacas-e-mexillons\/","og_locale":"gl_ES","og_type":"article","og_title":"Ensalada de patacas e mexill\u00f3ns - Supermercados Plenus","og_url":"https:\/\/www.plenussupermercados.es\/gl\/recetas\/ensalada-de-patacas-e-mexillons\/","og_site_name":"Supermercados Plenus","article_modified_time":"2024-05-27T09:59:13+00:00","og_image":[{"width":2560,"height":1702,"url":"https:\/\/www.plenussupermercados.es\/wp-content\/uploads\/2024\/05\/ensalada-de-patatas-y-mejillones-scaled.jpg","type":"image\/jpeg"}],"twitter_card":"summary_large_image","schema":{"@context":"https:\/\/schema.org","@graph":[{"@type":"WebPage","@id":"https:\/\/www.plenussupermercados.es\/gl\/recetas\/ensalada-de-patacas-e-mexillons\/","url":"https:\/\/www.plenussupermercados.es\/gl\/recetas\/ensalada-de-patacas-e-mexillons\/","name":"Ensalada de patacas e mexill\u00f3ns - Supermercados Plenus","isPartOf":{"@id":"https:\/\/www.plenussupermercados.es\/gl\/#website"},"primaryImageOfPage":{"@id":"https:\/\/www.plenussupermercados.es\/gl\/recetas\/ensalada-de-patacas-e-mexillons\/#primaryimage"},"image":{"@id":"https:\/\/www.plenussupermercados.es\/gl\/recetas\/ensalada-de-patacas-e-mexillons\/#primaryimage"},"thumbnailUrl":"https:\/\/www.plenussupermercados.es\/wp-content\/uploads\/2024\/05\/ensalada-de-patatas-y-mejillones-scaled.jpg","datePublished":"2024-01-02T15:56:53+00:00","dateModified":"2024-05-27T09:59:13+00:00","breadcrumb":{"@id":"https:\/\/www.plenussupermercados.es\/gl\/recetas\/ensalada-de-patacas-e-mexillons\/#breadcrumb"},"inLanguage":"gl-ES","potentialAction":[{"@type":"ReadAction","target":["https:\/\/www.plenussupermercados.es\/gl\/recetas\/ensalada-de-patacas-e-mexillons\/"]}]},{"@type":"ImageObject","inLanguage":"gl-ES","@id":"https:\/\/www.plenussupermercados.es\/gl\/recetas\/ensalada-de-patacas-e-mexillons\/#primaryimage","url":"https:\/\/www.plenussupermercados.es\/wp-content\/uploads\/2024\/05\/ensalada-de-patatas-y-mejillones-scaled.jpg","contentUrl":"https:\/\/www.plenussupermercados.es\/wp-content\/uploads\/2024\/05\/ensalada-de-patatas-y-mejillones-scaled.jpg","width":2560,"height":1702},{"@type":"BreadcrumbList","@id":"https:\/\/www.plenussupermercados.es\/gl\/recetas\/ensalada-de-patacas-e-mexillons\/#breadcrumb","itemListElement":[{"@type":"ListItem","position":1,"name":"Portada","item":"https:\/\/www.plenussupermercados.es\/gl\/"},{"@type":"ListItem","position":2,"name":"Recipes","item":"https:\/\/www.plenussupermercados.es\/gl\/recetas\/"},{"@type":"ListItem","position":3,"name":"Ensalada de patacas e mexill\u00f3ns"}]},{"@type":"WebSite","@id":"https:\/\/www.plenussupermercados.es\/gl\/#website","url":"https:\/\/www.plenussupermercados.es\/gl\/","name":"Supermercados Plenus","description":"","publisher":{"@id":"https:\/\/www.plenussupermercados.es\/gl\/#organization"},"potentialAction":[{"@type":"SearchAction","target":{"@type":"EntryPoint","urlTemplate":"https:\/\/www.plenussupermercados.es\/gl\/?s={search_term_string}"},"query-input":{"@type":"PropertyValueSpecification","valueRequired":true,"valueName":"search_term_string"}}],"inLanguage":"gl-ES"},{"@type":"Organization","@id":"https:\/\/www.plenussupermercados.es\/gl\/#organization","name":"Supermercados Plenus","url":"https:\/\/www.plenussupermercados.es\/gl\/","logo":{"@type":"ImageObject","inLanguage":"gl-ES","@id":"https:\/\/www.plenussupermercados.es\/gl\/#\/schema\/logo\/image\/","url":"https:\/\/www.plenussupermercados.es\/wp-content\/uploads\/2024\/01\/logo-plenus-supermercados.png","contentUrl":"https:\/\/www.plenussupermercados.es\/wp-content\/uploads\/2024\/01\/logo-plenus-supermercados.png","width":232,"height":57,"caption":"Supermercados Plenus"},"image":{"@id":"https:\/\/www.plenussupermercados.es\/gl\/#\/schema\/logo\/image\/"}}]}},"recipe":{"id":26627,"slug":"ensalada-de-patacas-e-mexillons","post_status":"publish","post_password":"","post_author":"1","language":"gl","type":"food","image_id":37557,"image_url":"https:\/\/www.plenussupermercados.es\/wp-content\/uploads\/2024\/05\/ensalada-de-patatas-y-mejillones-scaled.jpg","pin_image_id":37557,"pin_image_url":"https:\/\/www.plenussupermercados.es\/wp-content\/uploads\/2024\/05\/ensalada-de-patatas-y-mejillones-scaled.jpg","pin_image_repin_id":"","name":"Ensalada de patacas e mexill\u00f3ns","summary":"","author_display":"default","author_name":"","author_link":"","cost":"","servings":"1","servings_unit":"persona","servings_advanced_enabled":"","servings_advanced":{"shape":"round","unit":"inch","diameter":0,"width":0,"length":0,"height":0},"prep_time":"0","prep_time_zero":"","cook_time":"0","cook_time_zero":"","total_time":"0","custom_time":"0","custom_time_zero":"","custom_time_label":"","tags":{"course":[{"term_id":57,"name":"Primeiro prato","slug":"primeiro-prato","term_group":0,"term_taxonomy_id":57,"taxonomy":"wprm_course","description":"","parent":0,"count":381,"filter":"raw"}],"cuisine":[],"keyword":[]},"equipment":[],"ingredients":[{"ingredients":[{"uid":0,"amount":"0.5","unit":"g","name":"Aceite de oliva","notes":"","unit_id":32,"id":253},{"uid":1,"amount":"40","unit":"g","name":"Cebola","notes":"","unit_id":32,"id":48},{"uid":2,"amount":"60","unit":"g","name":"Ovo","notes":"","unit_id":32,"id":385},{"uid":3,"amount":"1","unit":"g","name":"Loureiro","notes":"","unit_id":32,"id":354},{"uid":4,"amount":"100","unit":"g","name":"Leituga","notes":"","unit_id":32,"id":754},{"uid":5,"amount":"35","unit":"g","name":"Mexill\u00f3n","notes":"","unit_id":32,"id":492},{"uid":6,"amount":"60","unit":"g","name":"Pataca","notes":"","unit_id":32,"id":45},{"uid":7,"amount":"1","unit":"g","name":"Perexil","notes":"","unit_id":32,"id":353},{"uid":8,"amount":"0.5","unit":"g","name":"Sal","notes":"","unit_id":32,"id":254},{"uid":9,"amount":"0.5","unit":"g","name":"Vinagre","notes":"","unit_id":32,"id":61}],"name":"","uid":-1}],"instructions":[{"instructions":[{"uid":0,"name":"","text":"Colocamos nunha fonte a leituga, as patacas cocidas con loureiro e os mexill\u00f3ns cocidos de igual modo, e enchemos cunha salsa de cebola, ovo, perexil, aceite e vinagre.","image":0,"ingredients":[]}],"name":"","uid":-1}],"ingredients_flat":[{"uid":0,"amount":"0.5","unit":"g","name":"Aceite de oliva","notes":"","unit_id":32,"id":253,"type":"ingredient"},{"uid":1,"amount":"40","unit":"g","name":"Cebola","notes":"","unit_id":32,"id":48,"type":"ingredient"},{"uid":2,"amount":"60","unit":"g","name":"Ovo","notes":"","unit_id":32,"id":385,"type":"ingredient"},{"uid":3,"amount":"1","unit":"g","name":"Loureiro","notes":"","unit_id":32,"id":354,"type":"ingredient"},{"uid":4,"amount":"100","unit":"g","name":"Leituga","notes":"","unit_id":32,"id":754,"type":"ingredient"},{"uid":5,"amount":"35","unit":"g","name":"Mexill\u00f3n","notes":"","unit_id":32,"id":492,"type":"ingredient"},{"uid":6,"amount":"60","unit":"g","name":"Pataca","notes":"","unit_id":32,"id":45,"type":"ingredient"},{"uid":7,"amount":"1","unit":"g","name":"Perexil","notes":"","unit_id":32,"id":353,"type":"ingredient"},{"uid":8,"amount":"0.5","unit":"g","name":"Sal","notes":"","unit_id":32,"id":254,"type":"ingredient"},{"uid":9,"amount":"0.5","unit":"g","name":"Vinagre","notes":"","unit_id":32,"id":61,"type":"ingredient"}],"instructions_flat":[{"uid":0,"name":"","text":"Colocamos nunha fonte a leituga, as patacas cocidas con loureiro e os mexill\u00f3ns cocidos de igual modo, e enchemos cunha salsa de cebola, ovo, perexil, aceite e vinagre.","image":0,"ingredients":[],"type":"instruction","image_url":""}],"video_id":0,"video_embed":"","video_thumb_url":"https:\/\/www.plenussupermercados.es\/wp-content\/uploads\/2024\/05\/ensalada-de-patatas-y-mejillones-150x150.jpg","notes":"<p>As patacas son ricas en hidratos de carbono e en fibra. Esta \u00faltima fai que sexan adecuadas para persoas que seguen dietas de adelgazamento. Ademais o seu contido en calor\u00edas \u00e9 baixo. Son unha boa fonte de vitamina C, ferro e magnesio pero pobres en potasio e sodio o que as fai axeitadas para persoas con hipertensi\u00f3n. O mexill\u00f3n cont\u00e9n prote\u00ednas de boa calidade. Ademais, o seu nivel de graxas e calor\u00edas \u00e9 baixo. Destaca, tam\u00e9n, o iodo na s\u00faa composici\u00f3n. A leituga pos\u00fae fibra \u00e1 ensalada pero con pouco sodio polo que \u00e9 boa para persoas hipertensas. Tam\u00e9n ten funci\u00f3ns antioxidantes pola presenza da vitamina C, E e o betacaroteno. <\/p>\n","nutrition":[],"custom_fields":{"source":"DAG","hardness":"","idrecipe":"2955","nutritional":"","language":"GL"},"ingredient_links_type":"global","unit_system":"default"},"_links":{"self":[{"href":"https:\/\/www.plenussupermercados.es\/gl\/wp-json\/wp\/v2\/wprm_recipe\/26627","targetHints":{"allow":["GET"]}}],"collection":[{"href":"https:\/\/www.plenussupermercados.es\/gl\/wp-json\/wp\/v2\/wprm_recipe"}],"about":[{"href":"https:\/\/www.plenussupermercados.es\/gl\/wp-json\/wp\/v2\/types\/wprm_recipe"}],"author":[{"embeddable":true,"href":"https:\/\/www.plenussupermercados.es\/gl\/wp-json\/wp\/v2\/users\/1"}],"version-history":[{"count":2,"href":"https:\/\/www.plenussupermercados.es\/gl\/wp-json\/wp\/v2\/wprm_recipe\/26627\/revisions"}],"predecessor-version":[{"id":37560,"href":"https:\/\/www.plenussupermercados.es\/gl\/wp-json\/wp\/v2\/wprm_recipe\/26627\/revisions\/37560"}],"wp:featuredmedia":[{"embeddable":true,"href":"https:\/\/www.plenussupermercados.es\/gl\/wp-json\/wp\/v2\/media\/37557"}],"wp:attachment":[{"href":"https:\/\/www.plenussupermercados.es\/gl\/wp-json\/wp\/v2\/media?parent=26627"}],"wp:term":[{"taxonomy":"wprm_course","embeddable":true,"href":"https:\/\/www.plenussupermercados.es\/gl\/wp-json\/wp\/v2\/wprm_course?post=26627"},{"taxonomy":"wprm_cuisine","embeddable":true,"href":"https:\/\/www.plenussupermercados.es\/gl\/wp-json\/wp\/v2\/wprm_cuisine?post=26627"},{"taxonomy":"wprm_keyword","embeddable":true,"href":"https:\/\/www.plenussupermercados.es\/gl\/wp-json\/wp\/v2\/wprm_keyword?post=26627"},{"taxonomy":"wprm_ingredient","embeddable":true,"href":"https:\/\/www.plenussupermercados.es\/gl\/wp-json\/wp\/v2\/wprm_ingredient?post=26627"},{"taxonomy":"wprm_ingredient_unit","embeddable":true,"href":"https:\/\/www.plenussupermercados.es\/gl\/wp-json\/wp\/v2\/wprm_ingredient_unit?post=26627"},{"taxonomy":"wprm_glossary_term","embeddable":true,"href":"https:\/\/www.plenussupermercados.es\/gl\/wp-json\/wp\/v2\/wprm_glossary_term?post=26627"},{"taxonomy":"wprm_equipment","embeddable":true,"href":"https:\/\/www.plenussupermercados.es\/gl\/wp-json\/wp\/v2\/wprm_equipment?post=26627"},{"taxonomy":"wprm_nutrition_ingredient","embeddable":true,"href":"https:\/\/www.plenussupermercados.es\/gl\/wp-json\/wp\/v2\/wprm_nutrition_ingredient?post=26627"}],"curies":[{"name":"wp","href":"https:\/\/api.w.org\/{rel}","templated":true}]}}