{"id":26691,"date":"2024-01-02T16:57:23","date_gmt":"2024-01-02T15:57:23","guid":{"rendered":"https:\/\/www.plenussupermercados.es\/\/?post_type=wprm_recipe&#038;p=26691"},"modified":"2024-06-21T10:52:11","modified_gmt":"2024-06-21T08:52:11","slug":"galo-de-vila-de-cruces","status":"publish","type":"wprm_recipe","link":"https:\/\/www.plenussupermercados.es\/gl\/recetas\/galo-de-vila-de-cruces\/","title":{"rendered":"Galo de Vila de Cruces"},"content":{"rendered":"","protected":false},"author":1,"featured_media":37826,"template":"","wprm_course":[52],"wprm_cuisine":[],"wprm_keyword":[],"wprm_ingredient":[253,49,488,665,768,45,47,59,353,254,373],"wprm_ingredient_unit":[32],"wprm_glossary_term":[],"wprm_equipment":[],"wprm_nutrition_ingredient":[],"class_list":["post-26691","wprm_recipe","type-wprm_recipe","status-publish","has-post-thumbnail","hentry","description-off"],"acf":[],"yoast_head":"<!-- This site is optimized with the Yoast SEO plugin v27.5 - https:\/\/yoast.com\/product\/yoast-seo-wordpress\/ -->\n<title>Galo de Vila de Cruces - Supermercados Plenus<\/title>\n<meta name=\"robots\" content=\"index, follow, max-snippet:-1, max-image-preview:large, max-video-preview:-1\" \/>\n<link rel=\"canonical\" href=\"https:\/\/www.plenussupermercados.es\/gl\/recetas\/galo-de-vila-de-cruces\/\" \/>\n<meta property=\"og:locale\" content=\"gl_ES\" \/>\n<meta property=\"og:type\" content=\"article\" \/>\n<meta property=\"og:title\" content=\"Galo de Vila de Cruces - Supermercados Plenus\" \/>\n<meta property=\"og:url\" content=\"https:\/\/www.plenussupermercados.es\/gl\/recetas\/galo-de-vila-de-cruces\/\" \/>\n<meta property=\"og:site_name\" content=\"Supermercados Plenus\" \/>\n<meta property=\"article:modified_time\" content=\"2024-06-21T08:52:11+00:00\" \/>\n<meta property=\"og:image\" content=\"https:\/\/www.plenussupermercados.es\/wp-content\/uploads\/2024\/06\/gallo-de-vila-de-cruces.jpg\" \/>\n\t<meta property=\"og:image:width\" content=\"2306\" \/>\n\t<meta property=\"og:image:height\" content=\"1543\" \/>\n\t<meta property=\"og:image:type\" content=\"image\/jpeg\" \/>\n<meta name=\"twitter:card\" content=\"summary_large_image\" \/>\n<script type=\"application\/ld+json\" class=\"yoast-schema-graph\">{\"@context\":\"https:\\\/\\\/schema.org\",\"@graph\":[{\"@type\":\"WebPage\",\"@id\":\"https:\\\/\\\/www.plenussupermercados.es\\\/gl\\\/recetas\\\/galo-de-vila-de-cruces\\\/\",\"url\":\"https:\\\/\\\/www.plenussupermercados.es\\\/gl\\\/recetas\\\/galo-de-vila-de-cruces\\\/\",\"name\":\"Galo de Vila de Cruces - Supermercados Plenus\",\"isPartOf\":{\"@id\":\"https:\\\/\\\/www.plenussupermercados.es\\\/gl\\\/#website\"},\"primaryImageOfPage\":{\"@id\":\"https:\\\/\\\/www.plenussupermercados.es\\\/gl\\\/recetas\\\/galo-de-vila-de-cruces\\\/#primaryimage\"},\"image\":{\"@id\":\"https:\\\/\\\/www.plenussupermercados.es\\\/gl\\\/recetas\\\/galo-de-vila-de-cruces\\\/#primaryimage\"},\"thumbnailUrl\":\"https:\\\/\\\/www.plenussupermercados.es\\\/wp-content\\\/uploads\\\/2024\\\/06\\\/gallo-de-vila-de-cruces.jpg\",\"datePublished\":\"2024-01-02T15:57:23+00:00\",\"dateModified\":\"2024-06-21T08:52:11+00:00\",\"breadcrumb\":{\"@id\":\"https:\\\/\\\/www.plenussupermercados.es\\\/gl\\\/recetas\\\/galo-de-vila-de-cruces\\\/#breadcrumb\"},\"inLanguage\":\"gl-ES\",\"potentialAction\":[{\"@type\":\"ReadAction\",\"target\":[\"https:\\\/\\\/www.plenussupermercados.es\\\/gl\\\/recetas\\\/galo-de-vila-de-cruces\\\/\"]}]},{\"@type\":\"ImageObject\",\"inLanguage\":\"gl-ES\",\"@id\":\"https:\\\/\\\/www.plenussupermercados.es\\\/gl\\\/recetas\\\/galo-de-vila-de-cruces\\\/#primaryimage\",\"url\":\"https:\\\/\\\/www.plenussupermercados.es\\\/wp-content\\\/uploads\\\/2024\\\/06\\\/gallo-de-vila-de-cruces.jpg\",\"contentUrl\":\"https:\\\/\\\/www.plenussupermercados.es\\\/wp-content\\\/uploads\\\/2024\\\/06\\\/gallo-de-vila-de-cruces.jpg\",\"width\":2306,\"height\":1543},{\"@type\":\"BreadcrumbList\",\"@id\":\"https:\\\/\\\/www.plenussupermercados.es\\\/gl\\\/recetas\\\/galo-de-vila-de-cruces\\\/#breadcrumb\",\"itemListElement\":[{\"@type\":\"ListItem\",\"position\":1,\"name\":\"Portada\",\"item\":\"https:\\\/\\\/www.plenussupermercados.es\\\/gl\\\/\"},{\"@type\":\"ListItem\",\"position\":2,\"name\":\"Recipes\",\"item\":\"https:\\\/\\\/www.plenussupermercados.es\\\/gl\\\/recetas\\\/\"},{\"@type\":\"ListItem\",\"position\":3,\"name\":\"Galo de Vila de Cruces\"}]},{\"@type\":\"WebSite\",\"@id\":\"https:\\\/\\\/www.plenussupermercados.es\\\/gl\\\/#website\",\"url\":\"https:\\\/\\\/www.plenussupermercados.es\\\/gl\\\/\",\"name\":\"Supermercados Plenus\",\"description\":\"\",\"publisher\":{\"@id\":\"https:\\\/\\\/www.plenussupermercados.es\\\/gl\\\/#organization\"},\"potentialAction\":[{\"@type\":\"SearchAction\",\"target\":{\"@type\":\"EntryPoint\",\"urlTemplate\":\"https:\\\/\\\/www.plenussupermercados.es\\\/gl\\\/?s={search_term_string}\"},\"query-input\":{\"@type\":\"PropertyValueSpecification\",\"valueRequired\":true,\"valueName\":\"search_term_string\"}}],\"inLanguage\":\"gl-ES\"},{\"@type\":\"Organization\",\"@id\":\"https:\\\/\\\/www.plenussupermercados.es\\\/gl\\\/#organization\",\"name\":\"Supermercados Plenus\",\"url\":\"https:\\\/\\\/www.plenussupermercados.es\\\/gl\\\/\",\"logo\":{\"@type\":\"ImageObject\",\"inLanguage\":\"gl-ES\",\"@id\":\"https:\\\/\\\/www.plenussupermercados.es\\\/gl\\\/#\\\/schema\\\/logo\\\/image\\\/\",\"url\":\"https:\\\/\\\/www.plenussupermercados.es\\\/wp-content\\\/uploads\\\/2024\\\/01\\\/logo-plenus-supermercados.png\",\"contentUrl\":\"https:\\\/\\\/www.plenussupermercados.es\\\/wp-content\\\/uploads\\\/2024\\\/01\\\/logo-plenus-supermercados.png\",\"width\":232,\"height\":57,\"caption\":\"Supermercados Plenus\"},\"image\":{\"@id\":\"https:\\\/\\\/www.plenussupermercados.es\\\/gl\\\/#\\\/schema\\\/logo\\\/image\\\/\"}}]}<\/script>\n<!-- \/ Yoast SEO plugin. -->","yoast_head_json":{"title":"Galo de Vila de Cruces - Supermercados Plenus","robots":{"index":"index","follow":"follow","max-snippet":"max-snippet:-1","max-image-preview":"max-image-preview:large","max-video-preview":"max-video-preview:-1"},"canonical":"https:\/\/www.plenussupermercados.es\/gl\/recetas\/galo-de-vila-de-cruces\/","og_locale":"gl_ES","og_type":"article","og_title":"Galo de Vila de Cruces - Supermercados Plenus","og_url":"https:\/\/www.plenussupermercados.es\/gl\/recetas\/galo-de-vila-de-cruces\/","og_site_name":"Supermercados Plenus","article_modified_time":"2024-06-21T08:52:11+00:00","og_image":[{"width":2306,"height":1543,"url":"https:\/\/www.plenussupermercados.es\/wp-content\/uploads\/2024\/06\/gallo-de-vila-de-cruces.jpg","type":"image\/jpeg"}],"twitter_card":"summary_large_image","schema":{"@context":"https:\/\/schema.org","@graph":[{"@type":"WebPage","@id":"https:\/\/www.plenussupermercados.es\/gl\/recetas\/galo-de-vila-de-cruces\/","url":"https:\/\/www.plenussupermercados.es\/gl\/recetas\/galo-de-vila-de-cruces\/","name":"Galo de Vila de Cruces - Supermercados Plenus","isPartOf":{"@id":"https:\/\/www.plenussupermercados.es\/gl\/#website"},"primaryImageOfPage":{"@id":"https:\/\/www.plenussupermercados.es\/gl\/recetas\/galo-de-vila-de-cruces\/#primaryimage"},"image":{"@id":"https:\/\/www.plenussupermercados.es\/gl\/recetas\/galo-de-vila-de-cruces\/#primaryimage"},"thumbnailUrl":"https:\/\/www.plenussupermercados.es\/wp-content\/uploads\/2024\/06\/gallo-de-vila-de-cruces.jpg","datePublished":"2024-01-02T15:57:23+00:00","dateModified":"2024-06-21T08:52:11+00:00","breadcrumb":{"@id":"https:\/\/www.plenussupermercados.es\/gl\/recetas\/galo-de-vila-de-cruces\/#breadcrumb"},"inLanguage":"gl-ES","potentialAction":[{"@type":"ReadAction","target":["https:\/\/www.plenussupermercados.es\/gl\/recetas\/galo-de-vila-de-cruces\/"]}]},{"@type":"ImageObject","inLanguage":"gl-ES","@id":"https:\/\/www.plenussupermercados.es\/gl\/recetas\/galo-de-vila-de-cruces\/#primaryimage","url":"https:\/\/www.plenussupermercados.es\/wp-content\/uploads\/2024\/06\/gallo-de-vila-de-cruces.jpg","contentUrl":"https:\/\/www.plenussupermercados.es\/wp-content\/uploads\/2024\/06\/gallo-de-vila-de-cruces.jpg","width":2306,"height":1543},{"@type":"BreadcrumbList","@id":"https:\/\/www.plenussupermercados.es\/gl\/recetas\/galo-de-vila-de-cruces\/#breadcrumb","itemListElement":[{"@type":"ListItem","position":1,"name":"Portada","item":"https:\/\/www.plenussupermercados.es\/gl\/"},{"@type":"ListItem","position":2,"name":"Recipes","item":"https:\/\/www.plenussupermercados.es\/gl\/recetas\/"},{"@type":"ListItem","position":3,"name":"Galo de Vila de Cruces"}]},{"@type":"WebSite","@id":"https:\/\/www.plenussupermercados.es\/gl\/#website","url":"https:\/\/www.plenussupermercados.es\/gl\/","name":"Supermercados Plenus","description":"","publisher":{"@id":"https:\/\/www.plenussupermercados.es\/gl\/#organization"},"potentialAction":[{"@type":"SearchAction","target":{"@type":"EntryPoint","urlTemplate":"https:\/\/www.plenussupermercados.es\/gl\/?s={search_term_string}"},"query-input":{"@type":"PropertyValueSpecification","valueRequired":true,"valueName":"search_term_string"}}],"inLanguage":"gl-ES"},{"@type":"Organization","@id":"https:\/\/www.plenussupermercados.es\/gl\/#organization","name":"Supermercados Plenus","url":"https:\/\/www.plenussupermercados.es\/gl\/","logo":{"@type":"ImageObject","inLanguage":"gl-ES","@id":"https:\/\/www.plenussupermercados.es\/gl\/#\/schema\/logo\/image\/","url":"https:\/\/www.plenussupermercados.es\/wp-content\/uploads\/2024\/01\/logo-plenus-supermercados.png","contentUrl":"https:\/\/www.plenussupermercados.es\/wp-content\/uploads\/2024\/01\/logo-plenus-supermercados.png","width":232,"height":57,"caption":"Supermercados Plenus"},"image":{"@id":"https:\/\/www.plenussupermercados.es\/gl\/#\/schema\/logo\/image\/"}}]}},"recipe":{"id":26691,"slug":"galo-de-vila-de-cruces","post_status":"publish","post_password":"","post_author":"1","language":"gl","type":"food","image_id":37826,"image_url":"https:\/\/www.plenussupermercados.es\/wp-content\/uploads\/2024\/06\/gallo-de-vila-de-cruces.jpg","pin_image_id":37826,"pin_image_url":"https:\/\/www.plenussupermercados.es\/wp-content\/uploads\/2024\/06\/gallo-de-vila-de-cruces.jpg","pin_image_repin_id":"","name":"Galo de Vila de Cruces","summary":"","author_display":"default","author_name":"","author_link":"","cost":"","servings":"1","servings_unit":"persona","servings_advanced_enabled":"","servings_advanced":{"shape":"round","unit":"inch","diameter":0,"width":0,"length":0,"height":0},"prep_time":"0","prep_time_zero":"","cook_time":"0","cook_time_zero":"","total_time":"0","custom_time":"0","custom_time_zero":"","custom_time_label":"","tags":{"course":[{"term_id":52,"name":"Segundo prato","slug":"segundo-prato","term_group":0,"term_taxonomy_id":52,"taxonomy":"wprm_course","description":"","parent":0,"count":396,"filter":"raw"}],"cuisine":[],"keyword":[]},"equipment":[],"ingredients":[{"ingredients":[{"uid":0,"amount":"10","unit":"g","name":"Aceite de oliva","notes":"","unit_id":32,"id":253},{"uid":1,"amount":"5","unit":"g","name":"Allo","notes":"","unit_id":32,"id":49},{"uid":2,"amount":"40","unit":"g","name":"Caldo de polo","notes":"","unit_id":32,"id":488},{"uid":3,"amount":"0","unit":"g","name":"Colorante","notes":"","unit_id":32,"id":665},{"uid":4,"amount":"180","unit":"g","name":"Galo","notes":"","unit_id":32,"id":768},{"uid":5,"amount":"120","unit":"g","name":"Pataca","notes":"","unit_id":32,"id":45},{"uid":6,"amount":"1","unit":"g","name":"Perexil","notes":"","unit_id":32,"id":353},{"uid":7,"amount":"40","unit":"g","name":"Pemento vermello","notes":"","unit_id":32,"id":59},{"uid":8,"amount":"40","unit":"g","name":"Pemento verde","notes":"","unit_id":32,"id":47},{"uid":9,"amount":"1","unit":"g","name":"Sal","notes":"","unit_id":32,"id":254},{"uid":10,"amount":"40","unit":"g","name":"Vi\u00f1o branco","notes":"","unit_id":32,"id":373}],"name":"","uid":-1}],"instructions":[{"instructions":[{"uid":0,"name":"","text":"Primeiro cortamos o galo en toros, despois deixar\u00e9molo permanecer polo menos un d\u00eda en adobo con vi\u00f1o branco, cebola, perexil, allo, sal e aceite de oliva. Durante outras d\u00faas horas cocer\u00e9molo a lume lento nunha cazola de barro ba\u00f1ado en caldo, vi\u00f1o branco, aceite, pementos vermello e verde, cebola e allo.","image":0,"ingredients":[]}],"name":"","uid":-1}],"ingredients_flat":[{"uid":0,"amount":"10","unit":"g","name":"Aceite de oliva","notes":"","unit_id":32,"id":253,"type":"ingredient"},{"uid":1,"amount":"5","unit":"g","name":"Allo","notes":"","unit_id":32,"id":49,"type":"ingredient"},{"uid":2,"amount":"40","unit":"g","name":"Caldo de polo","notes":"","unit_id":32,"id":488,"type":"ingredient"},{"uid":3,"amount":"0","unit":"g","name":"Colorante","notes":"","unit_id":32,"id":665,"type":"ingredient"},{"uid":4,"amount":"180","unit":"g","name":"Galo","notes":"","unit_id":32,"id":768,"type":"ingredient"},{"uid":5,"amount":"120","unit":"g","name":"Pataca","notes":"","unit_id":32,"id":45,"type":"ingredient"},{"uid":6,"amount":"1","unit":"g","name":"Perexil","notes":"","unit_id":32,"id":353,"type":"ingredient"},{"uid":7,"amount":"40","unit":"g","name":"Pemento vermello","notes":"","unit_id":32,"id":59,"type":"ingredient"},{"uid":8,"amount":"40","unit":"g","name":"Pemento verde","notes":"","unit_id":32,"id":47,"type":"ingredient"},{"uid":9,"amount":"1","unit":"g","name":"Sal","notes":"","unit_id":32,"id":254,"type":"ingredient"},{"uid":10,"amount":"40","unit":"g","name":"Vi\u00f1o branco","notes":"","unit_id":32,"id":373,"type":"ingredient"}],"instructions_flat":[{"uid":0,"name":"","text":"Primeiro cortamos o galo en toros, despois deixar\u00e9molo permanecer polo menos un d\u00eda en adobo con vi\u00f1o branco, cebola, perexil, allo, sal e aceite de oliva. Durante outras d\u00faas horas cocer\u00e9molo a lume lento nunha cazola de barro ba\u00f1ado en caldo, vi\u00f1o branco, aceite, pementos vermello e verde, cebola e allo.","image":0,"ingredients":[],"type":"instruction","image_url":""}],"video_id":0,"video_embed":"","video_thumb_url":"https:\/\/www.plenussupermercados.es\/wp-content\/uploads\/2024\/06\/gallo-de-vila-de-cruces-150x150.jpg","notes":"<p>O galo desta vila pontevedresa cr\u00edase en condici\u00f3ns de semiliberdade no curral, desta forma qu\u00e9rese conseguir que se cr\u00ede como antigamente nas casas campesi\u00f1as. Esta forma de cr\u00eda, imitando \u00e1 de antano, consiste en que se alimenta sobre todo con cereais, sen ning\u00fan tipo aditivos, ao aire libre. Isto fai que a s\u00faa carne sexa moi apreciada e conte\u00f1a moi pouca graxa. Cons\u00f3mese nas grandes celebraci\u00f3ns, como a do Nadal. <\/p>\n","nutrition":[],"custom_fields":{"source":"DAG","hardness":"","idrecipe":"2971","nutritional":"","language":"GL"},"ingredient_links_type":"global","unit_system":"default"},"_links":{"self":[{"href":"https:\/\/www.plenussupermercados.es\/gl\/wp-json\/wp\/v2\/wprm_recipe\/26691","targetHints":{"allow":["GET"]}}],"collection":[{"href":"https:\/\/www.plenussupermercados.es\/gl\/wp-json\/wp\/v2\/wprm_recipe"}],"about":[{"href":"https:\/\/www.plenussupermercados.es\/gl\/wp-json\/wp\/v2\/types\/wprm_recipe"}],"author":[{"embeddable":true,"href":"https:\/\/www.plenussupermercados.es\/gl\/wp-json\/wp\/v2\/users\/1"}],"version-history":[{"count":2,"href":"https:\/\/www.plenussupermercados.es\/gl\/wp-json\/wp\/v2\/wprm_recipe\/26691\/revisions"}],"predecessor-version":[{"id":37830,"href":"https:\/\/www.plenussupermercados.es\/gl\/wp-json\/wp\/v2\/wprm_recipe\/26691\/revisions\/37830"}],"wp:featuredmedia":[{"embeddable":true,"href":"https:\/\/www.plenussupermercados.es\/gl\/wp-json\/wp\/v2\/media\/37826"}],"wp:attachment":[{"href":"https:\/\/www.plenussupermercados.es\/gl\/wp-json\/wp\/v2\/media?parent=26691"}],"wp:term":[{"taxonomy":"wprm_course","embeddable":true,"href":"https:\/\/www.plenussupermercados.es\/gl\/wp-json\/wp\/v2\/wprm_course?post=26691"},{"taxonomy":"wprm_cuisine","embeddable":true,"href":"https:\/\/www.plenussupermercados.es\/gl\/wp-json\/wp\/v2\/wprm_cuisine?post=26691"},{"taxonomy":"wprm_keyword","embeddable":true,"href":"https:\/\/www.plenussupermercados.es\/gl\/wp-json\/wp\/v2\/wprm_keyword?post=26691"},{"taxonomy":"wprm_ingredient","embeddable":true,"href":"https:\/\/www.plenussupermercados.es\/gl\/wp-json\/wp\/v2\/wprm_ingredient?post=26691"},{"taxonomy":"wprm_ingredient_unit","embeddable":true,"href":"https:\/\/www.plenussupermercados.es\/gl\/wp-json\/wp\/v2\/wprm_ingredient_unit?post=26691"},{"taxonomy":"wprm_glossary_term","embeddable":true,"href":"https:\/\/www.plenussupermercados.es\/gl\/wp-json\/wp\/v2\/wprm_glossary_term?post=26691"},{"taxonomy":"wprm_equipment","embeddable":true,"href":"https:\/\/www.plenussupermercados.es\/gl\/wp-json\/wp\/v2\/wprm_equipment?post=26691"},{"taxonomy":"wprm_nutrition_ingredient","embeddable":true,"href":"https:\/\/www.plenussupermercados.es\/gl\/wp-json\/wp\/v2\/wprm_nutrition_ingredient?post=26691"}],"curies":[{"name":"wp","href":"https:\/\/api.w.org\/{rel}","templated":true}]}}