{"id":26731,"date":"2024-01-02T16:57:40","date_gmt":"2024-01-02T15:57:40","guid":{"rendered":"https:\/\/www.plenussupermercados.es\/\/?post_type=wprm_recipe&#038;p=26731"},"modified":"2024-04-01T12:13:02","modified_gmt":"2024-04-01T10:13:02","slug":"lacon-asado","status":"publish","type":"wprm_recipe","link":"https:\/\/www.plenussupermercados.es\/gl\/recetas\/lacon-asado\/","title":{"rendered":"Lac\u00f3n asado"},"content":{"rendered":"","protected":false},"author":1,"featured_media":35778,"template":"","wprm_course":[52],"wprm_cuisine":[],"wprm_keyword":[],"wprm_ingredient":[253,49,346,62,45,465,373],"wprm_ingredient_unit":[32],"wprm_glossary_term":[],"wprm_equipment":[],"wprm_nutrition_ingredient":[],"class_list":["post-26731","wprm_recipe","type-wprm_recipe","status-publish","has-post-thumbnail","hentry","description-off"],"acf":[],"yoast_head":"<!-- This site is optimized with the Yoast SEO plugin v27.5 - https:\/\/yoast.com\/product\/yoast-seo-wordpress\/ -->\n<title>Lac\u00f3n asado - Supermercados Plenus<\/title>\n<meta name=\"robots\" content=\"index, follow, max-snippet:-1, max-image-preview:large, max-video-preview:-1\" \/>\n<link rel=\"canonical\" href=\"https:\/\/www.plenussupermercados.es\/gl\/recetas\/lacon-asado\/\" \/>\n<meta property=\"og:locale\" content=\"gl_ES\" \/>\n<meta property=\"og:type\" content=\"article\" \/>\n<meta property=\"og:title\" content=\"Lac\u00f3n asado - Supermercados Plenus\" \/>\n<meta property=\"og:url\" content=\"https:\/\/www.plenussupermercados.es\/gl\/recetas\/lacon-asado\/\" \/>\n<meta property=\"og:site_name\" content=\"Supermercados Plenus\" \/>\n<meta property=\"article:modified_time\" content=\"2024-04-01T10:13:02+00:00\" \/>\n<meta property=\"og:image\" content=\"https:\/\/www.plenussupermercados.es\/wp-content\/uploads\/2024\/04\/lacon-asado.jpg\" \/>\n\t<meta property=\"og:image:width\" content=\"1536\" \/>\n\t<meta property=\"og:image:height\" content=\"1024\" \/>\n\t<meta property=\"og:image:type\" content=\"image\/jpeg\" \/>\n<meta name=\"twitter:card\" content=\"summary_large_image\" \/>\n<script type=\"application\/ld+json\" class=\"yoast-schema-graph\">{\"@context\":\"https:\\\/\\\/schema.org\",\"@graph\":[{\"@type\":\"WebPage\",\"@id\":\"https:\\\/\\\/www.plenussupermercados.es\\\/gl\\\/recetas\\\/lacon-asado\\\/\",\"url\":\"https:\\\/\\\/www.plenussupermercados.es\\\/gl\\\/recetas\\\/lacon-asado\\\/\",\"name\":\"Lac\u00f3n asado - Supermercados Plenus\",\"isPartOf\":{\"@id\":\"https:\\\/\\\/www.plenussupermercados.es\\\/gl\\\/#website\"},\"primaryImageOfPage\":{\"@id\":\"https:\\\/\\\/www.plenussupermercados.es\\\/gl\\\/recetas\\\/lacon-asado\\\/#primaryimage\"},\"image\":{\"@id\":\"https:\\\/\\\/www.plenussupermercados.es\\\/gl\\\/recetas\\\/lacon-asado\\\/#primaryimage\"},\"thumbnailUrl\":\"https:\\\/\\\/www.plenussupermercados.es\\\/wp-content\\\/uploads\\\/2024\\\/04\\\/lacon-asado.jpg\",\"datePublished\":\"2024-01-02T15:57:40+00:00\",\"dateModified\":\"2024-04-01T10:13:02+00:00\",\"breadcrumb\":{\"@id\":\"https:\\\/\\\/www.plenussupermercados.es\\\/gl\\\/recetas\\\/lacon-asado\\\/#breadcrumb\"},\"inLanguage\":\"gl-ES\",\"potentialAction\":[{\"@type\":\"ReadAction\",\"target\":[\"https:\\\/\\\/www.plenussupermercados.es\\\/gl\\\/recetas\\\/lacon-asado\\\/\"]}]},{\"@type\":\"ImageObject\",\"inLanguage\":\"gl-ES\",\"@id\":\"https:\\\/\\\/www.plenussupermercados.es\\\/gl\\\/recetas\\\/lacon-asado\\\/#primaryimage\",\"url\":\"https:\\\/\\\/www.plenussupermercados.es\\\/wp-content\\\/uploads\\\/2024\\\/04\\\/lacon-asado.jpg\",\"contentUrl\":\"https:\\\/\\\/www.plenussupermercados.es\\\/wp-content\\\/uploads\\\/2024\\\/04\\\/lacon-asado.jpg\",\"width\":1536,\"height\":1024},{\"@type\":\"BreadcrumbList\",\"@id\":\"https:\\\/\\\/www.plenussupermercados.es\\\/gl\\\/recetas\\\/lacon-asado\\\/#breadcrumb\",\"itemListElement\":[{\"@type\":\"ListItem\",\"position\":1,\"name\":\"Portada\",\"item\":\"https:\\\/\\\/www.plenussupermercados.es\\\/gl\\\/\"},{\"@type\":\"ListItem\",\"position\":2,\"name\":\"Recipes\",\"item\":\"https:\\\/\\\/www.plenussupermercados.es\\\/gl\\\/recetas\\\/\"},{\"@type\":\"ListItem\",\"position\":3,\"name\":\"Lac\u00f3n asado\"}]},{\"@type\":\"WebSite\",\"@id\":\"https:\\\/\\\/www.plenussupermercados.es\\\/gl\\\/#website\",\"url\":\"https:\\\/\\\/www.plenussupermercados.es\\\/gl\\\/\",\"name\":\"Supermercados Plenus\",\"description\":\"\",\"publisher\":{\"@id\":\"https:\\\/\\\/www.plenussupermercados.es\\\/gl\\\/#organization\"},\"potentialAction\":[{\"@type\":\"SearchAction\",\"target\":{\"@type\":\"EntryPoint\",\"urlTemplate\":\"https:\\\/\\\/www.plenussupermercados.es\\\/gl\\\/?s={search_term_string}\"},\"query-input\":{\"@type\":\"PropertyValueSpecification\",\"valueRequired\":true,\"valueName\":\"search_term_string\"}}],\"inLanguage\":\"gl-ES\"},{\"@type\":\"Organization\",\"@id\":\"https:\\\/\\\/www.plenussupermercados.es\\\/gl\\\/#organization\",\"name\":\"Supermercados Plenus\",\"url\":\"https:\\\/\\\/www.plenussupermercados.es\\\/gl\\\/\",\"logo\":{\"@type\":\"ImageObject\",\"inLanguage\":\"gl-ES\",\"@id\":\"https:\\\/\\\/www.plenussupermercados.es\\\/gl\\\/#\\\/schema\\\/logo\\\/image\\\/\",\"url\":\"https:\\\/\\\/www.plenussupermercados.es\\\/wp-content\\\/uploads\\\/2024\\\/01\\\/logo-plenus-supermercados.png\",\"contentUrl\":\"https:\\\/\\\/www.plenussupermercados.es\\\/wp-content\\\/uploads\\\/2024\\\/01\\\/logo-plenus-supermercados.png\",\"width\":232,\"height\":57,\"caption\":\"Supermercados Plenus\"},\"image\":{\"@id\":\"https:\\\/\\\/www.plenussupermercados.es\\\/gl\\\/#\\\/schema\\\/logo\\\/image\\\/\"}}]}<\/script>\n<!-- \/ Yoast SEO plugin. -->","yoast_head_json":{"title":"Lac\u00f3n asado - Supermercados Plenus","robots":{"index":"index","follow":"follow","max-snippet":"max-snippet:-1","max-image-preview":"max-image-preview:large","max-video-preview":"max-video-preview:-1"},"canonical":"https:\/\/www.plenussupermercados.es\/gl\/recetas\/lacon-asado\/","og_locale":"gl_ES","og_type":"article","og_title":"Lac\u00f3n asado - Supermercados Plenus","og_url":"https:\/\/www.plenussupermercados.es\/gl\/recetas\/lacon-asado\/","og_site_name":"Supermercados Plenus","article_modified_time":"2024-04-01T10:13:02+00:00","og_image":[{"width":1536,"height":1024,"url":"https:\/\/www.plenussupermercados.es\/wp-content\/uploads\/2024\/04\/lacon-asado.jpg","type":"image\/jpeg"}],"twitter_card":"summary_large_image","schema":{"@context":"https:\/\/schema.org","@graph":[{"@type":"WebPage","@id":"https:\/\/www.plenussupermercados.es\/gl\/recetas\/lacon-asado\/","url":"https:\/\/www.plenussupermercados.es\/gl\/recetas\/lacon-asado\/","name":"Lac\u00f3n asado - Supermercados Plenus","isPartOf":{"@id":"https:\/\/www.plenussupermercados.es\/gl\/#website"},"primaryImageOfPage":{"@id":"https:\/\/www.plenussupermercados.es\/gl\/recetas\/lacon-asado\/#primaryimage"},"image":{"@id":"https:\/\/www.plenussupermercados.es\/gl\/recetas\/lacon-asado\/#primaryimage"},"thumbnailUrl":"https:\/\/www.plenussupermercados.es\/wp-content\/uploads\/2024\/04\/lacon-asado.jpg","datePublished":"2024-01-02T15:57:40+00:00","dateModified":"2024-04-01T10:13:02+00:00","breadcrumb":{"@id":"https:\/\/www.plenussupermercados.es\/gl\/recetas\/lacon-asado\/#breadcrumb"},"inLanguage":"gl-ES","potentialAction":[{"@type":"ReadAction","target":["https:\/\/www.plenussupermercados.es\/gl\/recetas\/lacon-asado\/"]}]},{"@type":"ImageObject","inLanguage":"gl-ES","@id":"https:\/\/www.plenussupermercados.es\/gl\/recetas\/lacon-asado\/#primaryimage","url":"https:\/\/www.plenussupermercados.es\/wp-content\/uploads\/2024\/04\/lacon-asado.jpg","contentUrl":"https:\/\/www.plenussupermercados.es\/wp-content\/uploads\/2024\/04\/lacon-asado.jpg","width":1536,"height":1024},{"@type":"BreadcrumbList","@id":"https:\/\/www.plenussupermercados.es\/gl\/recetas\/lacon-asado\/#breadcrumb","itemListElement":[{"@type":"ListItem","position":1,"name":"Portada","item":"https:\/\/www.plenussupermercados.es\/gl\/"},{"@type":"ListItem","position":2,"name":"Recipes","item":"https:\/\/www.plenussupermercados.es\/gl\/recetas\/"},{"@type":"ListItem","position":3,"name":"Lac\u00f3n asado"}]},{"@type":"WebSite","@id":"https:\/\/www.plenussupermercados.es\/gl\/#website","url":"https:\/\/www.plenussupermercados.es\/gl\/","name":"Supermercados Plenus","description":"","publisher":{"@id":"https:\/\/www.plenussupermercados.es\/gl\/#organization"},"potentialAction":[{"@type":"SearchAction","target":{"@type":"EntryPoint","urlTemplate":"https:\/\/www.plenussupermercados.es\/gl\/?s={search_term_string}"},"query-input":{"@type":"PropertyValueSpecification","valueRequired":true,"valueName":"search_term_string"}}],"inLanguage":"gl-ES"},{"@type":"Organization","@id":"https:\/\/www.plenussupermercados.es\/gl\/#organization","name":"Supermercados Plenus","url":"https:\/\/www.plenussupermercados.es\/gl\/","logo":{"@type":"ImageObject","inLanguage":"gl-ES","@id":"https:\/\/www.plenussupermercados.es\/gl\/#\/schema\/logo\/image\/","url":"https:\/\/www.plenussupermercados.es\/wp-content\/uploads\/2024\/01\/logo-plenus-supermercados.png","contentUrl":"https:\/\/www.plenussupermercados.es\/wp-content\/uploads\/2024\/01\/logo-plenus-supermercados.png","width":232,"height":57,"caption":"Supermercados Plenus"},"image":{"@id":"https:\/\/www.plenussupermercados.es\/gl\/#\/schema\/logo\/image\/"}}]}},"recipe":{"id":26731,"slug":"lacon-asado","post_status":"publish","post_password":"","post_author":"1","language":"gl","type":"food","image_id":35778,"image_url":"https:\/\/www.plenussupermercados.es\/wp-content\/uploads\/2024\/04\/lacon-asado.jpg","pin_image_id":35778,"pin_image_url":"https:\/\/www.plenussupermercados.es\/wp-content\/uploads\/2024\/04\/lacon-asado.jpg","pin_image_repin_id":"","name":"Lac\u00f3n asado","summary":"","author_display":"default","author_name":"","author_link":"","cost":"","servings":"1","servings_unit":"persona","servings_advanced_enabled":"","servings_advanced":{"shape":"round","unit":"inch","diameter":0,"width":0,"length":0,"height":0},"prep_time":"0","prep_time_zero":"","cook_time":"0","cook_time_zero":"","total_time":"0","custom_time":"0","custom_time_zero":"","custom_time_label":"","tags":{"course":[{"term_id":52,"name":"Segundo prato","slug":"segundo-prato","term_group":0,"term_taxonomy_id":52,"taxonomy":"wprm_course","description":"","parent":0,"count":396,"filter":"raw"}],"cuisine":[],"keyword":[]},"equipment":[],"ingredients":[{"ingredients":[{"uid":0,"amount":"10","unit":"g","name":"Aceite de oliva","notes":"","unit_id":32,"id":253},{"uid":1,"amount":"5","unit":"g","name":"Allo","notes":"","unit_id":32,"id":49},{"uid":2,"amount":"200","unit":"g","name":"Lac\u00f3n","notes":"","unit_id":32,"id":346},{"uid":3,"amount":"3","unit":"g","name":"Ourego","notes":"","unit_id":32,"id":62},{"uid":4,"amount":"100","unit":"g","name":"Pataca","notes":"","unit_id":32,"id":45},{"uid":5,"amount":"5","unit":"g","name":"Pemento doce","notes":"","unit_id":32,"id":465},{"uid":6,"amount":"20","unit":"g","name":"Vi\u00f1o branco","notes":"","unit_id":32,"id":373}],"name":"","uid":-1}],"instructions":[{"instructions":[{"uid":0,"name":"","text":"Elab\u00f3rase un adobo para cubrir o lac\u00f3n composto de allos picados, ourego, sal, pemento doce e aceite. Co fin de que o lac\u00f3n se impregne mellor deste adobo f\u00e1nselle unhas perforaci\u00f3ns ata o nivel do \u00f3so. Despois d\u00e9ixase repousar unhas horas e m\u00e9tese no forno prequentado, d\u00e9ixase asar durante unha hora. Cando pase media hora de asado eng\u00e1deselle un vaso de vi\u00f1o branco.","image":0,"ingredients":[]}],"name":"","uid":-1}],"ingredients_flat":[{"uid":0,"amount":"10","unit":"g","name":"Aceite de oliva","notes":"","unit_id":32,"id":253,"type":"ingredient"},{"uid":1,"amount":"5","unit":"g","name":"Allo","notes":"","unit_id":32,"id":49,"type":"ingredient"},{"uid":2,"amount":"200","unit":"g","name":"Lac\u00f3n","notes":"","unit_id":32,"id":346,"type":"ingredient"},{"uid":3,"amount":"3","unit":"g","name":"Ourego","notes":"","unit_id":32,"id":62,"type":"ingredient"},{"uid":4,"amount":"100","unit":"g","name":"Pataca","notes":"","unit_id":32,"id":45,"type":"ingredient"},{"uid":5,"amount":"5","unit":"g","name":"Pemento doce","notes":"","unit_id":32,"id":465,"type":"ingredient"},{"uid":6,"amount":"20","unit":"g","name":"Vi\u00f1o branco","notes":"","unit_id":32,"id":373,"type":"ingredient"}],"instructions_flat":[{"uid":0,"name":"","text":"Elab\u00f3rase un adobo para cubrir o lac\u00f3n composto de allos picados, ourego, sal, pemento doce e aceite. Co fin de que o lac\u00f3n se impregne mellor deste adobo f\u00e1nselle unhas perforaci\u00f3ns ata o nivel do \u00f3so. Despois d\u00e9ixase repousar unhas horas e m\u00e9tese no forno prequentado, d\u00e9ixase asar durante unha hora. Cando pase media hora de asado eng\u00e1deselle un vaso de vi\u00f1o branco.","image":0,"ingredients":[],"type":"instruction","image_url":""}],"video_id":0,"video_embed":"","video_thumb_url":"https:\/\/www.plenussupermercados.es\/wp-content\/uploads\/2024\/04\/lacon-asado-150x150.jpg","notes":"<p>\u00c9 un prato venerado en toda Galicia pero o lac\u00f3n de Lugo entra na categor\u00eda de excepcional. Esta pata dianteira do porco ten, na actualidade, indicaci\u00f3n xeogr\u00e1fica protexida en Galicia pero xa na antig\u00fcidade se consideraba un manxar que se reservaba para ocasi\u00f3ns especiais. O lac\u00f3n asado, polo xeral, s\u00e9rvese en rebandas e con patacas, e goza da apreciaci\u00f3n popular. <\/p>\n","nutrition":[],"custom_fields":{"source":"DAG","hardness":"","idrecipe":"2992","nutritional":"","language":"GL"},"ingredient_links_type":"global","unit_system":"default"},"_links":{"self":[{"href":"https:\/\/www.plenussupermercados.es\/gl\/wp-json\/wp\/v2\/wprm_recipe\/26731","targetHints":{"allow":["GET"]}}],"collection":[{"href":"https:\/\/www.plenussupermercados.es\/gl\/wp-json\/wp\/v2\/wprm_recipe"}],"about":[{"href":"https:\/\/www.plenussupermercados.es\/gl\/wp-json\/wp\/v2\/types\/wprm_recipe"}],"author":[{"embeddable":true,"href":"https:\/\/www.plenussupermercados.es\/gl\/wp-json\/wp\/v2\/users\/1"}],"version-history":[{"count":2,"href":"https:\/\/www.plenussupermercados.es\/gl\/wp-json\/wp\/v2\/wprm_recipe\/26731\/revisions"}],"predecessor-version":[{"id":35781,"href":"https:\/\/www.plenussupermercados.es\/gl\/wp-json\/wp\/v2\/wprm_recipe\/26731\/revisions\/35781"}],"wp:featuredmedia":[{"embeddable":true,"href":"https:\/\/www.plenussupermercados.es\/gl\/wp-json\/wp\/v2\/media\/35778"}],"wp:attachment":[{"href":"https:\/\/www.plenussupermercados.es\/gl\/wp-json\/wp\/v2\/media?parent=26731"}],"wp:term":[{"taxonomy":"wprm_course","embeddable":true,"href":"https:\/\/www.plenussupermercados.es\/gl\/wp-json\/wp\/v2\/wprm_course?post=26731"},{"taxonomy":"wprm_cuisine","embeddable":true,"href":"https:\/\/www.plenussupermercados.es\/gl\/wp-json\/wp\/v2\/wprm_cuisine?post=26731"},{"taxonomy":"wprm_keyword","embeddable":true,"href":"https:\/\/www.plenussupermercados.es\/gl\/wp-json\/wp\/v2\/wprm_keyword?post=26731"},{"taxonomy":"wprm_ingredient","embeddable":true,"href":"https:\/\/www.plenussupermercados.es\/gl\/wp-json\/wp\/v2\/wprm_ingredient?post=26731"},{"taxonomy":"wprm_ingredient_unit","embeddable":true,"href":"https:\/\/www.plenussupermercados.es\/gl\/wp-json\/wp\/v2\/wprm_ingredient_unit?post=26731"},{"taxonomy":"wprm_glossary_term","embeddable":true,"href":"https:\/\/www.plenussupermercados.es\/gl\/wp-json\/wp\/v2\/wprm_glossary_term?post=26731"},{"taxonomy":"wprm_equipment","embeddable":true,"href":"https:\/\/www.plenussupermercados.es\/gl\/wp-json\/wp\/v2\/wprm_equipment?post=26731"},{"taxonomy":"wprm_nutrition_ingredient","embeddable":true,"href":"https:\/\/www.plenussupermercados.es\/gl\/wp-json\/wp\/v2\/wprm_nutrition_ingredient?post=26731"}],"curies":[{"name":"wp","href":"https:\/\/api.w.org\/{rel}","templated":true}]}}