{"id":27630,"date":"2024-01-02T17:04:43","date_gmt":"2024-01-02T16:04:43","guid":{"rendered":"https:\/\/www.plenussupermercados.es\/\/?post_type=wprm_recipe&#038;p=27630"},"modified":"2024-06-21T12:46:39","modified_gmt":"2024-06-21T10:46:39","slug":"torta-de-santiago","status":"publish","type":"wprm_recipe","link":"https:\/\/www.plenussupermercados.es\/gl\/recetas\/torta-de-santiago\/","title":{"rendered":"Torta de Santiago"},"content":{"rendered":"","protected":false},"author":1,"featured_media":38132,"template":"","wprm_course":[15],"wprm_cuisine":[],"wprm_keyword":[],"wprm_ingredient":[474,361,60,496,384,385,485],"wprm_ingredient_unit":[32],"wprm_glossary_term":[],"wprm_equipment":[],"wprm_nutrition_ingredient":[],"class_list":["post-27630","wprm_recipe","type-wprm_recipe","status-publish","has-post-thumbnail","hentry","description-off"],"acf":[],"yoast_head":"<!-- This site is optimized with the Yoast SEO plugin v27.5 - https:\/\/yoast.com\/product\/yoast-seo-wordpress\/ -->\n<title>Torta de Santiago - Supermercados Plenus<\/title>\n<meta name=\"robots\" content=\"index, follow, max-snippet:-1, max-image-preview:large, max-video-preview:-1\" \/>\n<link rel=\"canonical\" href=\"https:\/\/www.plenussupermercados.es\/gl\/recetas\/torta-de-santiago\/\" \/>\n<meta property=\"og:locale\" content=\"gl_ES\" \/>\n<meta property=\"og:type\" content=\"article\" \/>\n<meta property=\"og:title\" content=\"Torta de Santiago - Supermercados Plenus\" \/>\n<meta property=\"og:url\" content=\"https:\/\/www.plenussupermercados.es\/gl\/recetas\/torta-de-santiago\/\" \/>\n<meta property=\"og:site_name\" content=\"Supermercados Plenus\" \/>\n<meta property=\"article:modified_time\" content=\"2024-06-21T10:46:39+00:00\" \/>\n<meta property=\"og:image\" content=\"https:\/\/www.plenussupermercados.es\/wp-content\/uploads\/2024\/06\/tarta-de-santiago.jpg\" \/>\n\t<meta property=\"og:image:width\" content=\"1200\" \/>\n\t<meta property=\"og:image:height\" content=\"800\" \/>\n\t<meta property=\"og:image:type\" content=\"image\/jpeg\" \/>\n<meta name=\"twitter:card\" content=\"summary_large_image\" \/>\n<script type=\"application\/ld+json\" class=\"yoast-schema-graph\">{\"@context\":\"https:\\\/\\\/schema.org\",\"@graph\":[{\"@type\":\"WebPage\",\"@id\":\"https:\\\/\\\/www.plenussupermercados.es\\\/gl\\\/recetas\\\/torta-de-santiago\\\/\",\"url\":\"https:\\\/\\\/www.plenussupermercados.es\\\/gl\\\/recetas\\\/torta-de-santiago\\\/\",\"name\":\"Torta de Santiago - Supermercados Plenus\",\"isPartOf\":{\"@id\":\"https:\\\/\\\/www.plenussupermercados.es\\\/gl\\\/#website\"},\"primaryImageOfPage\":{\"@id\":\"https:\\\/\\\/www.plenussupermercados.es\\\/gl\\\/recetas\\\/torta-de-santiago\\\/#primaryimage\"},\"image\":{\"@id\":\"https:\\\/\\\/www.plenussupermercados.es\\\/gl\\\/recetas\\\/torta-de-santiago\\\/#primaryimage\"},\"thumbnailUrl\":\"https:\\\/\\\/www.plenussupermercados.es\\\/wp-content\\\/uploads\\\/2024\\\/06\\\/tarta-de-santiago.jpg\",\"datePublished\":\"2024-01-02T16:04:43+00:00\",\"dateModified\":\"2024-06-21T10:46:39+00:00\",\"breadcrumb\":{\"@id\":\"https:\\\/\\\/www.plenussupermercados.es\\\/gl\\\/recetas\\\/torta-de-santiago\\\/#breadcrumb\"},\"inLanguage\":\"gl-ES\",\"potentialAction\":[{\"@type\":\"ReadAction\",\"target\":[\"https:\\\/\\\/www.plenussupermercados.es\\\/gl\\\/recetas\\\/torta-de-santiago\\\/\"]}]},{\"@type\":\"ImageObject\",\"inLanguage\":\"gl-ES\",\"@id\":\"https:\\\/\\\/www.plenussupermercados.es\\\/gl\\\/recetas\\\/torta-de-santiago\\\/#primaryimage\",\"url\":\"https:\\\/\\\/www.plenussupermercados.es\\\/wp-content\\\/uploads\\\/2024\\\/06\\\/tarta-de-santiago.jpg\",\"contentUrl\":\"https:\\\/\\\/www.plenussupermercados.es\\\/wp-content\\\/uploads\\\/2024\\\/06\\\/tarta-de-santiago.jpg\",\"width\":1200,\"height\":800},{\"@type\":\"BreadcrumbList\",\"@id\":\"https:\\\/\\\/www.plenussupermercados.es\\\/gl\\\/recetas\\\/torta-de-santiago\\\/#breadcrumb\",\"itemListElement\":[{\"@type\":\"ListItem\",\"position\":1,\"name\":\"Portada\",\"item\":\"https:\\\/\\\/www.plenussupermercados.es\\\/gl\\\/\"},{\"@type\":\"ListItem\",\"position\":2,\"name\":\"Recipes\",\"item\":\"https:\\\/\\\/www.plenussupermercados.es\\\/gl\\\/recetas\\\/\"},{\"@type\":\"ListItem\",\"position\":3,\"name\":\"Torta de Santiago\"}]},{\"@type\":\"WebSite\",\"@id\":\"https:\\\/\\\/www.plenussupermercados.es\\\/gl\\\/#website\",\"url\":\"https:\\\/\\\/www.plenussupermercados.es\\\/gl\\\/\",\"name\":\"Supermercados Plenus\",\"description\":\"\",\"publisher\":{\"@id\":\"https:\\\/\\\/www.plenussupermercados.es\\\/gl\\\/#organization\"},\"potentialAction\":[{\"@type\":\"SearchAction\",\"target\":{\"@type\":\"EntryPoint\",\"urlTemplate\":\"https:\\\/\\\/www.plenussupermercados.es\\\/gl\\\/?s={search_term_string}\"},\"query-input\":{\"@type\":\"PropertyValueSpecification\",\"valueRequired\":true,\"valueName\":\"search_term_string\"}}],\"inLanguage\":\"gl-ES\"},{\"@type\":\"Organization\",\"@id\":\"https:\\\/\\\/www.plenussupermercados.es\\\/gl\\\/#organization\",\"name\":\"Supermercados Plenus\",\"url\":\"https:\\\/\\\/www.plenussupermercados.es\\\/gl\\\/\",\"logo\":{\"@type\":\"ImageObject\",\"inLanguage\":\"gl-ES\",\"@id\":\"https:\\\/\\\/www.plenussupermercados.es\\\/gl\\\/#\\\/schema\\\/logo\\\/image\\\/\",\"url\":\"https:\\\/\\\/www.plenussupermercados.es\\\/wp-content\\\/uploads\\\/2024\\\/01\\\/logo-plenus-supermercados.png\",\"contentUrl\":\"https:\\\/\\\/www.plenussupermercados.es\\\/wp-content\\\/uploads\\\/2024\\\/01\\\/logo-plenus-supermercados.png\",\"width\":232,\"height\":57,\"caption\":\"Supermercados Plenus\"},\"image\":{\"@id\":\"https:\\\/\\\/www.plenussupermercados.es\\\/gl\\\/#\\\/schema\\\/logo\\\/image\\\/\"}}]}<\/script>\n<!-- \/ Yoast SEO plugin. -->","yoast_head_json":{"title":"Torta de Santiago - Supermercados Plenus","robots":{"index":"index","follow":"follow","max-snippet":"max-snippet:-1","max-image-preview":"max-image-preview:large","max-video-preview":"max-video-preview:-1"},"canonical":"https:\/\/www.plenussupermercados.es\/gl\/recetas\/torta-de-santiago\/","og_locale":"gl_ES","og_type":"article","og_title":"Torta de Santiago - Supermercados Plenus","og_url":"https:\/\/www.plenussupermercados.es\/gl\/recetas\/torta-de-santiago\/","og_site_name":"Supermercados Plenus","article_modified_time":"2024-06-21T10:46:39+00:00","og_image":[{"width":1200,"height":800,"url":"https:\/\/www.plenussupermercados.es\/wp-content\/uploads\/2024\/06\/tarta-de-santiago.jpg","type":"image\/jpeg"}],"twitter_card":"summary_large_image","schema":{"@context":"https:\/\/schema.org","@graph":[{"@type":"WebPage","@id":"https:\/\/www.plenussupermercados.es\/gl\/recetas\/torta-de-santiago\/","url":"https:\/\/www.plenussupermercados.es\/gl\/recetas\/torta-de-santiago\/","name":"Torta de Santiago - Supermercados Plenus","isPartOf":{"@id":"https:\/\/www.plenussupermercados.es\/gl\/#website"},"primaryImageOfPage":{"@id":"https:\/\/www.plenussupermercados.es\/gl\/recetas\/torta-de-santiago\/#primaryimage"},"image":{"@id":"https:\/\/www.plenussupermercados.es\/gl\/recetas\/torta-de-santiago\/#primaryimage"},"thumbnailUrl":"https:\/\/www.plenussupermercados.es\/wp-content\/uploads\/2024\/06\/tarta-de-santiago.jpg","datePublished":"2024-01-02T16:04:43+00:00","dateModified":"2024-06-21T10:46:39+00:00","breadcrumb":{"@id":"https:\/\/www.plenussupermercados.es\/gl\/recetas\/torta-de-santiago\/#breadcrumb"},"inLanguage":"gl-ES","potentialAction":[{"@type":"ReadAction","target":["https:\/\/www.plenussupermercados.es\/gl\/recetas\/torta-de-santiago\/"]}]},{"@type":"ImageObject","inLanguage":"gl-ES","@id":"https:\/\/www.plenussupermercados.es\/gl\/recetas\/torta-de-santiago\/#primaryimage","url":"https:\/\/www.plenussupermercados.es\/wp-content\/uploads\/2024\/06\/tarta-de-santiago.jpg","contentUrl":"https:\/\/www.plenussupermercados.es\/wp-content\/uploads\/2024\/06\/tarta-de-santiago.jpg","width":1200,"height":800},{"@type":"BreadcrumbList","@id":"https:\/\/www.plenussupermercados.es\/gl\/recetas\/torta-de-santiago\/#breadcrumb","itemListElement":[{"@type":"ListItem","position":1,"name":"Portada","item":"https:\/\/www.plenussupermercados.es\/gl\/"},{"@type":"ListItem","position":2,"name":"Recipes","item":"https:\/\/www.plenussupermercados.es\/gl\/recetas\/"},{"@type":"ListItem","position":3,"name":"Torta de Santiago"}]},{"@type":"WebSite","@id":"https:\/\/www.plenussupermercados.es\/gl\/#website","url":"https:\/\/www.plenussupermercados.es\/gl\/","name":"Supermercados Plenus","description":"","publisher":{"@id":"https:\/\/www.plenussupermercados.es\/gl\/#organization"},"potentialAction":[{"@type":"SearchAction","target":{"@type":"EntryPoint","urlTemplate":"https:\/\/www.plenussupermercados.es\/gl\/?s={search_term_string}"},"query-input":{"@type":"PropertyValueSpecification","valueRequired":true,"valueName":"search_term_string"}}],"inLanguage":"gl-ES"},{"@type":"Organization","@id":"https:\/\/www.plenussupermercados.es\/gl\/#organization","name":"Supermercados Plenus","url":"https:\/\/www.plenussupermercados.es\/gl\/","logo":{"@type":"ImageObject","inLanguage":"gl-ES","@id":"https:\/\/www.plenussupermercados.es\/gl\/#\/schema\/logo\/image\/","url":"https:\/\/www.plenussupermercados.es\/wp-content\/uploads\/2024\/01\/logo-plenus-supermercados.png","contentUrl":"https:\/\/www.plenussupermercados.es\/wp-content\/uploads\/2024\/01\/logo-plenus-supermercados.png","width":232,"height":57,"caption":"Supermercados Plenus"},"image":{"@id":"https:\/\/www.plenussupermercados.es\/gl\/#\/schema\/logo\/image\/"}}]}},"recipe":{"id":27630,"slug":"torta-de-santiago","post_status":"publish","post_password":"","post_author":"1","language":"gl","type":"food","image_id":38132,"image_url":"https:\/\/www.plenussupermercados.es\/wp-content\/uploads\/2024\/06\/tarta-de-santiago.jpg","pin_image_id":38132,"pin_image_url":"https:\/\/www.plenussupermercados.es\/wp-content\/uploads\/2024\/06\/tarta-de-santiago.jpg","pin_image_repin_id":"","name":"Torta de Santiago","summary":"","author_display":"default","author_name":"","author_link":"","cost":"","servings":"1","servings_unit":"persona","servings_advanced_enabled":"","servings_advanced":{"shape":"round","unit":"inch","diameter":0,"width":0,"length":0,"height":0},"prep_time":"0","prep_time_zero":"","cook_time":"0","cook_time_zero":"","total_time":"0","custom_time":"0","custom_time_zero":"","custom_time_label":"","tags":{"course":[{"term_id":15,"name":"Postre","slug":"postre","term_group":0,"term_taxonomy_id":15,"taxonomy":"wprm_course","description":"","parent":0,"count":86,"filter":"raw"}],"cuisine":[],"keyword":[]},"equipment":[],"ingredients":[{"ingredients":[{"uid":0,"amount":"32","unit":"g","name":"Am\u00e9ndoa torrada","notes":"","unit_id":32,"id":474},{"uid":1,"amount":"20","unit":"g","name":"Azucre","notes":"","unit_id":32,"id":361},{"uid":2,"amount":"15","unit":"g","name":"Fari\u00f1a","notes":"","unit_id":32,"id":60},{"uid":3,"amount":"18","unit":"g","name":"Ovo","notes":"","unit_id":32,"id":385},{"uid":4,"amount":"2","unit":"g","name":"Fermento","notes":"","unit_id":32,"id":496},{"uid":5,"amount":"4","unit":"g","name":"Manteiga","notes":"","unit_id":32,"id":384},{"uid":6,"amount":"0","unit":"g","name":"Rela de lim\u00f3n","notes":"","unit_id":32,"id":485}],"name":"","uid":-1}],"instructions":[{"instructions":[{"uid":0,"name":"","text":"Para facer a masa mesturamos o azucre e os ovos. Batemos enerxicamente ata conseguir unha textura esponxosa. Engadimos a fari\u00f1a e a manteiga e batemos todo ben. Finalmente, agregamos as am\u00e9ndoas mo\u00eddas e a casca dun lim\u00f3n relada. Botamos nun recipiente para enfornar a temperatura alta e cando colla cor retir\u00e1mola. Se se desexa p\u00f3deselle esparexer azucre glass.","image":0,"ingredients":[]}],"name":"","uid":-1}],"ingredients_flat":[{"uid":0,"amount":"32","unit":"g","name":"Am\u00e9ndoa torrada","notes":"","unit_id":32,"id":474,"type":"ingredient"},{"uid":1,"amount":"20","unit":"g","name":"Azucre","notes":"","unit_id":32,"id":361,"type":"ingredient"},{"uid":2,"amount":"15","unit":"g","name":"Fari\u00f1a","notes":"","unit_id":32,"id":60,"type":"ingredient"},{"uid":3,"amount":"18","unit":"g","name":"Ovo","notes":"","unit_id":32,"id":385,"type":"ingredient"},{"uid":4,"amount":"2","unit":"g","name":"Fermento","notes":"","unit_id":32,"id":496,"type":"ingredient"},{"uid":5,"amount":"4","unit":"g","name":"Manteiga","notes":"","unit_id":32,"id":384,"type":"ingredient"},{"uid":6,"amount":"0","unit":"g","name":"Rela de lim\u00f3n","notes":"","unit_id":32,"id":485,"type":"ingredient"}],"instructions_flat":[{"uid":0,"name":"","text":"Para facer a masa mesturamos o azucre e os ovos. Batemos enerxicamente ata conseguir unha textura esponxosa. Engadimos a fari\u00f1a e a manteiga e batemos todo ben. Finalmente, agregamos as am\u00e9ndoas mo\u00eddas e a casca dun lim\u00f3n relada. Botamos nun recipiente para enfornar a temperatura alta e cando colla cor retir\u00e1mola. Se se desexa p\u00f3deselle esparexer azucre glass.","image":0,"ingredients":[],"type":"instruction","image_url":""}],"video_id":0,"video_embed":"","video_thumb_url":"https:\/\/www.plenussupermercados.es\/wp-content\/uploads\/2024\/06\/tarta-de-santiago-150x150.jpg","notes":"<p>Como o seu propio nome indica, esta torta ten a s\u00faa orixe en Santiago de Compostela. O ingrediente principal desta torta \u00e9 a am\u00e9ndoa mo\u00edda. Hai constancia da s\u00faa existencia no s\u00e9culo XVI e ent\u00f3n cham\u00e1base torta real. A caracter\u00edstica cruz que a adorna na s\u00faa superficie \u00e9 moi posterior. Na primeira metade do s\u00e9culo XX, a compostel\u00e1 Casa Mora comeza a adornala con esta cruz. A s\u00faa compo\u00f1ente principal, a am\u00e9ndoa, \u00e9 un froito seco moi recomendable debido ao seu gran contido en prote\u00ednas. Tam\u00e9n \u00e9 rico en graxas, a maior parte delas insaturadas que nos axudan a manter controlados os niveis de colesterol. Ten un alto valor enerx\u00e9tico polo que as persoas obesas ou aquelas que estean a seguir unha dieta de control de peso deben ter especial coidado. <\/p>\n","nutrition":[],"custom_fields":{"source":"DAG","hardness":"","idrecipe":"3104","nutritional":"","language":"GL"},"ingredient_links_type":"global","unit_system":"default"},"_links":{"self":[{"href":"https:\/\/www.plenussupermercados.es\/gl\/wp-json\/wp\/v2\/wprm_recipe\/27630","targetHints":{"allow":["GET"]}}],"collection":[{"href":"https:\/\/www.plenussupermercados.es\/gl\/wp-json\/wp\/v2\/wprm_recipe"}],"about":[{"href":"https:\/\/www.plenussupermercados.es\/gl\/wp-json\/wp\/v2\/types\/wprm_recipe"}],"author":[{"embeddable":true,"href":"https:\/\/www.plenussupermercados.es\/gl\/wp-json\/wp\/v2\/users\/1"}],"version-history":[{"count":2,"href":"https:\/\/www.plenussupermercados.es\/gl\/wp-json\/wp\/v2\/wprm_recipe\/27630\/revisions"}],"predecessor-version":[{"id":38136,"href":"https:\/\/www.plenussupermercados.es\/gl\/wp-json\/wp\/v2\/wprm_recipe\/27630\/revisions\/38136"}],"wp:featuredmedia":[{"embeddable":true,"href":"https:\/\/www.plenussupermercados.es\/gl\/wp-json\/wp\/v2\/media\/38132"}],"wp:attachment":[{"href":"https:\/\/www.plenussupermercados.es\/gl\/wp-json\/wp\/v2\/media?parent=27630"}],"wp:term":[{"taxonomy":"wprm_course","embeddable":true,"href":"https:\/\/www.plenussupermercados.es\/gl\/wp-json\/wp\/v2\/wprm_course?post=27630"},{"taxonomy":"wprm_cuisine","embeddable":true,"href":"https:\/\/www.plenussupermercados.es\/gl\/wp-json\/wp\/v2\/wprm_cuisine?post=27630"},{"taxonomy":"wprm_keyword","embeddable":true,"href":"https:\/\/www.plenussupermercados.es\/gl\/wp-json\/wp\/v2\/wprm_keyword?post=27630"},{"taxonomy":"wprm_ingredient","embeddable":true,"href":"https:\/\/www.plenussupermercados.es\/gl\/wp-json\/wp\/v2\/wprm_ingredient?post=27630"},{"taxonomy":"wprm_ingredient_unit","embeddable":true,"href":"https:\/\/www.plenussupermercados.es\/gl\/wp-json\/wp\/v2\/wprm_ingredient_unit?post=27630"},{"taxonomy":"wprm_glossary_term","embeddable":true,"href":"https:\/\/www.plenussupermercados.es\/gl\/wp-json\/wp\/v2\/wprm_glossary_term?post=27630"},{"taxonomy":"wprm_equipment","embeddable":true,"href":"https:\/\/www.plenussupermercados.es\/gl\/wp-json\/wp\/v2\/wprm_equipment?post=27630"},{"taxonomy":"wprm_nutrition_ingredient","embeddable":true,"href":"https:\/\/www.plenussupermercados.es\/gl\/wp-json\/wp\/v2\/wprm_nutrition_ingredient?post=27630"}],"curies":[{"name":"wp","href":"https:\/\/api.w.org\/{rel}","templated":true}]}}