{"id":27678,"date":"2024-01-02T17:04:58","date_gmt":"2024-01-02T16:04:58","guid":{"rendered":"https:\/\/www.plenussupermercados.es\/\/?post_type=wprm_recipe&#038;p=27678"},"modified":"2024-06-21T12:58:23","modified_gmt":"2024-06-21T10:58:23","slug":"vieiras-ao-forno","status":"publish","type":"wprm_recipe","link":"https:\/\/www.plenussupermercados.es\/gl\/recetas\/vieiras-ao-forno\/","title":{"rendered":"Vieiras ao forno"},"content":{"rendered":"","protected":false},"author":1,"featured_media":38199,"template":"","wprm_course":[57],"wprm_cuisine":[],"wprm_keyword":[],"wprm_ingredient":[253,48,441,465,254,811],"wprm_ingredient_unit":[32],"wprm_glossary_term":[],"wprm_equipment":[],"wprm_nutrition_ingredient":[],"class_list":["post-27678","wprm_recipe","type-wprm_recipe","status-publish","has-post-thumbnail","hentry","description-off"],"acf":[],"yoast_head":"<!-- This site is optimized with the Yoast SEO plugin v27.5 - https:\/\/yoast.com\/product\/yoast-seo-wordpress\/ -->\n<title>Vieiras ao forno - Supermercados Plenus<\/title>\n<meta name=\"robots\" content=\"index, follow, max-snippet:-1, max-image-preview:large, max-video-preview:-1\" \/>\n<link rel=\"canonical\" href=\"https:\/\/www.plenussupermercados.es\/gl\/recetas\/vieiras-ao-forno\/\" \/>\n<meta property=\"og:locale\" content=\"gl_ES\" \/>\n<meta property=\"og:type\" content=\"article\" \/>\n<meta property=\"og:title\" content=\"Vieiras ao forno - Supermercados Plenus\" \/>\n<meta property=\"og:url\" content=\"https:\/\/www.plenussupermercados.es\/gl\/recetas\/vieiras-ao-forno\/\" \/>\n<meta property=\"og:site_name\" content=\"Supermercados Plenus\" \/>\n<meta property=\"article:modified_time\" content=\"2024-06-21T10:58:23+00:00\" \/>\n<meta property=\"og:image\" content=\"https:\/\/www.plenussupermercados.es\/wp-content\/uploads\/2024\/06\/vieiras-al-horno-scaled.jpg\" \/>\n\t<meta property=\"og:image:width\" content=\"2560\" \/>\n\t<meta property=\"og:image:height\" content=\"1703\" \/>\n\t<meta property=\"og:image:type\" content=\"image\/jpeg\" \/>\n<meta name=\"twitter:card\" content=\"summary_large_image\" \/>\n<script type=\"application\/ld+json\" class=\"yoast-schema-graph\">{\"@context\":\"https:\\\/\\\/schema.org\",\"@graph\":[{\"@type\":\"WebPage\",\"@id\":\"https:\\\/\\\/www.plenussupermercados.es\\\/gl\\\/recetas\\\/vieiras-ao-forno\\\/\",\"url\":\"https:\\\/\\\/www.plenussupermercados.es\\\/gl\\\/recetas\\\/vieiras-ao-forno\\\/\",\"name\":\"Vieiras ao forno - Supermercados Plenus\",\"isPartOf\":{\"@id\":\"https:\\\/\\\/www.plenussupermercados.es\\\/gl\\\/#website\"},\"primaryImageOfPage\":{\"@id\":\"https:\\\/\\\/www.plenussupermercados.es\\\/gl\\\/recetas\\\/vieiras-ao-forno\\\/#primaryimage\"},\"image\":{\"@id\":\"https:\\\/\\\/www.plenussupermercados.es\\\/gl\\\/recetas\\\/vieiras-ao-forno\\\/#primaryimage\"},\"thumbnailUrl\":\"https:\\\/\\\/www.plenussupermercados.es\\\/wp-content\\\/uploads\\\/2024\\\/06\\\/vieiras-al-horno-scaled.jpg\",\"datePublished\":\"2024-01-02T16:04:58+00:00\",\"dateModified\":\"2024-06-21T10:58:23+00:00\",\"breadcrumb\":{\"@id\":\"https:\\\/\\\/www.plenussupermercados.es\\\/gl\\\/recetas\\\/vieiras-ao-forno\\\/#breadcrumb\"},\"inLanguage\":\"gl-ES\",\"potentialAction\":[{\"@type\":\"ReadAction\",\"target\":[\"https:\\\/\\\/www.plenussupermercados.es\\\/gl\\\/recetas\\\/vieiras-ao-forno\\\/\"]}]},{\"@type\":\"ImageObject\",\"inLanguage\":\"gl-ES\",\"@id\":\"https:\\\/\\\/www.plenussupermercados.es\\\/gl\\\/recetas\\\/vieiras-ao-forno\\\/#primaryimage\",\"url\":\"https:\\\/\\\/www.plenussupermercados.es\\\/wp-content\\\/uploads\\\/2024\\\/06\\\/vieiras-al-horno-scaled.jpg\",\"contentUrl\":\"https:\\\/\\\/www.plenussupermercados.es\\\/wp-content\\\/uploads\\\/2024\\\/06\\\/vieiras-al-horno-scaled.jpg\",\"width\":2560,\"height\":1703},{\"@type\":\"BreadcrumbList\",\"@id\":\"https:\\\/\\\/www.plenussupermercados.es\\\/gl\\\/recetas\\\/vieiras-ao-forno\\\/#breadcrumb\",\"itemListElement\":[{\"@type\":\"ListItem\",\"position\":1,\"name\":\"Portada\",\"item\":\"https:\\\/\\\/www.plenussupermercados.es\\\/gl\\\/\"},{\"@type\":\"ListItem\",\"position\":2,\"name\":\"Recipes\",\"item\":\"https:\\\/\\\/www.plenussupermercados.es\\\/gl\\\/recetas\\\/\"},{\"@type\":\"ListItem\",\"position\":3,\"name\":\"Vieiras ao forno\"}]},{\"@type\":\"WebSite\",\"@id\":\"https:\\\/\\\/www.plenussupermercados.es\\\/gl\\\/#website\",\"url\":\"https:\\\/\\\/www.plenussupermercados.es\\\/gl\\\/\",\"name\":\"Supermercados Plenus\",\"description\":\"\",\"publisher\":{\"@id\":\"https:\\\/\\\/www.plenussupermercados.es\\\/gl\\\/#organization\"},\"potentialAction\":[{\"@type\":\"SearchAction\",\"target\":{\"@type\":\"EntryPoint\",\"urlTemplate\":\"https:\\\/\\\/www.plenussupermercados.es\\\/gl\\\/?s={search_term_string}\"},\"query-input\":{\"@type\":\"PropertyValueSpecification\",\"valueRequired\":true,\"valueName\":\"search_term_string\"}}],\"inLanguage\":\"gl-ES\"},{\"@type\":\"Organization\",\"@id\":\"https:\\\/\\\/www.plenussupermercados.es\\\/gl\\\/#organization\",\"name\":\"Supermercados Plenus\",\"url\":\"https:\\\/\\\/www.plenussupermercados.es\\\/gl\\\/\",\"logo\":{\"@type\":\"ImageObject\",\"inLanguage\":\"gl-ES\",\"@id\":\"https:\\\/\\\/www.plenussupermercados.es\\\/gl\\\/#\\\/schema\\\/logo\\\/image\\\/\",\"url\":\"https:\\\/\\\/www.plenussupermercados.es\\\/wp-content\\\/uploads\\\/2024\\\/01\\\/logo-plenus-supermercados.png\",\"contentUrl\":\"https:\\\/\\\/www.plenussupermercados.es\\\/wp-content\\\/uploads\\\/2024\\\/01\\\/logo-plenus-supermercados.png\",\"width\":232,\"height\":57,\"caption\":\"Supermercados Plenus\"},\"image\":{\"@id\":\"https:\\\/\\\/www.plenussupermercados.es\\\/gl\\\/#\\\/schema\\\/logo\\\/image\\\/\"}}]}<\/script>\n<!-- \/ Yoast SEO plugin. -->","yoast_head_json":{"title":"Vieiras ao forno - Supermercados Plenus","robots":{"index":"index","follow":"follow","max-snippet":"max-snippet:-1","max-image-preview":"max-image-preview:large","max-video-preview":"max-video-preview:-1"},"canonical":"https:\/\/www.plenussupermercados.es\/gl\/recetas\/vieiras-ao-forno\/","og_locale":"gl_ES","og_type":"article","og_title":"Vieiras ao forno - Supermercados Plenus","og_url":"https:\/\/www.plenussupermercados.es\/gl\/recetas\/vieiras-ao-forno\/","og_site_name":"Supermercados Plenus","article_modified_time":"2024-06-21T10:58:23+00:00","og_image":[{"width":2560,"height":1703,"url":"https:\/\/www.plenussupermercados.es\/wp-content\/uploads\/2024\/06\/vieiras-al-horno-scaled.jpg","type":"image\/jpeg"}],"twitter_card":"summary_large_image","schema":{"@context":"https:\/\/schema.org","@graph":[{"@type":"WebPage","@id":"https:\/\/www.plenussupermercados.es\/gl\/recetas\/vieiras-ao-forno\/","url":"https:\/\/www.plenussupermercados.es\/gl\/recetas\/vieiras-ao-forno\/","name":"Vieiras ao forno - Supermercados Plenus","isPartOf":{"@id":"https:\/\/www.plenussupermercados.es\/gl\/#website"},"primaryImageOfPage":{"@id":"https:\/\/www.plenussupermercados.es\/gl\/recetas\/vieiras-ao-forno\/#primaryimage"},"image":{"@id":"https:\/\/www.plenussupermercados.es\/gl\/recetas\/vieiras-ao-forno\/#primaryimage"},"thumbnailUrl":"https:\/\/www.plenussupermercados.es\/wp-content\/uploads\/2024\/06\/vieiras-al-horno-scaled.jpg","datePublished":"2024-01-02T16:04:58+00:00","dateModified":"2024-06-21T10:58:23+00:00","breadcrumb":{"@id":"https:\/\/www.plenussupermercados.es\/gl\/recetas\/vieiras-ao-forno\/#breadcrumb"},"inLanguage":"gl-ES","potentialAction":[{"@type":"ReadAction","target":["https:\/\/www.plenussupermercados.es\/gl\/recetas\/vieiras-ao-forno\/"]}]},{"@type":"ImageObject","inLanguage":"gl-ES","@id":"https:\/\/www.plenussupermercados.es\/gl\/recetas\/vieiras-ao-forno\/#primaryimage","url":"https:\/\/www.plenussupermercados.es\/wp-content\/uploads\/2024\/06\/vieiras-al-horno-scaled.jpg","contentUrl":"https:\/\/www.plenussupermercados.es\/wp-content\/uploads\/2024\/06\/vieiras-al-horno-scaled.jpg","width":2560,"height":1703},{"@type":"BreadcrumbList","@id":"https:\/\/www.plenussupermercados.es\/gl\/recetas\/vieiras-ao-forno\/#breadcrumb","itemListElement":[{"@type":"ListItem","position":1,"name":"Portada","item":"https:\/\/www.plenussupermercados.es\/gl\/"},{"@type":"ListItem","position":2,"name":"Recipes","item":"https:\/\/www.plenussupermercados.es\/gl\/recetas\/"},{"@type":"ListItem","position":3,"name":"Vieiras ao forno"}]},{"@type":"WebSite","@id":"https:\/\/www.plenussupermercados.es\/gl\/#website","url":"https:\/\/www.plenussupermercados.es\/gl\/","name":"Supermercados Plenus","description":"","publisher":{"@id":"https:\/\/www.plenussupermercados.es\/gl\/#organization"},"potentialAction":[{"@type":"SearchAction","target":{"@type":"EntryPoint","urlTemplate":"https:\/\/www.plenussupermercados.es\/gl\/?s={search_term_string}"},"query-input":{"@type":"PropertyValueSpecification","valueRequired":true,"valueName":"search_term_string"}}],"inLanguage":"gl-ES"},{"@type":"Organization","@id":"https:\/\/www.plenussupermercados.es\/gl\/#organization","name":"Supermercados Plenus","url":"https:\/\/www.plenussupermercados.es\/gl\/","logo":{"@type":"ImageObject","inLanguage":"gl-ES","@id":"https:\/\/www.plenussupermercados.es\/gl\/#\/schema\/logo\/image\/","url":"https:\/\/www.plenussupermercados.es\/wp-content\/uploads\/2024\/01\/logo-plenus-supermercados.png","contentUrl":"https:\/\/www.plenussupermercados.es\/wp-content\/uploads\/2024\/01\/logo-plenus-supermercados.png","width":232,"height":57,"caption":"Supermercados Plenus"},"image":{"@id":"https:\/\/www.plenussupermercados.es\/gl\/#\/schema\/logo\/image\/"}}]}},"recipe":{"id":27678,"slug":"vieiras-ao-forno","post_status":"publish","post_password":"","post_author":"1","language":"gl","type":"food","image_id":38199,"image_url":"https:\/\/www.plenussupermercados.es\/wp-content\/uploads\/2024\/06\/vieiras-al-horno-scaled.jpg","pin_image_id":38199,"pin_image_url":"https:\/\/www.plenussupermercados.es\/wp-content\/uploads\/2024\/06\/vieiras-al-horno-scaled.jpg","pin_image_repin_id":"","name":"Vieiras ao forno","summary":"","author_display":"default","author_name":"","author_link":"","cost":"","servings":"1","servings_unit":"persona","servings_advanced_enabled":"","servings_advanced":{"shape":"round","unit":"inch","diameter":0,"width":0,"length":0,"height":0},"prep_time":"0","prep_time_zero":"","cook_time":"0","cook_time_zero":"","total_time":"0","custom_time":"0","custom_time_zero":"","custom_time_label":"","tags":{"course":[{"term_id":57,"name":"Primeiro prato","slug":"primeiro-prato","term_group":0,"term_taxonomy_id":57,"taxonomy":"wprm_course","description":"","parent":0,"count":381,"filter":"raw"}],"cuisine":[],"keyword":[]},"equipment":[],"ingredients":[{"ingredients":[{"uid":0,"amount":"10","unit":"g","name":"Aceite de oliva","notes":"","unit_id":32,"id":253},{"uid":1,"amount":"40","unit":"g","name":"Cebola","notes":"","unit_id":32,"id":48},{"uid":2,"amount":"1","unit":"g","name":"Chile","notes":"","unit_id":32,"id":441},{"uid":3,"amount":"1","unit":"g","name":"Pemento doce","notes":"","unit_id":32,"id":465},{"uid":4,"amount":"1","unit":"g","name":"Sal","notes":"","unit_id":32,"id":254},{"uid":5,"amount":"33","unit":"g","name":"Vieira","notes":"","unit_id":32,"id":811}],"name":"","uid":-1}],"instructions":[{"instructions":[{"uid":0,"name":"","text":"Abrir as vieiras e separalas das cunchas. Salgalas lixeiramente. Quentar o aceite nunha tixola e refogar a cebola co chile, co lume moi suave ata que estea transparente. Apartar do lume, agregar o pemento e revolver rapidamente. Repartir o rustrido sobre as vieiras e meter no forno, para gratinar, durante 5 min.","image":0,"ingredients":[]}],"name":"","uid":-1}],"ingredients_flat":[{"uid":0,"amount":"10","unit":"g","name":"Aceite de oliva","notes":"","unit_id":32,"id":253,"type":"ingredient"},{"uid":1,"amount":"40","unit":"g","name":"Cebola","notes":"","unit_id":32,"id":48,"type":"ingredient"},{"uid":2,"amount":"1","unit":"g","name":"Chile","notes":"","unit_id":32,"id":441,"type":"ingredient"},{"uid":3,"amount":"1","unit":"g","name":"Pemento doce","notes":"","unit_id":32,"id":465,"type":"ingredient"},{"uid":4,"amount":"1","unit":"g","name":"Sal","notes":"","unit_id":32,"id":254,"type":"ingredient"},{"uid":5,"amount":"33","unit":"g","name":"Vieira","notes":"","unit_id":32,"id":811,"type":"ingredient"}],"instructions_flat":[{"uid":0,"name":"","text":"Abrir as vieiras e separalas das cunchas. Salgalas lixeiramente. Quentar o aceite nunha tixola e refogar a cebola co chile, co lume moi suave ata que estea transparente. Apartar do lume, agregar o pemento e revolver rapidamente. Repartir o rustrido sobre as vieiras e meter no forno, para gratinar, durante 5 min.","image":0,"ingredients":[],"type":"instruction","image_url":""}],"video_id":0,"video_embed":"","video_thumb_url":"https:\/\/www.plenussupermercados.es\/wp-content\/uploads\/2024\/06\/vieiras-al-horno-150x150.jpg","notes":"<p>As vieiras convert\u00e9ronse nun prato habitual nas datas de Nadal nos \u00faltimos anos. A vieira galega \u00e9 unha das variedades m\u00e1is correntes. Ten altas propiedades antioxidantes. O seu contido en graxas e colesterol \u00e9 baixo por iso \u00e9 recomendable para persoas que te\u00f1an que baixar de peso ou presenten niveis elevados de l\u00edpidos en sangue. Destaca a cantidade de vitamina B12 que \u00e9 importante para o metabolismo xa que axuda \u00e1 formaci\u00f3n de gl\u00f3bulos vermellos no sangue e ao mantemento do sistema nervioso central. <\/p>\n","nutrition":[],"custom_fields":{"source":"DAG","hardness":"","idrecipe":"3116","nutritional":"","language":"GL"},"ingredient_links_type":"global","unit_system":"default"},"_links":{"self":[{"href":"https:\/\/www.plenussupermercados.es\/gl\/wp-json\/wp\/v2\/wprm_recipe\/27678","targetHints":{"allow":["GET"]}}],"collection":[{"href":"https:\/\/www.plenussupermercados.es\/gl\/wp-json\/wp\/v2\/wprm_recipe"}],"about":[{"href":"https:\/\/www.plenussupermercados.es\/gl\/wp-json\/wp\/v2\/types\/wprm_recipe"}],"author":[{"embeddable":true,"href":"https:\/\/www.plenussupermercados.es\/gl\/wp-json\/wp\/v2\/users\/1"}],"version-history":[{"count":2,"href":"https:\/\/www.plenussupermercados.es\/gl\/wp-json\/wp\/v2\/wprm_recipe\/27678\/revisions"}],"predecessor-version":[{"id":38202,"href":"https:\/\/www.plenussupermercados.es\/gl\/wp-json\/wp\/v2\/wprm_recipe\/27678\/revisions\/38202"}],"wp:featuredmedia":[{"embeddable":true,"href":"https:\/\/www.plenussupermercados.es\/gl\/wp-json\/wp\/v2\/media\/38199"}],"wp:attachment":[{"href":"https:\/\/www.plenussupermercados.es\/gl\/wp-json\/wp\/v2\/media?parent=27678"}],"wp:term":[{"taxonomy":"wprm_course","embeddable":true,"href":"https:\/\/www.plenussupermercados.es\/gl\/wp-json\/wp\/v2\/wprm_course?post=27678"},{"taxonomy":"wprm_cuisine","embeddable":true,"href":"https:\/\/www.plenussupermercados.es\/gl\/wp-json\/wp\/v2\/wprm_cuisine?post=27678"},{"taxonomy":"wprm_keyword","embeddable":true,"href":"https:\/\/www.plenussupermercados.es\/gl\/wp-json\/wp\/v2\/wprm_keyword?post=27678"},{"taxonomy":"wprm_ingredient","embeddable":true,"href":"https:\/\/www.plenussupermercados.es\/gl\/wp-json\/wp\/v2\/wprm_ingredient?post=27678"},{"taxonomy":"wprm_ingredient_unit","embeddable":true,"href":"https:\/\/www.plenussupermercados.es\/gl\/wp-json\/wp\/v2\/wprm_ingredient_unit?post=27678"},{"taxonomy":"wprm_glossary_term","embeddable":true,"href":"https:\/\/www.plenussupermercados.es\/gl\/wp-json\/wp\/v2\/wprm_glossary_term?post=27678"},{"taxonomy":"wprm_equipment","embeddable":true,"href":"https:\/\/www.plenussupermercados.es\/gl\/wp-json\/wp\/v2\/wprm_equipment?post=27678"},{"taxonomy":"wprm_nutrition_ingredient","embeddable":true,"href":"https:\/\/www.plenussupermercados.es\/gl\/wp-json\/wp\/v2\/wprm_nutrition_ingredient?post=27678"}],"curies":[{"name":"wp","href":"https:\/\/api.w.org\/{rel}","templated":true}]}}