{"id":29245,"date":"2024-01-02T21:26:48","date_gmt":"2024-01-02T20:26:48","guid":{"rendered":"https:\/\/www.plenussupermercados.es\/\/?post_type=wprm_recipe&#038;p=29245"},"modified":"2024-06-21T11:51:17","modified_gmt":"2024-06-21T09:51:17","slug":"porros-gratinados","status":"publish","type":"wprm_recipe","link":"https:\/\/www.plenussupermercados.es\/gl\/recetas\/porros-gratinados\/","title":{"rendered":"Porros gratinados"},"content":{"rendered":"","protected":false},"author":1,"featured_media":37994,"template":"","wprm_course":[57],"wprm_cuisine":[],"wprm_keyword":[],"wprm_ingredient":[525,60,376,384,469,412,377],"wprm_ingredient_unit":[32],"wprm_glossary_term":[],"wprm_equipment":[],"wprm_nutrition_ingredient":[],"class_list":["post-29245","wprm_recipe","type-wprm_recipe","status-publish","has-post-thumbnail","hentry","description-off"],"acf":[],"yoast_head":"<!-- This site is optimized with the Yoast SEO plugin v27.5 - https:\/\/yoast.com\/product\/yoast-seo-wordpress\/ -->\n<title>Porros gratinados - Supermercados Plenus<\/title>\n<meta name=\"robots\" content=\"index, follow, max-snippet:-1, max-image-preview:large, max-video-preview:-1\" \/>\n<link rel=\"canonical\" href=\"https:\/\/www.plenussupermercados.es\/gl\/recetas\/porros-gratinados\/\" \/>\n<meta property=\"og:locale\" content=\"gl_ES\" \/>\n<meta property=\"og:type\" content=\"article\" \/>\n<meta property=\"og:title\" content=\"Porros gratinados - Supermercados Plenus\" \/>\n<meta property=\"og:url\" content=\"https:\/\/www.plenussupermercados.es\/gl\/recetas\/porros-gratinados\/\" \/>\n<meta property=\"og:site_name\" content=\"Supermercados Plenus\" \/>\n<meta property=\"article:modified_time\" content=\"2024-06-21T09:51:17+00:00\" \/>\n<meta property=\"og:image\" content=\"https:\/\/www.plenussupermercados.es\/wp-content\/uploads\/2024\/06\/puerros-gratinados.jpg\" \/>\n\t<meta property=\"og:image:width\" content=\"1500\" \/>\n\t<meta property=\"og:image:height\" content=\"1000\" \/>\n\t<meta property=\"og:image:type\" content=\"image\/jpeg\" \/>\n<meta name=\"twitter:card\" content=\"summary_large_image\" \/>\n<script type=\"application\/ld+json\" class=\"yoast-schema-graph\">{\"@context\":\"https:\\\/\\\/schema.org\",\"@graph\":[{\"@type\":\"WebPage\",\"@id\":\"https:\\\/\\\/www.plenussupermercados.es\\\/gl\\\/recetas\\\/porros-gratinados\\\/\",\"url\":\"https:\\\/\\\/www.plenussupermercados.es\\\/gl\\\/recetas\\\/porros-gratinados\\\/\",\"name\":\"Porros gratinados - Supermercados Plenus\",\"isPartOf\":{\"@id\":\"https:\\\/\\\/www.plenussupermercados.es\\\/gl\\\/#website\"},\"primaryImageOfPage\":{\"@id\":\"https:\\\/\\\/www.plenussupermercados.es\\\/gl\\\/recetas\\\/porros-gratinados\\\/#primaryimage\"},\"image\":{\"@id\":\"https:\\\/\\\/www.plenussupermercados.es\\\/gl\\\/recetas\\\/porros-gratinados\\\/#primaryimage\"},\"thumbnailUrl\":\"https:\\\/\\\/www.plenussupermercados.es\\\/wp-content\\\/uploads\\\/2024\\\/06\\\/puerros-gratinados.jpg\",\"datePublished\":\"2024-01-02T20:26:48+00:00\",\"dateModified\":\"2024-06-21T09:51:17+00:00\",\"breadcrumb\":{\"@id\":\"https:\\\/\\\/www.plenussupermercados.es\\\/gl\\\/recetas\\\/porros-gratinados\\\/#breadcrumb\"},\"inLanguage\":\"gl-ES\",\"potentialAction\":[{\"@type\":\"ReadAction\",\"target\":[\"https:\\\/\\\/www.plenussupermercados.es\\\/gl\\\/recetas\\\/porros-gratinados\\\/\"]}]},{\"@type\":\"ImageObject\",\"inLanguage\":\"gl-ES\",\"@id\":\"https:\\\/\\\/www.plenussupermercados.es\\\/gl\\\/recetas\\\/porros-gratinados\\\/#primaryimage\",\"url\":\"https:\\\/\\\/www.plenussupermercados.es\\\/wp-content\\\/uploads\\\/2024\\\/06\\\/puerros-gratinados.jpg\",\"contentUrl\":\"https:\\\/\\\/www.plenussupermercados.es\\\/wp-content\\\/uploads\\\/2024\\\/06\\\/puerros-gratinados.jpg\",\"width\":1500,\"height\":1000},{\"@type\":\"BreadcrumbList\",\"@id\":\"https:\\\/\\\/www.plenussupermercados.es\\\/gl\\\/recetas\\\/porros-gratinados\\\/#breadcrumb\",\"itemListElement\":[{\"@type\":\"ListItem\",\"position\":1,\"name\":\"Portada\",\"item\":\"https:\\\/\\\/www.plenussupermercados.es\\\/gl\\\/\"},{\"@type\":\"ListItem\",\"position\":2,\"name\":\"Recipes\",\"item\":\"https:\\\/\\\/www.plenussupermercados.es\\\/gl\\\/recetas\\\/\"},{\"@type\":\"ListItem\",\"position\":3,\"name\":\"Porros gratinados\"}]},{\"@type\":\"WebSite\",\"@id\":\"https:\\\/\\\/www.plenussupermercados.es\\\/gl\\\/#website\",\"url\":\"https:\\\/\\\/www.plenussupermercados.es\\\/gl\\\/\",\"name\":\"Supermercados Plenus\",\"description\":\"\",\"publisher\":{\"@id\":\"https:\\\/\\\/www.plenussupermercados.es\\\/gl\\\/#organization\"},\"potentialAction\":[{\"@type\":\"SearchAction\",\"target\":{\"@type\":\"EntryPoint\",\"urlTemplate\":\"https:\\\/\\\/www.plenussupermercados.es\\\/gl\\\/?s={search_term_string}\"},\"query-input\":{\"@type\":\"PropertyValueSpecification\",\"valueRequired\":true,\"valueName\":\"search_term_string\"}}],\"inLanguage\":\"gl-ES\"},{\"@type\":\"Organization\",\"@id\":\"https:\\\/\\\/www.plenussupermercados.es\\\/gl\\\/#organization\",\"name\":\"Supermercados Plenus\",\"url\":\"https:\\\/\\\/www.plenussupermercados.es\\\/gl\\\/\",\"logo\":{\"@type\":\"ImageObject\",\"inLanguage\":\"gl-ES\",\"@id\":\"https:\\\/\\\/www.plenussupermercados.es\\\/gl\\\/#\\\/schema\\\/logo\\\/image\\\/\",\"url\":\"https:\\\/\\\/www.plenussupermercados.es\\\/wp-content\\\/uploads\\\/2024\\\/01\\\/logo-plenus-supermercados.png\",\"contentUrl\":\"https:\\\/\\\/www.plenussupermercados.es\\\/wp-content\\\/uploads\\\/2024\\\/01\\\/logo-plenus-supermercados.png\",\"width\":232,\"height\":57,\"caption\":\"Supermercados Plenus\"},\"image\":{\"@id\":\"https:\\\/\\\/www.plenussupermercados.es\\\/gl\\\/#\\\/schema\\\/logo\\\/image\\\/\"}}]}<\/script>\n<!-- \/ Yoast SEO plugin. -->","yoast_head_json":{"title":"Porros gratinados - Supermercados Plenus","robots":{"index":"index","follow":"follow","max-snippet":"max-snippet:-1","max-image-preview":"max-image-preview:large","max-video-preview":"max-video-preview:-1"},"canonical":"https:\/\/www.plenussupermercados.es\/gl\/recetas\/porros-gratinados\/","og_locale":"gl_ES","og_type":"article","og_title":"Porros gratinados - Supermercados Plenus","og_url":"https:\/\/www.plenussupermercados.es\/gl\/recetas\/porros-gratinados\/","og_site_name":"Supermercados Plenus","article_modified_time":"2024-06-21T09:51:17+00:00","og_image":[{"width":1500,"height":1000,"url":"https:\/\/www.plenussupermercados.es\/wp-content\/uploads\/2024\/06\/puerros-gratinados.jpg","type":"image\/jpeg"}],"twitter_card":"summary_large_image","schema":{"@context":"https:\/\/schema.org","@graph":[{"@type":"WebPage","@id":"https:\/\/www.plenussupermercados.es\/gl\/recetas\/porros-gratinados\/","url":"https:\/\/www.plenussupermercados.es\/gl\/recetas\/porros-gratinados\/","name":"Porros gratinados - Supermercados Plenus","isPartOf":{"@id":"https:\/\/www.plenussupermercados.es\/gl\/#website"},"primaryImageOfPage":{"@id":"https:\/\/www.plenussupermercados.es\/gl\/recetas\/porros-gratinados\/#primaryimage"},"image":{"@id":"https:\/\/www.plenussupermercados.es\/gl\/recetas\/porros-gratinados\/#primaryimage"},"thumbnailUrl":"https:\/\/www.plenussupermercados.es\/wp-content\/uploads\/2024\/06\/puerros-gratinados.jpg","datePublished":"2024-01-02T20:26:48+00:00","dateModified":"2024-06-21T09:51:17+00:00","breadcrumb":{"@id":"https:\/\/www.plenussupermercados.es\/gl\/recetas\/porros-gratinados\/#breadcrumb"},"inLanguage":"gl-ES","potentialAction":[{"@type":"ReadAction","target":["https:\/\/www.plenussupermercados.es\/gl\/recetas\/porros-gratinados\/"]}]},{"@type":"ImageObject","inLanguage":"gl-ES","@id":"https:\/\/www.plenussupermercados.es\/gl\/recetas\/porros-gratinados\/#primaryimage","url":"https:\/\/www.plenussupermercados.es\/wp-content\/uploads\/2024\/06\/puerros-gratinados.jpg","contentUrl":"https:\/\/www.plenussupermercados.es\/wp-content\/uploads\/2024\/06\/puerros-gratinados.jpg","width":1500,"height":1000},{"@type":"BreadcrumbList","@id":"https:\/\/www.plenussupermercados.es\/gl\/recetas\/porros-gratinados\/#breadcrumb","itemListElement":[{"@type":"ListItem","position":1,"name":"Portada","item":"https:\/\/www.plenussupermercados.es\/gl\/"},{"@type":"ListItem","position":2,"name":"Recipes","item":"https:\/\/www.plenussupermercados.es\/gl\/recetas\/"},{"@type":"ListItem","position":3,"name":"Porros gratinados"}]},{"@type":"WebSite","@id":"https:\/\/www.plenussupermercados.es\/gl\/#website","url":"https:\/\/www.plenussupermercados.es\/gl\/","name":"Supermercados Plenus","description":"","publisher":{"@id":"https:\/\/www.plenussupermercados.es\/gl\/#organization"},"potentialAction":[{"@type":"SearchAction","target":{"@type":"EntryPoint","urlTemplate":"https:\/\/www.plenussupermercados.es\/gl\/?s={search_term_string}"},"query-input":{"@type":"PropertyValueSpecification","valueRequired":true,"valueName":"search_term_string"}}],"inLanguage":"gl-ES"},{"@type":"Organization","@id":"https:\/\/www.plenussupermercados.es\/gl\/#organization","name":"Supermercados Plenus","url":"https:\/\/www.plenussupermercados.es\/gl\/","logo":{"@type":"ImageObject","inLanguage":"gl-ES","@id":"https:\/\/www.plenussupermercados.es\/gl\/#\/schema\/logo\/image\/","url":"https:\/\/www.plenussupermercados.es\/wp-content\/uploads\/2024\/01\/logo-plenus-supermercados.png","contentUrl":"https:\/\/www.plenussupermercados.es\/wp-content\/uploads\/2024\/01\/logo-plenus-supermercados.png","width":232,"height":57,"caption":"Supermercados Plenus"},"image":{"@id":"https:\/\/www.plenussupermercados.es\/gl\/#\/schema\/logo\/image\/"}}]}},"recipe":{"id":29245,"slug":"porros-gratinados","post_status":"publish","post_password":"","post_author":"1","language":"gl","type":"food","image_id":37994,"image_url":"https:\/\/www.plenussupermercados.es\/wp-content\/uploads\/2024\/06\/puerros-gratinados.jpg","pin_image_id":37994,"pin_image_url":"https:\/\/www.plenussupermercados.es\/wp-content\/uploads\/2024\/06\/puerros-gratinados.jpg","pin_image_repin_id":"","name":"Porros gratinados","summary":"","author_display":"default","author_name":"","author_link":"","cost":"","servings":"1","servings_unit":"persona","servings_advanced_enabled":"","servings_advanced":{"shape":"round","unit":"inch","diameter":0,"width":0,"length":0,"height":0},"prep_time":"0","prep_time_zero":"","cook_time":"0","cook_time_zero":"","total_time":"0","custom_time":"0","custom_time_zero":"","custom_time_label":"","tags":{"course":[{"term_id":57,"name":"Primeiro prato","slug":"primeiro-prato","term_group":0,"term_taxonomy_id":57,"taxonomy":"wprm_course","description":"","parent":0,"count":381,"filter":"raw"}],"cuisine":[],"keyword":[]},"equipment":[],"ingredients":[{"ingredients":[{"uid":0,"amount":"4","unit":"g","name":"Caldo de verdura","notes":"","unit_id":32,"id":525},{"uid":1,"amount":"15","unit":"g","name":"Fari\u00f1a","notes":"","unit_id":32,"id":60},{"uid":2,"amount":"100","unit":"g","name":"Leite desnatado","notes":"","unit_id":32,"id":376},{"uid":3,"amount":"10","unit":"g","name":"Manteiga","notes":"","unit_id":32,"id":384},{"uid":4,"amount":"0.5","unit":"g","name":"Pementa negra","notes":"","unit_id":32,"id":469},{"uid":5,"amount":"70","unit":"g","name":"Porro","notes":"","unit_id":32,"id":412},{"uid":6,"amount":"15","unit":"g","name":"Queixo parmesano","notes":"","unit_id":32,"id":377}],"name":"","uid":-1}],"instructions":[{"instructions":[{"uid":0,"name":"","text":"Po\u00f1er os porros a cocer, unha vez cocidos fac\u00e9molos anacos. Faise una bechamel refogando a manteiga coa fari\u00f1a engadindo pouco a pouco o leite, sen esquecer o caldi\u00f1o, ata conseguir unha crema uniforme. Engadir \u00e1 bechamel o queixo relado parmesano e a pementa negra mo\u00edda. Colocar nunha fonte refractaria os porros, a bechamel enriba e volver a po\u00f1er queixo relado por enriba. Meter ao forno para que se gratine. Esta receita serve tam\u00e9n para outras verduras segundo gustos.","image":0,"ingredients":[]}],"name":"","uid":-1}],"ingredients_flat":[{"uid":0,"amount":"4","unit":"g","name":"Caldo de verdura","notes":"","unit_id":32,"id":525,"type":"ingredient"},{"uid":1,"amount":"15","unit":"g","name":"Fari\u00f1a","notes":"","unit_id":32,"id":60,"type":"ingredient"},{"uid":2,"amount":"100","unit":"g","name":"Leite desnatado","notes":"","unit_id":32,"id":376,"type":"ingredient"},{"uid":3,"amount":"10","unit":"g","name":"Manteiga","notes":"","unit_id":32,"id":384,"type":"ingredient"},{"uid":4,"amount":"0.5","unit":"g","name":"Pementa negra","notes":"","unit_id":32,"id":469,"type":"ingredient"},{"uid":5,"amount":"70","unit":"g","name":"Porro","notes":"","unit_id":32,"id":412,"type":"ingredient"},{"uid":6,"amount":"15","unit":"g","name":"Queixo parmesano","notes":"","unit_id":32,"id":377,"type":"ingredient"}],"instructions_flat":[{"uid":0,"name":"","text":"Po\u00f1er os porros a cocer, unha vez cocidos fac\u00e9molos anacos. Faise una bechamel refogando a manteiga coa fari\u00f1a engadindo pouco a pouco o leite, sen esquecer o caldi\u00f1o, ata conseguir unha crema uniforme. Engadir \u00e1 bechamel o queixo relado parmesano e a pementa negra mo\u00edda. Colocar nunha fonte refractaria os porros, a bechamel enriba e volver a po\u00f1er queixo relado por enriba. Meter ao forno para que se gratine. Esta receita serve tam\u00e9n para outras verduras segundo gustos.","image":0,"ingredients":[],"type":"instruction","image_url":""}],"video_id":0,"video_embed":"","video_thumb_url":"https:\/\/www.plenussupermercados.es\/wp-content\/uploads\/2024\/06\/puerros-gratinados-150x150.jpg","notes":"<p>O cultivo do porro rem\u00f3ntase ao antigo Exipto. O porro ten un gran contido en auga e o seu contido en calor\u00edas \u00e9 moi baixo polo que \u00e9 id\u00f3neo para dietas de adelgazamento. Proporcionan gran cantidade de fibra. Te\u00f1en tam\u00e9n propiedades hipotensoras, axeitado para persoas que sofren hipertensi\u00f3n arterial. Son bos para o tratamento de catarros e problemas bronquiais. Destaca a s\u00faa cantidade de vitamina C que cobre a metade da cantidade diaria recomendada. Grazas \u00e1 s\u00faa cantidade de potasio evita a retenci\u00f3n de l\u00edquidos. <\/p>\n","nutrition":[],"custom_fields":{"source":"DAG","hardness":"","idrecipe":"3059","nutritional":"","language":"GL"},"ingredient_links_type":"global","unit_system":"default"},"_links":{"self":[{"href":"https:\/\/www.plenussupermercados.es\/gl\/wp-json\/wp\/v2\/wprm_recipe\/29245","targetHints":{"allow":["GET"]}}],"collection":[{"href":"https:\/\/www.plenussupermercados.es\/gl\/wp-json\/wp\/v2\/wprm_recipe"}],"about":[{"href":"https:\/\/www.plenussupermercados.es\/gl\/wp-json\/wp\/v2\/types\/wprm_recipe"}],"author":[{"embeddable":true,"href":"https:\/\/www.plenussupermercados.es\/gl\/wp-json\/wp\/v2\/users\/1"}],"version-history":[{"count":2,"href":"https:\/\/www.plenussupermercados.es\/gl\/wp-json\/wp\/v2\/wprm_recipe\/29245\/revisions"}],"predecessor-version":[{"id":37998,"href":"https:\/\/www.plenussupermercados.es\/gl\/wp-json\/wp\/v2\/wprm_recipe\/29245\/revisions\/37998"}],"wp:featuredmedia":[{"embeddable":true,"href":"https:\/\/www.plenussupermercados.es\/gl\/wp-json\/wp\/v2\/media\/37994"}],"wp:attachment":[{"href":"https:\/\/www.plenussupermercados.es\/gl\/wp-json\/wp\/v2\/media?parent=29245"}],"wp:term":[{"taxonomy":"wprm_course","embeddable":true,"href":"https:\/\/www.plenussupermercados.es\/gl\/wp-json\/wp\/v2\/wprm_course?post=29245"},{"taxonomy":"wprm_cuisine","embeddable":true,"href":"https:\/\/www.plenussupermercados.es\/gl\/wp-json\/wp\/v2\/wprm_cuisine?post=29245"},{"taxonomy":"wprm_keyword","embeddable":true,"href":"https:\/\/www.plenussupermercados.es\/gl\/wp-json\/wp\/v2\/wprm_keyword?post=29245"},{"taxonomy":"wprm_ingredient","embeddable":true,"href":"https:\/\/www.plenussupermercados.es\/gl\/wp-json\/wp\/v2\/wprm_ingredient?post=29245"},{"taxonomy":"wprm_ingredient_unit","embeddable":true,"href":"https:\/\/www.plenussupermercados.es\/gl\/wp-json\/wp\/v2\/wprm_ingredient_unit?post=29245"},{"taxonomy":"wprm_glossary_term","embeddable":true,"href":"https:\/\/www.plenussupermercados.es\/gl\/wp-json\/wp\/v2\/wprm_glossary_term?post=29245"},{"taxonomy":"wprm_equipment","embeddable":true,"href":"https:\/\/www.plenussupermercados.es\/gl\/wp-json\/wp\/v2\/wprm_equipment?post=29245"},{"taxonomy":"wprm_nutrition_ingredient","embeddable":true,"href":"https:\/\/www.plenussupermercados.es\/gl\/wp-json\/wp\/v2\/wprm_nutrition_ingredient?post=29245"}],"curies":[{"name":"wp","href":"https:\/\/api.w.org\/{rel}","templated":true}]}}