{"id":29293,"date":"2024-01-02T21:27:03","date_gmt":"2024-01-02T20:27:03","guid":{"rendered":"https:\/\/www.plenussupermercados.es\/\/?post_type=wprm_recipe&#038;p=29293"},"modified":"2024-06-21T12:18:19","modified_gmt":"2024-06-21T10:18:19","slug":"queixo-de-tetilla-con-mel","status":"publish","type":"wprm_recipe","link":"https:\/\/www.plenussupermercados.es\/gl\/recetas\/queixo-de-tetilla-con-mel\/","title":{"rendered":"Queixo de tetilla con mel"},"content":{"rendered":"","protected":false},"author":1,"featured_media":38023,"template":"","wprm_course":[57],"wprm_cuisine":[],"wprm_keyword":[],"wprm_ingredient":[747,755],"wprm_ingredient_unit":[32],"wprm_glossary_term":[],"wprm_equipment":[],"wprm_nutrition_ingredient":[],"class_list":["post-29293","wprm_recipe","type-wprm_recipe","status-publish","has-post-thumbnail","hentry","description-off"],"acf":[],"yoast_head":"<!-- This site is optimized with the Yoast SEO plugin v27.5 - https:\/\/yoast.com\/product\/yoast-seo-wordpress\/ -->\n<title>Queixo de tetilla con mel - Supermercados Plenus<\/title>\n<meta name=\"robots\" content=\"index, follow, max-snippet:-1, max-image-preview:large, max-video-preview:-1\" \/>\n<link rel=\"canonical\" href=\"https:\/\/www.plenussupermercados.es\/gl\/recetas\/queixo-de-tetilla-con-mel\/\" \/>\n<meta property=\"og:locale\" content=\"gl_ES\" \/>\n<meta property=\"og:type\" content=\"article\" \/>\n<meta property=\"og:title\" content=\"Queixo de tetilla con mel - Supermercados Plenus\" \/>\n<meta property=\"og:url\" content=\"https:\/\/www.plenussupermercados.es\/gl\/recetas\/queixo-de-tetilla-con-mel\/\" \/>\n<meta property=\"og:site_name\" content=\"Supermercados Plenus\" \/>\n<meta property=\"article:modified_time\" content=\"2024-06-21T10:18:19+00:00\" \/>\n<meta property=\"og:image\" content=\"https:\/\/www.plenussupermercados.es\/wp-content\/uploads\/2024\/06\/queso-tetilla-con-miel.jpg\" \/>\n\t<meta property=\"og:image:width\" content=\"1200\" \/>\n\t<meta property=\"og:image:height\" content=\"800\" \/>\n\t<meta property=\"og:image:type\" content=\"image\/jpeg\" \/>\n<meta name=\"twitter:card\" content=\"summary_large_image\" \/>\n<script type=\"application\/ld+json\" class=\"yoast-schema-graph\">{\"@context\":\"https:\\\/\\\/schema.org\",\"@graph\":[{\"@type\":\"WebPage\",\"@id\":\"https:\\\/\\\/www.plenussupermercados.es\\\/gl\\\/recetas\\\/queixo-de-tetilla-con-mel\\\/\",\"url\":\"https:\\\/\\\/www.plenussupermercados.es\\\/gl\\\/recetas\\\/queixo-de-tetilla-con-mel\\\/\",\"name\":\"Queixo de tetilla con mel - Supermercados Plenus\",\"isPartOf\":{\"@id\":\"https:\\\/\\\/www.plenussupermercados.es\\\/gl\\\/#website\"},\"primaryImageOfPage\":{\"@id\":\"https:\\\/\\\/www.plenussupermercados.es\\\/gl\\\/recetas\\\/queixo-de-tetilla-con-mel\\\/#primaryimage\"},\"image\":{\"@id\":\"https:\\\/\\\/www.plenussupermercados.es\\\/gl\\\/recetas\\\/queixo-de-tetilla-con-mel\\\/#primaryimage\"},\"thumbnailUrl\":\"https:\\\/\\\/www.plenussupermercados.es\\\/wp-content\\\/uploads\\\/2024\\\/06\\\/queso-tetilla-con-miel.jpg\",\"datePublished\":\"2024-01-02T20:27:03+00:00\",\"dateModified\":\"2024-06-21T10:18:19+00:00\",\"breadcrumb\":{\"@id\":\"https:\\\/\\\/www.plenussupermercados.es\\\/gl\\\/recetas\\\/queixo-de-tetilla-con-mel\\\/#breadcrumb\"},\"inLanguage\":\"gl-ES\",\"potentialAction\":[{\"@type\":\"ReadAction\",\"target\":[\"https:\\\/\\\/www.plenussupermercados.es\\\/gl\\\/recetas\\\/queixo-de-tetilla-con-mel\\\/\"]}]},{\"@type\":\"ImageObject\",\"inLanguage\":\"gl-ES\",\"@id\":\"https:\\\/\\\/www.plenussupermercados.es\\\/gl\\\/recetas\\\/queixo-de-tetilla-con-mel\\\/#primaryimage\",\"url\":\"https:\\\/\\\/www.plenussupermercados.es\\\/wp-content\\\/uploads\\\/2024\\\/06\\\/queso-tetilla-con-miel.jpg\",\"contentUrl\":\"https:\\\/\\\/www.plenussupermercados.es\\\/wp-content\\\/uploads\\\/2024\\\/06\\\/queso-tetilla-con-miel.jpg\",\"width\":1200,\"height\":800},{\"@type\":\"BreadcrumbList\",\"@id\":\"https:\\\/\\\/www.plenussupermercados.es\\\/gl\\\/recetas\\\/queixo-de-tetilla-con-mel\\\/#breadcrumb\",\"itemListElement\":[{\"@type\":\"ListItem\",\"position\":1,\"name\":\"Portada\",\"item\":\"https:\\\/\\\/www.plenussupermercados.es\\\/gl\\\/\"},{\"@type\":\"ListItem\",\"position\":2,\"name\":\"Recipes\",\"item\":\"https:\\\/\\\/www.plenussupermercados.es\\\/gl\\\/recetas\\\/\"},{\"@type\":\"ListItem\",\"position\":3,\"name\":\"Queixo de tetilla con mel\"}]},{\"@type\":\"WebSite\",\"@id\":\"https:\\\/\\\/www.plenussupermercados.es\\\/gl\\\/#website\",\"url\":\"https:\\\/\\\/www.plenussupermercados.es\\\/gl\\\/\",\"name\":\"Supermercados Plenus\",\"description\":\"\",\"publisher\":{\"@id\":\"https:\\\/\\\/www.plenussupermercados.es\\\/gl\\\/#organization\"},\"potentialAction\":[{\"@type\":\"SearchAction\",\"target\":{\"@type\":\"EntryPoint\",\"urlTemplate\":\"https:\\\/\\\/www.plenussupermercados.es\\\/gl\\\/?s={search_term_string}\"},\"query-input\":{\"@type\":\"PropertyValueSpecification\",\"valueRequired\":true,\"valueName\":\"search_term_string\"}}],\"inLanguage\":\"gl-ES\"},{\"@type\":\"Organization\",\"@id\":\"https:\\\/\\\/www.plenussupermercados.es\\\/gl\\\/#organization\",\"name\":\"Supermercados Plenus\",\"url\":\"https:\\\/\\\/www.plenussupermercados.es\\\/gl\\\/\",\"logo\":{\"@type\":\"ImageObject\",\"inLanguage\":\"gl-ES\",\"@id\":\"https:\\\/\\\/www.plenussupermercados.es\\\/gl\\\/#\\\/schema\\\/logo\\\/image\\\/\",\"url\":\"https:\\\/\\\/www.plenussupermercados.es\\\/wp-content\\\/uploads\\\/2024\\\/01\\\/logo-plenus-supermercados.png\",\"contentUrl\":\"https:\\\/\\\/www.plenussupermercados.es\\\/wp-content\\\/uploads\\\/2024\\\/01\\\/logo-plenus-supermercados.png\",\"width\":232,\"height\":57,\"caption\":\"Supermercados Plenus\"},\"image\":{\"@id\":\"https:\\\/\\\/www.plenussupermercados.es\\\/gl\\\/#\\\/schema\\\/logo\\\/image\\\/\"}}]}<\/script>\n<!-- \/ Yoast SEO plugin. -->","yoast_head_json":{"title":"Queixo de tetilla con mel - Supermercados Plenus","robots":{"index":"index","follow":"follow","max-snippet":"max-snippet:-1","max-image-preview":"max-image-preview:large","max-video-preview":"max-video-preview:-1"},"canonical":"https:\/\/www.plenussupermercados.es\/gl\/recetas\/queixo-de-tetilla-con-mel\/","og_locale":"gl_ES","og_type":"article","og_title":"Queixo de tetilla con mel - Supermercados Plenus","og_url":"https:\/\/www.plenussupermercados.es\/gl\/recetas\/queixo-de-tetilla-con-mel\/","og_site_name":"Supermercados Plenus","article_modified_time":"2024-06-21T10:18:19+00:00","og_image":[{"width":1200,"height":800,"url":"https:\/\/www.plenussupermercados.es\/wp-content\/uploads\/2024\/06\/queso-tetilla-con-miel.jpg","type":"image\/jpeg"}],"twitter_card":"summary_large_image","schema":{"@context":"https:\/\/schema.org","@graph":[{"@type":"WebPage","@id":"https:\/\/www.plenussupermercados.es\/gl\/recetas\/queixo-de-tetilla-con-mel\/","url":"https:\/\/www.plenussupermercados.es\/gl\/recetas\/queixo-de-tetilla-con-mel\/","name":"Queixo de tetilla con mel - Supermercados Plenus","isPartOf":{"@id":"https:\/\/www.plenussupermercados.es\/gl\/#website"},"primaryImageOfPage":{"@id":"https:\/\/www.plenussupermercados.es\/gl\/recetas\/queixo-de-tetilla-con-mel\/#primaryimage"},"image":{"@id":"https:\/\/www.plenussupermercados.es\/gl\/recetas\/queixo-de-tetilla-con-mel\/#primaryimage"},"thumbnailUrl":"https:\/\/www.plenussupermercados.es\/wp-content\/uploads\/2024\/06\/queso-tetilla-con-miel.jpg","datePublished":"2024-01-02T20:27:03+00:00","dateModified":"2024-06-21T10:18:19+00:00","breadcrumb":{"@id":"https:\/\/www.plenussupermercados.es\/gl\/recetas\/queixo-de-tetilla-con-mel\/#breadcrumb"},"inLanguage":"gl-ES","potentialAction":[{"@type":"ReadAction","target":["https:\/\/www.plenussupermercados.es\/gl\/recetas\/queixo-de-tetilla-con-mel\/"]}]},{"@type":"ImageObject","inLanguage":"gl-ES","@id":"https:\/\/www.plenussupermercados.es\/gl\/recetas\/queixo-de-tetilla-con-mel\/#primaryimage","url":"https:\/\/www.plenussupermercados.es\/wp-content\/uploads\/2024\/06\/queso-tetilla-con-miel.jpg","contentUrl":"https:\/\/www.plenussupermercados.es\/wp-content\/uploads\/2024\/06\/queso-tetilla-con-miel.jpg","width":1200,"height":800},{"@type":"BreadcrumbList","@id":"https:\/\/www.plenussupermercados.es\/gl\/recetas\/queixo-de-tetilla-con-mel\/#breadcrumb","itemListElement":[{"@type":"ListItem","position":1,"name":"Portada","item":"https:\/\/www.plenussupermercados.es\/gl\/"},{"@type":"ListItem","position":2,"name":"Recipes","item":"https:\/\/www.plenussupermercados.es\/gl\/recetas\/"},{"@type":"ListItem","position":3,"name":"Queixo de tetilla con mel"}]},{"@type":"WebSite","@id":"https:\/\/www.plenussupermercados.es\/gl\/#website","url":"https:\/\/www.plenussupermercados.es\/gl\/","name":"Supermercados Plenus","description":"","publisher":{"@id":"https:\/\/www.plenussupermercados.es\/gl\/#organization"},"potentialAction":[{"@type":"SearchAction","target":{"@type":"EntryPoint","urlTemplate":"https:\/\/www.plenussupermercados.es\/gl\/?s={search_term_string}"},"query-input":{"@type":"PropertyValueSpecification","valueRequired":true,"valueName":"search_term_string"}}],"inLanguage":"gl-ES"},{"@type":"Organization","@id":"https:\/\/www.plenussupermercados.es\/gl\/#organization","name":"Supermercados Plenus","url":"https:\/\/www.plenussupermercados.es\/gl\/","logo":{"@type":"ImageObject","inLanguage":"gl-ES","@id":"https:\/\/www.plenussupermercados.es\/gl\/#\/schema\/logo\/image\/","url":"https:\/\/www.plenussupermercados.es\/wp-content\/uploads\/2024\/01\/logo-plenus-supermercados.png","contentUrl":"https:\/\/www.plenussupermercados.es\/wp-content\/uploads\/2024\/01\/logo-plenus-supermercados.png","width":232,"height":57,"caption":"Supermercados Plenus"},"image":{"@id":"https:\/\/www.plenussupermercados.es\/gl\/#\/schema\/logo\/image\/"}}]}},"recipe":{"id":29293,"slug":"queixo-de-tetilla-con-mel","post_status":"publish","post_password":"","post_author":"1","language":"gl","type":"food","image_id":38023,"image_url":"https:\/\/www.plenussupermercados.es\/wp-content\/uploads\/2024\/06\/queso-tetilla-con-miel.jpg","pin_image_id":38023,"pin_image_url":"https:\/\/www.plenussupermercados.es\/wp-content\/uploads\/2024\/06\/queso-tetilla-con-miel.jpg","pin_image_repin_id":"","name":"Queixo de tetilla con mel","summary":"","author_display":"default","author_name":"","author_link":"","cost":"","servings":"1","servings_unit":"persona","servings_advanced_enabled":"","servings_advanced":{"shape":"round","unit":"inch","diameter":0,"width":0,"length":0,"height":0},"prep_time":"0","prep_time_zero":"","cook_time":"0","cook_time_zero":"","total_time":"0","custom_time":"0","custom_time_zero":"","custom_time_label":"","tags":{"course":[{"term_id":57,"name":"Primeiro prato","slug":"primeiro-prato","term_group":0,"term_taxonomy_id":57,"taxonomy":"wprm_course","description":"","parent":0,"count":381,"filter":"raw"}],"cuisine":[],"keyword":[]},"equipment":[],"ingredients":[{"ingredients":[{"uid":0,"amount":"10","unit":"g","name":"Mel","notes":"","unit_id":32,"id":747},{"uid":1,"amount":"50","unit":"g","name":"Queixo de tetilla","notes":"","unit_id":32,"id":755}],"name":"","uid":-1}],"instructions":[{"instructions":[{"uid":0,"name":"","text":"V\u00e9rtese sobre a porci\u00f3n de queixo unha cullerada de mel.","image":0,"ingredients":[]}],"name":"","uid":-1}],"ingredients_flat":[{"uid":0,"amount":"10","unit":"g","name":"Mel","notes":"","unit_id":32,"id":747,"type":"ingredient"},{"uid":1,"amount":"50","unit":"g","name":"Queixo de tetilla","notes":"","unit_id":32,"id":755,"type":"ingredient"}],"instructions_flat":[{"uid":0,"name":"","text":"V\u00e9rtese sobre a porci\u00f3n de queixo unha cullerada de mel.","image":0,"ingredients":[],"type":"instruction","image_url":""}],"video_id":0,"video_embed":"","video_thumb_url":"https:\/\/www.plenussupermercados.es\/wp-content\/uploads\/2024\/06\/queso-tetilla-con-miel-150x150.jpg","notes":"<p>Este famoso queixo galego produc\u00edase orixinariamente na zona sur da provincia da Coru\u00f1a e no norte da de Pontevedra. \u00c9 unha fonte importante de prote\u00ednas que axudan no desenvolvemento muscular. Ademais pos\u00fae calcio e f\u00f3sforo polo que \u00e9 adecuado para \u00e9pocas de crecemento xa que estes minerais axudan o mantemento de \u00f3sos e dentes. O mel que acompa\u00f1a o queixo ten enerx\u00eda polo seu gran contido en azucres. Polo seu contido en \u00e1cido f\u00f3lico axuda na produci\u00f3n de gl\u00f3bulos vermellos previndo a anemia. Debido a que cont\u00e9n cobre, magnesio, cinc e \u00e1cido asc\u00f3rbico, axuda ao sistema inmunol\u00f3xico. <\/p>\n","nutrition":[],"custom_fields":{"source":"DAG","hardness":"","idrecipe":"3072","nutritional":"","language":"GL"},"ingredient_links_type":"global","unit_system":"default"},"_links":{"self":[{"href":"https:\/\/www.plenussupermercados.es\/gl\/wp-json\/wp\/v2\/wprm_recipe\/29293","targetHints":{"allow":["GET"]}}],"collection":[{"href":"https:\/\/www.plenussupermercados.es\/gl\/wp-json\/wp\/v2\/wprm_recipe"}],"about":[{"href":"https:\/\/www.plenussupermercados.es\/gl\/wp-json\/wp\/v2\/types\/wprm_recipe"}],"author":[{"embeddable":true,"href":"https:\/\/www.plenussupermercados.es\/gl\/wp-json\/wp\/v2\/users\/1"}],"version-history":[{"count":2,"href":"https:\/\/www.plenussupermercados.es\/gl\/wp-json\/wp\/v2\/wprm_recipe\/29293\/revisions"}],"predecessor-version":[{"id":38026,"href":"https:\/\/www.plenussupermercados.es\/gl\/wp-json\/wp\/v2\/wprm_recipe\/29293\/revisions\/38026"}],"wp:featuredmedia":[{"embeddable":true,"href":"https:\/\/www.plenussupermercados.es\/gl\/wp-json\/wp\/v2\/media\/38023"}],"wp:attachment":[{"href":"https:\/\/www.plenussupermercados.es\/gl\/wp-json\/wp\/v2\/media?parent=29293"}],"wp:term":[{"taxonomy":"wprm_course","embeddable":true,"href":"https:\/\/www.plenussupermercados.es\/gl\/wp-json\/wp\/v2\/wprm_course?post=29293"},{"taxonomy":"wprm_cuisine","embeddable":true,"href":"https:\/\/www.plenussupermercados.es\/gl\/wp-json\/wp\/v2\/wprm_cuisine?post=29293"},{"taxonomy":"wprm_keyword","embeddable":true,"href":"https:\/\/www.plenussupermercados.es\/gl\/wp-json\/wp\/v2\/wprm_keyword?post=29293"},{"taxonomy":"wprm_ingredient","embeddable":true,"href":"https:\/\/www.plenussupermercados.es\/gl\/wp-json\/wp\/v2\/wprm_ingredient?post=29293"},{"taxonomy":"wprm_ingredient_unit","embeddable":true,"href":"https:\/\/www.plenussupermercados.es\/gl\/wp-json\/wp\/v2\/wprm_ingredient_unit?post=29293"},{"taxonomy":"wprm_glossary_term","embeddable":true,"href":"https:\/\/www.plenussupermercados.es\/gl\/wp-json\/wp\/v2\/wprm_glossary_term?post=29293"},{"taxonomy":"wprm_equipment","embeddable":true,"href":"https:\/\/www.plenussupermercados.es\/gl\/wp-json\/wp\/v2\/wprm_equipment?post=29293"},{"taxonomy":"wprm_nutrition_ingredient","embeddable":true,"href":"https:\/\/www.plenussupermercados.es\/gl\/wp-json\/wp\/v2\/wprm_nutrition_ingredient?post=29293"}],"curies":[{"name":"wp","href":"https:\/\/api.w.org\/{rel}","templated":true}]}}